{"id":478,"date":"2021-04-12T10:43:59","date_gmt":"2021-04-12T08:43:59","guid":{"rendered":"http:\/\/www.geertjehansen.it\/?page_id=478"},"modified":"2021-05-17T13:32:54","modified_gmt":"2021-05-17T11:32:54","slug":"arte-do-seculo-xx-e-contemporanea","status":"publish","type":"page","link":"https:\/\/www.geertjehansen.it\/pt-pt\/home\/tours\/museus-e-igrejas\/arte-do-seculo-xx-e-contemporanea\/","title":{"rendered":"Arte do s\u00e9culo XX e Contempor\u00e2nea"},"content":{"rendered":"\n<p>Embora a maior parte dos visitantes venha a Floren\u00e7a para admirar as gl\u00f3rias do nosso passado, existem alguns lugares de interesse dedicados \u00e0 \u00e9poca moderna e contempor\u00e2nea. O <strong><em>Museo del \u2018900<\/em><\/strong>, por exemplo, alberga arte italiana do s\u00e9xulo XX e as <strong><em>Collezioni Casamonti<\/em><\/strong>, uma cole\u00e7\u00e3o privada aberta ao p\u00fablico. O <strong><em>Museo Marino Marini<\/em><\/strong> \u00e9 uma interessante cole\u00e7\u00e3o monogr\u00e1fica exibida numa antiga igreja e, por \u00faltimo, mas n\u00e3o menos importante, a <strong><em>Fondazione Palazzo Strozzi<\/em><\/strong> tem frequentemente exposi\u00e7\u00f5es de arte contempor\u00e2nea e instala\u00e7\u00f5es. Al\u00e9m destas sugest\u00f5es, existem algumas <em><strong>obras arquitect\u00f3nicas do s\u00e9culo XX<\/strong><\/em> para aqueles que tenham interesse nesta \u00e1rea.<\/p>\n\n\n<style>.wp-block-kadence-advancedgallery .kb-gallery-type-grid.kb-gallery-id-_3c7865-bc{margin:-5px;}.kb-gallery-type-grid.kb-gallery-id-_3c7865-bc .kadence-blocks-gallery-item{padding:5px;}.kb-gallery-id-_3c7865-bc .kadence-blocks-gallery-item .kb-gal-image-radius{border-radius:0px 0px 0px 0px;}<\/style>\n<div class=\"wp-block-kadence-advancedgallery kb-gallery-wrap-id-_3c7865-bc\"><ul class=\"kb-gallery-ul kb-gallery-type-grid kb-gallery-id-_3c7865-bc kb-gallery-caption-style-bottom-hover kb-gallery-filter-none kb-gallery-magnific-init\" data-item-selector=\".kadence-blocks-gallery-item\" data-image-filter=\"none\" data-lightbox-caption=\"true\" data-columns-xxl=\"3\" data-columns-xl=\"3\" data-columns-lg=\"3\" data-columns-md=\"2\" data-columns-sm=\"1\" data-columns-xs=\"1\"><li class=\"kadence-blocks-gallery-item\"><div class=\"kadence-blocks-gallery-item-inner\"><figure class=\"kb-gallery-figure kb-gallery-item-has-link kadence-blocks-gallery-item-hide-caption kb-has-image-ratio-land32\"><a href=\"http:\/\/www.geertjehansen.it\/wp-content\/uploads\/2021\/03\/contemporary-art-tours-geertjehansen.jpg\" class=\"kb-gallery-item-link\"><div class=\"kb-gal-image-radius\"><div class=\"kb-gallery-image-contain kadence-blocks-gallery-intrinsic kb-gallery-image-ratio-land32\"><img loading=\"lazy\" decoding=\"async\" width=\"1000\" height=\"667\" src=\"https:\/\/www.geertjehansen.it\/wp-content\/themes\/webag_3\/templates-default\/img\/t.png\" data-src=\"http:\/\/www.geertjehansen.it\/wp-content\/uploads\/2021\/03\/contemporary-art-tours-geertjehansen.jpg\" alt=\"20th century &amp; Contemporary Art Tours Geertje Hansen\" data-full-image=\"http:\/\/www.geertjehansen.it\/wp-content\/uploads\/2021\/03\/contemporary-art-tours-geertjehansen.jpg\" data-light-image=\"http:\/\/www.geertjehansen.it\/wp-content\/uploads\/2021\/03\/contemporary-art-tours-geertjehansen.jpg\" data-id=\"372\" data-link=\"http:\/\/www.geertjehansen.it\/pt-pt\/contemporary-art-tours-geertjehansen-2\/\" class=\"lazy wp-image-372undefined\" data-srcset=\"https:\/\/www.geertjehansen.it\/wp-content\/uploads\/2021\/03\/contemporary-art-tours-geertjehansen.jpg 1000w, https:\/\/www.geertjehansen.it\/wp-content\/uploads\/2021\/03\/contemporary-art-tours-geertjehansen-300x200.jpg 300w, https:\/\/www.geertjehansen.it\/wp-content\/uploads\/2021\/03\/contemporary-art-tours-geertjehansen-768x512.jpg 768w, https:\/\/www.geertjehansen.it\/wp-content\/uploads\/2021\/03\/contemporary-art-tours-geertjehansen-150x100.jpg 150w\" sizes=\"auto, (max-width: 1000px) 100vw, 1000px\" \/><\/div><\/div><\/a><\/figure><\/div><\/li><li class=\"kadence-blocks-gallery-item\"><div class=\"kadence-blocks-gallery-item-inner\"><figure class=\"kb-gallery-figure kb-gallery-item-has-link kadence-blocks-gallery-item-hide-caption kb-has-image-ratio-land32\"><a href=\"http:\/\/www.geertjehansen.it\/wp-content\/uploads\/2021\/04\/riflessi.jpg\" class=\"kb-gallery-item-link\"><div class=\"kb-gal-image-radius\"><div class=\"kb-gallery-image-contain kadence-blocks-gallery-intrinsic kb-gallery-image-ratio-land32\"><img loading=\"lazy\" decoding=\"async\" src=\"https:\/\/www.geertjehansen.it\/wp-content\/themes\/webag_3\/templates-default\/img\/t.png\" data-src=\"http:\/\/www.geertjehansen.it\/wp-content\/uploads\/2021\/04\/riflessi-768x1024.jpg\" width=\"768\" height=\"1024\" alt=\"Riflessi in citt\u00e0\" data-full-image=\"http:\/\/www.geertjehansen.it\/wp-content\/uploads\/2021\/04\/riflessi.jpg\" data-light-image=\"http:\/\/www.geertjehansen.it\/wp-content\/uploads\/2021\/04\/riflessi.jpg\" data-id=\"1104\" data-link=\"http:\/\/www.geertjehansen.it\/pt-pt\/home\/tours\/museus-e-igrejas\/arte-do-seculo-xx-e-contemporanea\/riflessi-2\/\" class=\"lazy wp-image-1104undefined\" data-srcset=\"https:\/\/www.geertjehansen.it\/wp-content\/uploads\/2021\/04\/riflessi-768x1024.jpg 768w, https:\/\/www.geertjehansen.it\/wp-content\/uploads\/2021\/04\/riflessi-225x300.jpg 225w, https:\/\/www.geertjehansen.it\/wp-content\/uploads\/2021\/04\/riflessi-113x150.jpg 113w, https:\/\/www.geertjehansen.it\/wp-content\/uploads\/2021\/04\/riflessi.jpg 1000w\" sizes=\"auto, (max-width: 768px) 100vw, 768px\" \/><\/div><\/div><\/a><\/figure><\/div><\/li><li class=\"kadence-blocks-gallery-item\"><div class=\"kadence-blocks-gallery-item-inner\"><figure class=\"kb-gallery-figure kb-gallery-item-has-link kadence-blocks-gallery-item-hide-caption kb-has-image-ratio-land32\"><a href=\"http:\/\/www.geertjehansen.it\/wp-content\/uploads\/2021\/04\/la-ferita-the-wound.jpg\" class=\"kb-gallery-item-link\"><div class=\"kb-gal-image-radius\"><div class=\"kb-gallery-image-contain kadence-blocks-gallery-intrinsic kb-gallery-image-ratio-land32\"><img loading=\"lazy\" decoding=\"async\" src=\"https:\/\/www.geertjehansen.it\/wp-content\/themes\/webag_3\/templates-default\/img\/t.png\" data-src=\"http:\/\/www.geertjehansen.it\/wp-content\/uploads\/2021\/04\/la-ferita-the-wound-768x1024.jpg\" width=\"768\" height=\"1024\" alt=\"La Ferita, Locandina\" data-full-image=\"http:\/\/www.geertjehansen.it\/wp-content\/uploads\/2021\/04\/la-ferita-the-wound.jpg\" data-light-image=\"http:\/\/www.geertjehansen.it\/wp-content\/uploads\/2021\/04\/la-ferita-the-wound.jpg\" data-id=\"1109\" data-link=\"http:\/\/www.geertjehansen.it\/pt-pt\/home\/tours\/museus-e-igrejas\/arte-do-seculo-xx-e-contemporanea\/la-ferita-the-wound-2\/\" class=\"lazy wp-image-1109undefined\" data-srcset=\"https:\/\/www.geertjehansen.it\/wp-content\/uploads\/2021\/04\/la-ferita-the-wound-768x1024.jpg 768w, https:\/\/www.geertjehansen.it\/wp-content\/uploads\/2021\/04\/la-ferita-the-wound-225x300.jpg 225w, https:\/\/www.geertjehansen.it\/wp-content\/uploads\/2021\/04\/la-ferita-the-wound-113x150.jpg 113w, https:\/\/www.geertjehansen.it\/wp-content\/uploads\/2021\/04\/la-ferita-the-wound.jpg 1000w\" sizes=\"auto, (max-width: 768px) 100vw, 768px\" \/><\/div><\/div><\/a><\/figure><\/div><\/li><li class=\"kadence-blocks-gallery-item\"><div class=\"kadence-blocks-gallery-item-inner\"><figure class=\"kb-gallery-figure kb-gallery-item-has-link kadence-blocks-gallery-item-hide-caption kb-has-image-ratio-land32\"><a href=\"http:\/\/www.geertjehansen.it\/wp-content\/uploads\/2021\/04\/palazzo-strozzi.jpg\" class=\"kb-gallery-item-link\"><div class=\"kb-gal-image-radius\"><div class=\"kb-gallery-image-contain kadence-blocks-gallery-intrinsic kb-gallery-image-ratio-land32\"><img loading=\"lazy\" decoding=\"async\" src=\"https:\/\/www.geertjehansen.it\/wp-content\/themes\/webag_3\/templates-default\/img\/t.png\" data-src=\"http:\/\/www.geertjehansen.it\/wp-content\/uploads\/2021\/04\/palazzo-strozzi-768x1024.jpg\" width=\"768\" height=\"1024\" alt=\"Palazzo Strozzi\" data-full-image=\"http:\/\/www.geertjehansen.it\/wp-content\/uploads\/2021\/04\/palazzo-strozzi.jpg\" data-light-image=\"http:\/\/www.geertjehansen.it\/wp-content\/uploads\/2021\/04\/palazzo-strozzi.jpg\" data-id=\"1114\" data-link=\"http:\/\/www.geertjehansen.it\/pt-pt\/home\/tours\/museus-e-igrejas\/arte-do-seculo-xx-e-contemporanea\/palazzo-strozzi-2\/\" class=\"lazy wp-image-1114undefined\" data-srcset=\"https:\/\/www.geertjehansen.it\/wp-content\/uploads\/2021\/04\/palazzo-strozzi-768x1024.jpg 768w, https:\/\/www.geertjehansen.it\/wp-content\/uploads\/2021\/04\/palazzo-strozzi-225x300.jpg 225w, https:\/\/www.geertjehansen.it\/wp-content\/uploads\/2021\/04\/palazzo-strozzi-113x150.jpg 113w, https:\/\/www.geertjehansen.it\/wp-content\/uploads\/2021\/04\/palazzo-strozzi.jpg 1000w\" sizes=\"auto, (max-width: 768px) 100vw, 768px\" \/><\/div><\/div><\/a><\/figure><\/div><\/li><li class=\"kadence-blocks-gallery-item\"><div class=\"kadence-blocks-gallery-item-inner\"><figure class=\"kb-gallery-figure kb-gallery-item-has-link kadence-blocks-gallery-item-hide-caption kb-has-image-ratio-land32\"><a href=\"http:\/\/www.geertjehansen.it\/wp-content\/uploads\/2021\/04\/palazzo-strozzi-facciata.jpg\" class=\"kb-gallery-item-link\"><div class=\"kb-gal-image-radius\"><div class=\"kb-gallery-image-contain kadence-blocks-gallery-intrinsic kb-gallery-image-ratio-land32\"><img loading=\"lazy\" decoding=\"async\" width=\"1000\" height=\"750\" src=\"https:\/\/www.geertjehansen.it\/wp-content\/themes\/webag_3\/templates-default\/img\/t.png\" data-src=\"http:\/\/www.geertjehansen.it\/wp-content\/uploads\/2021\/04\/palazzo-strozzi-facciata.jpg\" alt=\"Facciata di Palazzo Strozzi\" data-full-image=\"http:\/\/www.geertjehansen.it\/wp-content\/uploads\/2021\/04\/palazzo-strozzi-facciata.jpg\" data-light-image=\"http:\/\/www.geertjehansen.it\/wp-content\/uploads\/2021\/04\/palazzo-strozzi-facciata.jpg\" data-id=\"1119\" data-link=\"http:\/\/www.geertjehansen.it\/pt-pt\/home\/tours\/museus-e-igrejas\/arte-do-seculo-xx-e-contemporanea\/palazzo-strozzi-facciata-2\/\" class=\"lazy wp-image-1119undefined\" data-srcset=\"https:\/\/www.geertjehansen.it\/wp-content\/uploads\/2021\/04\/palazzo-strozzi-facciata.jpg 1000w, https:\/\/www.geertjehansen.it\/wp-content\/uploads\/2021\/04\/palazzo-strozzi-facciata-300x225.jpg 300w, https:\/\/www.geertjehansen.it\/wp-content\/uploads\/2021\/04\/palazzo-strozzi-facciata-768x576.jpg 768w, https:\/\/www.geertjehansen.it\/wp-content\/uploads\/2021\/04\/palazzo-strozzi-facciata-150x113.jpg 150w\" sizes=\"auto, (max-width: 1000px) 100vw, 1000px\" \/><\/div><\/div><\/a><\/figure><\/div><\/li><li class=\"kadence-blocks-gallery-item\"><div class=\"kadence-blocks-gallery-item-inner\"><figure class=\"kb-gallery-figure kb-gallery-item-has-link kadence-blocks-gallery-item-hide-caption kb-has-image-ratio-land32\"><a href=\"http:\/\/www.geertjehansen.it\/wp-content\/uploads\/2021\/04\/streetart-cartelli-stradali.jpg\" class=\"kb-gallery-item-link\"><div class=\"kb-gal-image-radius\"><div class=\"kb-gallery-image-contain kadence-blocks-gallery-intrinsic kb-gallery-image-ratio-land32\"><img loading=\"lazy\" decoding=\"async\" src=\"https:\/\/www.geertjehansen.it\/wp-content\/themes\/webag_3\/templates-default\/img\/t.png\" data-src=\"http:\/\/www.geertjehansen.it\/wp-content\/uploads\/2021\/04\/streetart-cartelli-stradali-835x1024.jpg\" width=\"835\" height=\"1024\" alt=\"Street Art su cartelli stradali Firenze\" data-full-image=\"http:\/\/www.geertjehansen.it\/wp-content\/uploads\/2021\/04\/streetart-cartelli-stradali.jpg\" data-light-image=\"http:\/\/www.geertjehansen.it\/wp-content\/uploads\/2021\/04\/streetart-cartelli-stradali.jpg\" data-id=\"1124\" data-link=\"http:\/\/www.geertjehansen.it\/pt-pt\/home\/tours\/museus-e-igrejas\/arte-do-seculo-xx-e-contemporanea\/streetart-cartelli-stradali-2\/\" class=\"lazy wp-image-1124undefined\" data-srcset=\"https:\/\/www.geertjehansen.it\/wp-content\/uploads\/2021\/04\/streetart-cartelli-stradali-835x1024.jpg 835w, https:\/\/www.geertjehansen.it\/wp-content\/uploads\/2021\/04\/streetart-cartelli-stradali-245x300.jpg 245w, https:\/\/www.geertjehansen.it\/wp-content\/uploads\/2021\/04\/streetart-cartelli-stradali-768x942.jpg 768w, https:\/\/www.geertjehansen.it\/wp-content\/uploads\/2021\/04\/streetart-cartelli-stradali-122x150.jpg 122w, https:\/\/www.geertjehansen.it\/wp-content\/uploads\/2021\/04\/streetart-cartelli-stradali.jpg 1000w\" sizes=\"auto, (max-width: 835px) 100vw, 835px\" \/><\/div><\/div><\/a><\/figure><\/div><\/li><li class=\"kadence-blocks-gallery-item\"><div class=\"kadence-blocks-gallery-item-inner\"><figure class=\"kb-gallery-figure kb-gallery-item-has-link kadence-blocks-gallery-item-hide-caption kb-has-image-ratio-land32\"><a href=\"http:\/\/www.geertjehansen.it\/wp-content\/uploads\/2021\/04\/ti-amo-ti-odio.jpg\" class=\"kb-gallery-item-link\"><div class=\"kb-gal-image-radius\"><div class=\"kb-gallery-image-contain kadence-blocks-gallery-intrinsic kb-gallery-image-ratio-land32\"><img loading=\"lazy\" decoding=\"async\" src=\"https:\/\/www.geertjehansen.it\/wp-content\/themes\/webag_3\/templates-default\/img\/t.png\" data-src=\"http:\/\/www.geertjehansen.it\/wp-content\/uploads\/2021\/04\/ti-amo-ti-odio-1024x792.jpg\" width=\"1024\" height=\"792\" alt=\"Ti amo, Ti odio\" data-full-image=\"http:\/\/www.geertjehansen.it\/wp-content\/uploads\/2021\/04\/ti-amo-ti-odio.jpg\" data-light-image=\"http:\/\/www.geertjehansen.it\/wp-content\/uploads\/2021\/04\/ti-amo-ti-odio.jpg\" data-id=\"547\" data-link=\"http:\/\/www.geertjehansen.it\/pt-pt\/home\/tours\/museus-e-igrejas\/arte-do-seculo-xx-e-contemporanea\/ti-amo-ti-odio-2\/\" class=\"lazy wp-image-547undefined\" data-srcset=\"https:\/\/www.geertjehansen.it\/wp-content\/uploads\/2021\/04\/ti-amo-ti-odio-1024x792.jpg 1024w, https:\/\/www.geertjehansen.it\/wp-content\/uploads\/2021\/04\/ti-amo-ti-odio-300x232.jpg 300w, https:\/\/www.geertjehansen.it\/wp-content\/uploads\/2021\/04\/ti-amo-ti-odio-768x594.jpg 768w, https:\/\/www.geertjehansen.it\/wp-content\/uploads\/2021\/04\/ti-amo-ti-odio-150x116.jpg 150w, https:\/\/www.geertjehansen.it\/wp-content\/uploads\/2021\/04\/ti-amo-ti-odio.jpg 1380w\" sizes=\"auto, (max-width: 1024px) 100vw, 1024px\" \/><\/div><\/div><\/a><\/figure><\/div><\/li><li class=\"kadence-blocks-gallery-item\"><div class=\"kadence-blocks-gallery-item-inner\"><figure class=\"kb-gallery-figure kb-gallery-item-has-link kadence-blocks-gallery-item-hide-caption kb-has-image-ratio-land32\"><a href=\"http:\/\/www.geertjehansen.it\/wp-content\/uploads\/2021\/04\/firenze-palazzo.jpg\" class=\"kb-gallery-item-link\"><div class=\"kb-gal-image-radius\"><div class=\"kb-gallery-image-contain kadence-blocks-gallery-intrinsic kb-gallery-image-ratio-land32\"><img loading=\"lazy\" decoding=\"async\" src=\"https:\/\/www.geertjehansen.it\/wp-content\/themes\/webag_3\/templates-default\/img\/t.png\" data-src=\"http:\/\/www.geertjehansen.it\/wp-content\/uploads\/2021\/04\/firenze-palazzo-1024x792.jpg\" width=\"1024\" height=\"792\" alt=\"palace of florence\" data-full-image=\"http:\/\/www.geertjehansen.it\/wp-content\/uploads\/2021\/04\/firenze-palazzo.jpg\" data-light-image=\"http:\/\/www.geertjehansen.it\/wp-content\/uploads\/2021\/04\/firenze-palazzo.jpg\" data-id=\"542\" data-link=\"http:\/\/www.geertjehansen.it\/pt-pt\/home\/tours\/museus-e-igrejas\/arte-do-seculo-xx-e-contemporanea\/firenze-palazzo-2\/\" class=\"lazy wp-image-542undefined\" data-srcset=\"https:\/\/www.geertjehansen.it\/wp-content\/uploads\/2021\/04\/firenze-palazzo-1024x792.jpg 1024w, https:\/\/www.geertjehansen.it\/wp-content\/uploads\/2021\/04\/firenze-palazzo-300x232.jpg 300w, https:\/\/www.geertjehansen.it\/wp-content\/uploads\/2021\/04\/firenze-palazzo-768x594.jpg 768w, https:\/\/www.geertjehansen.it\/wp-content\/uploads\/2021\/04\/firenze-palazzo-150x116.jpg 150w, https:\/\/www.geertjehansen.it\/wp-content\/uploads\/2021\/04\/firenze-palazzo.jpg 1380w\" sizes=\"auto, (max-width: 1024px) 100vw, 1024px\" \/><\/div><\/div><\/a><\/figure><\/div><\/li><li class=\"kadence-blocks-gallery-item\"><div class=\"kadence-blocks-gallery-item-inner\"><figure class=\"kb-gallery-figure kb-gallery-item-has-link kadence-blocks-gallery-item-hide-caption kb-has-image-ratio-land32\"><a href=\"http:\/\/www.geertjehansen.it\/wp-content\/uploads\/2021\/04\/andy-warhol.jpg\" class=\"kb-gallery-item-link\"><div class=\"kb-gal-image-radius\"><div class=\"kb-gallery-image-contain kadence-blocks-gallery-intrinsic kb-gallery-image-ratio-land32\"><img loading=\"lazy\" decoding=\"async\" src=\"https:\/\/www.geertjehansen.it\/wp-content\/themes\/webag_3\/templates-default\/img\/t.png\" data-src=\"http:\/\/www.geertjehansen.it\/wp-content\/uploads\/2021\/04\/andy-warhol-1024x792.jpg\" width=\"1024\" height=\"792\" alt=\"Locandina Mostra Andy Warhol\" data-full-image=\"http:\/\/www.geertjehansen.it\/wp-content\/uploads\/2021\/04\/andy-warhol.jpg\" data-light-image=\"http:\/\/www.geertjehansen.it\/wp-content\/uploads\/2021\/04\/andy-warhol.jpg\" data-id=\"537\" data-link=\"http:\/\/www.geertjehansen.it\/pt-pt\/home\/tours\/museus-e-igrejas\/arte-do-seculo-xx-e-contemporanea\/andy-warhol-2\/\" class=\"lazy wp-image-537undefined\" data-srcset=\"https:\/\/www.geertjehansen.it\/wp-content\/uploads\/2021\/04\/andy-warhol-1024x792.jpg 1024w, https:\/\/www.geertjehansen.it\/wp-content\/uploads\/2021\/04\/andy-warhol-300x232.jpg 300w, https:\/\/www.geertjehansen.it\/wp-content\/uploads\/2021\/04\/andy-warhol-768x594.jpg 768w, https:\/\/www.geertjehansen.it\/wp-content\/uploads\/2021\/04\/andy-warhol-150x116.jpg 150w, https:\/\/www.geertjehansen.it\/wp-content\/uploads\/2021\/04\/andy-warhol.jpg 1380w\" sizes=\"auto, (max-width: 1024px) 100vw, 1024px\" \/><\/div><\/div><\/a><\/figure><\/div><\/li><li class=\"kadence-blocks-gallery-item\"><div class=\"kadence-blocks-gallery-item-inner\"><figure class=\"kb-gallery-figure kb-gallery-item-has-link kadence-blocks-gallery-item-hide-caption kb-has-image-ratio-land32\"><a href=\"http:\/\/www.geertjehansen.it\/wp-content\/uploads\/2021\/04\/palazzo-giustizia.jpeg\" class=\"kb-gallery-item-link\"><div class=\"kb-gal-image-radius\"><div class=\"kb-gallery-image-contain kadence-blocks-gallery-intrinsic kb-gallery-image-ratio-land32\"><img loading=\"lazy\" decoding=\"async\" src=\"https:\/\/www.geertjehansen.it\/wp-content\/themes\/webag_3\/templates-default\/img\/t.png\" data-src=\"http:\/\/www.geertjehansen.it\/wp-content\/uploads\/2021\/04\/palazzo-giustizia-1024x792.jpeg\" width=\"1024\" height=\"792\" alt=\"Palazzo di Giustizia, Tribunale di Firenze\" data-full-image=\"http:\/\/www.geertjehansen.it\/wp-content\/uploads\/2021\/04\/palazzo-giustizia.jpeg\" data-light-image=\"http:\/\/www.geertjehansen.it\/wp-content\/uploads\/2021\/04\/palazzo-giustizia.jpeg\" data-id=\"530\" data-link=\"http:\/\/www.geertjehansen.it\/pt-pt\/home\/tours\/museus-e-igrejas\/arte-do-seculo-xx-e-contemporanea\/palazzo-giustizia-2\/\" class=\"lazy wp-image-530undefined\" data-srcset=\"https:\/\/www.geertjehansen.it\/wp-content\/uploads\/2021\/04\/palazzo-giustizia-1024x792.jpeg 1024w, https:\/\/www.geertjehansen.it\/wp-content\/uploads\/2021\/04\/palazzo-giustizia-300x232.jpeg 300w, https:\/\/www.geertjehansen.it\/wp-content\/uploads\/2021\/04\/palazzo-giustizia-768x594.jpeg 768w, https:\/\/www.geertjehansen.it\/wp-content\/uploads\/2021\/04\/palazzo-giustizia-150x116.jpeg 150w, https:\/\/www.geertjehansen.it\/wp-content\/uploads\/2021\/04\/palazzo-giustizia.jpeg 1034w\" sizes=\"auto, (max-width: 1024px) 100vw, 1024px\" \/><\/div><\/div><\/a><\/figure><\/div><\/li><li class=\"kadence-blocks-gallery-item\"><div class=\"kadence-blocks-gallery-item-inner\"><figure class=\"kb-gallery-figure kb-gallery-item-has-link kadence-blocks-gallery-item-hide-caption kb-has-image-ratio-land32\"><a href=\"http:\/\/www.geertjehansen.it\/wp-content\/uploads\/2021\/04\/palazzo-firenze.jpg\" class=\"kb-gallery-item-link\"><div class=\"kb-gal-image-radius\"><div class=\"kb-gallery-image-contain kadence-blocks-gallery-intrinsic kb-gallery-image-ratio-land32\"><img loading=\"lazy\" decoding=\"async\" src=\"https:\/\/www.geertjehansen.it\/wp-content\/themes\/webag_3\/templates-default\/img\/t.png\" data-src=\"http:\/\/www.geertjehansen.it\/wp-content\/uploads\/2021\/04\/palazzo-firenze-1024x792.jpg\" width=\"1024\" height=\"792\" alt=\"\" data-full-image=\"http:\/\/www.geertjehansen.it\/wp-content\/uploads\/2021\/04\/palazzo-firenze.jpg\" data-light-image=\"http:\/\/www.geertjehansen.it\/wp-content\/uploads\/2021\/04\/palazzo-firenze.jpg\" data-id=\"525\" data-link=\"http:\/\/www.geertjehansen.it\/pt-pt\/home\/tours\/museus-e-igrejas\/arte-do-seculo-xx-e-contemporanea\/palazzo-firenze-2\/\" class=\"lazy wp-image-525undefined\" data-srcset=\"https:\/\/www.geertjehansen.it\/wp-content\/uploads\/2021\/04\/palazzo-firenze-1024x792.jpg 1024w, https:\/\/www.geertjehansen.it\/wp-content\/uploads\/2021\/04\/palazzo-firenze-300x232.jpg 300w, https:\/\/www.geertjehansen.it\/wp-content\/uploads\/2021\/04\/palazzo-firenze-768x594.jpg 768w, https:\/\/www.geertjehansen.it\/wp-content\/uploads\/2021\/04\/palazzo-firenze-150x116.jpg 150w, https:\/\/www.geertjehansen.it\/wp-content\/uploads\/2021\/04\/palazzo-firenze.jpg 1380w\" sizes=\"auto, (max-width: 1024px) 100vw, 1024px\" \/><\/div><\/div><\/a><\/figure><\/div><\/li><li class=\"kadence-blocks-gallery-item\"><div class=\"kadence-blocks-gallery-item-inner\"><figure class=\"kb-gallery-figure kb-gallery-item-has-link kadence-blocks-gallery-item-hide-caption kb-has-image-ratio-land32\"><a href=\"http:\/\/www.geertjehansen.it\/wp-content\/uploads\/2021\/04\/manifattura-tabacchi.jpg\" class=\"kb-gallery-item-link\"><div class=\"kb-gal-image-radius\"><div class=\"kb-gallery-image-contain kadence-blocks-gallery-intrinsic kb-gallery-image-ratio-land32\"><img loading=\"lazy\" decoding=\"async\" src=\"https:\/\/www.geertjehansen.it\/wp-content\/themes\/webag_3\/templates-default\/img\/t.png\" data-src=\"http:\/\/www.geertjehansen.it\/wp-content\/uploads\/2021\/04\/manifattura-tabacchi-1024x792.jpg\" width=\"1024\" height=\"792\" alt=\"Manifattura Tabacchi\" data-full-image=\"http:\/\/www.geertjehansen.it\/wp-content\/uploads\/2021\/04\/manifattura-tabacchi.jpg\" data-light-image=\"http:\/\/www.geertjehansen.it\/wp-content\/uploads\/2021\/04\/manifattura-tabacchi.jpg\" data-id=\"520\" data-link=\"http:\/\/www.geertjehansen.it\/pt-pt\/home\/tours\/museus-e-igrejas\/arte-do-seculo-xx-e-contemporanea\/manifattura-tabacchi-2\/\" class=\"lazy wp-image-520undefined\" data-srcset=\"https:\/\/www.geertjehansen.it\/wp-content\/uploads\/2021\/04\/manifattura-tabacchi-1024x792.jpg 1024w, https:\/\/www.geertjehansen.it\/wp-content\/uploads\/2021\/04\/manifattura-tabacchi-300x232.jpg 300w, https:\/\/www.geertjehansen.it\/wp-content\/uploads\/2021\/04\/manifattura-tabacchi-768x594.jpg 768w, https:\/\/www.geertjehansen.it\/wp-content\/uploads\/2021\/04\/manifattura-tabacchi-150x116.jpg 150w, https:\/\/www.geertjehansen.it\/wp-content\/uploads\/2021\/04\/manifattura-tabacchi.jpg 1380w\" sizes=\"auto, (max-width: 1024px) 100vw, 1024px\" \/><\/div><\/div><\/a><\/figure><\/div><\/li><\/ul><\/div>\n","protected":false},"excerpt":{"rendered":"<p>Embora a maior parte dos visitantes venha a Floren\u00e7a para admirar as gl\u00f3rias do nosso passado, existem alguns lugares de interesse dedicados \u00e0 \u00e9poca moderna e contempor\u00e2nea. O Museo del \u2018900, por exemplo, alberga arte italiana do s\u00e9xulo XX e as Collezioni Casamonti, uma cole\u00e7\u00e3o privada aberta ao p\u00fablico. O Museo Marino Marini \u00e9 uma [&hellip;]<\/p>\n","protected":false},"author":1,"featured_media":1098,"parent":433,"menu_order":58,"comment_status":"closed","ping_status":"closed","template":"","meta":{"_acf_changed":false,"footnotes":""},"class_list":["post-478","page","type-page","status-publish","has-post-thumbnail","hentry"],"acf":[],"yoast_head":"<!-- This site is optimized with the Yoast SEO plugin v24.9 - https:\/\/yoast.com\/wordpress\/plugins\/seo\/ -->\n<title>Arte do s\u00e9culo XX e contempor\u00e2nea | Geertje Hansen | Guia tur\u00edstica Floren\u00e7a<\/title>\n<meta name=\"description\" content=\"Visita guiada \u00e0 museus como o Museu \u2018900, a Colec\u00e7\u00e3o Casamonti ou a funda\u00e7\u00e3o Palazzo Strozzi que conservam importantes obras de arte contempor\u00e2nea. Ser\u00e0 poss\u00ecvel tamb\u00e9m admirar obras de arquitetura moderna.\" \/>\n<meta name=\"robots\" content=\"index, follow, max-snippet:-1, max-image-preview:large, max-video-preview:-1\" \/>\n<link rel=\"canonical\" href=\"https:\/\/www.geertjehansen.it\/pt-pt\/home\/tours\/museus-e-igrejas\/arte-do-seculo-xx-e-contemporanea\/\" \/>\n<meta property=\"og:locale\" content=\"pt_PT\" \/>\n<meta property=\"og:type\" content=\"article\" \/>\n<meta property=\"og:title\" content=\"Arte do s\u00e9culo XX e contempor\u00e2nea | Geertje Hansen | Guia tur\u00edstica Floren\u00e7a\" \/>\n<meta property=\"og:description\" content=\"Visita guiada \u00e0 museus como o Museu \u2018900, a Colec\u00e7\u00e3o Casamonti ou a funda\u00e7\u00e3o Palazzo Strozzi que conservam importantes obras de arte contempor\u00e2nea. Ser\u00e0 poss\u00ecvel tamb\u00e9m admirar obras de arquitetura moderna.\" \/>\n<meta property=\"og:url\" content=\"https:\/\/www.geertjehansen.it\/pt-pt\/home\/tours\/museus-e-igrejas\/arte-do-seculo-xx-e-contemporanea\/\" \/>\n<meta property=\"og:site_name\" content=\"Geertje Hansen\" \/>\n<meta property=\"article:modified_time\" content=\"2021-05-17T11:32:54+00:00\" \/>\n<meta property=\"og:image\" content=\"https:\/\/www.geertjehansen.it\/wp-content\/uploads\/2021\/04\/stazione-santa-maria-novella.jpg\" \/>\n\t<meta property=\"og:image:width\" content=\"1000\" \/>\n\t<meta property=\"og:image:height\" content=\"750\" \/>\n\t<meta property=\"og:image:type\" content=\"image\/jpeg\" \/>\n<meta name=\"twitter:card\" content=\"summary_large_image\" \/>\n<meta name=\"twitter:label1\" content=\"Tempo estimado de leitura\" \/>\n\t<meta name=\"twitter:data1\" content=\"3 minutos\" \/>\n<script type=\"application\/ld+json\" class=\"yoast-schema-graph\">{\"@context\":\"https:\/\/schema.org\",\"@graph\":[{\"@type\":\"WebPage\",\"@id\":\"https:\/\/www.geertjehansen.it\/pt-pt\/home\/tours\/museus-e-igrejas\/arte-do-seculo-xx-e-contemporanea\/\",\"url\":\"https:\/\/www.geertjehansen.it\/pt-pt\/home\/tours\/museus-e-igrejas\/arte-do-seculo-xx-e-contemporanea\/\",\"name\":\"Arte do s\u00e9culo XX e contempor\u00e2nea | Geertje Hansen | Guia tur\u00edstica Floren\u00e7a\",\"isPartOf\":{\"@id\":\"https:\/\/www.geertjehansen.it\/pt-pt\/#website\"},\"primaryImageOfPage\":{\"@id\":\"https:\/\/www.geertjehansen.it\/pt-pt\/home\/tours\/museus-e-igrejas\/arte-do-seculo-xx-e-contemporanea\/#primaryimage\"},\"image\":{\"@id\":\"https:\/\/www.geertjehansen.it\/pt-pt\/home\/tours\/museus-e-igrejas\/arte-do-seculo-xx-e-contemporanea\/#primaryimage\"},\"thumbnailUrl\":\"https:\/\/www.geertjehansen.it\/wp-content\/uploads\/2021\/04\/stazione-santa-maria-novella.jpg\",\"datePublished\":\"2021-04-12T08:43:59+00:00\",\"dateModified\":\"2021-05-17T11:32:54+00:00\",\"description\":\"Visita guiada \u00e0 museus como o Museu \u2018900, a Colec\u00e7\u00e3o Casamonti ou a funda\u00e7\u00e3o Palazzo Strozzi que conservam importantes obras de arte contempor\u00e2nea. Ser\u00e0 poss\u00ecvel tamb\u00e9m admirar obras de arquitetura moderna.\",\"breadcrumb\":{\"@id\":\"https:\/\/www.geertjehansen.it\/pt-pt\/home\/tours\/museus-e-igrejas\/arte-do-seculo-xx-e-contemporanea\/#breadcrumb\"},\"inLanguage\":\"pt-PT\",\"potentialAction\":[{\"@type\":\"ReadAction\",\"target\":[\"https:\/\/www.geertjehansen.it\/pt-pt\/home\/tours\/museus-e-igrejas\/arte-do-seculo-xx-e-contemporanea\/\"]}]},{\"@type\":\"ImageObject\",\"inLanguage\":\"pt-PT\",\"@id\":\"https:\/\/www.geertjehansen.it\/pt-pt\/home\/tours\/museus-e-igrejas\/arte-do-seculo-xx-e-contemporanea\/#primaryimage\",\"url\":\"https:\/\/www.geertjehansen.it\/wp-content\/uploads\/2021\/04\/stazione-santa-maria-novella.jpg\",\"contentUrl\":\"https:\/\/www.geertjehansen.it\/wp-content\/uploads\/2021\/04\/stazione-santa-maria-novella.jpg\",\"width\":1000,\"height\":750,\"caption\":\"Stazione Santa Maria Novella, foto d'epoca\"},{\"@type\":\"BreadcrumbList\",\"@id\":\"https:\/\/www.geertjehansen.it\/pt-pt\/home\/tours\/museus-e-igrejas\/arte-do-seculo-xx-e-contemporanea\/#breadcrumb\",\"itemListElement\":[{\"@type\":\"ListItem\",\"position\":1,\"name\":\"Home\",\"item\":\"https:\/\/www.geertjehansen.it\/pt-pt\/\"},{\"@type\":\"ListItem\",\"position\":2,\"name\":\"Home\",\"item\":\"https:\/\/www.geertjehansen.it\/pt-pt\/\"},{\"@type\":\"ListItem\",\"position\":3,\"name\":\"Tours\",\"item\":\"https:\/\/www.geertjehansen.it\/pt-pt\/home\/tours\/\"},{\"@type\":\"ListItem\",\"position\":4,\"name\":\"Museus e Igrejas\",\"item\":\"https:\/\/www.geertjehansen.it\/pt-pt\/home\/tours\/museus-e-igrejas\/\"},{\"@type\":\"ListItem\",\"position\":5,\"name\":\"Arte do s\u00e9culo XX e Contempor\u00e2nea\"}]},{\"@type\":\"WebSite\",\"@id\":\"https:\/\/www.geertjehansen.it\/pt-pt\/#website\",\"url\":\"https:\/\/www.geertjehansen.it\/pt-pt\/\",\"name\":\"Geertje Hansen\",\"description\":\"Florence Tour Guide\",\"publisher\":{\"@id\":\"https:\/\/www.geertjehansen.it\/pt-pt\/#organization\"},\"potentialAction\":[{\"@type\":\"SearchAction\",\"target\":{\"@type\":\"EntryPoint\",\"urlTemplate\":\"https:\/\/www.geertjehansen.it\/pt-pt\/?s={search_term_string}\"},\"query-input\":{\"@type\":\"PropertyValueSpecification\",\"valueRequired\":true,\"valueName\":\"search_term_string\"}}],\"inLanguage\":\"pt-PT\"},{\"@type\":\"Organization\",\"@id\":\"https:\/\/www.geertjehansen.it\/pt-pt\/#organization\",\"name\":\"Geertje Hansen\",\"url\":\"https:\/\/www.geertjehansen.it\/pt-pt\/\",\"logo\":{\"@type\":\"ImageObject\",\"inLanguage\":\"pt-PT\",\"@id\":\"https:\/\/www.geertjehansen.it\/pt-pt\/#\/schema\/logo\/image\/\",\"url\":\"https:\/\/www.geertjehansen.it\/wp-content\/uploads\/2021\/04\/geertje-hansen-logo.png\",\"contentUrl\":\"https:\/\/www.geertjehansen.it\/wp-content\/uploads\/2021\/04\/geertje-hansen-logo.png\",\"width\":465,\"height\":136,\"caption\":\"Geertje Hansen\"},\"image\":{\"@id\":\"https:\/\/www.geertjehansen.it\/pt-pt\/#\/schema\/logo\/image\/\"}}]}<\/script>\n<!-- \/ Yoast SEO plugin. -->","yoast_head_json":{"title":"Arte do s\u00e9culo XX e contempor\u00e2nea | Geertje Hansen | Guia tur\u00edstica Floren\u00e7a","description":"Visita guiada \u00e0 museus como o Museu \u2018900, a Colec\u00e7\u00e3o Casamonti ou a funda\u00e7\u00e3o Palazzo Strozzi que conservam importantes obras de arte contempor\u00e2nea. Ser\u00e0 poss\u00ecvel tamb\u00e9m admirar obras de arquitetura moderna.","robots":{"index":"index","follow":"follow","max-snippet":"max-snippet:-1","max-image-preview":"max-image-preview:large","max-video-preview":"max-video-preview:-1"},"canonical":"https:\/\/www.geertjehansen.it\/pt-pt\/home\/tours\/museus-e-igrejas\/arte-do-seculo-xx-e-contemporanea\/","og_locale":"pt_PT","og_type":"article","og_title":"Arte do s\u00e9culo XX e contempor\u00e2nea | Geertje Hansen | Guia tur\u00edstica Floren\u00e7a","og_description":"Visita guiada \u00e0 museus como o Museu \u2018900, a Colec\u00e7\u00e3o Casamonti ou a funda\u00e7\u00e3o Palazzo Strozzi que conservam importantes obras de arte contempor\u00e2nea. Ser\u00e0 poss\u00ecvel tamb\u00e9m admirar obras de arquitetura moderna.","og_url":"https:\/\/www.geertjehansen.it\/pt-pt\/home\/tours\/museus-e-igrejas\/arte-do-seculo-xx-e-contemporanea\/","og_site_name":"Geertje Hansen","article_modified_time":"2021-05-17T11:32:54+00:00","og_image":[{"width":1000,"height":750,"url":"https:\/\/www.geertjehansen.it\/wp-content\/uploads\/2021\/04\/stazione-santa-maria-novella.jpg","type":"image\/jpeg"}],"twitter_card":"summary_large_image","twitter_misc":{"Tempo estimado de leitura":"3 minutos"},"schema":{"@context":"https:\/\/schema.org","@graph":[{"@type":"WebPage","@id":"https:\/\/www.geertjehansen.it\/pt-pt\/home\/tours\/museus-e-igrejas\/arte-do-seculo-xx-e-contemporanea\/","url":"https:\/\/www.geertjehansen.it\/pt-pt\/home\/tours\/museus-e-igrejas\/arte-do-seculo-xx-e-contemporanea\/","name":"Arte do s\u00e9culo XX e contempor\u00e2nea | Geertje Hansen | Guia tur\u00edstica Floren\u00e7a","isPartOf":{"@id":"https:\/\/www.geertjehansen.it\/pt-pt\/#website"},"primaryImageOfPage":{"@id":"https:\/\/www.geertjehansen.it\/pt-pt\/home\/tours\/museus-e-igrejas\/arte-do-seculo-xx-e-contemporanea\/#primaryimage"},"image":{"@id":"https:\/\/www.geertjehansen.it\/pt-pt\/home\/tours\/museus-e-igrejas\/arte-do-seculo-xx-e-contemporanea\/#primaryimage"},"thumbnailUrl":"https:\/\/www.geertjehansen.it\/wp-content\/uploads\/2021\/04\/stazione-santa-maria-novella.jpg","datePublished":"2021-04-12T08:43:59+00:00","dateModified":"2021-05-17T11:32:54+00:00","description":"Visita guiada \u00e0 museus como o Museu \u2018900, a Colec\u00e7\u00e3o Casamonti ou a funda\u00e7\u00e3o Palazzo Strozzi que conservam importantes obras de arte contempor\u00e2nea. Ser\u00e0 poss\u00ecvel tamb\u00e9m admirar obras de arquitetura moderna.","breadcrumb":{"@id":"https:\/\/www.geertjehansen.it\/pt-pt\/home\/tours\/museus-e-igrejas\/arte-do-seculo-xx-e-contemporanea\/#breadcrumb"},"inLanguage":"pt-PT","potentialAction":[{"@type":"ReadAction","target":["https:\/\/www.geertjehansen.it\/pt-pt\/home\/tours\/museus-e-igrejas\/arte-do-seculo-xx-e-contemporanea\/"]}]},{"@type":"ImageObject","inLanguage":"pt-PT","@id":"https:\/\/www.geertjehansen.it\/pt-pt\/home\/tours\/museus-e-igrejas\/arte-do-seculo-xx-e-contemporanea\/#primaryimage","url":"https:\/\/www.geertjehansen.it\/wp-content\/uploads\/2021\/04\/stazione-santa-maria-novella.jpg","contentUrl":"https:\/\/www.geertjehansen.it\/wp-content\/uploads\/2021\/04\/stazione-santa-maria-novella.jpg","width":1000,"height":750,"caption":"Stazione Santa Maria Novella, foto d'epoca"},{"@type":"BreadcrumbList","@id":"https:\/\/www.geertjehansen.it\/pt-pt\/home\/tours\/museus-e-igrejas\/arte-do-seculo-xx-e-contemporanea\/#breadcrumb","itemListElement":[{"@type":"ListItem","position":1,"name":"Home","item":"https:\/\/www.geertjehansen.it\/pt-pt\/"},{"@type":"ListItem","position":2,"name":"Home","item":"https:\/\/www.geertjehansen.it\/pt-pt\/"},{"@type":"ListItem","position":3,"name":"Tours","item":"https:\/\/www.geertjehansen.it\/pt-pt\/home\/tours\/"},{"@type":"ListItem","position":4,"name":"Museus e Igrejas","item":"https:\/\/www.geertjehansen.it\/pt-pt\/home\/tours\/museus-e-igrejas\/"},{"@type":"ListItem","position":5,"name":"Arte do s\u00e9culo XX e Contempor\u00e2nea"}]},{"@type":"WebSite","@id":"https:\/\/www.geertjehansen.it\/pt-pt\/#website","url":"https:\/\/www.geertjehansen.it\/pt-pt\/","name":"Geertje Hansen","description":"Florence Tour Guide","publisher":{"@id":"https:\/\/www.geertjehansen.it\/pt-pt\/#organization"},"potentialAction":[{"@type":"SearchAction","target":{"@type":"EntryPoint","urlTemplate":"https:\/\/www.geertjehansen.it\/pt-pt\/?s={search_term_string}"},"query-input":{"@type":"PropertyValueSpecification","valueRequired":true,"valueName":"search_term_string"}}],"inLanguage":"pt-PT"},{"@type":"Organization","@id":"https:\/\/www.geertjehansen.it\/pt-pt\/#organization","name":"Geertje Hansen","url":"https:\/\/www.geertjehansen.it\/pt-pt\/","logo":{"@type":"ImageObject","inLanguage":"pt-PT","@id":"https:\/\/www.geertjehansen.it\/pt-pt\/#\/schema\/logo\/image\/","url":"https:\/\/www.geertjehansen.it\/wp-content\/uploads\/2021\/04\/geertje-hansen-logo.png","contentUrl":"https:\/\/www.geertjehansen.it\/wp-content\/uploads\/2021\/04\/geertje-hansen-logo.png","width":465,"height":136,"caption":"Geertje Hansen"},"image":{"@id":"https:\/\/www.geertjehansen.it\/pt-pt\/#\/schema\/logo\/image\/"}}]}},"_links":{"self":[{"href":"https:\/\/www.geertjehansen.it\/pt-pt\/wp-json\/wp\/v2\/pages\/478","targetHints":{"allow":["GET"]}}],"collection":[{"href":"https:\/\/www.geertjehansen.it\/pt-pt\/wp-json\/wp\/v2\/pages"}],"about":[{"href":"https:\/\/www.geertjehansen.it\/pt-pt\/wp-json\/wp\/v2\/types\/page"}],"author":[{"embeddable":true,"href":"https:\/\/www.geertjehansen.it\/pt-pt\/wp-json\/wp\/v2\/users\/1"}],"replies":[{"embeddable":true,"href":"https:\/\/www.geertjehansen.it\/pt-pt\/wp-json\/wp\/v2\/comments?post=478"}],"version-history":[{"count":2,"href":"https:\/\/www.geertjehansen.it\/pt-pt\/wp-json\/wp\/v2\/pages\/478\/revisions"}],"predecessor-version":[{"id":1385,"href":"https:\/\/www.geertjehansen.it\/pt-pt\/wp-json\/wp\/v2\/pages\/478\/revisions\/1385"}],"up":[{"embeddable":true,"href":"https:\/\/www.geertjehansen.it\/pt-pt\/wp-json\/wp\/v2\/pages\/433"}],"wp:featuredmedia":[{"embeddable":true,"href":"https:\/\/www.geertjehansen.it\/pt-pt\/wp-json\/wp\/v2\/media\/1098"}],"wp:attachment":[{"href":"https:\/\/www.geertjehansen.it\/pt-pt\/wp-json\/wp\/v2\/media?parent=478"}],"curies":[{"name":"wp","href":"https:\/\/api.w.org\/{rel}","templated":true}]}}