{"id":471,"date":"2021-04-12T10:40:11","date_gmt":"2021-04-12T08:40:11","guid":{"rendered":"http:\/\/www.geertjehansen.it\/?page_id=471"},"modified":"2021-05-17T13:30:56","modified_gmt":"2021-05-17T11:30:56","slug":"duomo","status":"publish","type":"page","link":"https:\/\/www.geertjehansen.it\/pt-pt\/home\/tours\/museus-e-igrejas\/duomo\/","title":{"rendered":"Duomo"},"content":{"rendered":"\n<p>O que se poderia dizer sobre um dos mais impressionantes edif\u00edcios que n\u00e3o tenha sido j\u00e1 escrito? Conhecida como <em>Duomo<\/em>, a Catedral de <em><strong>Santa Maria del Fiore<\/strong><\/em> \u00e9 a nossa igreja principal, a qual sentimos que pertence, por direito, a todos os florentinos. Da\u00ed chamarmos-lhe simplesmente <em>Duomo<\/em>. A liga\u00e7\u00e3o entre a cidade e a sua principal constru\u00e7\u00e3o religiosa reside nesta pequena palavra: <em>Duomo<\/em>. In\u00fameros artistas de todos os tempos sentiram-se profundamente orgulhosos de pode rcontribuir para a cria\u00e7\u00e3o desta catedral t\u00e3o extraordin\u00e1ria. A maior parte dessas obras encontra-se hoje exposta no <strong><em>Museu dell\u2019Opera del Duomo<\/em><\/strong>.<\/p>\n\n\n\n<p>\u00c9 importante ter em conta que as visitas \u00e0 igreja, ao <strong><em>batist\u00e9rio<\/em><\/strong> e ao <strong><em>museu<\/em><\/strong>, assim como a subida \u00e0 <em><strong>cupola<\/strong><\/em>, precisam de ser reservadas com grande anteced\u00eancia atrav\u00e9s do website official.<\/p>\n\n\n<style>.wp-block-kadence-advancedgallery .kb-gallery-type-grid.kb-gallery-id-_3f4135-e5{margin:-5px;}.kb-gallery-type-grid.kb-gallery-id-_3f4135-e5 .kadence-blocks-gallery-item{padding:5px;}.kb-gallery-id-_3f4135-e5 .kadence-blocks-gallery-item .kb-gal-image-radius{border-radius:0px 0px 0px 0px;}<\/style>\n<div class=\"wp-block-kadence-advancedgallery kb-gallery-wrap-id-_3f4135-e5\"><ul class=\"kb-gallery-ul kb-gallery-type-grid kb-gallery-id-_3f4135-e5 kb-gallery-caption-style-bottom-hover kb-gallery-filter-none kb-gallery-magnific-init\" data-item-selector=\".kadence-blocks-gallery-item\" data-image-filter=\"none\" data-lightbox-caption=\"true\" data-columns-xxl=\"3\" data-columns-xl=\"3\" data-columns-lg=\"3\" data-columns-md=\"2\" data-columns-sm=\"1\" data-columns-xs=\"1\"><li class=\"kadence-blocks-gallery-item\"><div class=\"kadence-blocks-gallery-item-inner\"><figure class=\"kb-gallery-figure kb-gallery-item-has-link kadence-blocks-gallery-item-hide-caption kb-has-image-ratio-land32\"><a href=\"http:\/\/www.geertjehansen.it\/wp-content\/uploads\/2021\/04\/duomo-firenze-santa-maria-fiore.jpg\" class=\"kb-gallery-item-link\"><div class=\"kb-gal-image-radius\"><div class=\"kb-gallery-image-contain kadence-blocks-gallery-intrinsic kb-gallery-image-ratio-land32\"><img loading=\"lazy\" decoding=\"async\" width=\"1000\" height=\"750\" src=\"https:\/\/www.geertjehansen.it\/wp-content\/themes\/webag_3\/templates-default\/img\/t.png\" data-src=\"http:\/\/www.geertjehansen.it\/wp-content\/uploads\/2021\/04\/duomo-firenze-santa-maria-fiore.jpg\" alt=\"Cattedrale di Santa Maria del Fiore, Firenze\" data-full-image=\"http:\/\/www.geertjehansen.it\/wp-content\/uploads\/2021\/04\/duomo-firenze-santa-maria-fiore.jpg\" data-light-image=\"http:\/\/www.geertjehansen.it\/wp-content\/uploads\/2021\/04\/duomo-firenze-santa-maria-fiore.jpg\" data-id=\"819\" data-link=\"http:\/\/www.geertjehansen.it\/pt-pt\/duomo-firenze-santa-maria-fiore-2\/\" class=\"lazy wp-image-819undefined\" data-srcset=\"https:\/\/www.geertjehansen.it\/wp-content\/uploads\/2021\/04\/duomo-firenze-santa-maria-fiore.jpg 1000w, https:\/\/www.geertjehansen.it\/wp-content\/uploads\/2021\/04\/duomo-firenze-santa-maria-fiore-300x225.jpg 300w, https:\/\/www.geertjehansen.it\/wp-content\/uploads\/2021\/04\/duomo-firenze-santa-maria-fiore-768x576.jpg 768w, https:\/\/www.geertjehansen.it\/wp-content\/uploads\/2021\/04\/duomo-firenze-santa-maria-fiore-150x113.jpg 150w\" sizes=\"auto, (max-width: 1000px) 100vw, 1000px\" \/><\/div><\/div><\/a><\/figure><\/div><\/li><li class=\"kadence-blocks-gallery-item\"><div class=\"kadence-blocks-gallery-item-inner\"><figure class=\"kb-gallery-figure kb-gallery-item-has-link kadence-blocks-gallery-item-hide-caption kb-has-image-ratio-land32\"><a href=\"http:\/\/www.geertjehansen.it\/wp-content\/uploads\/2021\/04\/duomo-firenze-facciata.jpg\" class=\"kb-gallery-item-link\"><div class=\"kb-gal-image-radius\"><div class=\"kb-gallery-image-contain kadence-blocks-gallery-intrinsic kb-gallery-image-ratio-land32\"><img loading=\"lazy\" decoding=\"async\" width=\"1000\" height=\"750\" src=\"https:\/\/www.geertjehansen.it\/wp-content\/themes\/webag_3\/templates-default\/img\/t.png\" data-src=\"http:\/\/www.geertjehansen.it\/wp-content\/uploads\/2021\/04\/duomo-firenze-facciata.jpg\" alt=\"Cattedrale Santa Maia Maggiore, Facciata\" data-full-image=\"http:\/\/www.geertjehansen.it\/wp-content\/uploads\/2021\/04\/duomo-firenze-facciata.jpg\" data-light-image=\"http:\/\/www.geertjehansen.it\/wp-content\/uploads\/2021\/04\/duomo-firenze-facciata.jpg\" data-id=\"814\" data-link=\"http:\/\/www.geertjehansen.it\/pt-pt\/duomo-firenze-facciata-2\/\" class=\"lazy wp-image-814undefined\" data-srcset=\"https:\/\/www.geertjehansen.it\/wp-content\/uploads\/2021\/04\/duomo-firenze-facciata.jpg 1000w, https:\/\/www.geertjehansen.it\/wp-content\/uploads\/2021\/04\/duomo-firenze-facciata-300x225.jpg 300w, https:\/\/www.geertjehansen.it\/wp-content\/uploads\/2021\/04\/duomo-firenze-facciata-768x576.jpg 768w, https:\/\/www.geertjehansen.it\/wp-content\/uploads\/2021\/04\/duomo-firenze-facciata-150x113.jpg 150w\" sizes=\"auto, (max-width: 1000px) 100vw, 1000px\" \/><\/div><\/div><\/a><\/figure><\/div><\/li><li class=\"kadence-blocks-gallery-item\"><div class=\"kadence-blocks-gallery-item-inner\"><figure class=\"kb-gallery-figure kb-gallery-item-has-link kadence-blocks-gallery-item-hide-caption kb-has-image-ratio-land32\"><a href=\"http:\/\/www.geertjehansen.it\/wp-content\/uploads\/2021\/04\/particolare-facciata-duomo-firenze.jpg\" class=\"kb-gallery-item-link\"><div class=\"kb-gal-image-radius\"><div class=\"kb-gallery-image-contain kadence-blocks-gallery-intrinsic kb-gallery-image-ratio-land32\"><img loading=\"lazy\" decoding=\"async\" src=\"https:\/\/www.geertjehansen.it\/wp-content\/themes\/webag_3\/templates-default\/img\/t.png\" data-src=\"http:\/\/www.geertjehansen.it\/wp-content\/uploads\/2021\/04\/particolare-facciata-duomo-firenze-768x1024.jpg\" width=\"768\" height=\"1024\" alt=\"\" data-full-image=\"http:\/\/www.geertjehansen.it\/wp-content\/uploads\/2021\/04\/particolare-facciata-duomo-firenze.jpg\" data-light-image=\"http:\/\/www.geertjehansen.it\/wp-content\/uploads\/2021\/04\/particolare-facciata-duomo-firenze.jpg\" data-id=\"824\" data-link=\"http:\/\/www.geertjehansen.it\/pt-pt\/particolare-facciata-duomo-firenze-2\/\" class=\"lazy wp-image-824undefined\" data-srcset=\"https:\/\/www.geertjehansen.it\/wp-content\/uploads\/2021\/04\/particolare-facciata-duomo-firenze-768x1024.jpg 768w, https:\/\/www.geertjehansen.it\/wp-content\/uploads\/2021\/04\/particolare-facciata-duomo-firenze-225x300.jpg 225w, https:\/\/www.geertjehansen.it\/wp-content\/uploads\/2021\/04\/particolare-facciata-duomo-firenze-113x150.jpg 113w, https:\/\/www.geertjehansen.it\/wp-content\/uploads\/2021\/04\/particolare-facciata-duomo-firenze.jpg 870w\" sizes=\"auto, (max-width: 768px) 100vw, 768px\" \/><\/div><\/div><\/a><\/figure><\/div><\/li><li class=\"kadence-blocks-gallery-item\"><div class=\"kadence-blocks-gallery-item-inner\"><figure class=\"kb-gallery-figure kb-gallery-item-has-link kadence-blocks-gallery-item-hide-caption kb-has-image-ratio-land32\"><a href=\"http:\/\/www.geertjehansen.it\/wp-content\/uploads\/2021\/04\/duomo-firenze.jpg\" class=\"kb-gallery-item-link\"><div class=\"kb-gal-image-radius\"><div class=\"kb-gallery-image-contain kadence-blocks-gallery-intrinsic kb-gallery-image-ratio-land32\"><img loading=\"lazy\" decoding=\"async\" width=\"1000\" height=\"750\" src=\"https:\/\/www.geertjehansen.it\/wp-content\/themes\/webag_3\/templates-default\/img\/t.png\" data-src=\"http:\/\/www.geertjehansen.it\/wp-content\/uploads\/2021\/04\/duomo-firenze.jpg\" alt=\"Duomo di Firenze, vista laterale\" data-full-image=\"http:\/\/www.geertjehansen.it\/wp-content\/uploads\/2021\/04\/duomo-firenze.jpg\" data-light-image=\"http:\/\/www.geertjehansen.it\/wp-content\/uploads\/2021\/04\/duomo-firenze.jpg\" data-id=\"721\" data-link=\"http:\/\/www.geertjehansen.it\/pt-pt\/home\/tours\/museus-e-igrejas\/duomo\/duomo-firenze-2\/\" class=\"lazy wp-image-721undefined\" data-srcset=\"https:\/\/www.geertjehansen.it\/wp-content\/uploads\/2021\/04\/duomo-firenze.jpg 1000w, https:\/\/www.geertjehansen.it\/wp-content\/uploads\/2021\/04\/duomo-firenze-300x225.jpg 300w, https:\/\/www.geertjehansen.it\/wp-content\/uploads\/2021\/04\/duomo-firenze-768x576.jpg 768w, https:\/\/www.geertjehansen.it\/wp-content\/uploads\/2021\/04\/duomo-firenze-150x113.jpg 150w\" sizes=\"auto, (max-width: 1000px) 100vw, 1000px\" \/><\/div><\/div><\/a><\/figure><\/div><\/li><li class=\"kadence-blocks-gallery-item\"><div class=\"kadence-blocks-gallery-item-inner\"><figure class=\"kb-gallery-figure kb-gallery-item-has-link kadence-blocks-gallery-item-hide-caption kb-has-image-ratio-land32\"><a href=\"http:\/\/www.geertjehansen.it\/wp-content\/uploads\/2021\/04\/campanile-giotto-firenze.png\" class=\"kb-gallery-item-link\"><div class=\"kb-gal-image-radius\"><div class=\"kb-gallery-image-contain kadence-blocks-gallery-intrinsic kb-gallery-image-ratio-land32\"><img loading=\"lazy\" decoding=\"async\" src=\"https:\/\/www.geertjehansen.it\/wp-content\/themes\/webag_3\/templates-default\/img\/t.png\" data-src=\"http:\/\/www.geertjehansen.it\/wp-content\/uploads\/2021\/04\/campanile-giotto-firenze-768x1024.png\" width=\"768\" height=\"1024\" alt=\"\" data-full-image=\"http:\/\/www.geertjehansen.it\/wp-content\/uploads\/2021\/04\/campanile-giotto-firenze.png\" data-light-image=\"http:\/\/www.geertjehansen.it\/wp-content\/uploads\/2021\/04\/campanile-giotto-firenze.png\" data-id=\"834\" data-link=\"http:\/\/www.geertjehansen.it\/pt-pt\/campanile-giotto-firenze-2\/\" class=\"lazy wp-image-834undefined\" data-srcset=\"https:\/\/www.geertjehansen.it\/wp-content\/uploads\/2021\/04\/campanile-giotto-firenze-768x1024.png 768w, https:\/\/www.geertjehansen.it\/wp-content\/uploads\/2021\/04\/campanile-giotto-firenze-225x300.png 225w, https:\/\/www.geertjehansen.it\/wp-content\/uploads\/2021\/04\/campanile-giotto-firenze-113x150.png 113w, https:\/\/www.geertjehansen.it\/wp-content\/uploads\/2021\/04\/campanile-giotto-firenze.png 870w\" sizes=\"auto, (max-width: 768px) 100vw, 768px\" \/><\/div><\/div><\/a><\/figure><\/div><\/li><li class=\"kadence-blocks-gallery-item\"><div class=\"kadence-blocks-gallery-item-inner\"><figure class=\"kb-gallery-figure kb-gallery-item-has-link kadence-blocks-gallery-item-hide-caption kb-has-image-ratio-land32\"><a href=\"http:\/\/www.geertjehansen.it\/wp-content\/uploads\/2021\/04\/affresco-cupola-duomo-firenze.jpg\" class=\"kb-gallery-item-link\"><div class=\"kb-gal-image-radius\"><div class=\"kb-gallery-image-contain kadence-blocks-gallery-intrinsic kb-gallery-image-ratio-land32\"><img loading=\"lazy\" decoding=\"async\" width=\"1000\" height=\"750\" src=\"https:\/\/www.geertjehansen.it\/wp-content\/themes\/webag_3\/templates-default\/img\/t.png\" data-src=\"http:\/\/www.geertjehansen.it\/wp-content\/uploads\/2021\/04\/affresco-cupola-duomo-firenze.jpg\" alt=\"Affresco della cupola del Duomo di Firenze\" data-full-image=\"http:\/\/www.geertjehansen.it\/wp-content\/uploads\/2021\/04\/affresco-cupola-duomo-firenze.jpg\" data-light-image=\"http:\/\/www.geertjehansen.it\/wp-content\/uploads\/2021\/04\/affresco-cupola-duomo-firenze.jpg\" data-id=\"844\" data-link=\"http:\/\/www.geertjehansen.it\/pt-pt\/affresco-cupola-duomo-firenze-2\/\" class=\"lazy wp-image-844undefined\" data-srcset=\"https:\/\/www.geertjehansen.it\/wp-content\/uploads\/2021\/04\/affresco-cupola-duomo-firenze.jpg 1000w, https:\/\/www.geertjehansen.it\/wp-content\/uploads\/2021\/04\/affresco-cupola-duomo-firenze-300x225.jpg 300w, https:\/\/www.geertjehansen.it\/wp-content\/uploads\/2021\/04\/affresco-cupola-duomo-firenze-768x576.jpg 768w, https:\/\/www.geertjehansen.it\/wp-content\/uploads\/2021\/04\/affresco-cupola-duomo-firenze-150x113.jpg 150w\" sizes=\"auto, (max-width: 1000px) 100vw, 1000px\" \/><\/div><\/div><\/a><\/figure><\/div><\/li><li class=\"kadence-blocks-gallery-item\"><div class=\"kadence-blocks-gallery-item-inner\"><figure class=\"kb-gallery-figure kb-gallery-item-has-link kadence-blocks-gallery-item-hide-caption kb-has-image-ratio-land32\"><a href=\"http:\/\/www.geertjehansen.it\/wp-content\/uploads\/2021\/04\/battistero-firenze.jpg\" class=\"kb-gallery-item-link\"><div class=\"kb-gal-image-radius\"><div class=\"kb-gallery-image-contain kadence-blocks-gallery-intrinsic kb-gallery-image-ratio-land32\"><img loading=\"lazy\" decoding=\"async\" src=\"https:\/\/www.geertjehansen.it\/wp-content\/themes\/webag_3\/templates-default\/img\/t.png\" data-src=\"http:\/\/www.geertjehansen.it\/wp-content\/uploads\/2021\/04\/battistero-firenze-691x1024.jpg\" width=\"691\" height=\"1024\" alt=\"\" data-full-image=\"http:\/\/www.geertjehansen.it\/wp-content\/uploads\/2021\/04\/battistero-firenze.jpg\" data-light-image=\"http:\/\/www.geertjehansen.it\/wp-content\/uploads\/2021\/04\/battistero-firenze.jpg\" data-id=\"829\" data-link=\"http:\/\/www.geertjehansen.it\/pt-pt\/battistero-firenze-2\/\" class=\"lazy wp-image-829undefined\" data-srcset=\"https:\/\/www.geertjehansen.it\/wp-content\/uploads\/2021\/04\/battistero-firenze-691x1024.jpg 691w, https:\/\/www.geertjehansen.it\/wp-content\/uploads\/2021\/04\/battistero-firenze-203x300.jpg 203w, https:\/\/www.geertjehansen.it\/wp-content\/uploads\/2021\/04\/battistero-firenze-768x1138.jpg 768w, https:\/\/www.geertjehansen.it\/wp-content\/uploads\/2021\/04\/battistero-firenze-101x150.jpg 101w, https:\/\/www.geertjehansen.it\/wp-content\/uploads\/2021\/04\/battistero-firenze.jpg 783w\" sizes=\"auto, (max-width: 691px) 100vw, 691px\" \/><\/div><\/div><\/a><\/figure><\/div><\/li><li class=\"kadence-blocks-gallery-item\"><div class=\"kadence-blocks-gallery-item-inner\"><figure class=\"kb-gallery-figure kb-gallery-item-has-link kadence-blocks-gallery-item-hide-caption kb-has-image-ratio-land32\"><a href=\"http:\/\/www.geertjehansen.it\/wp-content\/uploads\/2021\/04\/porta-paradiso-battistero-firenze.jpg\" class=\"kb-gallery-item-link\"><div class=\"kb-gal-image-radius\"><div class=\"kb-gallery-image-contain kadence-blocks-gallery-intrinsic kb-gallery-image-ratio-land32\"><img loading=\"lazy\" decoding=\"async\" width=\"1000\" height=\"750\" src=\"https:\/\/www.geertjehansen.it\/wp-content\/themes\/webag_3\/templates-default\/img\/t.png\" data-src=\"http:\/\/www.geertjehansen.it\/wp-content\/uploads\/2021\/04\/porta-paradiso-battistero-firenze.jpg\" alt=\"Porta del paradiso, Battistero, Piazza del Duomo\" data-full-image=\"http:\/\/www.geertjehansen.it\/wp-content\/uploads\/2021\/04\/porta-paradiso-battistero-firenze.jpg\" data-light-image=\"http:\/\/www.geertjehansen.it\/wp-content\/uploads\/2021\/04\/porta-paradiso-battistero-firenze.jpg\" data-id=\"809\" data-link=\"http:\/\/www.geertjehansen.it\/pt-pt\/porta-paradiso-battistero-firenze-2\/\" class=\"lazy wp-image-809undefined\" data-srcset=\"https:\/\/www.geertjehansen.it\/wp-content\/uploads\/2021\/04\/porta-paradiso-battistero-firenze.jpg 1000w, https:\/\/www.geertjehansen.it\/wp-content\/uploads\/2021\/04\/porta-paradiso-battistero-firenze-300x225.jpg 300w, https:\/\/www.geertjehansen.it\/wp-content\/uploads\/2021\/04\/porta-paradiso-battistero-firenze-768x576.jpg 768w, https:\/\/www.geertjehansen.it\/wp-content\/uploads\/2021\/04\/porta-paradiso-battistero-firenze-150x113.jpg 150w\" sizes=\"auto, (max-width: 1000px) 100vw, 1000px\" \/><\/div><\/div><\/a><\/figure><\/div><\/li><li class=\"kadence-blocks-gallery-item\"><div class=\"kadence-blocks-gallery-item-inner\"><figure class=\"kb-gallery-figure kb-gallery-item-has-link kadence-blocks-gallery-item-hide-caption kb-has-image-ratio-land32\"><a href=\"http:\/\/www.geertjehansen.it\/wp-content\/uploads\/2021\/04\/mosaici-battistero-firenze.jpg\" class=\"kb-gallery-item-link\"><div class=\"kb-gal-image-radius\"><div class=\"kb-gallery-image-contain kadence-blocks-gallery-intrinsic kb-gallery-image-ratio-land32\"><img loading=\"lazy\" decoding=\"async\" width=\"1000\" height=\"750\" src=\"https:\/\/www.geertjehansen.it\/wp-content\/themes\/webag_3\/templates-default\/img\/t.png\" data-src=\"http:\/\/www.geertjehansen.it\/wp-content\/uploads\/2021\/04\/mosaici-battistero-firenze.jpg\" alt=\"mosaici del Battistero di Firenze\" data-full-image=\"http:\/\/www.geertjehansen.it\/wp-content\/uploads\/2021\/04\/mosaici-battistero-firenze.jpg\" data-light-image=\"http:\/\/www.geertjehansen.it\/wp-content\/uploads\/2021\/04\/mosaici-battistero-firenze.jpg\" data-id=\"849\" data-link=\"http:\/\/www.geertjehansen.it\/pt-pt\/home\/tours\/museus-e-igrejas\/duomo\/mosaici-battistero-firenze-2\/\" class=\"lazy wp-image-849undefined\" data-srcset=\"https:\/\/www.geertjehansen.it\/wp-content\/uploads\/2021\/04\/mosaici-battistero-firenze.jpg 1000w, https:\/\/www.geertjehansen.it\/wp-content\/uploads\/2021\/04\/mosaici-battistero-firenze-300x225.jpg 300w, https:\/\/www.geertjehansen.it\/wp-content\/uploads\/2021\/04\/mosaici-battistero-firenze-768x576.jpg 768w, https:\/\/www.geertjehansen.it\/wp-content\/uploads\/2021\/04\/mosaici-battistero-firenze-150x113.jpg 150w\" sizes=\"auto, (max-width: 1000px) 100vw, 1000px\" \/><\/div><\/div><\/a><\/figure><\/div><\/li><li class=\"kadence-blocks-gallery-item\"><div class=\"kadence-blocks-gallery-item-inner\"><figure class=\"kb-gallery-figure kb-gallery-item-has-link kadence-blocks-gallery-item-hide-caption kb-has-image-ratio-land32\"><a href=\"http:\/\/www.geertjehansen.it\/wp-content\/uploads\/2021\/04\/museo-opera-santa-maria-fiore.jpg\" class=\"kb-gallery-item-link\"><div class=\"kb-gal-image-radius\"><div class=\"kb-gallery-image-contain kadence-blocks-gallery-intrinsic kb-gallery-image-ratio-land32\"><img loading=\"lazy\" decoding=\"async\" width=\"1000\" height=\"750\" src=\"https:\/\/www.geertjehansen.it\/wp-content\/themes\/webag_3\/templates-default\/img\/t.png\" data-src=\"http:\/\/www.geertjehansen.it\/wp-content\/uploads\/2021\/04\/museo-opera-santa-maria-fiore.jpg\" alt=\"Museo dell'Opera di Santa Maria del Fiore\" data-full-image=\"http:\/\/www.geertjehansen.it\/wp-content\/uploads\/2021\/04\/museo-opera-santa-maria-fiore.jpg\" data-light-image=\"http:\/\/www.geertjehansen.it\/wp-content\/uploads\/2021\/04\/museo-opera-santa-maria-fiore.jpg\" data-id=\"854\" data-link=\"http:\/\/www.geertjehansen.it\/pt-pt\/home\/tours\/museus-e-igrejas\/duomo\/museo-opera-santa-maria-fiore-2\/\" class=\"lazy wp-image-854undefined\" data-srcset=\"https:\/\/www.geertjehansen.it\/wp-content\/uploads\/2021\/04\/museo-opera-santa-maria-fiore.jpg 1000w, https:\/\/www.geertjehansen.it\/wp-content\/uploads\/2021\/04\/museo-opera-santa-maria-fiore-300x225.jpg 300w, https:\/\/www.geertjehansen.it\/wp-content\/uploads\/2021\/04\/museo-opera-santa-maria-fiore-768x576.jpg 768w, https:\/\/www.geertjehansen.it\/wp-content\/uploads\/2021\/04\/museo-opera-santa-maria-fiore-150x113.jpg 150w\" sizes=\"auto, (max-width: 1000px) 100vw, 1000px\" \/><\/div><\/div><\/a><\/figure><\/div><\/li><\/ul><\/div>\n","protected":false},"excerpt":{"rendered":"<p>O que se poderia dizer sobre um dos mais impressionantes edif\u00edcios que n\u00e3o tenha sido j\u00e1 escrito? Conhecida como Duomo, a Catedral de Santa Maria del Fiore \u00e9 a nossa igreja principal, a qual sentimos que pertence, por direito, a todos os florentinos. Da\u00ed chamarmos-lhe simplesmente Duomo. A liga\u00e7\u00e3o entre a cidade e a sua [&hellip;]<\/p>\n","protected":false},"author":1,"featured_media":377,"parent":433,"menu_order":56,"comment_status":"closed","ping_status":"closed","template":"","meta":{"_acf_changed":false,"footnotes":""},"class_list":["post-471","page","type-page","status-publish","has-post-thumbnail","hentry"],"acf":[],"yoast_head":"<!-- This site is optimized with the Yoast SEO plugin v24.9 - https:\/\/yoast.com\/wordpress\/plugins\/seo\/ -->\n<title>Duomo | Geertje Hansen | Guia tur\u00edstica Floren\u00e7a<\/title>\n<meta name=\"description\" content=\"A Catedral Santa Maria del Fiore de Floren\u00e7a simplesmente indicada por todos como Duomo \u00e8 de direito a igreja mais importante da cidade. Majestosa com a sua cupola de Filippo Brunelleschi\" \/>\n<meta name=\"robots\" content=\"index, follow, max-snippet:-1, max-image-preview:large, max-video-preview:-1\" \/>\n<link rel=\"canonical\" href=\"https:\/\/www.geertjehansen.it\/pt-pt\/home\/tours\/museus-e-igrejas\/duomo\/\" \/>\n<meta property=\"og:locale\" content=\"pt_PT\" \/>\n<meta property=\"og:type\" content=\"article\" \/>\n<meta property=\"og:title\" content=\"Duomo | Geertje Hansen | Guia tur\u00edstica Floren\u00e7a\" \/>\n<meta property=\"og:description\" content=\"A Catedral Santa Maria del Fiore de Floren\u00e7a simplesmente indicada por todos como Duomo \u00e8 de direito a igreja mais importante da cidade. Majestosa com a sua cupola de Filippo Brunelleschi\" \/>\n<meta property=\"og:url\" content=\"https:\/\/www.geertjehansen.it\/pt-pt\/home\/tours\/museus-e-igrejas\/duomo\/\" \/>\n<meta property=\"og:site_name\" content=\"Geertje Hansen\" \/>\n<meta property=\"article:modified_time\" content=\"2021-05-17T11:30:56+00:00\" \/>\n<meta property=\"og:image\" content=\"https:\/\/www.geertjehansen.it\/wp-content\/uploads\/2021\/03\/duomo-tours-geertjehansen.jpg\" \/>\n\t<meta property=\"og:image:width\" content=\"1000\" \/>\n\t<meta property=\"og:image:height\" content=\"667\" \/>\n\t<meta property=\"og:image:type\" content=\"image\/jpeg\" \/>\n<meta name=\"twitter:card\" content=\"summary_large_image\" \/>\n<meta name=\"twitter:label1\" content=\"Tempo estimado de leitura\" \/>\n\t<meta name=\"twitter:data1\" content=\"3 minutos\" \/>\n<script type=\"application\/ld+json\" class=\"yoast-schema-graph\">{\"@context\":\"https:\/\/schema.org\",\"@graph\":[{\"@type\":\"WebPage\",\"@id\":\"https:\/\/www.geertjehansen.it\/pt-pt\/home\/tours\/museus-e-igrejas\/duomo\/\",\"url\":\"https:\/\/www.geertjehansen.it\/pt-pt\/home\/tours\/museus-e-igrejas\/duomo\/\",\"name\":\"Duomo | Geertje Hansen | Guia tur\u00edstica Floren\u00e7a\",\"isPartOf\":{\"@id\":\"https:\/\/www.geertjehansen.it\/pt-pt\/#website\"},\"primaryImageOfPage\":{\"@id\":\"https:\/\/www.geertjehansen.it\/pt-pt\/home\/tours\/museus-e-igrejas\/duomo\/#primaryimage\"},\"image\":{\"@id\":\"https:\/\/www.geertjehansen.it\/pt-pt\/home\/tours\/museus-e-igrejas\/duomo\/#primaryimage\"},\"thumbnailUrl\":\"https:\/\/www.geertjehansen.it\/wp-content\/uploads\/2021\/03\/duomo-tours-geertjehansen.jpg\",\"datePublished\":\"2021-04-12T08:40:11+00:00\",\"dateModified\":\"2021-05-17T11:30:56+00:00\",\"description\":\"A Catedral Santa Maria del Fiore de Floren\u00e7a simplesmente indicada por todos como Duomo \u00e8 de direito a igreja mais importante da cidade. Majestosa com a sua cupola de Filippo Brunelleschi\",\"breadcrumb\":{\"@id\":\"https:\/\/www.geertjehansen.it\/pt-pt\/home\/tours\/museus-e-igrejas\/duomo\/#breadcrumb\"},\"inLanguage\":\"pt-PT\",\"potentialAction\":[{\"@type\":\"ReadAction\",\"target\":[\"https:\/\/www.geertjehansen.it\/pt-pt\/home\/tours\/museus-e-igrejas\/duomo\/\"]}]},{\"@type\":\"ImageObject\",\"inLanguage\":\"pt-PT\",\"@id\":\"https:\/\/www.geertjehansen.it\/pt-pt\/home\/tours\/museus-e-igrejas\/duomo\/#primaryimage\",\"url\":\"https:\/\/www.geertjehansen.it\/wp-content\/uploads\/2021\/03\/duomo-tours-geertjehansen.jpg\",\"contentUrl\":\"https:\/\/www.geertjehansen.it\/wp-content\/uploads\/2021\/03\/duomo-tours-geertjehansen.jpg\",\"width\":1000,\"height\":667,\"caption\":\"Duomo Tours Geertje Hansen\"},{\"@type\":\"BreadcrumbList\",\"@id\":\"https:\/\/www.geertjehansen.it\/pt-pt\/home\/tours\/museus-e-igrejas\/duomo\/#breadcrumb\",\"itemListElement\":[{\"@type\":\"ListItem\",\"position\":1,\"name\":\"Home\",\"item\":\"https:\/\/www.geertjehansen.it\/pt-pt\/\"},{\"@type\":\"ListItem\",\"position\":2,\"name\":\"Home\",\"item\":\"https:\/\/www.geertjehansen.it\/pt-pt\/\"},{\"@type\":\"ListItem\",\"position\":3,\"name\":\"Tours\",\"item\":\"https:\/\/www.geertjehansen.it\/pt-pt\/home\/tours\/\"},{\"@type\":\"ListItem\",\"position\":4,\"name\":\"Museus e Igrejas\",\"item\":\"https:\/\/www.geertjehansen.it\/pt-pt\/home\/tours\/museus-e-igrejas\/\"},{\"@type\":\"ListItem\",\"position\":5,\"name\":\"Duomo\"}]},{\"@type\":\"WebSite\",\"@id\":\"https:\/\/www.geertjehansen.it\/pt-pt\/#website\",\"url\":\"https:\/\/www.geertjehansen.it\/pt-pt\/\",\"name\":\"Geertje Hansen\",\"description\":\"Florence Tour Guide\",\"publisher\":{\"@id\":\"https:\/\/www.geertjehansen.it\/pt-pt\/#organization\"},\"potentialAction\":[{\"@type\":\"SearchAction\",\"target\":{\"@type\":\"EntryPoint\",\"urlTemplate\":\"https:\/\/www.geertjehansen.it\/pt-pt\/?s={search_term_string}\"},\"query-input\":{\"@type\":\"PropertyValueSpecification\",\"valueRequired\":true,\"valueName\":\"search_term_string\"}}],\"inLanguage\":\"pt-PT\"},{\"@type\":\"Organization\",\"@id\":\"https:\/\/www.geertjehansen.it\/pt-pt\/#organization\",\"name\":\"Geertje Hansen\",\"url\":\"https:\/\/www.geertjehansen.it\/pt-pt\/\",\"logo\":{\"@type\":\"ImageObject\",\"inLanguage\":\"pt-PT\",\"@id\":\"https:\/\/www.geertjehansen.it\/pt-pt\/#\/schema\/logo\/image\/\",\"url\":\"https:\/\/www.geertjehansen.it\/wp-content\/uploads\/2021\/04\/geertje-hansen-logo.png\",\"contentUrl\":\"https:\/\/www.geertjehansen.it\/wp-content\/uploads\/2021\/04\/geertje-hansen-logo.png\",\"width\":465,\"height\":136,\"caption\":\"Geertje Hansen\"},\"image\":{\"@id\":\"https:\/\/www.geertjehansen.it\/pt-pt\/#\/schema\/logo\/image\/\"}}]}<\/script>\n<!-- \/ Yoast SEO plugin. -->","yoast_head_json":{"title":"Duomo | Geertje Hansen | Guia tur\u00edstica Floren\u00e7a","description":"A Catedral Santa Maria del Fiore de Floren\u00e7a simplesmente indicada por todos como Duomo \u00e8 de direito a igreja mais importante da cidade. Majestosa com a sua cupola de Filippo Brunelleschi","robots":{"index":"index","follow":"follow","max-snippet":"max-snippet:-1","max-image-preview":"max-image-preview:large","max-video-preview":"max-video-preview:-1"},"canonical":"https:\/\/www.geertjehansen.it\/pt-pt\/home\/tours\/museus-e-igrejas\/duomo\/","og_locale":"pt_PT","og_type":"article","og_title":"Duomo | Geertje Hansen | Guia tur\u00edstica Floren\u00e7a","og_description":"A Catedral Santa Maria del Fiore de Floren\u00e7a simplesmente indicada por todos como Duomo \u00e8 de direito a igreja mais importante da cidade. Majestosa com a sua cupola de Filippo Brunelleschi","og_url":"https:\/\/www.geertjehansen.it\/pt-pt\/home\/tours\/museus-e-igrejas\/duomo\/","og_site_name":"Geertje Hansen","article_modified_time":"2021-05-17T11:30:56+00:00","og_image":[{"width":1000,"height":667,"url":"https:\/\/www.geertjehansen.it\/wp-content\/uploads\/2021\/03\/duomo-tours-geertjehansen.jpg","type":"image\/jpeg"}],"twitter_card":"summary_large_image","twitter_misc":{"Tempo estimado de leitura":"3 minutos"},"schema":{"@context":"https:\/\/schema.org","@graph":[{"@type":"WebPage","@id":"https:\/\/www.geertjehansen.it\/pt-pt\/home\/tours\/museus-e-igrejas\/duomo\/","url":"https:\/\/www.geertjehansen.it\/pt-pt\/home\/tours\/museus-e-igrejas\/duomo\/","name":"Duomo | Geertje Hansen | Guia tur\u00edstica Floren\u00e7a","isPartOf":{"@id":"https:\/\/www.geertjehansen.it\/pt-pt\/#website"},"primaryImageOfPage":{"@id":"https:\/\/www.geertjehansen.it\/pt-pt\/home\/tours\/museus-e-igrejas\/duomo\/#primaryimage"},"image":{"@id":"https:\/\/www.geertjehansen.it\/pt-pt\/home\/tours\/museus-e-igrejas\/duomo\/#primaryimage"},"thumbnailUrl":"https:\/\/www.geertjehansen.it\/wp-content\/uploads\/2021\/03\/duomo-tours-geertjehansen.jpg","datePublished":"2021-04-12T08:40:11+00:00","dateModified":"2021-05-17T11:30:56+00:00","description":"A Catedral Santa Maria del Fiore de Floren\u00e7a simplesmente indicada por todos como Duomo \u00e8 de direito a igreja mais importante da cidade. Majestosa com a sua cupola de Filippo Brunelleschi","breadcrumb":{"@id":"https:\/\/www.geertjehansen.it\/pt-pt\/home\/tours\/museus-e-igrejas\/duomo\/#breadcrumb"},"inLanguage":"pt-PT","potentialAction":[{"@type":"ReadAction","target":["https:\/\/www.geertjehansen.it\/pt-pt\/home\/tours\/museus-e-igrejas\/duomo\/"]}]},{"@type":"ImageObject","inLanguage":"pt-PT","@id":"https:\/\/www.geertjehansen.it\/pt-pt\/home\/tours\/museus-e-igrejas\/duomo\/#primaryimage","url":"https:\/\/www.geertjehansen.it\/wp-content\/uploads\/2021\/03\/duomo-tours-geertjehansen.jpg","contentUrl":"https:\/\/www.geertjehansen.it\/wp-content\/uploads\/2021\/03\/duomo-tours-geertjehansen.jpg","width":1000,"height":667,"caption":"Duomo Tours Geertje Hansen"},{"@type":"BreadcrumbList","@id":"https:\/\/www.geertjehansen.it\/pt-pt\/home\/tours\/museus-e-igrejas\/duomo\/#breadcrumb","itemListElement":[{"@type":"ListItem","position":1,"name":"Home","item":"https:\/\/www.geertjehansen.it\/pt-pt\/"},{"@type":"ListItem","position":2,"name":"Home","item":"https:\/\/www.geertjehansen.it\/pt-pt\/"},{"@type":"ListItem","position":3,"name":"Tours","item":"https:\/\/www.geertjehansen.it\/pt-pt\/home\/tours\/"},{"@type":"ListItem","position":4,"name":"Museus e Igrejas","item":"https:\/\/www.geertjehansen.it\/pt-pt\/home\/tours\/museus-e-igrejas\/"},{"@type":"ListItem","position":5,"name":"Duomo"}]},{"@type":"WebSite","@id":"https:\/\/www.geertjehansen.it\/pt-pt\/#website","url":"https:\/\/www.geertjehansen.it\/pt-pt\/","name":"Geertje Hansen","description":"Florence Tour Guide","publisher":{"@id":"https:\/\/www.geertjehansen.it\/pt-pt\/#organization"},"potentialAction":[{"@type":"SearchAction","target":{"@type":"EntryPoint","urlTemplate":"https:\/\/www.geertjehansen.it\/pt-pt\/?s={search_term_string}"},"query-input":{"@type":"PropertyValueSpecification","valueRequired":true,"valueName":"search_term_string"}}],"inLanguage":"pt-PT"},{"@type":"Organization","@id":"https:\/\/www.geertjehansen.it\/pt-pt\/#organization","name":"Geertje Hansen","url":"https:\/\/www.geertjehansen.it\/pt-pt\/","logo":{"@type":"ImageObject","inLanguage":"pt-PT","@id":"https:\/\/www.geertjehansen.it\/pt-pt\/#\/schema\/logo\/image\/","url":"https:\/\/www.geertjehansen.it\/wp-content\/uploads\/2021\/04\/geertje-hansen-logo.png","contentUrl":"https:\/\/www.geertjehansen.it\/wp-content\/uploads\/2021\/04\/geertje-hansen-logo.png","width":465,"height":136,"caption":"Geertje Hansen"},"image":{"@id":"https:\/\/www.geertjehansen.it\/pt-pt\/#\/schema\/logo\/image\/"}}]}},"_links":{"self":[{"href":"https:\/\/www.geertjehansen.it\/pt-pt\/wp-json\/wp\/v2\/pages\/471","targetHints":{"allow":["GET"]}}],"collection":[{"href":"https:\/\/www.geertjehansen.it\/pt-pt\/wp-json\/wp\/v2\/pages"}],"about":[{"href":"https:\/\/www.geertjehansen.it\/pt-pt\/wp-json\/wp\/v2\/types\/page"}],"author":[{"embeddable":true,"href":"https:\/\/www.geertjehansen.it\/pt-pt\/wp-json\/wp\/v2\/users\/1"}],"replies":[{"embeddable":true,"href":"https:\/\/www.geertjehansen.it\/pt-pt\/wp-json\/wp\/v2\/comments?post=471"}],"version-history":[{"count":2,"href":"https:\/\/www.geertjehansen.it\/pt-pt\/wp-json\/wp\/v2\/pages\/471\/revisions"}],"predecessor-version":[{"id":1381,"href":"https:\/\/www.geertjehansen.it\/pt-pt\/wp-json\/wp\/v2\/pages\/471\/revisions\/1381"}],"up":[{"embeddable":true,"href":"https:\/\/www.geertjehansen.it\/pt-pt\/wp-json\/wp\/v2\/pages\/433"}],"wp:featuredmedia":[{"embeddable":true,"href":"https:\/\/www.geertjehansen.it\/pt-pt\/wp-json\/wp\/v2\/media\/377"}],"wp:attachment":[{"href":"https:\/\/www.geertjehansen.it\/pt-pt\/wp-json\/wp\/v2\/media?parent=471"}],"curies":[{"name":"wp","href":"https:\/\/api.w.org\/{rel}","templated":true}]}}