{"id":460,"date":"2021-04-12T10:33:25","date_gmt":"2021-04-12T08:33:25","guid":{"rendered":"http:\/\/www.geertjehansen.it\/?page_id=460"},"modified":"2021-05-17T13:25:11","modified_gmt":"2021-05-17T11:25:11","slug":"museu-san-marco-e-arredores","status":"publish","type":"page","link":"https:\/\/www.geertjehansen.it\/pt-pt\/home\/tours\/museus-e-igrejas\/museu-san-marco-e-arredores\/","title":{"rendered":"Museu San Marco e Arredores"},"content":{"rendered":"\n<p>A beleza e sossego do <strong><em>Convento de San Marco<\/em><\/strong> capta sempre a aten\u00e7\u00e3o dos visitantes que decidem entrar no edif\u00edcio. Este convento hospedou personalidades como os pintores <strong><em>Beato Angelico<\/em><\/strong> e <strong><em>Fra Bartolomeo<\/em><\/strong>, ou o famoso <strong><em>Girolamo Savonarola<\/em><\/strong>, que conseguiu controlar a cidade atrav\u00e9s das suas prega\u00e7\u00f5es em fins do s\u00e9culo XV.<\/p>\n\n\n\n<p>Perto desta pra\u00e7a, podem encontrar-se alguns lugares menos conhecidos; entre eles, est\u00e3o dois dos meus preferidos: a <strong><em>Igreja de SS. Annunziata<\/em><\/strong>, rica em hist\u00f3ria e misticismo, e o antigo orfanato <strong><em>Spedale degli Innocenti<\/em><\/strong>, localizado num edif\u00edcio desenhado pelo famoso arquiteto Filippo Brunelleschi. O museu d\u00e1-nos uma perspetiva sobre a vida Florentina de s\u00e9culos passados.<\/p>\n\n\n<style>.wp-block-kadence-advancedgallery .kb-gallery-type-grid.kb-gallery-id-_360ce5-c0{margin:-5px;}.kb-gallery-type-grid.kb-gallery-id-_360ce5-c0 .kadence-blocks-gallery-item{padding:5px;}.kb-gallery-id-_360ce5-c0 .kadence-blocks-gallery-item .kb-gal-image-radius{border-radius:0px 0px 0px 0px;}<\/style>\n<div class=\"wp-block-kadence-advancedgallery kb-gallery-wrap-id-_360ce5-c0\"><ul class=\"kb-gallery-ul kb-gallery-type-grid kb-gallery-id-_360ce5-c0 kb-gallery-caption-style-bottom-hover kb-gallery-filter-none kb-gallery-magnific-init\" data-item-selector=\".kadence-blocks-gallery-item\" data-image-filter=\"none\" data-lightbox-caption=\"true\" data-columns-xxl=\"3\" data-columns-xl=\"3\" data-columns-lg=\"3\" data-columns-md=\"2\" data-columns-sm=\"1\" data-columns-xs=\"1\"><li class=\"kadence-blocks-gallery-item\"><div class=\"kadence-blocks-gallery-item-inner\"><figure class=\"kb-gallery-figure kb-gallery-item-has-link kadence-blocks-gallery-item-hide-caption kb-has-image-ratio-land32\"><a href=\"http:\/\/www.geertjehansen.it\/wp-content\/uploads\/2021\/03\/museum-san-marco-tours-geertjehansen.jpg\" class=\"kb-gallery-item-link\"><div class=\"kb-gal-image-radius\"><div class=\"kb-gallery-image-contain kadence-blocks-gallery-intrinsic kb-gallery-image-ratio-land32\"><img loading=\"lazy\" decoding=\"async\" src=\"https:\/\/www.geertjehansen.it\/wp-content\/themes\/webag_3\/templates-default\/img\/t.png\" data-src=\"http:\/\/www.geertjehansen.it\/wp-content\/uploads\/2021\/03\/museum-san-marco-tours-geertjehansen.jpg\" width=\"1000\" height=\"667\" alt=\"Museum San Marco Tour Geertje Hansen\" data-full-image=\"http:\/\/www.geertjehansen.it\/wp-content\/uploads\/2021\/03\/museum-san-marco-tours-geertjehansen.jpg\" data-light-image=\"http:\/\/www.geertjehansen.it\/wp-content\/uploads\/2021\/03\/museum-san-marco-tours-geertjehansen.jpg\" data-id=\"382\" data-link=\"http:\/\/www.geertjehansen.it\/pt-pt\/home\/tours\/museus-e-igrejas\/museu-san-marco-e-arredores\/museum-san-marco-tours-geertjehansen-2\/\" class=\"lazy wp-image-382undefined\" data-srcset=\"https:\/\/www.geertjehansen.it\/wp-content\/uploads\/2021\/03\/museum-san-marco-tours-geertjehansen.jpg 1000w, https:\/\/www.geertjehansen.it\/wp-content\/uploads\/2021\/03\/museum-san-marco-tours-geertjehansen-300x200.jpg 300w, https:\/\/www.geertjehansen.it\/wp-content\/uploads\/2021\/03\/museum-san-marco-tours-geertjehansen-768x512.jpg 768w, https:\/\/www.geertjehansen.it\/wp-content\/uploads\/2021\/03\/museum-san-marco-tours-geertjehansen-150x100.jpg 150w\" sizes=\"auto, (max-width: 1000px) 100vw, 1000px\" \/><\/div><\/div><\/a><\/figure><\/div><\/li><li class=\"kadence-blocks-gallery-item\"><div class=\"kadence-blocks-gallery-item-inner\"><figure class=\"kb-gallery-figure kb-gallery-item-has-link kadence-blocks-gallery-item-hide-caption kb-has-image-ratio-land32\"><a href=\"http:\/\/www.geertjehansen.it\/wp-content\/uploads\/2021\/04\/ospedale-innocenti-loggia.jpg\" class=\"kb-gallery-item-link\"><div class=\"kb-gal-image-radius\"><div class=\"kb-gallery-image-contain kadence-blocks-gallery-intrinsic kb-gallery-image-ratio-land32\"><img loading=\"lazy\" decoding=\"async\" src=\"https:\/\/www.geertjehansen.it\/wp-content\/themes\/webag_3\/templates-default\/img\/t.png\" data-src=\"http:\/\/www.geertjehansen.it\/wp-content\/uploads\/2021\/04\/ospedale-innocenti-loggia.jpg\" width=\"1000\" height=\"750\" alt=\"Ospedale degli Innocenti, loggia\" data-full-image=\"http:\/\/www.geertjehansen.it\/wp-content\/uploads\/2021\/04\/ospedale-innocenti-loggia.jpg\" data-light-image=\"http:\/\/www.geertjehansen.it\/wp-content\/uploads\/2021\/04\/ospedale-innocenti-loggia.jpg\" data-id=\"1059\" data-link=\"http:\/\/www.geertjehansen.it\/pt-pt\/ospedale-innocenti-loggia-2\/\" class=\"lazy wp-image-1059undefined\" data-srcset=\"https:\/\/www.geertjehansen.it\/wp-content\/uploads\/2021\/04\/ospedale-innocenti-loggia.jpg 1000w, https:\/\/www.geertjehansen.it\/wp-content\/uploads\/2021\/04\/ospedale-innocenti-loggia-300x225.jpg 300w, https:\/\/www.geertjehansen.it\/wp-content\/uploads\/2021\/04\/ospedale-innocenti-loggia-768x576.jpg 768w, https:\/\/www.geertjehansen.it\/wp-content\/uploads\/2021\/04\/ospedale-innocenti-loggia-150x113.jpg 150w\" sizes=\"auto, (max-width: 1000px) 100vw, 1000px\" \/><\/div><\/div><\/a><\/figure><\/div><\/li><li class=\"kadence-blocks-gallery-item\"><div class=\"kadence-blocks-gallery-item-inner\"><figure class=\"kb-gallery-figure kb-gallery-item-has-link kadence-blocks-gallery-item-hide-caption kb-has-image-ratio-land32\"><a href=\"http:\/\/www.geertjehansen.it\/wp-content\/uploads\/2021\/04\/loggia-santissima-annunziata.jpg\" class=\"kb-gallery-item-link\"><div class=\"kb-gal-image-radius\"><div class=\"kb-gallery-image-contain kadence-blocks-gallery-intrinsic kb-gallery-image-ratio-land32\"><img loading=\"lazy\" decoding=\"async\" src=\"https:\/\/www.geertjehansen.it\/wp-content\/themes\/webag_3\/templates-default\/img\/t.png\" data-src=\"http:\/\/www.geertjehansen.it\/wp-content\/uploads\/2021\/04\/loggia-santissima-annunziata.jpg\" width=\"1000\" height=\"750\" alt=\"Loggia SS Annunziata\" data-full-image=\"http:\/\/www.geertjehansen.it\/wp-content\/uploads\/2021\/04\/loggia-santissima-annunziata.jpg\" data-light-image=\"http:\/\/www.geertjehansen.it\/wp-content\/uploads\/2021\/04\/loggia-santissima-annunziata.jpg\" data-id=\"1054\" data-link=\"http:\/\/www.geertjehansen.it\/pt-pt\/loggia-santissima-annunziata-2\/\" class=\"lazy wp-image-1054undefined\" data-srcset=\"https:\/\/www.geertjehansen.it\/wp-content\/uploads\/2021\/04\/loggia-santissima-annunziata.jpg 1000w, https:\/\/www.geertjehansen.it\/wp-content\/uploads\/2021\/04\/loggia-santissima-annunziata-300x225.jpg 300w, https:\/\/www.geertjehansen.it\/wp-content\/uploads\/2021\/04\/loggia-santissima-annunziata-768x576.jpg 768w, https:\/\/www.geertjehansen.it\/wp-content\/uploads\/2021\/04\/loggia-santissima-annunziata-150x113.jpg 150w\" sizes=\"auto, (max-width: 1000px) 100vw, 1000px\" \/><\/div><\/div><\/a><\/figure><\/div><\/li><li class=\"kadence-blocks-gallery-item\"><div class=\"kadence-blocks-gallery-item-inner\"><figure class=\"kb-gallery-figure kb-gallery-item-has-link kadence-blocks-gallery-item-hide-caption kb-has-image-ratio-land32\"><a href=\"http:\/\/www.geertjehansen.it\/wp-content\/uploads\/2021\/04\/ospedale-innocenti.jpg\" class=\"kb-gallery-item-link\"><div class=\"kb-gal-image-radius\"><div class=\"kb-gallery-image-contain kadence-blocks-gallery-intrinsic kb-gallery-image-ratio-land32\"><img loading=\"lazy\" decoding=\"async\" src=\"https:\/\/www.geertjehansen.it\/wp-content\/themes\/webag_3\/templates-default\/img\/t.png\" data-src=\"http:\/\/www.geertjehansen.it\/wp-content\/uploads\/2021\/04\/ospedale-innocenti-768x1024.jpg\" width=\"768\" height=\"1024\" alt=\"Ospedale degli Innocenti, Firenze\" data-full-image=\"http:\/\/www.geertjehansen.it\/wp-content\/uploads\/2021\/04\/ospedale-innocenti.jpg\" data-light-image=\"http:\/\/www.geertjehansen.it\/wp-content\/uploads\/2021\/04\/ospedale-innocenti.jpg\" data-id=\"1049\" data-link=\"http:\/\/www.geertjehansen.it\/pt-pt\/ospedale-innocenti-2\/\" class=\"lazy wp-image-1049undefined\" data-srcset=\"https:\/\/www.geertjehansen.it\/wp-content\/uploads\/2021\/04\/ospedale-innocenti-768x1024.jpg 768w, https:\/\/www.geertjehansen.it\/wp-content\/uploads\/2021\/04\/ospedale-innocenti-225x300.jpg 225w, https:\/\/www.geertjehansen.it\/wp-content\/uploads\/2021\/04\/ospedale-innocenti-113x150.jpg 113w, https:\/\/www.geertjehansen.it\/wp-content\/uploads\/2021\/04\/ospedale-innocenti.jpg 1000w\" sizes=\"auto, (max-width: 768px) 100vw, 768px\" \/><\/div><\/div><\/a><\/figure><\/div><\/li><li class=\"kadence-blocks-gallery-item\"><div class=\"kadence-blocks-gallery-item-inner\"><figure class=\"kb-gallery-figure kb-gallery-item-has-link kadence-blocks-gallery-item-hide-caption kb-has-image-ratio-land32\"><a href=\"http:\/\/www.geertjehansen.it\/wp-content\/uploads\/2021\/04\/ruota-innocenti.jpg\" class=\"kb-gallery-item-link\"><div class=\"kb-gal-image-radius\"><div class=\"kb-gallery-image-contain kadence-blocks-gallery-intrinsic kb-gallery-image-ratio-land32\"><img loading=\"lazy\" decoding=\"async\" src=\"https:\/\/www.geertjehansen.it\/wp-content\/themes\/webag_3\/templates-default\/img\/t.png\" data-src=\"http:\/\/www.geertjehansen.it\/wp-content\/uploads\/2021\/04\/ruota-innocenti-768x1024.jpg\" width=\"768\" height=\"1024\" alt=\"Ruota degli Innocenti\" data-full-image=\"http:\/\/www.geertjehansen.it\/wp-content\/uploads\/2021\/04\/ruota-innocenti.jpg\" data-light-image=\"http:\/\/www.geertjehansen.it\/wp-content\/uploads\/2021\/04\/ruota-innocenti.jpg\" data-id=\"1044\" data-link=\"http:\/\/www.geertjehansen.it\/pt-pt\/ruota-innocenti-2\/\" class=\"lazy wp-image-1044undefined\" data-srcset=\"https:\/\/www.geertjehansen.it\/wp-content\/uploads\/2021\/04\/ruota-innocenti-768x1024.jpg 768w, https:\/\/www.geertjehansen.it\/wp-content\/uploads\/2021\/04\/ruota-innocenti-225x300.jpg 225w, https:\/\/www.geertjehansen.it\/wp-content\/uploads\/2021\/04\/ruota-innocenti-113x150.jpg 113w, https:\/\/www.geertjehansen.it\/wp-content\/uploads\/2021\/04\/ruota-innocenti.jpg 1000w\" sizes=\"auto, (max-width: 768px) 100vw, 768px\" \/><\/div><\/div><\/a><\/figure><\/div><\/li><li class=\"kadence-blocks-gallery-item\"><div class=\"kadence-blocks-gallery-item-inner\"><figure class=\"kb-gallery-figure kb-gallery-item-has-link kadence-blocks-gallery-item-hide-caption kb-has-image-ratio-land32\"><a href=\"http:\/\/www.geertjehansen.it\/wp-content\/uploads\/2021\/04\/piazza-ss-annunziata.jpg\" class=\"kb-gallery-item-link\"><div class=\"kb-gal-image-radius\"><div class=\"kb-gallery-image-contain kadence-blocks-gallery-intrinsic kb-gallery-image-ratio-land32\"><img loading=\"lazy\" decoding=\"async\" src=\"https:\/\/www.geertjehansen.it\/wp-content\/themes\/webag_3\/templates-default\/img\/t.png\" data-src=\"http:\/\/www.geertjehansen.it\/wp-content\/uploads\/2021\/04\/piazza-ss-annunziata.jpg\" width=\"1000\" height=\"750\" alt=\"Piazza SS Annunziata\" data-full-image=\"http:\/\/www.geertjehansen.it\/wp-content\/uploads\/2021\/04\/piazza-ss-annunziata.jpg\" data-light-image=\"http:\/\/www.geertjehansen.it\/wp-content\/uploads\/2021\/04\/piazza-ss-annunziata.jpg\" data-id=\"1039\" data-link=\"http:\/\/www.geertjehansen.it\/pt-pt\/piazza-ss-annunziata-2\/\" class=\"lazy wp-image-1039undefined\" data-srcset=\"https:\/\/www.geertjehansen.it\/wp-content\/uploads\/2021\/04\/piazza-ss-annunziata.jpg 1000w, https:\/\/www.geertjehansen.it\/wp-content\/uploads\/2021\/04\/piazza-ss-annunziata-300x225.jpg 300w, https:\/\/www.geertjehansen.it\/wp-content\/uploads\/2021\/04\/piazza-ss-annunziata-768x576.jpg 768w, https:\/\/www.geertjehansen.it\/wp-content\/uploads\/2021\/04\/piazza-ss-annunziata-150x113.jpg 150w\" sizes=\"auto, (max-width: 1000px) 100vw, 1000px\" \/><\/div><\/div><\/a><\/figure><\/div><\/li><li class=\"kadence-blocks-gallery-item\"><div class=\"kadence-blocks-gallery-item-inner\"><figure class=\"kb-gallery-figure kb-gallery-item-has-link kadence-blocks-gallery-item-hide-caption kb-has-image-ratio-land32\"><a href=\"http:\/\/www.geertjehansen.it\/wp-content\/uploads\/2021\/04\/via-colonna-firenze.jpg\" class=\"kb-gallery-item-link\"><div class=\"kb-gal-image-radius\"><div class=\"kb-gallery-image-contain kadence-blocks-gallery-intrinsic kb-gallery-image-ratio-land32\"><img loading=\"lazy\" decoding=\"async\" src=\"https:\/\/www.geertjehansen.it\/wp-content\/themes\/webag_3\/templates-default\/img\/t.png\" data-src=\"http:\/\/www.geertjehansen.it\/wp-content\/uploads\/2021\/04\/via-colonna-firenze-768x1024.jpg\" width=\"768\" height=\"1024\" alt=\"Via della Colonna, Firenze\" data-full-image=\"http:\/\/www.geertjehansen.it\/wp-content\/uploads\/2021\/04\/via-colonna-firenze.jpg\" data-light-image=\"http:\/\/www.geertjehansen.it\/wp-content\/uploads\/2021\/04\/via-colonna-firenze.jpg\" data-id=\"1034\" data-link=\"http:\/\/www.geertjehansen.it\/pt-pt\/via-colonna-firenze-2\/\" class=\"lazy wp-image-1034undefined\" data-srcset=\"https:\/\/www.geertjehansen.it\/wp-content\/uploads\/2021\/04\/via-colonna-firenze-768x1024.jpg 768w, https:\/\/www.geertjehansen.it\/wp-content\/uploads\/2021\/04\/via-colonna-firenze-225x300.jpg 225w, https:\/\/www.geertjehansen.it\/wp-content\/uploads\/2021\/04\/via-colonna-firenze-113x150.jpg 113w, https:\/\/www.geertjehansen.it\/wp-content\/uploads\/2021\/04\/via-colonna-firenze.jpg 1000w\" sizes=\"auto, (max-width: 768px) 100vw, 768px\" \/><\/div><\/div><\/a><\/figure><\/div><\/li><li class=\"kadence-blocks-gallery-item\"><div class=\"kadence-blocks-gallery-item-inner\"><figure class=\"kb-gallery-figure kb-gallery-item-has-link kadence-blocks-gallery-item-hide-caption kb-has-image-ratio-land32\"><a href=\"http:\/\/www.geertjehansen.it\/wp-content\/uploads\/2021\/04\/ss.Annunziata.jpg\" class=\"kb-gallery-item-link\"><div class=\"kb-gal-image-radius\"><div class=\"kb-gallery-image-contain kadence-blocks-gallery-intrinsic kb-gallery-image-ratio-land32\"><img loading=\"lazy\" decoding=\"async\" src=\"https:\/\/www.geertjehansen.it\/wp-content\/themes\/webag_3\/templates-default\/img\/t.png\" data-src=\"http:\/\/www.geertjehansen.it\/wp-content\/uploads\/2021\/04\/ss.Annunziata-768x1024.jpg\" width=\"768\" height=\"1024\" alt=\"SS. Annunziata, Firenze\" data-full-image=\"http:\/\/www.geertjehansen.it\/wp-content\/uploads\/2021\/04\/ss.Annunziata.jpg\" data-light-image=\"http:\/\/www.geertjehansen.it\/wp-content\/uploads\/2021\/04\/ss.Annunziata.jpg\" data-id=\"1029\" data-link=\"http:\/\/www.geertjehansen.it\/pt-pt\/ss-annunziata-2\/\" class=\"lazy wp-image-1029undefined\" data-srcset=\"https:\/\/www.geertjehansen.it\/wp-content\/uploads\/2021\/04\/ss.Annunziata-768x1024.jpg 768w, https:\/\/www.geertjehansen.it\/wp-content\/uploads\/2021\/04\/ss.Annunziata-225x300.jpg 225w, https:\/\/www.geertjehansen.it\/wp-content\/uploads\/2021\/04\/ss.Annunziata-113x150.jpg 113w, https:\/\/www.geertjehansen.it\/wp-content\/uploads\/2021\/04\/ss.Annunziata.jpg 1000w\" sizes=\"auto, (max-width: 768px) 100vw, 768px\" \/><\/div><\/div><\/a><\/figure><\/div><\/li><li class=\"kadence-blocks-gallery-item\"><div class=\"kadence-blocks-gallery-item-inner\"><figure class=\"kb-gallery-figure kb-gallery-item-has-link kadence-blocks-gallery-item-hide-caption kb-has-image-ratio-land32\"><a href=\"http:\/\/www.geertjehansen.it\/wp-content\/uploads\/2021\/05\/chiesa-san-marco-firenze.jpg\" class=\"kb-gallery-item-link\"><div class=\"kb-gal-image-radius\"><div class=\"kb-gallery-image-contain kadence-blocks-gallery-intrinsic kb-gallery-image-ratio-land32\"><img loading=\"lazy\" decoding=\"async\" src=\"https:\/\/www.geertjehansen.it\/wp-content\/themes\/webag_3\/templates-default\/img\/t.png\" data-src=\"http:\/\/www.geertjehansen.it\/wp-content\/uploads\/2021\/05\/chiesa-san-marco-firenze-768x1024.jpg\" width=\"768\" height=\"1024\" alt=\"\" data-full-image=\"http:\/\/www.geertjehansen.it\/wp-content\/uploads\/2021\/05\/chiesa-san-marco-firenze.jpg\" data-light-image=\"http:\/\/www.geertjehansen.it\/wp-content\/uploads\/2021\/05\/chiesa-san-marco-firenze.jpg\" data-id=\"1542\" data-link=\"http:\/\/www.geertjehansen.it\/pt-pt\/home\/tours\/museus-e-igrejas\/museu-san-marco-e-arredores\/chiesa-san-marco-firenze-2\/\" class=\"lazy wp-image-1542undefined\" data-srcset=\"https:\/\/www.geertjehansen.it\/wp-content\/uploads\/2021\/05\/chiesa-san-marco-firenze-768x1024.jpg 768w, https:\/\/www.geertjehansen.it\/wp-content\/uploads\/2021\/05\/chiesa-san-marco-firenze-225x300.jpg 225w, https:\/\/www.geertjehansen.it\/wp-content\/uploads\/2021\/05\/chiesa-san-marco-firenze-113x150.jpg 113w, https:\/\/www.geertjehansen.it\/wp-content\/uploads\/2021\/05\/chiesa-san-marco-firenze.jpg 1000w\" sizes=\"auto, (max-width: 768px) 100vw, 768px\" \/><\/div><\/div><\/a><\/figure><\/div><\/li><li class=\"kadence-blocks-gallery-item\"><div class=\"kadence-blocks-gallery-item-inner\"><figure class=\"kb-gallery-figure kb-gallery-item-has-link kadence-blocks-gallery-item-hide-caption kb-has-image-ratio-land32\"><a href=\"http:\/\/www.geertjehansen.it\/wp-content\/uploads\/2021\/05\/san-marco-firenze-chiostro.jpg\" class=\"kb-gallery-item-link\"><div class=\"kb-gal-image-radius\"><div class=\"kb-gallery-image-contain kadence-blocks-gallery-intrinsic kb-gallery-image-ratio-land32\"><img loading=\"lazy\" decoding=\"async\" src=\"https:\/\/www.geertjehansen.it\/wp-content\/themes\/webag_3\/templates-default\/img\/t.png\" data-src=\"http:\/\/www.geertjehansen.it\/wp-content\/uploads\/2021\/05\/san-marco-firenze-chiostro-768x1024.jpg\" width=\"768\" height=\"1024\" alt=\"\" data-full-image=\"http:\/\/www.geertjehansen.it\/wp-content\/uploads\/2021\/05\/san-marco-firenze-chiostro.jpg\" data-light-image=\"http:\/\/www.geertjehansen.it\/wp-content\/uploads\/2021\/05\/san-marco-firenze-chiostro.jpg\" data-id=\"1547\" data-link=\"http:\/\/www.geertjehansen.it\/pt-pt\/home\/tours\/museus-e-igrejas\/museu-san-marco-e-arredores\/san-marco-firenze-chiostro-2\/\" class=\"lazy wp-image-1547undefined\" data-srcset=\"https:\/\/www.geertjehansen.it\/wp-content\/uploads\/2021\/05\/san-marco-firenze-chiostro-768x1024.jpg 768w, https:\/\/www.geertjehansen.it\/wp-content\/uploads\/2021\/05\/san-marco-firenze-chiostro-225x300.jpg 225w, https:\/\/www.geertjehansen.it\/wp-content\/uploads\/2021\/05\/san-marco-firenze-chiostro-113x150.jpg 113w, https:\/\/www.geertjehansen.it\/wp-content\/uploads\/2021\/05\/san-marco-firenze-chiostro.jpg 1000w\" sizes=\"auto, (max-width: 768px) 100vw, 768px\" \/><\/div><\/div><\/a><\/figure><\/div><\/li><\/ul><\/div>\n","protected":false},"excerpt":{"rendered":"<p>A beleza e sossego do Convento de San Marco capta sempre a aten\u00e7\u00e3o dos visitantes que decidem entrar no edif\u00edcio. Este convento hospedou personalidades como os pintores Beato Angelico e Fra Bartolomeo, ou o famoso Girolamo Savonarola, que conseguiu controlar a cidade atrav\u00e9s das suas prega\u00e7\u00f5es em fins do s\u00e9culo XV. Perto desta pra\u00e7a, podem [&hellip;]<\/p>\n","protected":false},"author":1,"featured_media":382,"parent":433,"menu_order":45,"comment_status":"closed","ping_status":"closed","template":"","meta":{"_acf_changed":false,"footnotes":""},"class_list":["post-460","page","type-page","status-publish","has-post-thumbnail","hentry"],"acf":[],"yoast_head":"<!-- This site is optimized with the Yoast SEO plugin v24.9 - https:\/\/yoast.com\/wordpress\/plugins\/seo\/ -->\n<title>Museu de San Marco e Arredores | Geertje Hansen | Guia tur\u00edstica Floren\u00e7a<\/title>\n<meta name=\"description\" content=\"Visita guiada do complexo conventual domenicano de San Marco e da pra\u00e7a vizinha com a igreja de SS. Annunziata, edif\u00eccios que escondem obras de extraordin\u00e1ria import\u00e2ncia.\" \/>\n<meta name=\"robots\" content=\"index, follow, max-snippet:-1, max-image-preview:large, max-video-preview:-1\" \/>\n<link rel=\"canonical\" href=\"https:\/\/www.geertjehansen.it\/pt-pt\/home\/tours\/museus-e-igrejas\/museu-san-marco-e-arredores\/\" \/>\n<meta property=\"og:locale\" content=\"pt_PT\" \/>\n<meta property=\"og:type\" content=\"article\" \/>\n<meta property=\"og:title\" content=\"Museu de San Marco e Arredores | Geertje Hansen | Guia tur\u00edstica Floren\u00e7a\" \/>\n<meta property=\"og:description\" content=\"Visita guiada do complexo conventual domenicano de San Marco e da pra\u00e7a vizinha com a igreja de SS. Annunziata, edif\u00eccios que escondem obras de extraordin\u00e1ria import\u00e2ncia.\" \/>\n<meta property=\"og:url\" content=\"https:\/\/www.geertjehansen.it\/pt-pt\/home\/tours\/museus-e-igrejas\/museu-san-marco-e-arredores\/\" \/>\n<meta property=\"og:site_name\" content=\"Geertje Hansen\" \/>\n<meta property=\"article:modified_time\" content=\"2021-05-17T11:25:11+00:00\" \/>\n<meta property=\"og:image\" content=\"https:\/\/www.geertjehansen.it\/wp-content\/uploads\/2021\/03\/museum-san-marco-tours-geertjehansen.jpg\" \/>\n\t<meta property=\"og:image:width\" content=\"1000\" \/>\n\t<meta property=\"og:image:height\" content=\"667\" \/>\n\t<meta property=\"og:image:type\" content=\"image\/jpeg\" \/>\n<meta name=\"twitter:card\" content=\"summary_large_image\" \/>\n<meta name=\"twitter:label1\" content=\"Tempo estimado de leitura\" \/>\n\t<meta name=\"twitter:data1\" content=\"3 minutos\" \/>\n<script type=\"application\/ld+json\" class=\"yoast-schema-graph\">{\"@context\":\"https:\/\/schema.org\",\"@graph\":[{\"@type\":\"WebPage\",\"@id\":\"https:\/\/www.geertjehansen.it\/pt-pt\/home\/tours\/museus-e-igrejas\/museu-san-marco-e-arredores\/\",\"url\":\"https:\/\/www.geertjehansen.it\/pt-pt\/home\/tours\/museus-e-igrejas\/museu-san-marco-e-arredores\/\",\"name\":\"Museu de San Marco e Arredores | Geertje Hansen | Guia tur\u00edstica Floren\u00e7a\",\"isPartOf\":{\"@id\":\"https:\/\/www.geertjehansen.it\/pt-pt\/#website\"},\"primaryImageOfPage\":{\"@id\":\"https:\/\/www.geertjehansen.it\/pt-pt\/home\/tours\/museus-e-igrejas\/museu-san-marco-e-arredores\/#primaryimage\"},\"image\":{\"@id\":\"https:\/\/www.geertjehansen.it\/pt-pt\/home\/tours\/museus-e-igrejas\/museu-san-marco-e-arredores\/#primaryimage\"},\"thumbnailUrl\":\"https:\/\/www.geertjehansen.it\/wp-content\/uploads\/2021\/03\/museum-san-marco-tours-geertjehansen.jpg\",\"datePublished\":\"2021-04-12T08:33:25+00:00\",\"dateModified\":\"2021-05-17T11:25:11+00:00\",\"description\":\"Visita guiada do complexo conventual domenicano de San Marco e da pra\u00e7a vizinha com a igreja de SS. Annunziata, edif\u00eccios que escondem obras de extraordin\u00e1ria import\u00e2ncia.\",\"breadcrumb\":{\"@id\":\"https:\/\/www.geertjehansen.it\/pt-pt\/home\/tours\/museus-e-igrejas\/museu-san-marco-e-arredores\/#breadcrumb\"},\"inLanguage\":\"pt-PT\",\"potentialAction\":[{\"@type\":\"ReadAction\",\"target\":[\"https:\/\/www.geertjehansen.it\/pt-pt\/home\/tours\/museus-e-igrejas\/museu-san-marco-e-arredores\/\"]}]},{\"@type\":\"ImageObject\",\"inLanguage\":\"pt-PT\",\"@id\":\"https:\/\/www.geertjehansen.it\/pt-pt\/home\/tours\/museus-e-igrejas\/museu-san-marco-e-arredores\/#primaryimage\",\"url\":\"https:\/\/www.geertjehansen.it\/wp-content\/uploads\/2021\/03\/museum-san-marco-tours-geertjehansen.jpg\",\"contentUrl\":\"https:\/\/www.geertjehansen.it\/wp-content\/uploads\/2021\/03\/museum-san-marco-tours-geertjehansen.jpg\",\"width\":1000,\"height\":667,\"caption\":\"Museum San Marco Tour Geertje Hansen\"},{\"@type\":\"BreadcrumbList\",\"@id\":\"https:\/\/www.geertjehansen.it\/pt-pt\/home\/tours\/museus-e-igrejas\/museu-san-marco-e-arredores\/#breadcrumb\",\"itemListElement\":[{\"@type\":\"ListItem\",\"position\":1,\"name\":\"Home\",\"item\":\"https:\/\/www.geertjehansen.it\/pt-pt\/\"},{\"@type\":\"ListItem\",\"position\":2,\"name\":\"Home\",\"item\":\"https:\/\/www.geertjehansen.it\/pt-pt\/\"},{\"@type\":\"ListItem\",\"position\":3,\"name\":\"Tours\",\"item\":\"https:\/\/www.geertjehansen.it\/pt-pt\/home\/tours\/\"},{\"@type\":\"ListItem\",\"position\":4,\"name\":\"Museus e Igrejas\",\"item\":\"https:\/\/www.geertjehansen.it\/pt-pt\/home\/tours\/museus-e-igrejas\/\"},{\"@type\":\"ListItem\",\"position\":5,\"name\":\"Museu San Marco e Arredores\"}]},{\"@type\":\"WebSite\",\"@id\":\"https:\/\/www.geertjehansen.it\/pt-pt\/#website\",\"url\":\"https:\/\/www.geertjehansen.it\/pt-pt\/\",\"name\":\"Geertje Hansen\",\"description\":\"Florence Tour Guide\",\"publisher\":{\"@id\":\"https:\/\/www.geertjehansen.it\/pt-pt\/#organization\"},\"potentialAction\":[{\"@type\":\"SearchAction\",\"target\":{\"@type\":\"EntryPoint\",\"urlTemplate\":\"https:\/\/www.geertjehansen.it\/pt-pt\/?s={search_term_string}\"},\"query-input\":{\"@type\":\"PropertyValueSpecification\",\"valueRequired\":true,\"valueName\":\"search_term_string\"}}],\"inLanguage\":\"pt-PT\"},{\"@type\":\"Organization\",\"@id\":\"https:\/\/www.geertjehansen.it\/pt-pt\/#organization\",\"name\":\"Geertje Hansen\",\"url\":\"https:\/\/www.geertjehansen.it\/pt-pt\/\",\"logo\":{\"@type\":\"ImageObject\",\"inLanguage\":\"pt-PT\",\"@id\":\"https:\/\/www.geertjehansen.it\/pt-pt\/#\/schema\/logo\/image\/\",\"url\":\"https:\/\/www.geertjehansen.it\/wp-content\/uploads\/2021\/04\/geertje-hansen-logo.png\",\"contentUrl\":\"https:\/\/www.geertjehansen.it\/wp-content\/uploads\/2021\/04\/geertje-hansen-logo.png\",\"width\":465,\"height\":136,\"caption\":\"Geertje Hansen\"},\"image\":{\"@id\":\"https:\/\/www.geertjehansen.it\/pt-pt\/#\/schema\/logo\/image\/\"}}]}<\/script>\n<!-- \/ Yoast SEO plugin. -->","yoast_head_json":{"title":"Museu de San Marco e Arredores | Geertje Hansen | Guia tur\u00edstica Floren\u00e7a","description":"Visita guiada do complexo conventual domenicano de San Marco e da pra\u00e7a vizinha com a igreja de SS. Annunziata, edif\u00eccios que escondem obras de extraordin\u00e1ria import\u00e2ncia.","robots":{"index":"index","follow":"follow","max-snippet":"max-snippet:-1","max-image-preview":"max-image-preview:large","max-video-preview":"max-video-preview:-1"},"canonical":"https:\/\/www.geertjehansen.it\/pt-pt\/home\/tours\/museus-e-igrejas\/museu-san-marco-e-arredores\/","og_locale":"pt_PT","og_type":"article","og_title":"Museu de San Marco e Arredores | Geertje Hansen | Guia tur\u00edstica Floren\u00e7a","og_description":"Visita guiada do complexo conventual domenicano de San Marco e da pra\u00e7a vizinha com a igreja de SS. Annunziata, edif\u00eccios que escondem obras de extraordin\u00e1ria import\u00e2ncia.","og_url":"https:\/\/www.geertjehansen.it\/pt-pt\/home\/tours\/museus-e-igrejas\/museu-san-marco-e-arredores\/","og_site_name":"Geertje Hansen","article_modified_time":"2021-05-17T11:25:11+00:00","og_image":[{"width":1000,"height":667,"url":"https:\/\/www.geertjehansen.it\/wp-content\/uploads\/2021\/03\/museum-san-marco-tours-geertjehansen.jpg","type":"image\/jpeg"}],"twitter_card":"summary_large_image","twitter_misc":{"Tempo estimado de leitura":"3 minutos"},"schema":{"@context":"https:\/\/schema.org","@graph":[{"@type":"WebPage","@id":"https:\/\/www.geertjehansen.it\/pt-pt\/home\/tours\/museus-e-igrejas\/museu-san-marco-e-arredores\/","url":"https:\/\/www.geertjehansen.it\/pt-pt\/home\/tours\/museus-e-igrejas\/museu-san-marco-e-arredores\/","name":"Museu de San Marco e Arredores | Geertje Hansen | Guia tur\u00edstica Floren\u00e7a","isPartOf":{"@id":"https:\/\/www.geertjehansen.it\/pt-pt\/#website"},"primaryImageOfPage":{"@id":"https:\/\/www.geertjehansen.it\/pt-pt\/home\/tours\/museus-e-igrejas\/museu-san-marco-e-arredores\/#primaryimage"},"image":{"@id":"https:\/\/www.geertjehansen.it\/pt-pt\/home\/tours\/museus-e-igrejas\/museu-san-marco-e-arredores\/#primaryimage"},"thumbnailUrl":"https:\/\/www.geertjehansen.it\/wp-content\/uploads\/2021\/03\/museum-san-marco-tours-geertjehansen.jpg","datePublished":"2021-04-12T08:33:25+00:00","dateModified":"2021-05-17T11:25:11+00:00","description":"Visita guiada do complexo conventual domenicano de San Marco e da pra\u00e7a vizinha com a igreja de SS. Annunziata, edif\u00eccios que escondem obras de extraordin\u00e1ria import\u00e2ncia.","breadcrumb":{"@id":"https:\/\/www.geertjehansen.it\/pt-pt\/home\/tours\/museus-e-igrejas\/museu-san-marco-e-arredores\/#breadcrumb"},"inLanguage":"pt-PT","potentialAction":[{"@type":"ReadAction","target":["https:\/\/www.geertjehansen.it\/pt-pt\/home\/tours\/museus-e-igrejas\/museu-san-marco-e-arredores\/"]}]},{"@type":"ImageObject","inLanguage":"pt-PT","@id":"https:\/\/www.geertjehansen.it\/pt-pt\/home\/tours\/museus-e-igrejas\/museu-san-marco-e-arredores\/#primaryimage","url":"https:\/\/www.geertjehansen.it\/wp-content\/uploads\/2021\/03\/museum-san-marco-tours-geertjehansen.jpg","contentUrl":"https:\/\/www.geertjehansen.it\/wp-content\/uploads\/2021\/03\/museum-san-marco-tours-geertjehansen.jpg","width":1000,"height":667,"caption":"Museum San Marco Tour Geertje Hansen"},{"@type":"BreadcrumbList","@id":"https:\/\/www.geertjehansen.it\/pt-pt\/home\/tours\/museus-e-igrejas\/museu-san-marco-e-arredores\/#breadcrumb","itemListElement":[{"@type":"ListItem","position":1,"name":"Home","item":"https:\/\/www.geertjehansen.it\/pt-pt\/"},{"@type":"ListItem","position":2,"name":"Home","item":"https:\/\/www.geertjehansen.it\/pt-pt\/"},{"@type":"ListItem","position":3,"name":"Tours","item":"https:\/\/www.geertjehansen.it\/pt-pt\/home\/tours\/"},{"@type":"ListItem","position":4,"name":"Museus e Igrejas","item":"https:\/\/www.geertjehansen.it\/pt-pt\/home\/tours\/museus-e-igrejas\/"},{"@type":"ListItem","position":5,"name":"Museu San Marco e Arredores"}]},{"@type":"WebSite","@id":"https:\/\/www.geertjehansen.it\/pt-pt\/#website","url":"https:\/\/www.geertjehansen.it\/pt-pt\/","name":"Geertje Hansen","description":"Florence Tour Guide","publisher":{"@id":"https:\/\/www.geertjehansen.it\/pt-pt\/#organization"},"potentialAction":[{"@type":"SearchAction","target":{"@type":"EntryPoint","urlTemplate":"https:\/\/www.geertjehansen.it\/pt-pt\/?s={search_term_string}"},"query-input":{"@type":"PropertyValueSpecification","valueRequired":true,"valueName":"search_term_string"}}],"inLanguage":"pt-PT"},{"@type":"Organization","@id":"https:\/\/www.geertjehansen.it\/pt-pt\/#organization","name":"Geertje Hansen","url":"https:\/\/www.geertjehansen.it\/pt-pt\/","logo":{"@type":"ImageObject","inLanguage":"pt-PT","@id":"https:\/\/www.geertjehansen.it\/pt-pt\/#\/schema\/logo\/image\/","url":"https:\/\/www.geertjehansen.it\/wp-content\/uploads\/2021\/04\/geertje-hansen-logo.png","contentUrl":"https:\/\/www.geertjehansen.it\/wp-content\/uploads\/2021\/04\/geertje-hansen-logo.png","width":465,"height":136,"caption":"Geertje Hansen"},"image":{"@id":"https:\/\/www.geertjehansen.it\/pt-pt\/#\/schema\/logo\/image\/"}}]}},"_links":{"self":[{"href":"https:\/\/www.geertjehansen.it\/pt-pt\/wp-json\/wp\/v2\/pages\/460","targetHints":{"allow":["GET"]}}],"collection":[{"href":"https:\/\/www.geertjehansen.it\/pt-pt\/wp-json\/wp\/v2\/pages"}],"about":[{"href":"https:\/\/www.geertjehansen.it\/pt-pt\/wp-json\/wp\/v2\/types\/page"}],"author":[{"embeddable":true,"href":"https:\/\/www.geertjehansen.it\/pt-pt\/wp-json\/wp\/v2\/users\/1"}],"replies":[{"embeddable":true,"href":"https:\/\/www.geertjehansen.it\/pt-pt\/wp-json\/wp\/v2\/comments?post=460"}],"version-history":[{"count":3,"href":"https:\/\/www.geertjehansen.it\/pt-pt\/wp-json\/wp\/v2\/pages\/460\/revisions"}],"predecessor-version":[{"id":1550,"href":"https:\/\/www.geertjehansen.it\/pt-pt\/wp-json\/wp\/v2\/pages\/460\/revisions\/1550"}],"up":[{"embeddable":true,"href":"https:\/\/www.geertjehansen.it\/pt-pt\/wp-json\/wp\/v2\/pages\/433"}],"wp:featuredmedia":[{"embeddable":true,"href":"https:\/\/www.geertjehansen.it\/pt-pt\/wp-json\/wp\/v2\/media\/382"}],"wp:attachment":[{"href":"https:\/\/www.geertjehansen.it\/pt-pt\/wp-json\/wp\/v2\/media?parent=460"}],"curies":[{"name":"wp","href":"https:\/\/api.w.org\/{rel}","templated":true}]}}