{"id":285,"date":"2021-03-29T16:01:24","date_gmt":"2021-03-29T14:01:24","guid":{"rendered":"http:\/\/www.geertjehansen.it\/?page_id=285"},"modified":"2021-05-17T13:39:15","modified_gmt":"2021-05-17T11:39:15","slug":"sinagoga-e-historia-judia","status":"publish","type":"page","link":"https:\/\/www.geertjehansen.it\/pt-br\/home\/tours\/sinagoga-e-historia-judia\/","title":{"rendered":"Sinagoga e Hist\u00f3ria Judia"},"content":{"rendered":"\n<p>Todos sabemos que, ao longo dos s\u00e9culos, as comunidades Judias da Europa tiveram de lutar pela sua exist\u00eancia, mas s\u00e3o poucos os que conhecem o seu importante papel para a transmiss\u00e3o da cultura<br>durante o Renascimento. Embora o velho <strong><em>gueto judeu<\/em><\/strong> de Floren\u00e7a tenha sido destru\u00eddo no s\u00e9culo XIX, ainda sobrevivem suficientes evid\u00eancias que nos mostram como era a vida dessas comunidades no<br>passado. Este passeio inclui uma visita a um <strong><em>Templo Judeu<\/em><\/strong> do s\u00e9culo XIX, peculiar na Europa pelo seu tamanho e pelo estilo Mourisco. A visita pode terminar no <strong><em>mercado de Sant\u2019Ambrogio<\/em><\/strong> para conhecer as<br>tradi\u00e7\u00f5es culin\u00e1rias locais e, porque n\u00e3o, provar os petiscos de algum dos estabelecimentos do mercado, que tamb\u00e9m inclui um restaurante kosher. Como o mercado fecha por volta da hora do almo\u00e7o, \u00e9 recomend\u00e1vel programar esta visita para a manh\u00e3. Por raz\u00f5es \u00f3bvias, as visitas \u00e0 Sinagoga n\u00e3o est\u00e3o permitidas no Shabbat e durante as festividades judias.<\/p>\n\n\n\n<p>Dura\u00e7\u00e3o da visita: 3-4 horas, excluindo o almo\u00e7o.<\/p>\n\n\n<style>.wp-block-kadence-advancedgallery .kb-gallery-type-grid.kb-gallery-id-_dbf80c-2b{margin:-5px;}.kb-gallery-type-grid.kb-gallery-id-_dbf80c-2b .kadence-blocks-gallery-item{padding:5px;}.kb-gallery-id-_dbf80c-2b .kadence-blocks-gallery-item .kb-gal-image-radius{border-radius:0px 0px 0px 0px;}<\/style>\n<div class=\"wp-block-kadence-advancedgallery kb-gallery-wrap-id-_dbf80c-2b\"><ul class=\"kb-gallery-ul kb-gallery-type-grid kb-gallery-id-_dbf80c-2b kb-gallery-caption-style-bottom-hover kb-gallery-filter-none kb-gallery-magnific-init\" data-item-selector=\".kadence-blocks-gallery-item\" data-image-filter=\"none\" data-lightbox-caption=\"true\" data-columns-xxl=\"2\" data-columns-xl=\"2\" data-columns-lg=\"2\" data-columns-md=\"2\" data-columns-sm=\"1\" data-columns-xs=\"1\"><li class=\"kadence-blocks-gallery-item\"><div class=\"kadence-blocks-gallery-item-inner\"><figure class=\"kb-gallery-figure kb-gallery-item-has-link kadence-blocks-gallery-item-hide-caption kb-has-image-ratio-land32\"><a href=\"http:\/\/www.geertjehansen.it\/wp-content\/uploads\/2021\/04\/sinagoga-firenze.jpg\" class=\"kb-gallery-item-link\"><div class=\"kb-gal-image-radius\"><div class=\"kb-gallery-image-contain kadence-blocks-gallery-intrinsic kb-gallery-image-ratio-land32\"><img loading=\"lazy\" decoding=\"async\" src=\"https:\/\/www.geertjehansen.it\/wp-content\/themes\/webag_3\/templates-default\/img\/t.png\" data-src=\"http:\/\/www.geertjehansen.it\/wp-content\/uploads\/2021\/04\/sinagoga-firenze-768x1024.jpg\" width=\"768\" height=\"1024\" alt=\"Sinagoga, Firenze\" data-full-image=\"http:\/\/www.geertjehansen.it\/wp-content\/uploads\/2021\/04\/sinagoga-firenze.jpg\" data-light-image=\"http:\/\/www.geertjehansen.it\/wp-content\/uploads\/2021\/04\/sinagoga-firenze.jpg\" data-id=\"1166\" data-link=\"http:\/\/www.geertjehansen.it\/pt-br\/home\/tours\/sinagoga-e-historia-judia\/sinagoga-firenze-2\/\" class=\"lazy wp-image-1166undefined\" data-srcset=\"https:\/\/www.geertjehansen.it\/wp-content\/uploads\/2021\/04\/sinagoga-firenze-768x1024.jpg 768w, https:\/\/www.geertjehansen.it\/wp-content\/uploads\/2021\/04\/sinagoga-firenze-225x300.jpg 225w, https:\/\/www.geertjehansen.it\/wp-content\/uploads\/2021\/04\/sinagoga-firenze-113x150.jpg 113w, https:\/\/www.geertjehansen.it\/wp-content\/uploads\/2021\/04\/sinagoga-firenze.jpg 1000w\" sizes=\"auto, (max-width: 768px) 100vw, 768px\" \/><\/div><\/div><\/a><\/figure><\/div><\/li><li class=\"kadence-blocks-gallery-item\"><div class=\"kadence-blocks-gallery-item-inner\"><figure class=\"kb-gallery-figure kb-gallery-item-has-link kadence-blocks-gallery-item-hide-caption kb-has-image-ratio-land32\"><a href=\"http:\/\/www.geertjehansen.it\/wp-content\/uploads\/2021\/04\/sinagoga-interno-firenze.jpg\" class=\"kb-gallery-item-link\"><div class=\"kb-gal-image-radius\"><div class=\"kb-gallery-image-contain kadence-blocks-gallery-intrinsic kb-gallery-image-ratio-land32\"><img loading=\"lazy\" decoding=\"async\" src=\"https:\/\/www.geertjehansen.it\/wp-content\/themes\/webag_3\/templates-default\/img\/t.png\" data-src=\"http:\/\/www.geertjehansen.it\/wp-content\/uploads\/2021\/04\/sinagoga-interno-firenze-768x1024.jpg\" width=\"768\" height=\"1024\" alt=\"Interno Sinagoga firenze\" data-full-image=\"http:\/\/www.geertjehansen.it\/wp-content\/uploads\/2021\/04\/sinagoga-interno-firenze.jpg\" data-light-image=\"http:\/\/www.geertjehansen.it\/wp-content\/uploads\/2021\/04\/sinagoga-interno-firenze.jpg\" data-id=\"1172\" data-link=\"http:\/\/www.geertjehansen.it\/pt-br\/home\/tours\/sinagoga-e-historia-judia\/sinagoga-interno-firenze-2\/\" class=\"lazy wp-image-1172undefined\" data-srcset=\"https:\/\/www.geertjehansen.it\/wp-content\/uploads\/2021\/04\/sinagoga-interno-firenze-768x1024.jpg 768w, https:\/\/www.geertjehansen.it\/wp-content\/uploads\/2021\/04\/sinagoga-interno-firenze-225x300.jpg 225w, https:\/\/www.geertjehansen.it\/wp-content\/uploads\/2021\/04\/sinagoga-interno-firenze-113x150.jpg 113w, https:\/\/www.geertjehansen.it\/wp-content\/uploads\/2021\/04\/sinagoga-interno-firenze.jpg 1000w\" sizes=\"auto, (max-width: 768px) 100vw, 768px\" \/><\/div><\/div><\/a><\/figure><\/div><\/li><\/ul><\/div>\n","protected":false},"excerpt":{"rendered":"<p>Todos sabemos que, ao longo dos s\u00e9culos, as comunidades Judias da Europa tiveram de lutar pela sua exist\u00eancia, mas s\u00e3o poucos os que conhecem o seu importante papel para a transmiss\u00e3o da culturadurante o Renascimento. Embora o velho gueto judeu de Floren\u00e7a tenha sido destru\u00eddo no s\u00e9culo XIX, ainda sobrevivem suficientes evid\u00eancias que nos mostram [&hellip;]<\/p>\n","protected":false},"author":1,"featured_media":346,"parent":259,"menu_order":67,"comment_status":"closed","ping_status":"closed","template":"","meta":{"_acf_changed":false,"footnotes":""},"class_list":["post-285","page","type-page","status-publish","has-post-thumbnail","hentry"],"acf":[],"yoast_head":"<!-- This site is optimized with the Yoast SEO plugin v24.9 - https:\/\/yoast.com\/wordpress\/plugins\/seo\/ -->\n<title>Sinagoga e Hist\u00f2ria Judia | Geertje Hansen | Guia tur\u00edstica Floren\u00e7a<\/title>\n<meta name=\"description\" content=\"Neste tour \u00e8 prevista a visita do templo jud\u00eco de Floren\u00e7a, um interessante esemplo de estilo Mourisco.\" \/>\n<meta name=\"robots\" content=\"index, follow, max-snippet:-1, max-image-preview:large, max-video-preview:-1\" \/>\n<link rel=\"canonical\" href=\"https:\/\/www.geertjehansen.it\/pt-br\/home\/tours\/sinagoga-e-historia-judia\/\" \/>\n<meta property=\"og:locale\" content=\"pt_BR\" \/>\n<meta property=\"og:type\" content=\"article\" \/>\n<meta property=\"og:title\" content=\"Sinagoga e Hist\u00f2ria Judia | Geertje Hansen | Guia tur\u00edstica Floren\u00e7a\" \/>\n<meta property=\"og:description\" content=\"Neste tour \u00e8 prevista a visita do templo jud\u00eco de Floren\u00e7a, um interessante esemplo de estilo Mourisco.\" \/>\n<meta property=\"og:url\" content=\"https:\/\/www.geertjehansen.it\/pt-br\/home\/tours\/sinagoga-e-historia-judia\/\" \/>\n<meta property=\"og:site_name\" content=\"Geertje Hansen\" \/>\n<meta property=\"article:modified_time\" content=\"2021-05-17T11:39:15+00:00\" \/>\n<meta property=\"og:image\" content=\"https:\/\/www.geertjehansen.it\/wp-content\/uploads\/2021\/03\/synagogue-jewish-history-tours-geertjehansen.jpg\" \/>\n\t<meta property=\"og:image:width\" content=\"1000\" \/>\n\t<meta property=\"og:image:height\" content=\"667\" \/>\n\t<meta property=\"og:image:type\" content=\"image\/jpeg\" \/>\n<meta name=\"twitter:card\" content=\"summary_large_image\" \/>\n<meta name=\"twitter:label1\" content=\"Est. tempo de leitura\" \/>\n\t<meta name=\"twitter:data1\" content=\"2 minutos\" \/>\n<script type=\"application\/ld+json\" class=\"yoast-schema-graph\">{\"@context\":\"https:\/\/schema.org\",\"@graph\":[{\"@type\":\"WebPage\",\"@id\":\"https:\/\/www.geertjehansen.it\/pt-br\/home\/tours\/sinagoga-e-historia-judia\/\",\"url\":\"https:\/\/www.geertjehansen.it\/pt-br\/home\/tours\/sinagoga-e-historia-judia\/\",\"name\":\"Sinagoga e Hist\u00f2ria Judia | Geertje Hansen | Guia tur\u00edstica Floren\u00e7a\",\"isPartOf\":{\"@id\":\"https:\/\/www.geertjehansen.it\/pt-br\/#website\"},\"primaryImageOfPage\":{\"@id\":\"https:\/\/www.geertjehansen.it\/pt-br\/home\/tours\/sinagoga-e-historia-judia\/#primaryimage\"},\"image\":{\"@id\":\"https:\/\/www.geertjehansen.it\/pt-br\/home\/tours\/sinagoga-e-historia-judia\/#primaryimage\"},\"thumbnailUrl\":\"https:\/\/www.geertjehansen.it\/wp-content\/uploads\/2021\/03\/synagogue-jewish-history-tours-geertjehansen.jpg\",\"datePublished\":\"2021-03-29T14:01:24+00:00\",\"dateModified\":\"2021-05-17T11:39:15+00:00\",\"description\":\"Neste tour \u00e8 prevista a visita do templo jud\u00eco de Floren\u00e7a, um interessante esemplo de estilo Mourisco.\",\"breadcrumb\":{\"@id\":\"https:\/\/www.geertjehansen.it\/pt-br\/home\/tours\/sinagoga-e-historia-judia\/#breadcrumb\"},\"inLanguage\":\"pt-BR\",\"potentialAction\":[{\"@type\":\"ReadAction\",\"target\":[\"https:\/\/www.geertjehansen.it\/pt-br\/home\/tours\/sinagoga-e-historia-judia\/\"]}]},{\"@type\":\"ImageObject\",\"inLanguage\":\"pt-BR\",\"@id\":\"https:\/\/www.geertjehansen.it\/pt-br\/home\/tours\/sinagoga-e-historia-judia\/#primaryimage\",\"url\":\"https:\/\/www.geertjehansen.it\/wp-content\/uploads\/2021\/03\/synagogue-jewish-history-tours-geertjehansen.jpg\",\"contentUrl\":\"https:\/\/www.geertjehansen.it\/wp-content\/uploads\/2021\/03\/synagogue-jewish-history-tours-geertjehansen.jpg\",\"width\":1000,\"height\":667,\"caption\":\"Synagogue & Jewish history\"},{\"@type\":\"BreadcrumbList\",\"@id\":\"https:\/\/www.geertjehansen.it\/pt-br\/home\/tours\/sinagoga-e-historia-judia\/#breadcrumb\",\"itemListElement\":[{\"@type\":\"ListItem\",\"position\":1,\"name\":\"Home\",\"item\":\"https:\/\/www.geertjehansen.it\/pt-br\/\"},{\"@type\":\"ListItem\",\"position\":2,\"name\":\"Home\",\"item\":\"https:\/\/www.geertjehansen.it\/pt-br\/\"},{\"@type\":\"ListItem\",\"position\":3,\"name\":\"Tours\",\"item\":\"https:\/\/www.geertjehansen.it\/pt-br\/home\/tours\/\"},{\"@type\":\"ListItem\",\"position\":4,\"name\":\"Sinagoga e Hist\u00f3ria Judia\"}]},{\"@type\":\"WebSite\",\"@id\":\"https:\/\/www.geertjehansen.it\/pt-br\/#website\",\"url\":\"https:\/\/www.geertjehansen.it\/pt-br\/\",\"name\":\"Geertje Hansen\",\"description\":\"Florence Tour Guide\",\"publisher\":{\"@id\":\"https:\/\/www.geertjehansen.it\/pt-br\/#organization\"},\"potentialAction\":[{\"@type\":\"SearchAction\",\"target\":{\"@type\":\"EntryPoint\",\"urlTemplate\":\"https:\/\/www.geertjehansen.it\/pt-br\/?s={search_term_string}\"},\"query-input\":{\"@type\":\"PropertyValueSpecification\",\"valueRequired\":true,\"valueName\":\"search_term_string\"}}],\"inLanguage\":\"pt-BR\"},{\"@type\":\"Organization\",\"@id\":\"https:\/\/www.geertjehansen.it\/pt-br\/#organization\",\"name\":\"Geertje Hansen\",\"url\":\"https:\/\/www.geertjehansen.it\/pt-br\/\",\"logo\":{\"@type\":\"ImageObject\",\"inLanguage\":\"pt-BR\",\"@id\":\"https:\/\/www.geertjehansen.it\/pt-br\/#\/schema\/logo\/image\/\",\"url\":\"https:\/\/www.geertjehansen.it\/wp-content\/uploads\/2021\/04\/geertje-hansen-logo.png\",\"contentUrl\":\"https:\/\/www.geertjehansen.it\/wp-content\/uploads\/2021\/04\/geertje-hansen-logo.png\",\"width\":465,\"height\":136,\"caption\":\"Geertje Hansen\"},\"image\":{\"@id\":\"https:\/\/www.geertjehansen.it\/pt-br\/#\/schema\/logo\/image\/\"}}]}<\/script>\n<!-- \/ Yoast SEO plugin. -->","yoast_head_json":{"title":"Sinagoga e Hist\u00f2ria Judia | Geertje Hansen | Guia tur\u00edstica Floren\u00e7a","description":"Neste tour \u00e8 prevista a visita do templo jud\u00eco de Floren\u00e7a, um interessante esemplo de estilo Mourisco.","robots":{"index":"index","follow":"follow","max-snippet":"max-snippet:-1","max-image-preview":"max-image-preview:large","max-video-preview":"max-video-preview:-1"},"canonical":"https:\/\/www.geertjehansen.it\/pt-br\/home\/tours\/sinagoga-e-historia-judia\/","og_locale":"pt_BR","og_type":"article","og_title":"Sinagoga e Hist\u00f2ria Judia | Geertje Hansen | Guia tur\u00edstica Floren\u00e7a","og_description":"Neste tour \u00e8 prevista a visita do templo jud\u00eco de Floren\u00e7a, um interessante esemplo de estilo Mourisco.","og_url":"https:\/\/www.geertjehansen.it\/pt-br\/home\/tours\/sinagoga-e-historia-judia\/","og_site_name":"Geertje Hansen","article_modified_time":"2021-05-17T11:39:15+00:00","og_image":[{"width":1000,"height":667,"url":"https:\/\/www.geertjehansen.it\/wp-content\/uploads\/2021\/03\/synagogue-jewish-history-tours-geertjehansen.jpg","type":"image\/jpeg"}],"twitter_card":"summary_large_image","twitter_misc":{"Est. tempo de leitura":"2 minutos"},"schema":{"@context":"https:\/\/schema.org","@graph":[{"@type":"WebPage","@id":"https:\/\/www.geertjehansen.it\/pt-br\/home\/tours\/sinagoga-e-historia-judia\/","url":"https:\/\/www.geertjehansen.it\/pt-br\/home\/tours\/sinagoga-e-historia-judia\/","name":"Sinagoga e Hist\u00f2ria Judia | Geertje Hansen | Guia tur\u00edstica Floren\u00e7a","isPartOf":{"@id":"https:\/\/www.geertjehansen.it\/pt-br\/#website"},"primaryImageOfPage":{"@id":"https:\/\/www.geertjehansen.it\/pt-br\/home\/tours\/sinagoga-e-historia-judia\/#primaryimage"},"image":{"@id":"https:\/\/www.geertjehansen.it\/pt-br\/home\/tours\/sinagoga-e-historia-judia\/#primaryimage"},"thumbnailUrl":"https:\/\/www.geertjehansen.it\/wp-content\/uploads\/2021\/03\/synagogue-jewish-history-tours-geertjehansen.jpg","datePublished":"2021-03-29T14:01:24+00:00","dateModified":"2021-05-17T11:39:15+00:00","description":"Neste tour \u00e8 prevista a visita do templo jud\u00eco de Floren\u00e7a, um interessante esemplo de estilo Mourisco.","breadcrumb":{"@id":"https:\/\/www.geertjehansen.it\/pt-br\/home\/tours\/sinagoga-e-historia-judia\/#breadcrumb"},"inLanguage":"pt-BR","potentialAction":[{"@type":"ReadAction","target":["https:\/\/www.geertjehansen.it\/pt-br\/home\/tours\/sinagoga-e-historia-judia\/"]}]},{"@type":"ImageObject","inLanguage":"pt-BR","@id":"https:\/\/www.geertjehansen.it\/pt-br\/home\/tours\/sinagoga-e-historia-judia\/#primaryimage","url":"https:\/\/www.geertjehansen.it\/wp-content\/uploads\/2021\/03\/synagogue-jewish-history-tours-geertjehansen.jpg","contentUrl":"https:\/\/www.geertjehansen.it\/wp-content\/uploads\/2021\/03\/synagogue-jewish-history-tours-geertjehansen.jpg","width":1000,"height":667,"caption":"Synagogue & Jewish history"},{"@type":"BreadcrumbList","@id":"https:\/\/www.geertjehansen.it\/pt-br\/home\/tours\/sinagoga-e-historia-judia\/#breadcrumb","itemListElement":[{"@type":"ListItem","position":1,"name":"Home","item":"https:\/\/www.geertjehansen.it\/pt-br\/"},{"@type":"ListItem","position":2,"name":"Home","item":"https:\/\/www.geertjehansen.it\/pt-br\/"},{"@type":"ListItem","position":3,"name":"Tours","item":"https:\/\/www.geertjehansen.it\/pt-br\/home\/tours\/"},{"@type":"ListItem","position":4,"name":"Sinagoga e Hist\u00f3ria Judia"}]},{"@type":"WebSite","@id":"https:\/\/www.geertjehansen.it\/pt-br\/#website","url":"https:\/\/www.geertjehansen.it\/pt-br\/","name":"Geertje Hansen","description":"Florence Tour Guide","publisher":{"@id":"https:\/\/www.geertjehansen.it\/pt-br\/#organization"},"potentialAction":[{"@type":"SearchAction","target":{"@type":"EntryPoint","urlTemplate":"https:\/\/www.geertjehansen.it\/pt-br\/?s={search_term_string}"},"query-input":{"@type":"PropertyValueSpecification","valueRequired":true,"valueName":"search_term_string"}}],"inLanguage":"pt-BR"},{"@type":"Organization","@id":"https:\/\/www.geertjehansen.it\/pt-br\/#organization","name":"Geertje Hansen","url":"https:\/\/www.geertjehansen.it\/pt-br\/","logo":{"@type":"ImageObject","inLanguage":"pt-BR","@id":"https:\/\/www.geertjehansen.it\/pt-br\/#\/schema\/logo\/image\/","url":"https:\/\/www.geertjehansen.it\/wp-content\/uploads\/2021\/04\/geertje-hansen-logo.png","contentUrl":"https:\/\/www.geertjehansen.it\/wp-content\/uploads\/2021\/04\/geertje-hansen-logo.png","width":465,"height":136,"caption":"Geertje Hansen"},"image":{"@id":"https:\/\/www.geertjehansen.it\/pt-br\/#\/schema\/logo\/image\/"}}]}},"_links":{"self":[{"href":"https:\/\/www.geertjehansen.it\/pt-br\/wp-json\/wp\/v2\/pages\/285","targetHints":{"allow":["GET"]}}],"collection":[{"href":"https:\/\/www.geertjehansen.it\/pt-br\/wp-json\/wp\/v2\/pages"}],"about":[{"href":"https:\/\/www.geertjehansen.it\/pt-br\/wp-json\/wp\/v2\/types\/page"}],"author":[{"embeddable":true,"href":"https:\/\/www.geertjehansen.it\/pt-br\/wp-json\/wp\/v2\/users\/1"}],"replies":[{"embeddable":true,"href":"https:\/\/www.geertjehansen.it\/pt-br\/wp-json\/wp\/v2\/comments?post=285"}],"version-history":[{"count":4,"href":"https:\/\/www.geertjehansen.it\/pt-br\/wp-json\/wp\/v2\/pages\/285\/revisions"}],"predecessor-version":[{"id":1418,"href":"https:\/\/www.geertjehansen.it\/pt-br\/wp-json\/wp\/v2\/pages\/285\/revisions\/1418"}],"up":[{"embeddable":true,"href":"https:\/\/www.geertjehansen.it\/pt-br\/wp-json\/wp\/v2\/pages\/259"}],"wp:featuredmedia":[{"embeddable":true,"href":"https:\/\/www.geertjehansen.it\/pt-br\/wp-json\/wp\/v2\/media\/346"}],"wp:attachment":[{"href":"https:\/\/www.geertjehansen.it\/pt-br\/wp-json\/wp\/v2\/media?parent=285"}],"curies":[{"name":"wp","href":"https:\/\/api.w.org\/{rel}","templated":true}]}}