{"id":271,"date":"2021-03-29T15:48:18","date_gmt":"2021-03-29T13:48:18","guid":{"rendered":"http:\/\/www.geertjehansen.it\/?page_id=271"},"modified":"2021-05-26T09:38:32","modified_gmt":"2021-05-26T07:38:32","slug":"galleria-dos-oficios-uffizi","status":"publish","type":"page","link":"https:\/\/www.geertjehansen.it\/pt-br\/home\/tours\/museus-e-igrejas\/galleria-dos-oficios-uffizi\/","title":{"rendered":"Galleria dos Of\u00edcios (Uffizi)"},"content":{"rendered":"\n<p>Geralmente conhecida como \u2018<strong><em>Os Uffizi<\/em>\u2019<\/strong>, este \u00e9, sem d\u00favida um dos mais importantes museus do mundo, acolhendo algumas das mais reconhecidas obras da Hist\u00f3ria de Arte.<br><br>Ao entrar no Museu, ficar\u00e1 imediatamente fascinado\/a pela beleza da pintura <strong><em>Venere<\/em> de <em>Botticelli<\/em> <\/strong>ou impressionado\/a pela for\u00e7a da obra <em><strong>T<\/strong><\/em><strong>ondo Doni de Michelangelo<\/strong>, ou ainda, intrigado pela <strong><em>Adorazione dei Magi<\/em> de <em>Leonardo da Vinci<\/em><\/strong>.<br><br>E, se conseguir chegar at\u00e9 ao fim do museu sem se sentir afetado pelo S\u00edndrome de Stendhal, pode ainda parar em frente da <strong><em>Medusa de Caravaggio<\/em><\/strong>\u2026 n\u00e3o sem antes passar por artistas como <strong><em>Giotto, Masaccio, Beato Angelico, Filippo Lippi, Antonello da Messina, Mantegna, Tiziano, Veronese, Rubens, Rembrandt<\/em><\/strong>\u2026 e pod\u00edamos continuar assim durante horas!!<br><br>Uma visita adequada a este museu demorar\u00e1 n\u00e3o menos de uma hora e meia. Este tempo dar\u00e1 apenas para ver as obras de arte mais destacadas do Renascimento.<br><br>\u00c9 poss\u00edvelver a <em><strong>Galleria dell\u2019Accademia<\/strong><\/em> e a <em><strong>Galleria degli Uffizi<\/strong><\/em> numa visita conjunta de 4 horas, com uma introdu\u00e7\u00e3o \u00e0 hist\u00f3ria Florentina, passando pelo Duomo, pelo centro medieval e pela Piazza Signoria, no caminho de um museu para o outro.<\/p>\n\n\n<style>.wp-block-kadence-advancedgallery .kb-gallery-type-grid.kb-gallery-id-_91b14c-f8{margin:-5px;}.kb-gallery-type-grid.kb-gallery-id-_91b14c-f8 .kadence-blocks-gallery-item{padding:5px;}.kb-gallery-id-_91b14c-f8 .kadence-blocks-gallery-item .kb-gal-image-radius{border-radius:0px 0px 0px 0px;}<\/style>\n<div class=\"wp-block-kadence-advancedgallery kb-gallery-wrap-id-_91b14c-f8\"><ul class=\"kb-gallery-ul kb-gallery-type-grid kb-gallery-id-_91b14c-f8 kb-gallery-caption-style-bottom-hover kb-gallery-filter-none kb-gallery-magnific-init\" data-item-selector=\".kadence-blocks-gallery-item\" data-image-filter=\"none\" data-lightbox-caption=\"true\" data-columns-xxl=\"3\" data-columns-xl=\"3\" data-columns-lg=\"3\" data-columns-md=\"2\" data-columns-sm=\"1\" data-columns-xs=\"1\"><li class=\"kadence-blocks-gallery-item\"><div class=\"kadence-blocks-gallery-item-inner\"><figure class=\"kb-gallery-figure kb-gallery-item-has-link kadence-blocks-gallery-item-hide-caption kb-has-image-ratio-land32\"><a href=\"https:\/\/www.geertjehansen.it\/wp-content\/uploads\/2021\/04\/ponte-vecchio-uffizi.jpg\" class=\"kb-gallery-item-link\"><div class=\"kb-gal-image-radius\"><div class=\"kb-gallery-image-contain kadence-blocks-gallery-intrinsic kb-gallery-image-ratio-land32\"><img loading=\"lazy\" decoding=\"async\" width=\"1000\" height=\"750\" src=\"https:\/\/www.geertjehansen.it\/wp-content\/themes\/webag_3\/templates-default\/img\/t.png\" data-src=\"https:\/\/www.geertjehansen.it\/wp-content\/uploads\/2021\/04\/ponte-vecchio-uffizi.jpg\" alt=\"Ponte vecchio visto dagli Uffizi\" data-full-image=\"https:\/\/www.geertjehansen.it\/wp-content\/uploads\/2021\/04\/ponte-vecchio-uffizi.jpg\" data-light-image=\"https:\/\/www.geertjehansen.it\/wp-content\/uploads\/2021\/04\/ponte-vecchio-uffizi.jpg\" data-id=\"1014\" data-link=\"http:\/\/www.geertjehansen.it\/pt-br\/ponte-vecchio-uffizi-2\/\" class=\"lazy wp-image-1014undefined\" data-srcset=\"https:\/\/www.geertjehansen.it\/wp-content\/uploads\/2021\/04\/ponte-vecchio-uffizi.jpg 1000w, https:\/\/www.geertjehansen.it\/wp-content\/uploads\/2021\/04\/ponte-vecchio-uffizi-300x225.jpg 300w, https:\/\/www.geertjehansen.it\/wp-content\/uploads\/2021\/04\/ponte-vecchio-uffizi-768x576.jpg 768w, https:\/\/www.geertjehansen.it\/wp-content\/uploads\/2021\/04\/ponte-vecchio-uffizi-150x113.jpg 150w\" sizes=\"auto, (max-width: 1000px) 100vw, 1000px\" \/><\/div><\/div><\/a><\/figure><\/div><\/li><li class=\"kadence-blocks-gallery-item\"><div class=\"kadence-blocks-gallery-item-inner\"><figure class=\"kb-gallery-figure kb-gallery-item-has-link kadence-blocks-gallery-item-hide-caption kb-has-image-ratio-land32\"><a href=\"https:\/\/www.geertjehansen.it\/wp-content\/uploads\/2021\/04\/particolare-statua-uffizi.jpg\" class=\"kb-gallery-item-link\"><div class=\"kb-gal-image-radius\"><div class=\"kb-gallery-image-contain kadence-blocks-gallery-intrinsic kb-gallery-image-ratio-land32\"><img loading=\"lazy\" decoding=\"async\" width=\"1000\" height=\"750\" src=\"https:\/\/www.geertjehansen.it\/wp-content\/themes\/webag_3\/templates-default\/img\/t.png\" data-src=\"https:\/\/www.geertjehansen.it\/wp-content\/uploads\/2021\/04\/particolare-statua-uffizi.jpg\" alt=\"Patroclo e Menelao, Primo piano\" data-full-image=\"https:\/\/www.geertjehansen.it\/wp-content\/uploads\/2021\/04\/particolare-statua-uffizi.jpg\" data-light-image=\"https:\/\/www.geertjehansen.it\/wp-content\/uploads\/2021\/04\/particolare-statua-uffizi.jpg\" data-id=\"1009\" data-link=\"http:\/\/www.geertjehansen.it\/pt-br\/particolare-statua-uffizi-2\/\" class=\"lazy wp-image-1009undefined\" data-srcset=\"https:\/\/www.geertjehansen.it\/wp-content\/uploads\/2021\/04\/particolare-statua-uffizi.jpg 1000w, https:\/\/www.geertjehansen.it\/wp-content\/uploads\/2021\/04\/particolare-statua-uffizi-300x225.jpg 300w, https:\/\/www.geertjehansen.it\/wp-content\/uploads\/2021\/04\/particolare-statua-uffizi-768x576.jpg 768w, https:\/\/www.geertjehansen.it\/wp-content\/uploads\/2021\/04\/particolare-statua-uffizi-150x113.jpg 150w\" sizes=\"auto, (max-width: 1000px) 100vw, 1000px\" \/><\/div><\/div><\/a><\/figure><\/div><\/li><li class=\"kadence-blocks-gallery-item\"><div class=\"kadence-blocks-gallery-item-inner\"><figure class=\"kb-gallery-figure kb-gallery-item-has-link kadence-blocks-gallery-item-hide-caption kb-has-image-ratio-land32\"><a href=\"https:\/\/www.geertjehansen.it\/wp-content\/uploads\/2021\/04\/corridoio-uffizi.jpg\" class=\"kb-gallery-item-link\"><div class=\"kb-gal-image-radius\"><div class=\"kb-gallery-image-contain kadence-blocks-gallery-intrinsic kb-gallery-image-ratio-land32\"><img loading=\"lazy\" decoding=\"async\" width=\"1000\" height=\"750\" src=\"https:\/\/www.geertjehansen.it\/wp-content\/themes\/webag_3\/templates-default\/img\/t.png\" data-src=\"https:\/\/www.geertjehansen.it\/wp-content\/uploads\/2021\/04\/corridoio-uffizi.jpg\" alt=\"Corridoio della Galleria degli Uffizi, Firenze\" data-full-image=\"https:\/\/www.geertjehansen.it\/wp-content\/uploads\/2021\/04\/corridoio-uffizi.jpg\" data-light-image=\"https:\/\/www.geertjehansen.it\/wp-content\/uploads\/2021\/04\/corridoio-uffizi.jpg\" data-id=\"1004\" data-link=\"http:\/\/www.geertjehansen.it\/pt-br\/corridoio-uffizi-2\/\" class=\"lazy wp-image-1004undefined\" data-srcset=\"https:\/\/www.geertjehansen.it\/wp-content\/uploads\/2021\/04\/corridoio-uffizi.jpg 1000w, https:\/\/www.geertjehansen.it\/wp-content\/uploads\/2021\/04\/corridoio-uffizi-300x225.jpg 300w, https:\/\/www.geertjehansen.it\/wp-content\/uploads\/2021\/04\/corridoio-uffizi-768x576.jpg 768w, https:\/\/www.geertjehansen.it\/wp-content\/uploads\/2021\/04\/corridoio-uffizi-150x113.jpg 150w\" sizes=\"auto, (max-width: 1000px) 100vw, 1000px\" \/><\/div><\/div><\/a><\/figure><\/div><\/li><li class=\"kadence-blocks-gallery-item\"><div class=\"kadence-blocks-gallery-item-inner\"><figure class=\"kb-gallery-figure kb-gallery-item-has-link kadence-blocks-gallery-item-hide-caption kb-has-image-ratio-land32\"><a href=\"https:\/\/www.geertjehansen.it\/wp-content\/uploads\/2021\/04\/galleria-uffizi-firenze.png\" class=\"kb-gallery-item-link\"><div class=\"kb-gal-image-radius\"><div class=\"kb-gallery-image-contain kadence-blocks-gallery-intrinsic kb-gallery-image-ratio-land32\"><img loading=\"lazy\" decoding=\"async\" width=\"1000\" height=\"750\" src=\"https:\/\/www.geertjehansen.it\/wp-content\/themes\/webag_3\/templates-default\/img\/t.png\" data-src=\"https:\/\/www.geertjehansen.it\/wp-content\/uploads\/2021\/04\/galleria-uffizi-firenze.png\" alt=\"Galleria degli Uffizi\" data-full-image=\"https:\/\/www.geertjehansen.it\/wp-content\/uploads\/2021\/04\/galleria-uffizi-firenze.png\" data-light-image=\"https:\/\/www.geertjehansen.it\/wp-content\/uploads\/2021\/04\/galleria-uffizi-firenze.png\" data-id=\"706\" data-link=\"http:\/\/www.geertjehansen.it\/pt-br\/home\/tours\/museus-e-igrejas\/galleria-dos-oficios-uffizi\/galleria-uffizi-firenze-2\/\" class=\"lazy wp-image-706undefined\" data-srcset=\"https:\/\/www.geertjehansen.it\/wp-content\/uploads\/2021\/04\/galleria-uffizi-firenze.png 1000w, https:\/\/www.geertjehansen.it\/wp-content\/uploads\/2021\/04\/galleria-uffizi-firenze-300x225.png 300w, https:\/\/www.geertjehansen.it\/wp-content\/uploads\/2021\/04\/galleria-uffizi-firenze-768x576.png 768w, https:\/\/www.geertjehansen.it\/wp-content\/uploads\/2021\/04\/galleria-uffizi-firenze-150x113.png 150w\" sizes=\"auto, (max-width: 1000px) 100vw, 1000px\" \/><\/div><\/div><\/a><\/figure><\/div><\/li><li class=\"kadence-blocks-gallery-item\"><div class=\"kadence-blocks-gallery-item-inner\"><figure class=\"kb-gallery-figure kb-gallery-item-has-link kadence-blocks-gallery-item-hide-caption kb-has-image-ratio-land32\"><a href=\"https:\/\/www.geertjehansen.it\/wp-content\/uploads\/2021\/03\/museums-churches-tours-geertjehansen.jpg\" class=\"kb-gallery-item-link\"><div class=\"kb-gal-image-radius\"><div class=\"kb-gallery-image-contain kadence-blocks-gallery-intrinsic kb-gallery-image-ratio-land32\"><img loading=\"lazy\" decoding=\"async\" width=\"1000\" height=\"667\" src=\"https:\/\/www.geertjehansen.it\/wp-content\/themes\/webag_3\/templates-default\/img\/t.png\" data-src=\"https:\/\/www.geertjehansen.it\/wp-content\/uploads\/2021\/03\/museums-churches-tours-geertjehansen.jpg\" alt=\"Museums and Chruches, Venus of Botticelli\" data-full-image=\"https:\/\/www.geertjehansen.it\/wp-content\/uploads\/2021\/03\/museums-churches-tours-geertjehansen.jpg\" data-light-image=\"https:\/\/www.geertjehansen.it\/wp-content\/uploads\/2021\/03\/museums-churches-tours-geertjehansen.jpg\" data-id=\"311\" data-link=\"http:\/\/www.geertjehansen.it\/pt-br\/museums-churches-tours-geertjehansen-2\/\" class=\"lazy wp-image-311undefined\" data-srcset=\"https:\/\/www.geertjehansen.it\/wp-content\/uploads\/2021\/03\/museums-churches-tours-geertjehansen.jpg 1000w, https:\/\/www.geertjehansen.it\/wp-content\/uploads\/2021\/03\/museums-churches-tours-geertjehansen-300x200.jpg 300w, https:\/\/www.geertjehansen.it\/wp-content\/uploads\/2021\/03\/museums-churches-tours-geertjehansen-768x512.jpg 768w, https:\/\/www.geertjehansen.it\/wp-content\/uploads\/2021\/03\/museums-churches-tours-geertjehansen-150x100.jpg 150w\" sizes=\"auto, (max-width: 1000px) 100vw, 1000px\" \/><\/div><\/div><\/a><\/figure><\/div><\/li><li class=\"kadence-blocks-gallery-item\"><div class=\"kadence-blocks-gallery-item-inner\"><figure class=\"kb-gallery-figure kb-gallery-item-has-link kadence-blocks-gallery-item-hide-caption kb-has-image-ratio-land32\"><a href=\"https:\/\/www.geertjehansen.it\/wp-content\/uploads\/2021\/04\/medusa-firenze.jpg\" class=\"kb-gallery-item-link\"><div class=\"kb-gal-image-radius\"><div class=\"kb-gallery-image-contain kadence-blocks-gallery-intrinsic kb-gallery-image-ratio-land32\"><img loading=\"lazy\" decoding=\"async\" width=\"1000\" height=\"750\" src=\"https:\/\/www.geertjehansen.it\/wp-content\/themes\/webag_3\/templates-default\/img\/t.png\" data-src=\"https:\/\/www.geertjehansen.it\/wp-content\/uploads\/2021\/04\/medusa-firenze.jpg\" alt=\"Medusa, Galleria degli Uffizi, Firenze\" data-full-image=\"https:\/\/www.geertjehansen.it\/wp-content\/uploads\/2021\/04\/medusa-firenze.jpg\" data-light-image=\"https:\/\/www.geertjehansen.it\/wp-content\/uploads\/2021\/04\/medusa-firenze.jpg\" data-id=\"999\" data-link=\"http:\/\/www.geertjehansen.it\/pt-br\/medusa-firenze-2\/\" class=\"lazy wp-image-999undefined\" data-srcset=\"https:\/\/www.geertjehansen.it\/wp-content\/uploads\/2021\/04\/medusa-firenze.jpg 1000w, https:\/\/www.geertjehansen.it\/wp-content\/uploads\/2021\/04\/medusa-firenze-300x225.jpg 300w, https:\/\/www.geertjehansen.it\/wp-content\/uploads\/2021\/04\/medusa-firenze-768x576.jpg 768w, https:\/\/www.geertjehansen.it\/wp-content\/uploads\/2021\/04\/medusa-firenze-150x113.jpg 150w\" sizes=\"auto, (max-width: 1000px) 100vw, 1000px\" \/><\/div><\/div><\/a><\/figure><\/div><\/li><li class=\"kadence-blocks-gallery-item\"><div class=\"kadence-blocks-gallery-item-inner\"><figure class=\"kb-gallery-figure kb-gallery-item-has-link kadence-blocks-gallery-item-hide-caption kb-has-image-ratio-land32\"><a href=\"https:\/\/www.geertjehansen.it\/wp-content\/uploads\/2021\/04\/statua-galleria-uffizi.jpg\" class=\"kb-gallery-item-link\"><div class=\"kb-gal-image-radius\"><div class=\"kb-gallery-image-contain kadence-blocks-gallery-intrinsic kb-gallery-image-ratio-land32\"><img loading=\"lazy\" decoding=\"async\" width=\"1000\" height=\"750\" src=\"https:\/\/www.geertjehansen.it\/wp-content\/themes\/webag_3\/templates-default\/img\/t.png\" data-src=\"https:\/\/www.geertjehansen.it\/wp-content\/uploads\/2021\/04\/statua-galleria-uffizi.jpg\" alt=\"Tondo Doni, Uffizi, Firenze\" data-full-image=\"https:\/\/www.geertjehansen.it\/wp-content\/uploads\/2021\/04\/statua-galleria-uffizi.jpg\" data-light-image=\"https:\/\/www.geertjehansen.it\/wp-content\/uploads\/2021\/04\/statua-galleria-uffizi.jpg\" data-id=\"994\" data-link=\"http:\/\/www.geertjehansen.it\/pt-br\/statua-galleria-uffizi-2\/\" class=\"lazy wp-image-994undefined\" data-srcset=\"https:\/\/www.geertjehansen.it\/wp-content\/uploads\/2021\/04\/statua-galleria-uffizi.jpg 1000w, https:\/\/www.geertjehansen.it\/wp-content\/uploads\/2021\/04\/statua-galleria-uffizi-300x225.jpg 300w, https:\/\/www.geertjehansen.it\/wp-content\/uploads\/2021\/04\/statua-galleria-uffizi-768x576.jpg 768w, https:\/\/www.geertjehansen.it\/wp-content\/uploads\/2021\/04\/statua-galleria-uffizi-150x113.jpg 150w\" sizes=\"auto, (max-width: 1000px) 100vw, 1000px\" \/><\/div><\/div><\/a><\/figure><\/div><\/li><li class=\"kadence-blocks-gallery-item\"><div class=\"kadence-blocks-gallery-item-inner\"><figure class=\"kb-gallery-figure kb-gallery-item-has-link kadence-blocks-gallery-item-hide-caption kb-has-image-ratio-land32\"><a href=\"https:\/\/www.geertjehansen.it\/wp-content\/uploads\/2021\/04\/galleria-uffizi.jpg\" class=\"kb-gallery-item-link\"><div class=\"kb-gal-image-radius\"><div class=\"kb-gallery-image-contain kadence-blocks-gallery-intrinsic kb-gallery-image-ratio-land32\"><img loading=\"lazy\" decoding=\"async\" width=\"1000\" height=\"750\" src=\"https:\/\/www.geertjehansen.it\/wp-content\/themes\/webag_3\/templates-default\/img\/t.png\" data-src=\"https:\/\/www.geertjehansen.it\/wp-content\/uploads\/2021\/04\/galleria-uffizi.jpg\" alt=\"Galleria degli Uffizi, Firenze\" data-full-image=\"https:\/\/www.geertjehansen.it\/wp-content\/uploads\/2021\/04\/galleria-uffizi.jpg\" data-light-image=\"https:\/\/www.geertjehansen.it\/wp-content\/uploads\/2021\/04\/galleria-uffizi.jpg\" data-id=\"989\" data-link=\"http:\/\/www.geertjehansen.it\/pt-br\/galleria-uffizi-2\/\" class=\"lazy wp-image-989undefined\" data-srcset=\"https:\/\/www.geertjehansen.it\/wp-content\/uploads\/2021\/04\/galleria-uffizi.jpg 1000w, https:\/\/www.geertjehansen.it\/wp-content\/uploads\/2021\/04\/galleria-uffizi-300x225.jpg 300w, https:\/\/www.geertjehansen.it\/wp-content\/uploads\/2021\/04\/galleria-uffizi-768x576.jpg 768w, https:\/\/www.geertjehansen.it\/wp-content\/uploads\/2021\/04\/galleria-uffizi-150x113.jpg 150w\" sizes=\"auto, (max-width: 1000px) 100vw, 1000px\" \/><\/div><\/div><\/a><\/figure><\/div><\/li><li class=\"kadence-blocks-gallery-item\"><div class=\"kadence-blocks-gallery-item-inner\"><figure class=\"kb-gallery-figure kb-gallery-item-has-link kadence-blocks-gallery-item-hide-caption kb-has-image-ratio-land32\"><a href=\"https:\/\/www.geertjehansen.it\/wp-content\/uploads\/2021\/04\/statua-uffizi.jpg\" class=\"kb-gallery-item-link\"><div class=\"kb-gal-image-radius\"><div class=\"kb-gallery-image-contain kadence-blocks-gallery-intrinsic kb-gallery-image-ratio-land32\"><img loading=\"lazy\" decoding=\"async\" width=\"1000\" height=\"750\" src=\"https:\/\/www.geertjehansen.it\/wp-content\/themes\/webag_3\/templates-default\/img\/t.png\" data-src=\"https:\/\/www.geertjehansen.it\/wp-content\/uploads\/2021\/04\/statua-uffizi.jpg\" alt=\"Patroclo e Menelao, Loggia dei Lanzi\" data-full-image=\"https:\/\/www.geertjehansen.it\/wp-content\/uploads\/2021\/04\/statua-uffizi.jpg\" data-light-image=\"https:\/\/www.geertjehansen.it\/wp-content\/uploads\/2021\/04\/statua-uffizi.jpg\" data-id=\"984\" data-link=\"http:\/\/www.geertjehansen.it\/pt-br\/statua-uffizi-2\/\" class=\"lazy wp-image-984undefined\" data-srcset=\"https:\/\/www.geertjehansen.it\/wp-content\/uploads\/2021\/04\/statua-uffizi.jpg 1000w, https:\/\/www.geertjehansen.it\/wp-content\/uploads\/2021\/04\/statua-uffizi-300x225.jpg 300w, https:\/\/www.geertjehansen.it\/wp-content\/uploads\/2021\/04\/statua-uffizi-768x576.jpg 768w, https:\/\/www.geertjehansen.it\/wp-content\/uploads\/2021\/04\/statua-uffizi-150x113.jpg 150w\" sizes=\"auto, (max-width: 1000px) 100vw, 1000px\" \/><\/div><\/div><\/a><\/figure><\/div><\/li><li class=\"kadence-blocks-gallery-item\"><div class=\"kadence-blocks-gallery-item-inner\"><figure class=\"kb-gallery-figure kb-gallery-item-has-link kadence-blocks-gallery-item-hide-caption kb-has-image-ratio-land32\"><a href=\"http:\/\/www.geertjehansen.it\/wp-content\/uploads\/2021\/04\/statua-loggia-lanzi.jpg\" class=\"kb-gallery-item-link\"><div class=\"kb-gal-image-radius\"><div class=\"kb-gallery-image-contain kadence-blocks-gallery-intrinsic kb-gallery-image-ratio-land32\"><img loading=\"lazy\" decoding=\"async\" src=\"https:\/\/www.geertjehansen.it\/wp-content\/themes\/webag_3\/templates-default\/img\/t.png\" data-src=\"http:\/\/www.geertjehansen.it\/wp-content\/uploads\/2021\/04\/statua-loggia-lanzi-768x1024.jpg\" width=\"768\" height=\"1024\" alt=\"Perseo con la testa di Medusa, Loggia dei Lanzi\" data-full-image=\"http:\/\/www.geertjehansen.it\/wp-content\/uploads\/2021\/04\/statua-loggia-lanzi.jpg\" data-light-image=\"http:\/\/www.geertjehansen.it\/wp-content\/uploads\/2021\/04\/statua-loggia-lanzi.jpg\" data-id=\"979\" data-link=\"http:\/\/www.geertjehansen.it\/pt-br\/statua-loggia-lanzi-2\/\" class=\"lazy wp-image-979undefined\" data-srcset=\"https:\/\/www.geertjehansen.it\/wp-content\/uploads\/2021\/04\/statua-loggia-lanzi-768x1024.jpg 768w, https:\/\/www.geertjehansen.it\/wp-content\/uploads\/2021\/04\/statua-loggia-lanzi-225x300.jpg 225w, https:\/\/www.geertjehansen.it\/wp-content\/uploads\/2021\/04\/statua-loggia-lanzi-113x150.jpg 113w, https:\/\/www.geertjehansen.it\/wp-content\/uploads\/2021\/04\/statua-loggia-lanzi.jpg 1000w\" sizes=\"auto, (max-width: 768px) 100vw, 768px\" \/><\/div><\/div><\/a><\/figure><\/div><\/li><li class=\"kadence-blocks-gallery-item\"><div class=\"kadence-blocks-gallery-item-inner\"><figure class=\"kb-gallery-figure kb-gallery-item-has-link kadence-blocks-gallery-item-hide-caption kb-has-image-ratio-land32\"><a href=\"https:\/\/www.geertjehansen.it\/wp-content\/uploads\/2021\/04\/loggia-lanzi-giorno.jpg\" class=\"kb-gallery-item-link\"><div class=\"kb-gal-image-radius\"><div class=\"kb-gallery-image-contain kadence-blocks-gallery-intrinsic kb-gallery-image-ratio-land32\"><img loading=\"lazy\" decoding=\"async\" width=\"1000\" height=\"750\" src=\"https:\/\/www.geertjehansen.it\/wp-content\/themes\/webag_3\/templates-default\/img\/t.png\" data-src=\"https:\/\/www.geertjehansen.it\/wp-content\/uploads\/2021\/04\/loggia-lanzi-giorno.jpg\" alt=\"Loggia dei Lanzi, Firenze\" data-full-image=\"https:\/\/www.geertjehansen.it\/wp-content\/uploads\/2021\/04\/loggia-lanzi-giorno.jpg\" data-light-image=\"https:\/\/www.geertjehansen.it\/wp-content\/uploads\/2021\/04\/loggia-lanzi-giorno.jpg\" data-id=\"974\" data-link=\"http:\/\/www.geertjehansen.it\/pt-br\/loggia-lanzi-giorno-2\/\" class=\"lazy wp-image-974undefined\" data-srcset=\"https:\/\/www.geertjehansen.it\/wp-content\/uploads\/2021\/04\/loggia-lanzi-giorno.jpg 1000w, https:\/\/www.geertjehansen.it\/wp-content\/uploads\/2021\/04\/loggia-lanzi-giorno-300x225.jpg 300w, https:\/\/www.geertjehansen.it\/wp-content\/uploads\/2021\/04\/loggia-lanzi-giorno-768x576.jpg 768w, https:\/\/www.geertjehansen.it\/wp-content\/uploads\/2021\/04\/loggia-lanzi-giorno-150x113.jpg 150w\" sizes=\"auto, (max-width: 1000px) 100vw, 1000px\" \/><\/div><\/div><\/a><\/figure><\/div><\/li><li class=\"kadence-blocks-gallery-item\"><div class=\"kadence-blocks-gallery-item-inner\"><figure class=\"kb-gallery-figure kb-gallery-item-has-link kadence-blocks-gallery-item-hide-caption kb-has-image-ratio-land32\"><a href=\"https:\/\/www.geertjehansen.it\/wp-content\/uploads\/2021\/03\/galleria-uffizi-tours-geertjehansen.jpg\" class=\"kb-gallery-item-link\"><div class=\"kb-gal-image-radius\"><div class=\"kb-gallery-image-contain kadence-blocks-gallery-intrinsic kb-gallery-image-ratio-land32\"><img loading=\"lazy\" decoding=\"async\" width=\"1000\" height=\"667\" src=\"https:\/\/www.geertjehansen.it\/wp-content\/themes\/webag_3\/templates-default\/img\/t.png\" data-src=\"https:\/\/www.geertjehansen.it\/wp-content\/uploads\/2021\/03\/galleria-uffizi-tours-geertjehansen.jpg\" alt=\"Galleria degli Uffizi Tour\" data-full-image=\"https:\/\/www.geertjehansen.it\/wp-content\/uploads\/2021\/03\/galleria-uffizi-tours-geertjehansen.jpg\" data-light-image=\"https:\/\/www.geertjehansen.it\/wp-content\/uploads\/2021\/03\/galleria-uffizi-tours-geertjehansen.jpg\" data-id=\"391\" data-link=\"http:\/\/www.geertjehansen.it\/pt-br\/home\/tours\/museus-e-igrejas\/galleria-dos-oficios-uffizi\/galleria-uffizi-tours-geertjehansen-2\/\" class=\"lazy wp-image-391undefined\" data-srcset=\"https:\/\/www.geertjehansen.it\/wp-content\/uploads\/2021\/03\/galleria-uffizi-tours-geertjehansen.jpg 1000w, https:\/\/www.geertjehansen.it\/wp-content\/uploads\/2021\/03\/galleria-uffizi-tours-geertjehansen-300x200.jpg 300w, https:\/\/www.geertjehansen.it\/wp-content\/uploads\/2021\/03\/galleria-uffizi-tours-geertjehansen-768x512.jpg 768w, https:\/\/www.geertjehansen.it\/wp-content\/uploads\/2021\/03\/galleria-uffizi-tours-geertjehansen-150x100.jpg 150w\" sizes=\"auto, (max-width: 1000px) 100vw, 1000px\" \/><\/div><\/div><\/a><\/figure><\/div><\/li><\/ul><\/div>\n","protected":false},"excerpt":{"rendered":"<p>Geralmente conhecida como \u2018Os Uffizi\u2019, este \u00e9, sem d\u00favida um dos mais importantes museus do mundo, acolhendo algumas das mais reconhecidas obras da Hist\u00f3ria de Arte. Ao entrar no Museu, ficar\u00e1 imediatamente fascinado\/a pela beleza da pintura Venere de Botticelli ou impressionado\/a pela for\u00e7a da obra Tondo Doni de Michelangelo, ou ainda, intrigado pela Adorazione [&hellip;]<\/p>\n","protected":false},"author":1,"featured_media":391,"parent":267,"menu_order":37,"comment_status":"closed","ping_status":"closed","template":"","meta":{"_acf_changed":false,"footnotes":""},"class_list":["post-271","page","type-page","status-publish","has-post-thumbnail","hentry"],"acf":[],"yoast_head":"<!-- This site is optimized with the Yoast SEO plugin v24.9 - https:\/\/yoast.com\/wordpress\/plugins\/seo\/ -->\n<title>Galeria dos Of\u00eccios | Geertje Hansen | Guia tur\u00edstica Floren\u00e7a<\/title>\n<meta name=\"description\" content=\"Sem d\u00favida um dos mais importantes museus do mundo, acolhendo algumas das obras mestres da Hist\u00f3ria de Arte.\" \/>\n<meta name=\"robots\" content=\"index, follow, max-snippet:-1, max-image-preview:large, max-video-preview:-1\" \/>\n<link rel=\"canonical\" href=\"https:\/\/www.geertjehansen.it\/pt-br\/home\/tours\/museus-e-igrejas\/galleria-dos-oficios-uffizi\/\" \/>\n<meta property=\"og:locale\" content=\"pt_BR\" \/>\n<meta property=\"og:type\" content=\"article\" \/>\n<meta property=\"og:title\" content=\"Galeria dos Of\u00eccios | Geertje Hansen | Guia tur\u00edstica Floren\u00e7a\" \/>\n<meta property=\"og:description\" content=\"Sem d\u00favida um dos mais importantes museus do mundo, acolhendo algumas das obras mestres da Hist\u00f3ria de Arte.\" \/>\n<meta property=\"og:url\" content=\"https:\/\/www.geertjehansen.it\/pt-br\/home\/tours\/museus-e-igrejas\/galleria-dos-oficios-uffizi\/\" \/>\n<meta property=\"og:site_name\" content=\"Geertje Hansen\" \/>\n<meta property=\"article:modified_time\" content=\"2021-05-26T07:38:32+00:00\" \/>\n<meta property=\"og:image\" content=\"https:\/\/www.geertjehansen.it\/wp-content\/uploads\/2021\/03\/galleria-uffizi-tours-geertjehansen.jpg\" \/>\n\t<meta property=\"og:image:width\" content=\"1000\" \/>\n\t<meta property=\"og:image:height\" content=\"667\" \/>\n\t<meta property=\"og:image:type\" content=\"image\/jpeg\" \/>\n<meta name=\"twitter:card\" content=\"summary_large_image\" \/>\n<meta name=\"twitter:label1\" content=\"Est. tempo de leitura\" \/>\n\t<meta name=\"twitter:data1\" content=\"4 minutos\" \/>\n<script type=\"application\/ld+json\" class=\"yoast-schema-graph\">{\"@context\":\"https:\/\/schema.org\",\"@graph\":[{\"@type\":\"WebPage\",\"@id\":\"https:\/\/www.geertjehansen.it\/pt-br\/home\/tours\/museus-e-igrejas\/galleria-dos-oficios-uffizi\/\",\"url\":\"https:\/\/www.geertjehansen.it\/pt-br\/home\/tours\/museus-e-igrejas\/galleria-dos-oficios-uffizi\/\",\"name\":\"Galeria dos Of\u00eccios | Geertje Hansen | Guia tur\u00edstica Floren\u00e7a\",\"isPartOf\":{\"@id\":\"https:\/\/www.geertjehansen.it\/pt-br\/#website\"},\"primaryImageOfPage\":{\"@id\":\"https:\/\/www.geertjehansen.it\/pt-br\/home\/tours\/museus-e-igrejas\/galleria-dos-oficios-uffizi\/#primaryimage\"},\"image\":{\"@id\":\"https:\/\/www.geertjehansen.it\/pt-br\/home\/tours\/museus-e-igrejas\/galleria-dos-oficios-uffizi\/#primaryimage\"},\"thumbnailUrl\":\"https:\/\/www.geertjehansen.it\/wp-content\/uploads\/2021\/03\/galleria-uffizi-tours-geertjehansen.jpg\",\"datePublished\":\"2021-03-29T13:48:18+00:00\",\"dateModified\":\"2021-05-26T07:38:32+00:00\",\"description\":\"Sem d\u00favida um dos mais importantes museus do mundo, acolhendo algumas das obras mestres da Hist\u00f3ria de Arte.\",\"breadcrumb\":{\"@id\":\"https:\/\/www.geertjehansen.it\/pt-br\/home\/tours\/museus-e-igrejas\/galleria-dos-oficios-uffizi\/#breadcrumb\"},\"inLanguage\":\"pt-BR\",\"potentialAction\":[{\"@type\":\"ReadAction\",\"target\":[\"https:\/\/www.geertjehansen.it\/pt-br\/home\/tours\/museus-e-igrejas\/galleria-dos-oficios-uffizi\/\"]}]},{\"@type\":\"ImageObject\",\"inLanguage\":\"pt-BR\",\"@id\":\"https:\/\/www.geertjehansen.it\/pt-br\/home\/tours\/museus-e-igrejas\/galleria-dos-oficios-uffizi\/#primaryimage\",\"url\":\"https:\/\/www.geertjehansen.it\/wp-content\/uploads\/2021\/03\/galleria-uffizi-tours-geertjehansen.jpg\",\"contentUrl\":\"https:\/\/www.geertjehansen.it\/wp-content\/uploads\/2021\/03\/galleria-uffizi-tours-geertjehansen.jpg\",\"width\":1000,\"height\":667,\"caption\":\"Galleria degli Uffizi Tour\"},{\"@type\":\"BreadcrumbList\",\"@id\":\"https:\/\/www.geertjehansen.it\/pt-br\/home\/tours\/museus-e-igrejas\/galleria-dos-oficios-uffizi\/#breadcrumb\",\"itemListElement\":[{\"@type\":\"ListItem\",\"position\":1,\"name\":\"Home\",\"item\":\"https:\/\/www.geertjehansen.it\/pt-br\/\"},{\"@type\":\"ListItem\",\"position\":2,\"name\":\"Home\",\"item\":\"https:\/\/www.geertjehansen.it\/pt-br\/\"},{\"@type\":\"ListItem\",\"position\":3,\"name\":\"Tours\",\"item\":\"https:\/\/www.geertjehansen.it\/pt-br\/home\/tours\/\"},{\"@type\":\"ListItem\",\"position\":4,\"name\":\"Museus e Igrejas\",\"item\":\"https:\/\/www.geertjehansen.it\/pt-br\/home\/tours\/museus-e-igrejas\/\"},{\"@type\":\"ListItem\",\"position\":5,\"name\":\"Galleria dos Of\u00edcios (Uffizi)\"}]},{\"@type\":\"WebSite\",\"@id\":\"https:\/\/www.geertjehansen.it\/pt-br\/#website\",\"url\":\"https:\/\/www.geertjehansen.it\/pt-br\/\",\"name\":\"Geertje Hansen\",\"description\":\"Florence Tour Guide\",\"publisher\":{\"@id\":\"https:\/\/www.geertjehansen.it\/pt-br\/#organization\"},\"potentialAction\":[{\"@type\":\"SearchAction\",\"target\":{\"@type\":\"EntryPoint\",\"urlTemplate\":\"https:\/\/www.geertjehansen.it\/pt-br\/?s={search_term_string}\"},\"query-input\":{\"@type\":\"PropertyValueSpecification\",\"valueRequired\":true,\"valueName\":\"search_term_string\"}}],\"inLanguage\":\"pt-BR\"},{\"@type\":\"Organization\",\"@id\":\"https:\/\/www.geertjehansen.it\/pt-br\/#organization\",\"name\":\"Geertje Hansen\",\"url\":\"https:\/\/www.geertjehansen.it\/pt-br\/\",\"logo\":{\"@type\":\"ImageObject\",\"inLanguage\":\"pt-BR\",\"@id\":\"https:\/\/www.geertjehansen.it\/pt-br\/#\/schema\/logo\/image\/\",\"url\":\"https:\/\/www.geertjehansen.it\/wp-content\/uploads\/2021\/04\/geertje-hansen-logo.png\",\"contentUrl\":\"https:\/\/www.geertjehansen.it\/wp-content\/uploads\/2021\/04\/geertje-hansen-logo.png\",\"width\":465,\"height\":136,\"caption\":\"Geertje Hansen\"},\"image\":{\"@id\":\"https:\/\/www.geertjehansen.it\/pt-br\/#\/schema\/logo\/image\/\"}}]}<\/script>\n<!-- \/ Yoast SEO plugin. -->","yoast_head_json":{"title":"Galeria dos Of\u00eccios | Geertje Hansen | Guia tur\u00edstica Floren\u00e7a","description":"Sem d\u00favida um dos mais importantes museus do mundo, acolhendo algumas das obras mestres da Hist\u00f3ria de Arte.","robots":{"index":"index","follow":"follow","max-snippet":"max-snippet:-1","max-image-preview":"max-image-preview:large","max-video-preview":"max-video-preview:-1"},"canonical":"https:\/\/www.geertjehansen.it\/pt-br\/home\/tours\/museus-e-igrejas\/galleria-dos-oficios-uffizi\/","og_locale":"pt_BR","og_type":"article","og_title":"Galeria dos Of\u00eccios | Geertje Hansen | Guia tur\u00edstica Floren\u00e7a","og_description":"Sem d\u00favida um dos mais importantes museus do mundo, acolhendo algumas das obras mestres da Hist\u00f3ria de Arte.","og_url":"https:\/\/www.geertjehansen.it\/pt-br\/home\/tours\/museus-e-igrejas\/galleria-dos-oficios-uffizi\/","og_site_name":"Geertje Hansen","article_modified_time":"2021-05-26T07:38:32+00:00","og_image":[{"width":1000,"height":667,"url":"https:\/\/www.geertjehansen.it\/wp-content\/uploads\/2021\/03\/galleria-uffizi-tours-geertjehansen.jpg","type":"image\/jpeg"}],"twitter_card":"summary_large_image","twitter_misc":{"Est. tempo de leitura":"4 minutos"},"schema":{"@context":"https:\/\/schema.org","@graph":[{"@type":"WebPage","@id":"https:\/\/www.geertjehansen.it\/pt-br\/home\/tours\/museus-e-igrejas\/galleria-dos-oficios-uffizi\/","url":"https:\/\/www.geertjehansen.it\/pt-br\/home\/tours\/museus-e-igrejas\/galleria-dos-oficios-uffizi\/","name":"Galeria dos Of\u00eccios | Geertje Hansen | Guia tur\u00edstica Floren\u00e7a","isPartOf":{"@id":"https:\/\/www.geertjehansen.it\/pt-br\/#website"},"primaryImageOfPage":{"@id":"https:\/\/www.geertjehansen.it\/pt-br\/home\/tours\/museus-e-igrejas\/galleria-dos-oficios-uffizi\/#primaryimage"},"image":{"@id":"https:\/\/www.geertjehansen.it\/pt-br\/home\/tours\/museus-e-igrejas\/galleria-dos-oficios-uffizi\/#primaryimage"},"thumbnailUrl":"https:\/\/www.geertjehansen.it\/wp-content\/uploads\/2021\/03\/galleria-uffizi-tours-geertjehansen.jpg","datePublished":"2021-03-29T13:48:18+00:00","dateModified":"2021-05-26T07:38:32+00:00","description":"Sem d\u00favida um dos mais importantes museus do mundo, acolhendo algumas das obras mestres da Hist\u00f3ria de Arte.","breadcrumb":{"@id":"https:\/\/www.geertjehansen.it\/pt-br\/home\/tours\/museus-e-igrejas\/galleria-dos-oficios-uffizi\/#breadcrumb"},"inLanguage":"pt-BR","potentialAction":[{"@type":"ReadAction","target":["https:\/\/www.geertjehansen.it\/pt-br\/home\/tours\/museus-e-igrejas\/galleria-dos-oficios-uffizi\/"]}]},{"@type":"ImageObject","inLanguage":"pt-BR","@id":"https:\/\/www.geertjehansen.it\/pt-br\/home\/tours\/museus-e-igrejas\/galleria-dos-oficios-uffizi\/#primaryimage","url":"https:\/\/www.geertjehansen.it\/wp-content\/uploads\/2021\/03\/galleria-uffizi-tours-geertjehansen.jpg","contentUrl":"https:\/\/www.geertjehansen.it\/wp-content\/uploads\/2021\/03\/galleria-uffizi-tours-geertjehansen.jpg","width":1000,"height":667,"caption":"Galleria degli Uffizi Tour"},{"@type":"BreadcrumbList","@id":"https:\/\/www.geertjehansen.it\/pt-br\/home\/tours\/museus-e-igrejas\/galleria-dos-oficios-uffizi\/#breadcrumb","itemListElement":[{"@type":"ListItem","position":1,"name":"Home","item":"https:\/\/www.geertjehansen.it\/pt-br\/"},{"@type":"ListItem","position":2,"name":"Home","item":"https:\/\/www.geertjehansen.it\/pt-br\/"},{"@type":"ListItem","position":3,"name":"Tours","item":"https:\/\/www.geertjehansen.it\/pt-br\/home\/tours\/"},{"@type":"ListItem","position":4,"name":"Museus e Igrejas","item":"https:\/\/www.geertjehansen.it\/pt-br\/home\/tours\/museus-e-igrejas\/"},{"@type":"ListItem","position":5,"name":"Galleria dos Of\u00edcios (Uffizi)"}]},{"@type":"WebSite","@id":"https:\/\/www.geertjehansen.it\/pt-br\/#website","url":"https:\/\/www.geertjehansen.it\/pt-br\/","name":"Geertje Hansen","description":"Florence Tour Guide","publisher":{"@id":"https:\/\/www.geertjehansen.it\/pt-br\/#organization"},"potentialAction":[{"@type":"SearchAction","target":{"@type":"EntryPoint","urlTemplate":"https:\/\/www.geertjehansen.it\/pt-br\/?s={search_term_string}"},"query-input":{"@type":"PropertyValueSpecification","valueRequired":true,"valueName":"search_term_string"}}],"inLanguage":"pt-BR"},{"@type":"Organization","@id":"https:\/\/www.geertjehansen.it\/pt-br\/#organization","name":"Geertje Hansen","url":"https:\/\/www.geertjehansen.it\/pt-br\/","logo":{"@type":"ImageObject","inLanguage":"pt-BR","@id":"https:\/\/www.geertjehansen.it\/pt-br\/#\/schema\/logo\/image\/","url":"https:\/\/www.geertjehansen.it\/wp-content\/uploads\/2021\/04\/geertje-hansen-logo.png","contentUrl":"https:\/\/www.geertjehansen.it\/wp-content\/uploads\/2021\/04\/geertje-hansen-logo.png","width":465,"height":136,"caption":"Geertje Hansen"},"image":{"@id":"https:\/\/www.geertjehansen.it\/pt-br\/#\/schema\/logo\/image\/"}}]}},"_links":{"self":[{"href":"https:\/\/www.geertjehansen.it\/pt-br\/wp-json\/wp\/v2\/pages\/271","targetHints":{"allow":["GET"]}}],"collection":[{"href":"https:\/\/www.geertjehansen.it\/pt-br\/wp-json\/wp\/v2\/pages"}],"about":[{"href":"https:\/\/www.geertjehansen.it\/pt-br\/wp-json\/wp\/v2\/types\/page"}],"author":[{"embeddable":true,"href":"https:\/\/www.geertjehansen.it\/pt-br\/wp-json\/wp\/v2\/users\/1"}],"replies":[{"embeddable":true,"href":"https:\/\/www.geertjehansen.it\/pt-br\/wp-json\/wp\/v2\/comments?post=271"}],"version-history":[{"count":5,"href":"https:\/\/www.geertjehansen.it\/pt-br\/wp-json\/wp\/v2\/pages\/271\/revisions"}],"predecessor-version":[{"id":1621,"href":"https:\/\/www.geertjehansen.it\/pt-br\/wp-json\/wp\/v2\/pages\/271\/revisions\/1621"}],"up":[{"embeddable":true,"href":"https:\/\/www.geertjehansen.it\/pt-br\/wp-json\/wp\/v2\/pages\/267"}],"wp:featuredmedia":[{"embeddable":true,"href":"https:\/\/www.geertjehansen.it\/pt-br\/wp-json\/wp\/v2\/media\/391"}],"wp:attachment":[{"href":"https:\/\/www.geertjehansen.it\/pt-br\/wp-json\/wp\/v2\/media?parent=271"}],"curies":[{"name":"wp","href":"https:\/\/api.w.org\/{rel}","templated":true}]}}