{"id":265,"date":"2021-03-29T15:38:46","date_gmt":"2021-03-29T13:38:46","guid":{"rendered":"http:\/\/www.geertjehansen.it\/?page_id=265"},"modified":"2021-05-17T12:42:47","modified_gmt":"2021-05-17T10:42:47","slug":"michelangelo-e-a-renascenca","status":"publish","type":"page","link":"https:\/\/www.geertjehansen.it\/pt-br\/home\/tours\/michelangelo-e-a-renascenca\/","title":{"rendered":"Michelangelo e a Renascen\u00e7a"},"content":{"rendered":"\n<p>Michelangelo, um dos mais talentosos artistas do seu tempo, foi, desde sempre, um orgulhoso Florentino, embora tenha passado grande parte da sua vida em Roma. Em Floren\u00e7a, podemos percorrer os passos deste artista at\u00e9 seus cinquenta anos, j\u00e1 que a nossa cidade n\u00e3o s\u00f3 aloja uma das suas obra primas mais c\u00e9lebres, o famoso David, mas possui tamb\u00e9m muitas mais express\u00f5es art\u00edsticas do grande mestre do Renascimento e pintor da Capela Sistina. Esta visita incluir\u00e1 as entradas \u00e0 <strong>Galleria dell\u2019Accademia<\/strong>, \u00e0 Igreja de <strong>San Lorenzo<\/strong>, \u00e0 <strong>Cappelle Medicee<\/strong> e, como n\u00e3o podia deixar de ser, \u00e0 Igreja da <strong>Santa Croce<\/strong>, onde Michelangelo Buonarroti foi sepultado. Al\u00e9m das visitas antes mencionadas, poderemos eventualmente acrescentar o Museu Bargello, a Igreja do Santo Spirito ou o Museu do Duomo, no caso de desejar ter uma vis\u00e3o mais ampla do trabalho deste artista. Nesse caso, a visita demorar\u00e1 mais tempo.<\/p>\n\n\n\n<p>Dura\u00e7\u00e3o da visita: 4 horas.<\/p>\n\n\n\n<p>Podem-se programar visitas tem\u00e1ticas de muitos outros artistas e personalidades como, por exemplo, de <strong>Leonardo da Vinci<\/strong>, <strong>Beato Angelico<\/strong>, <strong>Savonarola<\/strong> ou <strong>Lorenzo il Magnifico de\u2019 Medici<\/strong>. Tamb\u00e9m \u00e9 poss\u00edvel organizar visitas personalizadas, com temas relacionados a alguma comunidade religiosa ou baseadas em temas hist\u00f3ricos ou art\u00edsticos. Diga-me apenas quais s\u00e3o os seus temas de interesses, que eu poderei ent\u00e3o preparar uma visita \u00e0 sua medida.<\/p>\n\n\n<style>.wp-block-kadence-advancedgallery .kb-gallery-type-grid.kb-gallery-id-_720eb2-ef{margin:-5px;}.kb-gallery-type-grid.kb-gallery-id-_720eb2-ef .kadence-blocks-gallery-item{padding:5px;}.kb-gallery-id-_720eb2-ef .kadence-blocks-gallery-item .kb-gal-image-radius{border-radius:0px 0px 0px 0px;}<\/style>\n<div class=\"wp-block-kadence-advancedgallery kb-gallery-wrap-id-_720eb2-ef\"><ul class=\"kb-gallery-ul kb-gallery-type-grid kb-gallery-id-_720eb2-ef kb-gallery-caption-style-bottom-hover kb-gallery-filter-none kb-gallery-magnific-init\" data-item-selector=\".kadence-blocks-gallery-item\" data-image-filter=\"none\" data-lightbox-caption=\"true\" data-columns-xxl=\"3\" data-columns-xl=\"3\" data-columns-lg=\"3\" data-columns-md=\"2\" data-columns-sm=\"1\" data-columns-xs=\"1\"><li class=\"kadence-blocks-gallery-item\"><div class=\"kadence-blocks-gallery-item-inner\"><figure class=\"kb-gallery-figure kb-gallery-item-has-link kadence-blocks-gallery-item-hide-caption kb-has-image-ratio-land32\"><a href=\"http:\/\/www.geertjehansen.it\/wp-content\/uploads\/2021\/04\/david-michelangelo-firenze.jpg\" class=\"kb-gallery-item-link\"><div class=\"kb-gal-image-radius\"><div class=\"kb-gallery-image-contain kadence-blocks-gallery-intrinsic kb-gallery-image-ratio-land32\"><img loading=\"lazy\" decoding=\"async\" width=\"1000\" height=\"750\" src=\"https:\/\/www.geertjehansen.it\/wp-content\/themes\/webag_3\/templates-default\/img\/t.png\" data-src=\"http:\/\/www.geertjehansen.it\/wp-content\/uploads\/2021\/04\/david-michelangelo-firenze.jpg\" alt=\"David di Michelangelo\" data-full-image=\"http:\/\/www.geertjehansen.it\/wp-content\/uploads\/2021\/04\/david-michelangelo-firenze.jpg\" data-light-image=\"http:\/\/www.geertjehansen.it\/wp-content\/uploads\/2021\/04\/david-michelangelo-firenze.jpg\" data-id=\"959\" data-link=\"http:\/\/www.geertjehansen.it\/pt-br\/david-michelangelo-firenze-2\/\" class=\"lazy wp-image-959undefined\" data-srcset=\"https:\/\/www.geertjehansen.it\/wp-content\/uploads\/2021\/04\/david-michelangelo-firenze.jpg 1000w, https:\/\/www.geertjehansen.it\/wp-content\/uploads\/2021\/04\/david-michelangelo-firenze-300x225.jpg 300w, https:\/\/www.geertjehansen.it\/wp-content\/uploads\/2021\/04\/david-michelangelo-firenze-768x576.jpg 768w, https:\/\/www.geertjehansen.it\/wp-content\/uploads\/2021\/04\/david-michelangelo-firenze-150x113.jpg 150w\" sizes=\"auto, (max-width: 1000px) 100vw, 1000px\" \/><\/div><\/div><\/a><\/figure><\/div><\/li><li class=\"kadence-blocks-gallery-item\"><div class=\"kadence-blocks-gallery-item-inner\"><figure class=\"kb-gallery-figure kb-gallery-item-has-link kadence-blocks-gallery-item-hide-caption kb-has-image-ratio-land32\"><a href=\"http:\/\/www.geertjehansen.it\/wp-content\/uploads\/2021\/04\/san-lorenzo-piazza.jpg\" class=\"kb-gallery-item-link\"><div class=\"kb-gal-image-radius\"><div class=\"kb-gallery-image-contain kadence-blocks-gallery-intrinsic kb-gallery-image-ratio-land32\"><img loading=\"lazy\" decoding=\"async\" src=\"https:\/\/www.geertjehansen.it\/wp-content\/themes\/webag_3\/templates-default\/img\/t.png\" data-src=\"http:\/\/www.geertjehansen.it\/wp-content\/uploads\/2021\/04\/san-lorenzo-piazza-768x1024.jpg\" width=\"768\" height=\"1024\" alt=\"Piazza di San Lorenzo\" data-full-image=\"http:\/\/www.geertjehansen.it\/wp-content\/uploads\/2021\/04\/san-lorenzo-piazza.jpg\" data-light-image=\"http:\/\/www.geertjehansen.it\/wp-content\/uploads\/2021\/04\/san-lorenzo-piazza.jpg\" data-id=\"954\" data-link=\"http:\/\/www.geertjehansen.it\/pt-br\/san-lorenzo-piazza-2\/\" class=\"lazy wp-image-954undefined\" data-srcset=\"https:\/\/www.geertjehansen.it\/wp-content\/uploads\/2021\/04\/san-lorenzo-piazza-768x1024.jpg 768w, https:\/\/www.geertjehansen.it\/wp-content\/uploads\/2021\/04\/san-lorenzo-piazza-225x300.jpg 225w, https:\/\/www.geertjehansen.it\/wp-content\/uploads\/2021\/04\/san-lorenzo-piazza-113x150.jpg 113w, https:\/\/www.geertjehansen.it\/wp-content\/uploads\/2021\/04\/san-lorenzo-piazza.jpg 1000w\" sizes=\"auto, (max-width: 768px) 100vw, 768px\" \/><\/div><\/div><\/a><\/figure><\/div><\/li><li class=\"kadence-blocks-gallery-item\"><div class=\"kadence-blocks-gallery-item-inner\"><figure class=\"kb-gallery-figure kb-gallery-item-has-link kadence-blocks-gallery-item-hide-caption kb-has-image-ratio-land32\"><a href=\"http:\/\/www.geertjehansen.it\/wp-content\/uploads\/2021\/04\/pieta-michelangelo.jpg\" class=\"kb-gallery-item-link\"><div class=\"kb-gal-image-radius\"><div class=\"kb-gallery-image-contain kadence-blocks-gallery-intrinsic kb-gallery-image-ratio-land32\"><img loading=\"lazy\" decoding=\"async\" src=\"https:\/\/www.geertjehansen.it\/wp-content\/themes\/webag_3\/templates-default\/img\/t.png\" data-src=\"http:\/\/www.geertjehansen.it\/wp-content\/uploads\/2021\/04\/pieta-michelangelo-768x1024.jpg\" width=\"768\" height=\"1024\" alt=\"Piet\u00e0 di Michelangelo\" data-full-image=\"http:\/\/www.geertjehansen.it\/wp-content\/uploads\/2021\/04\/pieta-michelangelo.jpg\" data-light-image=\"http:\/\/www.geertjehansen.it\/wp-content\/uploads\/2021\/04\/pieta-michelangelo.jpg\" data-id=\"949\" data-link=\"http:\/\/www.geertjehansen.it\/pt-br\/pieta-michelangelo-2\/\" class=\"lazy wp-image-949undefined\" data-srcset=\"https:\/\/www.geertjehansen.it\/wp-content\/uploads\/2021\/04\/pieta-michelangelo-768x1024.jpg 768w, https:\/\/www.geertjehansen.it\/wp-content\/uploads\/2021\/04\/pieta-michelangelo-225x300.jpg 225w, https:\/\/www.geertjehansen.it\/wp-content\/uploads\/2021\/04\/pieta-michelangelo-113x150.jpg 113w, https:\/\/www.geertjehansen.it\/wp-content\/uploads\/2021\/04\/pieta-michelangelo.jpg 1000w\" sizes=\"auto, (max-width: 768px) 100vw, 768px\" \/><\/div><\/div><\/a><\/figure><\/div><\/li><li class=\"kadence-blocks-gallery-item\"><div class=\"kadence-blocks-gallery-item-inner\"><figure class=\"kb-gallery-figure kb-gallery-item-has-link kadence-blocks-gallery-item-hide-caption kb-has-image-ratio-land32\"><a href=\"http:\/\/www.geertjehansen.it\/wp-content\/uploads\/2021\/04\/galleria-accademia-firenze-david-rotated.jpg\" class=\"kb-gallery-item-link\"><div class=\"kb-gal-image-radius\"><div class=\"kb-gallery-image-contain kadence-blocks-gallery-intrinsic kb-gallery-image-ratio-land32\"><img loading=\"lazy\" decoding=\"async\" width=\"317\" height=\"563\" src=\"https:\/\/www.geertjehansen.it\/wp-content\/themes\/webag_3\/templates-default\/img\/t.png\" data-src=\"http:\/\/www.geertjehansen.it\/wp-content\/uploads\/2021\/04\/galleria-accademia-firenze-david-rotated.jpg\" alt=\"Galleria dell'Accademia, Firenze\" data-full-image=\"http:\/\/www.geertjehansen.it\/wp-content\/uploads\/2021\/04\/galleria-accademia-firenze-david-rotated.jpg\" data-light-image=\"http:\/\/www.geertjehansen.it\/wp-content\/uploads\/2021\/04\/galleria-accademia-firenze-david-rotated.jpg\" data-id=\"660\" data-link=\"http:\/\/www.geertjehansen.it\/pt-br\/home\/tours\/museus-e-igrejas\/galleria-dellaccademia\/galleria-accademia-firenze-david-2\/\" class=\"lazy wp-image-660undefined\" data-srcset=\"https:\/\/www.geertjehansen.it\/wp-content\/uploads\/2021\/04\/galleria-accademia-firenze-david-rotated.jpg 317w, https:\/\/www.geertjehansen.it\/wp-content\/uploads\/2021\/04\/galleria-accademia-firenze-david-169x300.jpg 169w, https:\/\/www.geertjehansen.it\/wp-content\/uploads\/2021\/04\/galleria-accademia-firenze-david-84x150.jpg 84w\" sizes=\"auto, (max-width: 317px) 100vw, 317px\" \/><\/div><\/div><\/a><\/figure><\/div><\/li><li class=\"kadence-blocks-gallery-item\"><div class=\"kadence-blocks-gallery-item-inner\"><figure class=\"kb-gallery-figure kb-gallery-item-has-link kadence-blocks-gallery-item-hide-caption kb-has-image-ratio-land32\"><a href=\"http:\/\/www.geertjehansen.it\/wp-content\/uploads\/2021\/04\/cappella-medici.jpeg\" class=\"kb-gallery-item-link\"><div class=\"kb-gal-image-radius\"><div class=\"kb-gallery-image-contain kadence-blocks-gallery-intrinsic kb-gallery-image-ratio-land32\"><img loading=\"lazy\" decoding=\"async\" width=\"1000\" height=\"666\" src=\"https:\/\/www.geertjehansen.it\/wp-content\/themes\/webag_3\/templates-default\/img\/t.png\" data-src=\"http:\/\/www.geertjehansen.it\/wp-content\/uploads\/2021\/04\/cappella-medici.jpeg\" alt=\"Cappela de' Medici\" data-full-image=\"http:\/\/www.geertjehansen.it\/wp-content\/uploads\/2021\/04\/cappella-medici.jpeg\" data-light-image=\"http:\/\/www.geertjehansen.it\/wp-content\/uploads\/2021\/04\/cappella-medici.jpeg\" data-id=\"936\" data-link=\"http:\/\/www.geertjehansen.it\/pt-br\/home\/tours\/os-medici\/cappella-medici-2\/\" class=\"lazy wp-image-936undefined\" data-srcset=\"https:\/\/www.geertjehansen.it\/wp-content\/uploads\/2021\/04\/cappella-medici.jpeg 1000w, https:\/\/www.geertjehansen.it\/wp-content\/uploads\/2021\/04\/cappella-medici-300x200.jpeg 300w, https:\/\/www.geertjehansen.it\/wp-content\/uploads\/2021\/04\/cappella-medici-768x511.jpeg 768w, https:\/\/www.geertjehansen.it\/wp-content\/uploads\/2021\/04\/cappella-medici-150x100.jpeg 150w\" sizes=\"auto, (max-width: 1000px) 100vw, 1000px\" \/><\/div><\/div><\/a><\/figure><\/div><\/li><li class=\"kadence-blocks-gallery-item\"><div class=\"kadence-blocks-gallery-item-inner\"><figure class=\"kb-gallery-figure kb-gallery-item-has-link kadence-blocks-gallery-item-hide-caption kb-has-image-ratio-land32\"><a href=\"http:\/\/www.geertjehansen.it\/wp-content\/uploads\/2021\/04\/museo-barghello-firenze.jpg\" class=\"kb-gallery-item-link\"><div class=\"kb-gal-image-radius\"><div class=\"kb-gallery-image-contain kadence-blocks-gallery-intrinsic kb-gallery-image-ratio-land32\"><img loading=\"lazy\" decoding=\"async\" width=\"1000\" height=\"750\" src=\"https:\/\/www.geertjehansen.it\/wp-content\/themes\/webag_3\/templates-default\/img\/t.png\" data-src=\"http:\/\/www.geertjehansen.it\/wp-content\/uploads\/2021\/04\/museo-barghello-firenze.jpg\" alt=\"Museo del Bargello\" data-full-image=\"http:\/\/www.geertjehansen.it\/wp-content\/uploads\/2021\/04\/museo-barghello-firenze.jpg\" data-light-image=\"http:\/\/www.geertjehansen.it\/wp-content\/uploads\/2021\/04\/museo-barghello-firenze.jpg\" data-id=\"965\" data-link=\"http:\/\/www.geertjehansen.it\/pt-br\/museo-barghello-firenze-2\/\" class=\"lazy wp-image-965undefined\" data-srcset=\"https:\/\/www.geertjehansen.it\/wp-content\/uploads\/2021\/04\/museo-barghello-firenze.jpg 1000w, https:\/\/www.geertjehansen.it\/wp-content\/uploads\/2021\/04\/museo-barghello-firenze-300x225.jpg 300w, https:\/\/www.geertjehansen.it\/wp-content\/uploads\/2021\/04\/museo-barghello-firenze-768x576.jpg 768w, https:\/\/www.geertjehansen.it\/wp-content\/uploads\/2021\/04\/museo-barghello-firenze-150x113.jpg 150w\" sizes=\"auto, (max-width: 1000px) 100vw, 1000px\" \/><\/div><\/div><\/a><\/figure><\/div><\/li><\/ul><\/div>\n","protected":false},"excerpt":{"rendered":"<p>Michelangelo, um dos mais talentosos artistas do seu tempo, foi, desde sempre, um orgulhoso Florentino, embora tenha passado grande parte da sua vida em Roma. Em Floren\u00e7a, podemos percorrer os passos deste artista at\u00e9 seus cinquenta anos, j\u00e1 que a nossa cidade n\u00e3o s\u00f3 aloja uma das suas obra primas mais c\u00e9lebres, o famoso David, [&hellip;]<\/p>\n","protected":false},"author":1,"featured_media":351,"parent":259,"menu_order":17,"comment_status":"closed","ping_status":"closed","template":"","meta":{"_acf_changed":false,"footnotes":""},"class_list":["post-265","page","type-page","status-publish","has-post-thumbnail","hentry"],"acf":[],"yoast_head":"<!-- This site is optimized with the Yoast SEO plugin v24.9 - https:\/\/yoast.com\/wordpress\/plugins\/seo\/ -->\n<title>Michelangelo e a Renascen\u00e7a | Geertje Hansen | Guia tur\u00edstica Floren\u00e7a<\/title>\n<meta name=\"description\" content=\"Visiteremos a Galleria dell\u2019Accademia, as Igrejas de San Lorenzo e Santa Croce e as Capelas dos Medici\" \/>\n<meta name=\"robots\" content=\"index, follow, max-snippet:-1, max-image-preview:large, max-video-preview:-1\" \/>\n<link rel=\"canonical\" href=\"https:\/\/www.geertjehansen.it\/pt-br\/home\/tours\/michelangelo-e-a-renascenca\/\" \/>\n<meta property=\"og:locale\" content=\"pt_BR\" \/>\n<meta property=\"og:type\" content=\"article\" \/>\n<meta property=\"og:title\" content=\"Michelangelo e a Renascen\u00e7a | Geertje Hansen | Guia tur\u00edstica Floren\u00e7a\" \/>\n<meta property=\"og:description\" content=\"Visiteremos a Galleria dell\u2019Accademia, as Igrejas de San Lorenzo e Santa Croce e as Capelas dos Medici\" \/>\n<meta property=\"og:url\" content=\"https:\/\/www.geertjehansen.it\/pt-br\/home\/tours\/michelangelo-e-a-renascenca\/\" \/>\n<meta property=\"og:site_name\" content=\"Geertje Hansen\" \/>\n<meta property=\"article:modified_time\" content=\"2021-05-17T10:42:47+00:00\" \/>\n<meta property=\"og:image\" content=\"https:\/\/www.geertjehansen.it\/wp-content\/uploads\/2021\/03\/michelangelo-and-renaissance-tours-geertjehansen.jpg\" \/>\n\t<meta property=\"og:image:width\" content=\"1000\" \/>\n\t<meta property=\"og:image:height\" content=\"667\" \/>\n\t<meta property=\"og:image:type\" content=\"image\/jpeg\" \/>\n<meta name=\"twitter:card\" content=\"summary_large_image\" \/>\n<meta name=\"twitter:label1\" content=\"Est. tempo de leitura\" \/>\n\t<meta name=\"twitter:data1\" content=\"3 minutos\" \/>\n<script type=\"application\/ld+json\" class=\"yoast-schema-graph\">{\"@context\":\"https:\/\/schema.org\",\"@graph\":[{\"@type\":\"WebPage\",\"@id\":\"https:\/\/www.geertjehansen.it\/pt-br\/home\/tours\/michelangelo-e-a-renascenca\/\",\"url\":\"https:\/\/www.geertjehansen.it\/pt-br\/home\/tours\/michelangelo-e-a-renascenca\/\",\"name\":\"Michelangelo e a Renascen\u00e7a | Geertje Hansen | Guia tur\u00edstica Floren\u00e7a\",\"isPartOf\":{\"@id\":\"https:\/\/www.geertjehansen.it\/pt-br\/#website\"},\"primaryImageOfPage\":{\"@id\":\"https:\/\/www.geertjehansen.it\/pt-br\/home\/tours\/michelangelo-e-a-renascenca\/#primaryimage\"},\"image\":{\"@id\":\"https:\/\/www.geertjehansen.it\/pt-br\/home\/tours\/michelangelo-e-a-renascenca\/#primaryimage\"},\"thumbnailUrl\":\"https:\/\/www.geertjehansen.it\/wp-content\/uploads\/2021\/03\/michelangelo-and-renaissance-tours-geertjehansen.jpg\",\"datePublished\":\"2021-03-29T13:38:46+00:00\",\"dateModified\":\"2021-05-17T10:42:47+00:00\",\"description\":\"Visiteremos a Galleria dell\u2019Accademia, as Igrejas de San Lorenzo e Santa Croce e as Capelas dos Medici\",\"breadcrumb\":{\"@id\":\"https:\/\/www.geertjehansen.it\/pt-br\/home\/tours\/michelangelo-e-a-renascenca\/#breadcrumb\"},\"inLanguage\":\"pt-BR\",\"potentialAction\":[{\"@type\":\"ReadAction\",\"target\":[\"https:\/\/www.geertjehansen.it\/pt-br\/home\/tours\/michelangelo-e-a-renascenca\/\"]}]},{\"@type\":\"ImageObject\",\"inLanguage\":\"pt-BR\",\"@id\":\"https:\/\/www.geertjehansen.it\/pt-br\/home\/tours\/michelangelo-e-a-renascenca\/#primaryimage\",\"url\":\"https:\/\/www.geertjehansen.it\/wp-content\/uploads\/2021\/03\/michelangelo-and-renaissance-tours-geertjehansen.jpg\",\"contentUrl\":\"https:\/\/www.geertjehansen.it\/wp-content\/uploads\/2021\/03\/michelangelo-and-renaissance-tours-geertjehansen.jpg\",\"width\":1000,\"height\":667,\"caption\":\"Michelangelo and the Renaissance\"},{\"@type\":\"BreadcrumbList\",\"@id\":\"https:\/\/www.geertjehansen.it\/pt-br\/home\/tours\/michelangelo-e-a-renascenca\/#breadcrumb\",\"itemListElement\":[{\"@type\":\"ListItem\",\"position\":1,\"name\":\"Home\",\"item\":\"https:\/\/www.geertjehansen.it\/pt-br\/\"},{\"@type\":\"ListItem\",\"position\":2,\"name\":\"Home\",\"item\":\"https:\/\/www.geertjehansen.it\/pt-br\/\"},{\"@type\":\"ListItem\",\"position\":3,\"name\":\"Tours\",\"item\":\"https:\/\/www.geertjehansen.it\/pt-br\/home\/tours\/\"},{\"@type\":\"ListItem\",\"position\":4,\"name\":\"Michelangelo e a Renascen\u00e7a\"}]},{\"@type\":\"WebSite\",\"@id\":\"https:\/\/www.geertjehansen.it\/pt-br\/#website\",\"url\":\"https:\/\/www.geertjehansen.it\/pt-br\/\",\"name\":\"Geertje Hansen\",\"description\":\"Florence Tour Guide\",\"publisher\":{\"@id\":\"https:\/\/www.geertjehansen.it\/pt-br\/#organization\"},\"potentialAction\":[{\"@type\":\"SearchAction\",\"target\":{\"@type\":\"EntryPoint\",\"urlTemplate\":\"https:\/\/www.geertjehansen.it\/pt-br\/?s={search_term_string}\"},\"query-input\":{\"@type\":\"PropertyValueSpecification\",\"valueRequired\":true,\"valueName\":\"search_term_string\"}}],\"inLanguage\":\"pt-BR\"},{\"@type\":\"Organization\",\"@id\":\"https:\/\/www.geertjehansen.it\/pt-br\/#organization\",\"name\":\"Geertje Hansen\",\"url\":\"https:\/\/www.geertjehansen.it\/pt-br\/\",\"logo\":{\"@type\":\"ImageObject\",\"inLanguage\":\"pt-BR\",\"@id\":\"https:\/\/www.geertjehansen.it\/pt-br\/#\/schema\/logo\/image\/\",\"url\":\"https:\/\/www.geertjehansen.it\/wp-content\/uploads\/2021\/04\/geertje-hansen-logo.png\",\"contentUrl\":\"https:\/\/www.geertjehansen.it\/wp-content\/uploads\/2021\/04\/geertje-hansen-logo.png\",\"width\":465,\"height\":136,\"caption\":\"Geertje Hansen\"},\"image\":{\"@id\":\"https:\/\/www.geertjehansen.it\/pt-br\/#\/schema\/logo\/image\/\"}}]}<\/script>\n<!-- \/ Yoast SEO plugin. -->","yoast_head_json":{"title":"Michelangelo e a Renascen\u00e7a | Geertje Hansen | Guia tur\u00edstica Floren\u00e7a","description":"Visiteremos a Galleria dell\u2019Accademia, as Igrejas de San Lorenzo e Santa Croce e as Capelas dos Medici","robots":{"index":"index","follow":"follow","max-snippet":"max-snippet:-1","max-image-preview":"max-image-preview:large","max-video-preview":"max-video-preview:-1"},"canonical":"https:\/\/www.geertjehansen.it\/pt-br\/home\/tours\/michelangelo-e-a-renascenca\/","og_locale":"pt_BR","og_type":"article","og_title":"Michelangelo e a Renascen\u00e7a | Geertje Hansen | Guia tur\u00edstica Floren\u00e7a","og_description":"Visiteremos a Galleria dell\u2019Accademia, as Igrejas de San Lorenzo e Santa Croce e as Capelas dos Medici","og_url":"https:\/\/www.geertjehansen.it\/pt-br\/home\/tours\/michelangelo-e-a-renascenca\/","og_site_name":"Geertje Hansen","article_modified_time":"2021-05-17T10:42:47+00:00","og_image":[{"width":1000,"height":667,"url":"https:\/\/www.geertjehansen.it\/wp-content\/uploads\/2021\/03\/michelangelo-and-renaissance-tours-geertjehansen.jpg","type":"image\/jpeg"}],"twitter_card":"summary_large_image","twitter_misc":{"Est. tempo de leitura":"3 minutos"},"schema":{"@context":"https:\/\/schema.org","@graph":[{"@type":"WebPage","@id":"https:\/\/www.geertjehansen.it\/pt-br\/home\/tours\/michelangelo-e-a-renascenca\/","url":"https:\/\/www.geertjehansen.it\/pt-br\/home\/tours\/michelangelo-e-a-renascenca\/","name":"Michelangelo e a Renascen\u00e7a | Geertje Hansen | Guia tur\u00edstica Floren\u00e7a","isPartOf":{"@id":"https:\/\/www.geertjehansen.it\/pt-br\/#website"},"primaryImageOfPage":{"@id":"https:\/\/www.geertjehansen.it\/pt-br\/home\/tours\/michelangelo-e-a-renascenca\/#primaryimage"},"image":{"@id":"https:\/\/www.geertjehansen.it\/pt-br\/home\/tours\/michelangelo-e-a-renascenca\/#primaryimage"},"thumbnailUrl":"https:\/\/www.geertjehansen.it\/wp-content\/uploads\/2021\/03\/michelangelo-and-renaissance-tours-geertjehansen.jpg","datePublished":"2021-03-29T13:38:46+00:00","dateModified":"2021-05-17T10:42:47+00:00","description":"Visiteremos a Galleria dell\u2019Accademia, as Igrejas de San Lorenzo e Santa Croce e as Capelas dos Medici","breadcrumb":{"@id":"https:\/\/www.geertjehansen.it\/pt-br\/home\/tours\/michelangelo-e-a-renascenca\/#breadcrumb"},"inLanguage":"pt-BR","potentialAction":[{"@type":"ReadAction","target":["https:\/\/www.geertjehansen.it\/pt-br\/home\/tours\/michelangelo-e-a-renascenca\/"]}]},{"@type":"ImageObject","inLanguage":"pt-BR","@id":"https:\/\/www.geertjehansen.it\/pt-br\/home\/tours\/michelangelo-e-a-renascenca\/#primaryimage","url":"https:\/\/www.geertjehansen.it\/wp-content\/uploads\/2021\/03\/michelangelo-and-renaissance-tours-geertjehansen.jpg","contentUrl":"https:\/\/www.geertjehansen.it\/wp-content\/uploads\/2021\/03\/michelangelo-and-renaissance-tours-geertjehansen.jpg","width":1000,"height":667,"caption":"Michelangelo and the Renaissance"},{"@type":"BreadcrumbList","@id":"https:\/\/www.geertjehansen.it\/pt-br\/home\/tours\/michelangelo-e-a-renascenca\/#breadcrumb","itemListElement":[{"@type":"ListItem","position":1,"name":"Home","item":"https:\/\/www.geertjehansen.it\/pt-br\/"},{"@type":"ListItem","position":2,"name":"Home","item":"https:\/\/www.geertjehansen.it\/pt-br\/"},{"@type":"ListItem","position":3,"name":"Tours","item":"https:\/\/www.geertjehansen.it\/pt-br\/home\/tours\/"},{"@type":"ListItem","position":4,"name":"Michelangelo e a Renascen\u00e7a"}]},{"@type":"WebSite","@id":"https:\/\/www.geertjehansen.it\/pt-br\/#website","url":"https:\/\/www.geertjehansen.it\/pt-br\/","name":"Geertje Hansen","description":"Florence Tour Guide","publisher":{"@id":"https:\/\/www.geertjehansen.it\/pt-br\/#organization"},"potentialAction":[{"@type":"SearchAction","target":{"@type":"EntryPoint","urlTemplate":"https:\/\/www.geertjehansen.it\/pt-br\/?s={search_term_string}"},"query-input":{"@type":"PropertyValueSpecification","valueRequired":true,"valueName":"search_term_string"}}],"inLanguage":"pt-BR"},{"@type":"Organization","@id":"https:\/\/www.geertjehansen.it\/pt-br\/#organization","name":"Geertje Hansen","url":"https:\/\/www.geertjehansen.it\/pt-br\/","logo":{"@type":"ImageObject","inLanguage":"pt-BR","@id":"https:\/\/www.geertjehansen.it\/pt-br\/#\/schema\/logo\/image\/","url":"https:\/\/www.geertjehansen.it\/wp-content\/uploads\/2021\/04\/geertje-hansen-logo.png","contentUrl":"https:\/\/www.geertjehansen.it\/wp-content\/uploads\/2021\/04\/geertje-hansen-logo.png","width":465,"height":136,"caption":"Geertje Hansen"},"image":{"@id":"https:\/\/www.geertjehansen.it\/pt-br\/#\/schema\/logo\/image\/"}}]}},"_links":{"self":[{"href":"https:\/\/www.geertjehansen.it\/pt-br\/wp-json\/wp\/v2\/pages\/265","targetHints":{"allow":["GET"]}}],"collection":[{"href":"https:\/\/www.geertjehansen.it\/pt-br\/wp-json\/wp\/v2\/pages"}],"about":[{"href":"https:\/\/www.geertjehansen.it\/pt-br\/wp-json\/wp\/v2\/types\/page"}],"author":[{"embeddable":true,"href":"https:\/\/www.geertjehansen.it\/pt-br\/wp-json\/wp\/v2\/users\/1"}],"replies":[{"embeddable":true,"href":"https:\/\/www.geertjehansen.it\/pt-br\/wp-json\/wp\/v2\/comments?post=265"}],"version-history":[{"count":4,"href":"https:\/\/www.geertjehansen.it\/pt-br\/wp-json\/wp\/v2\/pages\/265\/revisions"}],"predecessor-version":[{"id":1399,"href":"https:\/\/www.geertjehansen.it\/pt-br\/wp-json\/wp\/v2\/pages\/265\/revisions\/1399"}],"up":[{"embeddable":true,"href":"https:\/\/www.geertjehansen.it\/pt-br\/wp-json\/wp\/v2\/pages\/259"}],"wp:featuredmedia":[{"embeddable":true,"href":"https:\/\/www.geertjehansen.it\/pt-br\/wp-json\/wp\/v2\/media\/351"}],"wp:attachment":[{"href":"https:\/\/www.geertjehansen.it\/pt-br\/wp-json\/wp\/v2\/media?parent=265"}],"curies":[{"name":"wp","href":"https:\/\/api.w.org\/{rel}","templated":true}]}}