{"id":263,"date":"2021-03-29T15:35:31","date_gmt":"2021-03-29T13:35:31","guid":{"rendered":"http:\/\/www.geertjehansen.it\/?page_id=263"},"modified":"2021-05-25T12:23:06","modified_gmt":"2021-05-25T10:23:06","slug":"os-medici","status":"publish","type":"page","link":"https:\/\/www.geertjehansen.it\/pt-br\/home\/tours\/os-medici\/","title":{"rendered":"Os Medici"},"content":{"rendered":"\n<p>A fam\u00edlia Medici \u00e9 provavelmente uma das mais fascinantes fam\u00edlias da Hist\u00f3ria Europeia. Tendo controlado Floren\u00e7a, e posteriormente a Toscana, durante cerca de tr\u00eas s\u00e9culos, os Medici deram forma \u00e0 pol\u00edtica e arte italiana por muito tempo. Durante este passeio pelos Pal\u00e1cios em que viveram e pelos edif\u00edcios religiosos que financiaram para celebrar a sua dinastia, conversaremos sobre a ascens\u00e3o e queda dos Medici e de muitas das peculiaridades do seu poder.<\/p>\n\n\n\n<p>Dura\u00e7\u00e3o da visita sem entradas: 3 horas<\/p>\n\n\n<style>.wp-block-kadence-advancedgallery .kb-gallery-type-grid.kb-gallery-id-_f9c0a1-c4{margin:-5px;}.kb-gallery-type-grid.kb-gallery-id-_f9c0a1-c4 .kadence-blocks-gallery-item{padding:5px;}.kb-gallery-id-_f9c0a1-c4 .kadence-blocks-gallery-item .kb-gal-image-radius{border-radius:0px 0px 0px 0px;}<\/style>\n<div class=\"wp-block-kadence-advancedgallery kb-gallery-wrap-id-_f9c0a1-c4\"><ul class=\"kb-gallery-ul kb-gallery-type-grid kb-gallery-id-_f9c0a1-c4 kb-gallery-caption-style-bottom-hover kb-gallery-filter-none kb-gallery-magnific-init\" data-item-selector=\".kadence-blocks-gallery-item\" data-image-filter=\"none\" data-lightbox-caption=\"true\" data-columns-xxl=\"3\" data-columns-xl=\"3\" data-columns-lg=\"3\" data-columns-md=\"2\" data-columns-sm=\"1\" data-columns-xs=\"1\"><li class=\"kadence-blocks-gallery-item\"><div class=\"kadence-blocks-gallery-item-inner\"><figure class=\"kb-gallery-figure kb-gallery-item-has-link kadence-blocks-gallery-item-hide-caption kb-has-image-ratio-land32\"><a href=\"https:\/\/www.geertjehansen.it\/wp-content\/uploads\/2021\/04\/san-lorenzo-firenze.jpg\" class=\"kb-gallery-item-link\"><div class=\"kb-gal-image-radius\"><div class=\"kb-gallery-image-contain kadence-blocks-gallery-intrinsic kb-gallery-image-ratio-land32\"><img loading=\"lazy\" decoding=\"async\" width=\"1000\" height=\"750\" src=\"https:\/\/www.geertjehansen.it\/wp-content\/themes\/webag_3\/templates-default\/img\/t.png\" data-src=\"https:\/\/www.geertjehansen.it\/wp-content\/uploads\/2021\/04\/san-lorenzo-firenze.jpg\" alt=\"Piazza San Lorenzo, Firenze\" data-full-image=\"https:\/\/www.geertjehansen.it\/wp-content\/uploads\/2021\/04\/san-lorenzo-firenze.jpg\" data-light-image=\"https:\/\/www.geertjehansen.it\/wp-content\/uploads\/2021\/04\/san-lorenzo-firenze.jpg\" data-id=\"919\" data-link=\"http:\/\/www.geertjehansen.it\/pt-br\/home\/tours\/os-medici\/san-lorenzo-firenze-2\/\" class=\"lazy wp-image-919undefined\" data-srcset=\"https:\/\/www.geertjehansen.it\/wp-content\/uploads\/2021\/04\/san-lorenzo-firenze.jpg 1000w, https:\/\/www.geertjehansen.it\/wp-content\/uploads\/2021\/04\/san-lorenzo-firenze-300x225.jpg 300w, https:\/\/www.geertjehansen.it\/wp-content\/uploads\/2021\/04\/san-lorenzo-firenze-768x576.jpg 768w, https:\/\/www.geertjehansen.it\/wp-content\/uploads\/2021\/04\/san-lorenzo-firenze-150x113.jpg 150w\" sizes=\"auto, (max-width: 1000px) 100vw, 1000px\" \/><\/div><\/div><\/a><\/figure><\/div><\/li><li class=\"kadence-blocks-gallery-item\"><div class=\"kadence-blocks-gallery-item-inner\"><figure class=\"kb-gallery-figure kb-gallery-item-has-link kadence-blocks-gallery-item-hide-caption kb-has-image-ratio-land32\"><a href=\"https:\/\/www.geertjehansen.it\/wp-content\/uploads\/2021\/04\/chiesa-san-lorenzo-firenze.jpg\" class=\"kb-gallery-item-link\"><div class=\"kb-gal-image-radius\"><div class=\"kb-gallery-image-contain kadence-blocks-gallery-intrinsic kb-gallery-image-ratio-land32\"><img loading=\"lazy\" decoding=\"async\" width=\"1000\" height=\"750\" src=\"https:\/\/www.geertjehansen.it\/wp-content\/themes\/webag_3\/templates-default\/img\/t.png\" data-src=\"https:\/\/www.geertjehansen.it\/wp-content\/uploads\/2021\/04\/chiesa-san-lorenzo-firenze.jpg\" alt=\"Chiesa di San Lorenzo\" data-full-image=\"https:\/\/www.geertjehansen.it\/wp-content\/uploads\/2021\/04\/chiesa-san-lorenzo-firenze.jpg\" data-light-image=\"https:\/\/www.geertjehansen.it\/wp-content\/uploads\/2021\/04\/chiesa-san-lorenzo-firenze.jpg\" data-id=\"914\" data-link=\"http:\/\/www.geertjehansen.it\/pt-br\/home\/tours\/os-medici\/chiesa-san-lorenzo-firenze-2\/\" class=\"lazy wp-image-914undefined\" data-srcset=\"https:\/\/www.geertjehansen.it\/wp-content\/uploads\/2021\/04\/chiesa-san-lorenzo-firenze.jpg 1000w, https:\/\/www.geertjehansen.it\/wp-content\/uploads\/2021\/04\/chiesa-san-lorenzo-firenze-300x225.jpg 300w, https:\/\/www.geertjehansen.it\/wp-content\/uploads\/2021\/04\/chiesa-san-lorenzo-firenze-768x576.jpg 768w, https:\/\/www.geertjehansen.it\/wp-content\/uploads\/2021\/04\/chiesa-san-lorenzo-firenze-150x113.jpg 150w\" sizes=\"auto, (max-width: 1000px) 100vw, 1000px\" \/><\/div><\/div><\/a><\/figure><\/div><\/li><li class=\"kadence-blocks-gallery-item\"><div class=\"kadence-blocks-gallery-item-inner\"><figure class=\"kb-gallery-figure kb-gallery-item-has-link kadence-blocks-gallery-item-hide-caption kb-has-image-ratio-land32\"><a href=\"https:\/\/www.geertjehansen.it\/wp-content\/uploads\/2021\/04\/palazzo-medici.jpg\" class=\"kb-gallery-item-link\"><div class=\"kb-gal-image-radius\"><div class=\"kb-gallery-image-contain kadence-blocks-gallery-intrinsic kb-gallery-image-ratio-land32\"><img loading=\"lazy\" decoding=\"async\" width=\"1000\" height=\"750\" src=\"https:\/\/www.geertjehansen.it\/wp-content\/themes\/webag_3\/templates-default\/img\/t.png\" data-src=\"https:\/\/www.geertjehansen.it\/wp-content\/uploads\/2021\/04\/palazzo-medici.jpg\" alt=\"Stemma della famiglia Medici\" data-full-image=\"https:\/\/www.geertjehansen.it\/wp-content\/uploads\/2021\/04\/palazzo-medici.jpg\" data-light-image=\"https:\/\/www.geertjehansen.it\/wp-content\/uploads\/2021\/04\/palazzo-medici.jpg\" data-id=\"909\" data-link=\"http:\/\/www.geertjehansen.it\/pt-br\/home\/tours\/os-medici\/palazzo-medici-2\/\" class=\"lazy wp-image-909undefined\" data-srcset=\"https:\/\/www.geertjehansen.it\/wp-content\/uploads\/2021\/04\/palazzo-medici.jpg 1000w, https:\/\/www.geertjehansen.it\/wp-content\/uploads\/2021\/04\/palazzo-medici-300x225.jpg 300w, https:\/\/www.geertjehansen.it\/wp-content\/uploads\/2021\/04\/palazzo-medici-768x576.jpg 768w, https:\/\/www.geertjehansen.it\/wp-content\/uploads\/2021\/04\/palazzo-medici-150x113.jpg 150w\" sizes=\"auto, (max-width: 1000px) 100vw, 1000px\" \/><\/div><\/div><\/a><\/figure><\/div><\/li><li class=\"kadence-blocks-gallery-item\"><div class=\"kadence-blocks-gallery-item-inner\"><figure class=\"kb-gallery-figure kb-gallery-item-has-link kadence-blocks-gallery-item-hide-caption kb-has-image-ratio-land32\"><a href=\"https:\/\/www.geertjehansen.it\/wp-content\/uploads\/2021\/03\/the-medici-tours-geertjehansen.jpg\" class=\"kb-gallery-item-link\"><div class=\"kb-gal-image-radius\"><div class=\"kb-gallery-image-contain kadence-blocks-gallery-intrinsic kb-gallery-image-ratio-land32\"><img loading=\"lazy\" decoding=\"async\" width=\"1000\" height=\"667\" src=\"https:\/\/www.geertjehansen.it\/wp-content\/themes\/webag_3\/templates-default\/img\/t.png\" data-src=\"https:\/\/www.geertjehansen.it\/wp-content\/uploads\/2021\/03\/the-medici-tours-geertjehansen.jpg\" alt=\"The Medici\" data-full-image=\"https:\/\/www.geertjehansen.it\/wp-content\/uploads\/2021\/03\/the-medici-tours-geertjehansen.jpg\" data-light-image=\"https:\/\/www.geertjehansen.it\/wp-content\/uploads\/2021\/03\/the-medici-tours-geertjehansen.jpg\" data-id=\"356\" data-link=\"http:\/\/www.geertjehansen.it\/pt-br\/the-medici-tours-geertjehansen-2\/\" class=\"lazy wp-image-356undefined\" data-srcset=\"https:\/\/www.geertjehansen.it\/wp-content\/uploads\/2021\/03\/the-medici-tours-geertjehansen.jpg 1000w, https:\/\/www.geertjehansen.it\/wp-content\/uploads\/2021\/03\/the-medici-tours-geertjehansen-300x200.jpg 300w, https:\/\/www.geertjehansen.it\/wp-content\/uploads\/2021\/03\/the-medici-tours-geertjehansen-768x512.jpg 768w, https:\/\/www.geertjehansen.it\/wp-content\/uploads\/2021\/03\/the-medici-tours-geertjehansen-150x100.jpg 150w\" sizes=\"auto, (max-width: 1000px) 100vw, 1000px\" \/><\/div><\/div><\/a><\/figure><\/div><\/li><li class=\"kadence-blocks-gallery-item\"><div class=\"kadence-blocks-gallery-item-inner\"><figure class=\"kb-gallery-figure kb-gallery-item-has-link kadence-blocks-gallery-item-hide-caption kb-has-image-ratio-land32\"><a href=\"https:\/\/www.geertjehansen.it\/wp-content\/uploads\/2021\/04\/cappella-medici.jpeg\" class=\"kb-gallery-item-link\"><div class=\"kb-gal-image-radius\"><div class=\"kb-gallery-image-contain kadence-blocks-gallery-intrinsic kb-gallery-image-ratio-land32\"><img loading=\"lazy\" decoding=\"async\" width=\"1000\" height=\"666\" src=\"https:\/\/www.geertjehansen.it\/wp-content\/themes\/webag_3\/templates-default\/img\/t.png\" data-src=\"https:\/\/www.geertjehansen.it\/wp-content\/uploads\/2021\/04\/cappella-medici.jpeg\" alt=\"Cappela de' Medici\" data-full-image=\"https:\/\/www.geertjehansen.it\/wp-content\/uploads\/2021\/04\/cappella-medici.jpeg\" data-light-image=\"https:\/\/www.geertjehansen.it\/wp-content\/uploads\/2021\/04\/cappella-medici.jpeg\" data-id=\"936\" data-link=\"http:\/\/www.geertjehansen.it\/pt-br\/home\/tours\/os-medici\/cappella-medici-2\/\" class=\"lazy wp-image-936undefined\" data-srcset=\"https:\/\/www.geertjehansen.it\/wp-content\/uploads\/2021\/04\/cappella-medici.jpeg 1000w, https:\/\/www.geertjehansen.it\/wp-content\/uploads\/2021\/04\/cappella-medici-300x200.jpeg 300w, https:\/\/www.geertjehansen.it\/wp-content\/uploads\/2021\/04\/cappella-medici-768x511.jpeg 768w, https:\/\/www.geertjehansen.it\/wp-content\/uploads\/2021\/04\/cappella-medici-150x100.jpeg 150w\" sizes=\"auto, (max-width: 1000px) 100vw, 1000px\" \/><\/div><\/div><\/a><\/figure><\/div><\/li><li class=\"kadence-blocks-gallery-item\"><div class=\"kadence-blocks-gallery-item-inner\"><figure class=\"kb-gallery-figure kb-gallery-item-has-link kadence-blocks-gallery-item-hide-caption kb-has-image-ratio-land32\"><a href=\"https:\/\/www.geertjehansen.it\/wp-content\/uploads\/2021\/04\/piazza-pitti.jpg\" class=\"kb-gallery-item-link\"><div class=\"kb-gal-image-radius\"><div class=\"kb-gallery-image-contain kadence-blocks-gallery-intrinsic kb-gallery-image-ratio-land32\"><img loading=\"lazy\" decoding=\"async\" width=\"1000\" height=\"750\" src=\"https:\/\/www.geertjehansen.it\/wp-content\/themes\/webag_3\/templates-default\/img\/t.png\" data-src=\"https:\/\/www.geertjehansen.it\/wp-content\/uploads\/2021\/04\/piazza-pitti.jpg\" alt=\"Palazzo Pitti\" data-full-image=\"https:\/\/www.geertjehansen.it\/wp-content\/uploads\/2021\/04\/piazza-pitti.jpg\" data-light-image=\"https:\/\/www.geertjehansen.it\/wp-content\/uploads\/2021\/04\/piazza-pitti.jpg\" data-id=\"942\" data-link=\"http:\/\/www.geertjehansen.it\/pt-br\/home\/tours\/os-medici\/piazza-pitti-2\/\" class=\"lazy wp-image-942undefined\" data-srcset=\"https:\/\/www.geertjehansen.it\/wp-content\/uploads\/2021\/04\/piazza-pitti.jpg 1000w, https:\/\/www.geertjehansen.it\/wp-content\/uploads\/2021\/04\/piazza-pitti-300x225.jpg 300w, https:\/\/www.geertjehansen.it\/wp-content\/uploads\/2021\/04\/piazza-pitti-768x576.jpg 768w, https:\/\/www.geertjehansen.it\/wp-content\/uploads\/2021\/04\/piazza-pitti-150x113.jpg 150w\" sizes=\"auto, (max-width: 1000px) 100vw, 1000px\" \/><\/div><\/div><\/a><\/figure><\/div><\/li><\/ul><\/div>\n","protected":false},"excerpt":{"rendered":"<p>A fam\u00edlia Medici \u00e9 provavelmente uma das mais fascinantes fam\u00edlias da Hist\u00f3ria Europeia. Tendo controlado Floren\u00e7a, e posteriormente a Toscana, durante cerca de tr\u00eas s\u00e9culos, os Medici deram forma \u00e0 pol\u00edtica e arte italiana por muito tempo. Durante este passeio pelos Pal\u00e1cios em que viveram e pelos edif\u00edcios religiosos que financiaram para celebrar a sua [&hellip;]<\/p>\n","protected":false},"author":1,"featured_media":904,"parent":259,"menu_order":25,"comment_status":"closed","ping_status":"closed","template":"","meta":{"_acf_changed":false,"footnotes":""},"class_list":["post-263","page","type-page","status-publish","has-post-thumbnail","hentry"],"acf":[],"yoast_head":"<!-- This site is optimized with the Yoast SEO plugin v24.9 - https:\/\/yoast.com\/wordpress\/plugins\/seo\/ -->\n<title>Os Medici | Geertje Hansen | Guia tur\u00edstica Floren\u00e7a<\/title>\n<meta name=\"description\" content=\"Vamos contar hist\u00f2rias da fam\u00edlia Medici que foi provavelmente uma das mais fascinantes fam\u00edlias governantes de Europa\" \/>\n<meta name=\"robots\" content=\"index, follow, max-snippet:-1, max-image-preview:large, max-video-preview:-1\" \/>\n<link rel=\"canonical\" href=\"https:\/\/www.geertjehansen.it\/pt-br\/home\/tours\/os-medici\/\" \/>\n<meta property=\"og:locale\" content=\"pt_BR\" \/>\n<meta property=\"og:type\" content=\"article\" \/>\n<meta property=\"og:title\" content=\"Os Medici | Geertje Hansen | Guia tur\u00edstica Floren\u00e7a\" \/>\n<meta property=\"og:description\" content=\"Vamos contar hist\u00f2rias da fam\u00edlia Medici que foi provavelmente uma das mais fascinantes fam\u00edlias governantes de Europa\" \/>\n<meta property=\"og:url\" content=\"https:\/\/www.geertjehansen.it\/pt-br\/home\/tours\/os-medici\/\" \/>\n<meta property=\"og:site_name\" content=\"Geertje Hansen\" \/>\n<meta property=\"article:modified_time\" content=\"2021-05-25T10:23:06+00:00\" \/>\n<meta property=\"og:image\" content=\"https:\/\/www.geertjehansen.it\/wp-content\/uploads\/2021\/04\/stemma-medici.jpg\" \/>\n\t<meta property=\"og:image:width\" content=\"1000\" \/>\n\t<meta property=\"og:image:height\" content=\"1468\" \/>\n\t<meta property=\"og:image:type\" content=\"image\/jpeg\" \/>\n<meta name=\"twitter:card\" content=\"summary_large_image\" \/>\n<meta name=\"twitter:label1\" content=\"Est. tempo de leitura\" \/>\n\t<meta name=\"twitter:data1\" content=\"2 minutos\" \/>\n<script type=\"application\/ld+json\" class=\"yoast-schema-graph\">{\"@context\":\"https:\/\/schema.org\",\"@graph\":[{\"@type\":\"WebPage\",\"@id\":\"https:\/\/www.geertjehansen.it\/pt-br\/home\/tours\/os-medici\/\",\"url\":\"https:\/\/www.geertjehansen.it\/pt-br\/home\/tours\/os-medici\/\",\"name\":\"Os Medici | Geertje Hansen | Guia tur\u00edstica Floren\u00e7a\",\"isPartOf\":{\"@id\":\"https:\/\/www.geertjehansen.it\/pt-br\/#website\"},\"primaryImageOfPage\":{\"@id\":\"https:\/\/www.geertjehansen.it\/pt-br\/home\/tours\/os-medici\/#primaryimage\"},\"image\":{\"@id\":\"https:\/\/www.geertjehansen.it\/pt-br\/home\/tours\/os-medici\/#primaryimage\"},\"thumbnailUrl\":\"https:\/\/www.geertjehansen.it\/wp-content\/uploads\/2021\/04\/stemma-medici.jpg\",\"datePublished\":\"2021-03-29T13:35:31+00:00\",\"dateModified\":\"2021-05-25T10:23:06+00:00\",\"description\":\"Vamos contar hist\u00f2rias da fam\u00edlia Medici que foi provavelmente uma das mais fascinantes fam\u00edlias governantes de Europa\",\"breadcrumb\":{\"@id\":\"https:\/\/www.geertjehansen.it\/pt-br\/home\/tours\/os-medici\/#breadcrumb\"},\"inLanguage\":\"pt-BR\",\"potentialAction\":[{\"@type\":\"ReadAction\",\"target\":[\"https:\/\/www.geertjehansen.it\/pt-br\/home\/tours\/os-medici\/\"]}]},{\"@type\":\"ImageObject\",\"inLanguage\":\"pt-BR\",\"@id\":\"https:\/\/www.geertjehansen.it\/pt-br\/home\/tours\/os-medici\/#primaryimage\",\"url\":\"https:\/\/www.geertjehansen.it\/wp-content\/uploads\/2021\/04\/stemma-medici.jpg\",\"contentUrl\":\"https:\/\/www.geertjehansen.it\/wp-content\/uploads\/2021\/04\/stemma-medici.jpg\",\"width\":1000,\"height\":1468},{\"@type\":\"BreadcrumbList\",\"@id\":\"https:\/\/www.geertjehansen.it\/pt-br\/home\/tours\/os-medici\/#breadcrumb\",\"itemListElement\":[{\"@type\":\"ListItem\",\"position\":1,\"name\":\"Home\",\"item\":\"https:\/\/www.geertjehansen.it\/pt-br\/\"},{\"@type\":\"ListItem\",\"position\":2,\"name\":\"Home\",\"item\":\"https:\/\/www.geertjehansen.it\/pt-br\/\"},{\"@type\":\"ListItem\",\"position\":3,\"name\":\"Tours\",\"item\":\"https:\/\/www.geertjehansen.it\/pt-br\/home\/tours\/\"},{\"@type\":\"ListItem\",\"position\":4,\"name\":\"Os Medici\"}]},{\"@type\":\"WebSite\",\"@id\":\"https:\/\/www.geertjehansen.it\/pt-br\/#website\",\"url\":\"https:\/\/www.geertjehansen.it\/pt-br\/\",\"name\":\"Geertje Hansen\",\"description\":\"Florence Tour Guide\",\"publisher\":{\"@id\":\"https:\/\/www.geertjehansen.it\/pt-br\/#organization\"},\"potentialAction\":[{\"@type\":\"SearchAction\",\"target\":{\"@type\":\"EntryPoint\",\"urlTemplate\":\"https:\/\/www.geertjehansen.it\/pt-br\/?s={search_term_string}\"},\"query-input\":{\"@type\":\"PropertyValueSpecification\",\"valueRequired\":true,\"valueName\":\"search_term_string\"}}],\"inLanguage\":\"pt-BR\"},{\"@type\":\"Organization\",\"@id\":\"https:\/\/www.geertjehansen.it\/pt-br\/#organization\",\"name\":\"Geertje Hansen\",\"url\":\"https:\/\/www.geertjehansen.it\/pt-br\/\",\"logo\":{\"@type\":\"ImageObject\",\"inLanguage\":\"pt-BR\",\"@id\":\"https:\/\/www.geertjehansen.it\/pt-br\/#\/schema\/logo\/image\/\",\"url\":\"https:\/\/www.geertjehansen.it\/wp-content\/uploads\/2021\/04\/geertje-hansen-logo.png\",\"contentUrl\":\"https:\/\/www.geertjehansen.it\/wp-content\/uploads\/2021\/04\/geertje-hansen-logo.png\",\"width\":465,\"height\":136,\"caption\":\"Geertje Hansen\"},\"image\":{\"@id\":\"https:\/\/www.geertjehansen.it\/pt-br\/#\/schema\/logo\/image\/\"}}]}<\/script>\n<!-- \/ Yoast SEO plugin. -->","yoast_head_json":{"title":"Os Medici | Geertje Hansen | Guia tur\u00edstica Floren\u00e7a","description":"Vamos contar hist\u00f2rias da fam\u00edlia Medici que foi provavelmente uma das mais fascinantes fam\u00edlias governantes de Europa","robots":{"index":"index","follow":"follow","max-snippet":"max-snippet:-1","max-image-preview":"max-image-preview:large","max-video-preview":"max-video-preview:-1"},"canonical":"https:\/\/www.geertjehansen.it\/pt-br\/home\/tours\/os-medici\/","og_locale":"pt_BR","og_type":"article","og_title":"Os Medici | Geertje Hansen | Guia tur\u00edstica Floren\u00e7a","og_description":"Vamos contar hist\u00f2rias da fam\u00edlia Medici que foi provavelmente uma das mais fascinantes fam\u00edlias governantes de Europa","og_url":"https:\/\/www.geertjehansen.it\/pt-br\/home\/tours\/os-medici\/","og_site_name":"Geertje Hansen","article_modified_time":"2021-05-25T10:23:06+00:00","og_image":[{"width":1000,"height":1468,"url":"https:\/\/www.geertjehansen.it\/wp-content\/uploads\/2021\/04\/stemma-medici.jpg","type":"image\/jpeg"}],"twitter_card":"summary_large_image","twitter_misc":{"Est. tempo de leitura":"2 minutos"},"schema":{"@context":"https:\/\/schema.org","@graph":[{"@type":"WebPage","@id":"https:\/\/www.geertjehansen.it\/pt-br\/home\/tours\/os-medici\/","url":"https:\/\/www.geertjehansen.it\/pt-br\/home\/tours\/os-medici\/","name":"Os Medici | Geertje Hansen | Guia tur\u00edstica Floren\u00e7a","isPartOf":{"@id":"https:\/\/www.geertjehansen.it\/pt-br\/#website"},"primaryImageOfPage":{"@id":"https:\/\/www.geertjehansen.it\/pt-br\/home\/tours\/os-medici\/#primaryimage"},"image":{"@id":"https:\/\/www.geertjehansen.it\/pt-br\/home\/tours\/os-medici\/#primaryimage"},"thumbnailUrl":"https:\/\/www.geertjehansen.it\/wp-content\/uploads\/2021\/04\/stemma-medici.jpg","datePublished":"2021-03-29T13:35:31+00:00","dateModified":"2021-05-25T10:23:06+00:00","description":"Vamos contar hist\u00f2rias da fam\u00edlia Medici que foi provavelmente uma das mais fascinantes fam\u00edlias governantes de Europa","breadcrumb":{"@id":"https:\/\/www.geertjehansen.it\/pt-br\/home\/tours\/os-medici\/#breadcrumb"},"inLanguage":"pt-BR","potentialAction":[{"@type":"ReadAction","target":["https:\/\/www.geertjehansen.it\/pt-br\/home\/tours\/os-medici\/"]}]},{"@type":"ImageObject","inLanguage":"pt-BR","@id":"https:\/\/www.geertjehansen.it\/pt-br\/home\/tours\/os-medici\/#primaryimage","url":"https:\/\/www.geertjehansen.it\/wp-content\/uploads\/2021\/04\/stemma-medici.jpg","contentUrl":"https:\/\/www.geertjehansen.it\/wp-content\/uploads\/2021\/04\/stemma-medici.jpg","width":1000,"height":1468},{"@type":"BreadcrumbList","@id":"https:\/\/www.geertjehansen.it\/pt-br\/home\/tours\/os-medici\/#breadcrumb","itemListElement":[{"@type":"ListItem","position":1,"name":"Home","item":"https:\/\/www.geertjehansen.it\/pt-br\/"},{"@type":"ListItem","position":2,"name":"Home","item":"https:\/\/www.geertjehansen.it\/pt-br\/"},{"@type":"ListItem","position":3,"name":"Tours","item":"https:\/\/www.geertjehansen.it\/pt-br\/home\/tours\/"},{"@type":"ListItem","position":4,"name":"Os Medici"}]},{"@type":"WebSite","@id":"https:\/\/www.geertjehansen.it\/pt-br\/#website","url":"https:\/\/www.geertjehansen.it\/pt-br\/","name":"Geertje Hansen","description":"Florence Tour Guide","publisher":{"@id":"https:\/\/www.geertjehansen.it\/pt-br\/#organization"},"potentialAction":[{"@type":"SearchAction","target":{"@type":"EntryPoint","urlTemplate":"https:\/\/www.geertjehansen.it\/pt-br\/?s={search_term_string}"},"query-input":{"@type":"PropertyValueSpecification","valueRequired":true,"valueName":"search_term_string"}}],"inLanguage":"pt-BR"},{"@type":"Organization","@id":"https:\/\/www.geertjehansen.it\/pt-br\/#organization","name":"Geertje Hansen","url":"https:\/\/www.geertjehansen.it\/pt-br\/","logo":{"@type":"ImageObject","inLanguage":"pt-BR","@id":"https:\/\/www.geertjehansen.it\/pt-br\/#\/schema\/logo\/image\/","url":"https:\/\/www.geertjehansen.it\/wp-content\/uploads\/2021\/04\/geertje-hansen-logo.png","contentUrl":"https:\/\/www.geertjehansen.it\/wp-content\/uploads\/2021\/04\/geertje-hansen-logo.png","width":465,"height":136,"caption":"Geertje Hansen"},"image":{"@id":"https:\/\/www.geertjehansen.it\/pt-br\/#\/schema\/logo\/image\/"}}]}},"_links":{"self":[{"href":"https:\/\/www.geertjehansen.it\/pt-br\/wp-json\/wp\/v2\/pages\/263","targetHints":{"allow":["GET"]}}],"collection":[{"href":"https:\/\/www.geertjehansen.it\/pt-br\/wp-json\/wp\/v2\/pages"}],"about":[{"href":"https:\/\/www.geertjehansen.it\/pt-br\/wp-json\/wp\/v2\/types\/page"}],"author":[{"embeddable":true,"href":"https:\/\/www.geertjehansen.it\/pt-br\/wp-json\/wp\/v2\/users\/1"}],"replies":[{"embeddable":true,"href":"https:\/\/www.geertjehansen.it\/pt-br\/wp-json\/wp\/v2\/comments?post=263"}],"version-history":[{"count":6,"href":"https:\/\/www.geertjehansen.it\/pt-br\/wp-json\/wp\/v2\/pages\/263\/revisions"}],"predecessor-version":[{"id":1617,"href":"https:\/\/www.geertjehansen.it\/pt-br\/wp-json\/wp\/v2\/pages\/263\/revisions\/1617"}],"up":[{"embeddable":true,"href":"https:\/\/www.geertjehansen.it\/pt-br\/wp-json\/wp\/v2\/pages\/259"}],"wp:featuredmedia":[{"embeddable":true,"href":"https:\/\/www.geertjehansen.it\/pt-br\/wp-json\/wp\/v2\/media\/904"}],"wp:attachment":[{"href":"https:\/\/www.geertjehansen.it\/pt-br\/wp-json\/wp\/v2\/media?parent=263"}],"curies":[{"name":"wp","href":"https:\/\/api.w.org\/{rel}","templated":true}]}}