{"id":250,"date":"2021-03-29T15:19:10","date_gmt":"2021-03-29T13:19:10","guid":{"rendered":"http:\/\/www.geertjehansen.it\/?page_id=250"},"modified":"2021-05-17T13:43:42","modified_gmt":"2021-05-17T11:43:42","slug":"kueche-und-handwerk","status":"publish","type":"page","link":"https:\/\/www.geertjehansen.it\/de\/home\/die-touren\/kueche-und-handwerk\/","title":{"rendered":"K\u00fcche und Handwerk"},"content":{"rendered":"\n<p>Wie w\u00e4re es, eine Stadt-Besichtigung mit einem Besuch auf dem Wochen-Markt zu verbinden, um sich anhand der angebotenen Waren einen Einblick in die Cucina Italiana (Italienische K\u00fcche)zu verschaffen. K\u00f6nnte Sie ein Aperitif, bestehend aus typischem K\u00e4se, \u00f6rtlichem Schinken und einem Glas guten toskanischen Weins, reizen? Oder haben Sie vielleicht eher Sehnsucht nach einem echten, weltweit so ber\u00fchmten, hausgemachten italienischen Eis?<br><br>Die Dauer dieser Tour betr\u00e4gt etwa 3 Stunden (die L\u00e4nge h\u00e4ngt davon ab, wie viele Weine Sie probieren m\u00f6chten!)<\/p>\n\n\n<style>.wp-block-kadence-advancedgallery .kb-gallery-type-grid.kb-gallery-id-_2cbfcd-45{margin:-5px;}.kb-gallery-type-grid.kb-gallery-id-_2cbfcd-45 .kadence-blocks-gallery-item{padding:5px;}.kb-gallery-id-_2cbfcd-45 .kadence-blocks-gallery-item .kb-gal-image-radius{border-radius:0px 0px 0px 0px;}<\/style>\n<div class=\"wp-block-kadence-advancedgallery kb-gallery-wrap-id-_2cbfcd-45\"><ul class=\"kb-gallery-ul kb-gallery-type-grid kb-gallery-id-_2cbfcd-45 kb-gallery-caption-style-bottom-hover kb-gallery-filter-none kb-gallery-magnific-init\" data-item-selector=\".kadence-blocks-gallery-item\" data-image-filter=\"none\" data-lightbox-caption=\"true\" data-columns-xxl=\"3\" data-columns-xl=\"3\" data-columns-lg=\"3\" data-columns-md=\"2\" data-columns-sm=\"1\" data-columns-xs=\"1\"><li class=\"kadence-blocks-gallery-item\"><div class=\"kadence-blocks-gallery-item-inner\"><figure class=\"kb-gallery-figure kb-gallery-item-has-link kadence-blocks-gallery-item-hide-caption kb-has-image-ratio-land32\"><a href=\"http:\/\/www.geertjehansen.it\/wp-content\/uploads\/2021\/04\/mercato-centrale-firenze.jpg\" class=\"kb-gallery-item-link\"><div class=\"kb-gal-image-radius\"><div class=\"kb-gallery-image-contain kadence-blocks-gallery-intrinsic kb-gallery-image-ratio-land32\"><img loading=\"lazy\" decoding=\"async\" width=\"1000\" height=\"750\" src=\"https:\/\/www.geertjehansen.it\/wp-content\/themes\/webag_3\/templates-default\/img\/t.png\" data-src=\"http:\/\/www.geertjehansen.it\/wp-content\/uploads\/2021\/04\/mercato-centrale-firenze.jpg\" alt=\"Secondo piano del mercato centrale di Firenze\" data-full-image=\"http:\/\/www.geertjehansen.it\/wp-content\/uploads\/2021\/04\/mercato-centrale-firenze.jpg\" data-light-image=\"http:\/\/www.geertjehansen.it\/wp-content\/uploads\/2021\/04\/mercato-centrale-firenze.jpg\" data-id=\"1240\" data-link=\"http:\/\/www.geertjehansen.it\/de\/home\/die-touren\/kueche-und-handwerk\/mercato-centrale-firenze-2\/\" class=\"lazy wp-image-1240undefined\" data-srcset=\"https:\/\/www.geertjehansen.it\/wp-content\/uploads\/2021\/04\/mercato-centrale-firenze.jpg 1000w, https:\/\/www.geertjehansen.it\/wp-content\/uploads\/2021\/04\/mercato-centrale-firenze-300x225.jpg 300w, https:\/\/www.geertjehansen.it\/wp-content\/uploads\/2021\/04\/mercato-centrale-firenze-768x576.jpg 768w, https:\/\/www.geertjehansen.it\/wp-content\/uploads\/2021\/04\/mercato-centrale-firenze-150x113.jpg 150w\" sizes=\"auto, (max-width: 1000px) 100vw, 1000px\" \/><\/div><\/div><\/a><\/figure><\/div><\/li><li class=\"kadence-blocks-gallery-item\"><div class=\"kadence-blocks-gallery-item-inner\"><figure class=\"kb-gallery-figure kb-gallery-item-has-link kadence-blocks-gallery-item-hide-caption kb-has-image-ratio-land32\"><a href=\"http:\/\/www.geertjehansen.it\/wp-content\/uploads\/2021\/04\/macelleria-mercato-centrale-firenze.jpg\" class=\"kb-gallery-item-link\"><div class=\"kb-gal-image-radius\"><div class=\"kb-gallery-image-contain kadence-blocks-gallery-intrinsic kb-gallery-image-ratio-land32\"><img loading=\"lazy\" decoding=\"async\" src=\"https:\/\/www.geertjehansen.it\/wp-content\/themes\/webag_3\/templates-default\/img\/t.png\" data-src=\"http:\/\/www.geertjehansen.it\/wp-content\/uploads\/2021\/04\/macelleria-mercato-centrale-firenze-768x1024.jpg\" width=\"768\" height=\"1024\" alt=\"Macelleeria del Mercato Centrale di Firenze\" data-full-image=\"http:\/\/www.geertjehansen.it\/wp-content\/uploads\/2021\/04\/macelleria-mercato-centrale-firenze.jpg\" data-light-image=\"http:\/\/www.geertjehansen.it\/wp-content\/uploads\/2021\/04\/macelleria-mercato-centrale-firenze.jpg\" data-id=\"1270\" data-link=\"http:\/\/www.geertjehansen.it\/de\/home\/die-touren\/kueche-und-handwerk\/macelleria-mercato-centrale-firenze-2\/\" class=\"lazy wp-image-1270undefined\" data-srcset=\"https:\/\/www.geertjehansen.it\/wp-content\/uploads\/2021\/04\/macelleria-mercato-centrale-firenze-768x1024.jpg 768w, https:\/\/www.geertjehansen.it\/wp-content\/uploads\/2021\/04\/macelleria-mercato-centrale-firenze-225x300.jpg 225w, https:\/\/www.geertjehansen.it\/wp-content\/uploads\/2021\/04\/macelleria-mercato-centrale-firenze-113x150.jpg 113w, https:\/\/www.geertjehansen.it\/wp-content\/uploads\/2021\/04\/macelleria-mercato-centrale-firenze.jpg 1000w\" sizes=\"auto, (max-width: 768px) 100vw, 768px\" \/><\/div><\/div><\/a><\/figure><\/div><\/li><li class=\"kadence-blocks-gallery-item\"><div class=\"kadence-blocks-gallery-item-inner\"><figure class=\"kb-gallery-figure kb-gallery-item-has-link kadence-blocks-gallery-item-hide-caption kb-has-image-ratio-land32\"><a href=\"http:\/\/www.geertjehansen.it\/wp-content\/uploads\/2021\/04\/mercato-sant-ambrogio-firenze.jpg\" class=\"kb-gallery-item-link\"><div class=\"kb-gal-image-radius\"><div class=\"kb-gallery-image-contain kadence-blocks-gallery-intrinsic kb-gallery-image-ratio-land32\"><img loading=\"lazy\" decoding=\"async\" width=\"1000\" height=\"750\" src=\"https:\/\/www.geertjehansen.it\/wp-content\/themes\/webag_3\/templates-default\/img\/t.png\" data-src=\"http:\/\/www.geertjehansen.it\/wp-content\/uploads\/2021\/04\/mercato-sant-ambrogio-firenze.jpg\" alt=\"bancarelle mercato ortofrutticolo di Sant'Ambrogio\" data-full-image=\"http:\/\/www.geertjehansen.it\/wp-content\/uploads\/2021\/04\/mercato-sant-ambrogio-firenze.jpg\" data-light-image=\"http:\/\/www.geertjehansen.it\/wp-content\/uploads\/2021\/04\/mercato-sant-ambrogio-firenze.jpg\" data-id=\"1275\" data-link=\"http:\/\/www.geertjehansen.it\/de\/home\/die-touren\/kueche-und-handwerk\/mercato-sant-ambrogio-firenze-2\/\" class=\"lazy wp-image-1275undefined\" data-srcset=\"https:\/\/www.geertjehansen.it\/wp-content\/uploads\/2021\/04\/mercato-sant-ambrogio-firenze.jpg 1000w, https:\/\/www.geertjehansen.it\/wp-content\/uploads\/2021\/04\/mercato-sant-ambrogio-firenze-300x225.jpg 300w, https:\/\/www.geertjehansen.it\/wp-content\/uploads\/2021\/04\/mercato-sant-ambrogio-firenze-768x576.jpg 768w, https:\/\/www.geertjehansen.it\/wp-content\/uploads\/2021\/04\/mercato-sant-ambrogio-firenze-150x113.jpg 150w\" sizes=\"auto, (max-width: 1000px) 100vw, 1000px\" \/><\/div><\/div><\/a><\/figure><\/div><\/li><li class=\"kadence-blocks-gallery-item\"><div class=\"kadence-blocks-gallery-item-inner\"><figure class=\"kb-gallery-figure kb-gallery-item-has-link kadence-blocks-gallery-item-hide-caption kb-has-image-ratio-land32\"><a href=\"http:\/\/www.geertjehansen.it\/wp-content\/uploads\/2021\/04\/bancarella-fiori-firenze.jpg\" class=\"kb-gallery-item-link\"><div class=\"kb-gal-image-radius\"><div class=\"kb-gallery-image-contain kadence-blocks-gallery-intrinsic kb-gallery-image-ratio-land32\"><img loading=\"lazy\" decoding=\"async\" width=\"1000\" height=\"750\" src=\"https:\/\/www.geertjehansen.it\/wp-content\/themes\/webag_3\/templates-default\/img\/t.png\" data-src=\"http:\/\/www.geertjehansen.it\/wp-content\/uploads\/2021\/04\/bancarella-fiori-firenze.jpg\" alt=\"bancarella di fiori a Firenze\" data-full-image=\"http:\/\/www.geertjehansen.it\/wp-content\/uploads\/2021\/04\/bancarella-fiori-firenze.jpg\" data-light-image=\"http:\/\/www.geertjehansen.it\/wp-content\/uploads\/2021\/04\/bancarella-fiori-firenze.jpg\" data-id=\"1230\" data-link=\"http:\/\/www.geertjehansen.it\/de\/home\/die-touren\/kueche-und-handwerk\/bancarella-fiori-firenze-2\/\" class=\"lazy wp-image-1230undefined\" data-srcset=\"https:\/\/www.geertjehansen.it\/wp-content\/uploads\/2021\/04\/bancarella-fiori-firenze.jpg 1000w, https:\/\/www.geertjehansen.it\/wp-content\/uploads\/2021\/04\/bancarella-fiori-firenze-300x225.jpg 300w, https:\/\/www.geertjehansen.it\/wp-content\/uploads\/2021\/04\/bancarella-fiori-firenze-768x576.jpg 768w, https:\/\/www.geertjehansen.it\/wp-content\/uploads\/2021\/04\/bancarella-fiori-firenze-150x113.jpg 150w\" sizes=\"auto, (max-width: 1000px) 100vw, 1000px\" \/><\/div><\/div><\/a><\/figure><\/div><\/li><li class=\"kadence-blocks-gallery-item\"><div class=\"kadence-blocks-gallery-item-inner\"><figure class=\"kb-gallery-figure kb-gallery-item-has-link kadence-blocks-gallery-item-hide-caption kb-has-image-ratio-land32\"><a href=\"http:\/\/www.geertjehansen.it\/wp-content\/uploads\/2021\/03\/food-and-art-tours-geertjehansen.jpg\" class=\"kb-gallery-item-link\"><div class=\"kb-gal-image-radius\"><div class=\"kb-gallery-image-contain kadence-blocks-gallery-intrinsic kb-gallery-image-ratio-land32\"><img loading=\"lazy\" decoding=\"async\" width=\"1000\" height=\"667\" src=\"https:\/\/www.geertjehansen.it\/wp-content\/themes\/webag_3\/templates-default\/img\/t.png\" data-src=\"http:\/\/www.geertjehansen.it\/wp-content\/uploads\/2021\/03\/food-and-art-tours-geertjehansen.jpg\" alt=\"Food and Art \" data-full-image=\"http:\/\/www.geertjehansen.it\/wp-content\/uploads\/2021\/03\/food-and-art-tours-geertjehansen.jpg\" data-light-image=\"http:\/\/www.geertjehansen.it\/wp-content\/uploads\/2021\/03\/food-and-art-tours-geertjehansen.jpg\" data-id=\"334\" data-link=\"http:\/\/www.geertjehansen.it\/de\/food-and-art-tours-geertjehansen-2\/\" class=\"lazy wp-image-334undefined\" data-srcset=\"https:\/\/www.geertjehansen.it\/wp-content\/uploads\/2021\/03\/food-and-art-tours-geertjehansen.jpg 1000w, https:\/\/www.geertjehansen.it\/wp-content\/uploads\/2021\/03\/food-and-art-tours-geertjehansen-300x200.jpg 300w, https:\/\/www.geertjehansen.it\/wp-content\/uploads\/2021\/03\/food-and-art-tours-geertjehansen-768x512.jpg 768w, https:\/\/www.geertjehansen.it\/wp-content\/uploads\/2021\/03\/food-and-art-tours-geertjehansen-150x100.jpg 150w\" sizes=\"auto, (max-width: 1000px) 100vw, 1000px\" \/><\/div><\/div><\/a><\/figure><\/div><\/li><li class=\"kadence-blocks-gallery-item\"><div class=\"kadence-blocks-gallery-item-inner\"><figure class=\"kb-gallery-figure kb-gallery-item-has-link kadence-blocks-gallery-item-hide-caption kb-has-image-ratio-land32\"><a href=\"http:\/\/www.geertjehansen.it\/wp-content\/uploads\/2021\/04\/damigiane-firenze.jpg\" class=\"kb-gallery-item-link\"><div class=\"kb-gal-image-radius\"><div class=\"kb-gallery-image-contain kadence-blocks-gallery-intrinsic kb-gallery-image-ratio-land32\"><img loading=\"lazy\" decoding=\"async\" width=\"1000\" height=\"750\" src=\"https:\/\/www.geertjehansen.it\/wp-content\/themes\/webag_3\/templates-default\/img\/t.png\" data-src=\"http:\/\/www.geertjehansen.it\/wp-content\/uploads\/2021\/04\/damigiane-firenze.jpg\" alt=\"Damigiane, vino Firenze\" data-full-image=\"http:\/\/www.geertjehansen.it\/wp-content\/uploads\/2021\/04\/damigiane-firenze.jpg\" data-light-image=\"http:\/\/www.geertjehansen.it\/wp-content\/uploads\/2021\/04\/damigiane-firenze.jpg\" data-id=\"1235\" data-link=\"http:\/\/www.geertjehansen.it\/de\/home\/die-touren\/kueche-und-handwerk\/damigiane-firenze-2\/\" class=\"lazy wp-image-1235undefined\" data-srcset=\"https:\/\/www.geertjehansen.it\/wp-content\/uploads\/2021\/04\/damigiane-firenze.jpg 1000w, https:\/\/www.geertjehansen.it\/wp-content\/uploads\/2021\/04\/damigiane-firenze-300x225.jpg 300w, https:\/\/www.geertjehansen.it\/wp-content\/uploads\/2021\/04\/damigiane-firenze-768x576.jpg 768w, https:\/\/www.geertjehansen.it\/wp-content\/uploads\/2021\/04\/damigiane-firenze-150x113.jpg 150w\" sizes=\"auto, (max-width: 1000px) 100vw, 1000px\" \/><\/div><\/div><\/a><\/figure><\/div><\/li><li class=\"kadence-blocks-gallery-item\"><div class=\"kadence-blocks-gallery-item-inner\"><figure class=\"kb-gallery-figure kb-gallery-item-has-link kadence-blocks-gallery-item-hide-caption kb-has-image-ratio-land32\"><a href=\"http:\/\/www.geertjehansen.it\/wp-content\/uploads\/2021\/04\/pasta-fresca-firenze.jpg\" class=\"kb-gallery-item-link\"><div class=\"kb-gal-image-radius\"><div class=\"kb-gallery-image-contain kadence-blocks-gallery-intrinsic kb-gallery-image-ratio-land32\"><img loading=\"lazy\" decoding=\"async\" width=\"1000\" height=\"750\" src=\"https:\/\/www.geertjehansen.it\/wp-content\/themes\/webag_3\/templates-default\/img\/t.png\" data-src=\"http:\/\/www.geertjehansen.it\/wp-content\/uploads\/2021\/04\/pasta-fresca-firenze.jpg\" alt=\"Pasta fresca, mangiare a Firenze\" data-full-image=\"http:\/\/www.geertjehansen.it\/wp-content\/uploads\/2021\/04\/pasta-fresca-firenze.jpg\" data-light-image=\"http:\/\/www.geertjehansen.it\/wp-content\/uploads\/2021\/04\/pasta-fresca-firenze.jpg\" data-id=\"1245\" data-link=\"http:\/\/www.geertjehansen.it\/de\/home\/die-touren\/kueche-und-handwerk\/pasta-fresca-firenze-2\/\" class=\"lazy wp-image-1245undefined\" data-srcset=\"https:\/\/www.geertjehansen.it\/wp-content\/uploads\/2021\/04\/pasta-fresca-firenze.jpg 1000w, https:\/\/www.geertjehansen.it\/wp-content\/uploads\/2021\/04\/pasta-fresca-firenze-300x225.jpg 300w, https:\/\/www.geertjehansen.it\/wp-content\/uploads\/2021\/04\/pasta-fresca-firenze-768x576.jpg 768w, https:\/\/www.geertjehansen.it\/wp-content\/uploads\/2021\/04\/pasta-fresca-firenze-150x113.jpg 150w\" sizes=\"auto, (max-width: 1000px) 100vw, 1000px\" \/><\/div><\/div><\/a><\/figure><\/div><\/li><li class=\"kadence-blocks-gallery-item\"><div class=\"kadence-blocks-gallery-item-inner\"><figure class=\"kb-gallery-figure kb-gallery-item-has-link kadence-blocks-gallery-item-hide-caption kb-has-image-ratio-land32\"><a href=\"http:\/\/www.geertjehansen.it\/wp-content\/uploads\/2021\/04\/via-delle-farine-firenze.jpg\" class=\"kb-gallery-item-link\"><div class=\"kb-gal-image-radius\"><div class=\"kb-gallery-image-contain kadence-blocks-gallery-intrinsic kb-gallery-image-ratio-land32\"><img loading=\"lazy\" decoding=\"async\" width=\"1000\" height=\"750\" src=\"https:\/\/www.geertjehansen.it\/wp-content\/themes\/webag_3\/templates-default\/img\/t.png\" data-src=\"http:\/\/www.geertjehansen.it\/wp-content\/uploads\/2021\/04\/via-delle-farine-firenze.jpg\" alt=\"Via delle Farine, Firenze centro storico\" data-full-image=\"http:\/\/www.geertjehansen.it\/wp-content\/uploads\/2021\/04\/via-delle-farine-firenze.jpg\" data-light-image=\"http:\/\/www.geertjehansen.it\/wp-content\/uploads\/2021\/04\/via-delle-farine-firenze.jpg\" data-id=\"1255\" data-link=\"http:\/\/www.geertjehansen.it\/de\/home\/die-touren\/kueche-und-handwerk\/via-delle-farine-firenze-2\/\" class=\"lazy wp-image-1255undefined\" data-srcset=\"https:\/\/www.geertjehansen.it\/wp-content\/uploads\/2021\/04\/via-delle-farine-firenze.jpg 1000w, https:\/\/www.geertjehansen.it\/wp-content\/uploads\/2021\/04\/via-delle-farine-firenze-300x225.jpg 300w, https:\/\/www.geertjehansen.it\/wp-content\/uploads\/2021\/04\/via-delle-farine-firenze-768x576.jpg 768w, https:\/\/www.geertjehansen.it\/wp-content\/uploads\/2021\/04\/via-delle-farine-firenze-150x113.jpg 150w\" sizes=\"auto, (max-width: 1000px) 100vw, 1000px\" \/><\/div><\/div><\/a><\/figure><\/div><\/li><li class=\"kadence-blocks-gallery-item\"><div class=\"kadence-blocks-gallery-item-inner\"><figure class=\"kb-gallery-figure kb-gallery-item-has-link kadence-blocks-gallery-item-hide-caption kb-has-image-ratio-land32\"><a href=\"http:\/\/www.geertjehansen.it\/wp-content\/uploads\/2021\/04\/vetrina-artigianato-locale-firenze.jpg\" class=\"kb-gallery-item-link\"><div class=\"kb-gal-image-radius\"><div class=\"kb-gallery-image-contain kadence-blocks-gallery-intrinsic kb-gallery-image-ratio-land32\"><img loading=\"lazy\" decoding=\"async\" width=\"1000\" height=\"750\" src=\"https:\/\/www.geertjehansen.it\/wp-content\/themes\/webag_3\/templates-default\/img\/t.png\" data-src=\"http:\/\/www.geertjehansen.it\/wp-content\/uploads\/2021\/04\/vetrina-artigianato-locale-firenze.jpg\" alt=\"Vetrina di un artigiano fiorentino\" data-full-image=\"http:\/\/www.geertjehansen.it\/wp-content\/uploads\/2021\/04\/vetrina-artigianato-locale-firenze.jpg\" data-light-image=\"http:\/\/www.geertjehansen.it\/wp-content\/uploads\/2021\/04\/vetrina-artigianato-locale-firenze.jpg\" data-id=\"1250\" data-link=\"http:\/\/www.geertjehansen.it\/de\/home\/die-touren\/kueche-und-handwerk\/vetrina-artigianato-locale-firenze-2\/\" class=\"lazy wp-image-1250undefined\" data-srcset=\"https:\/\/www.geertjehansen.it\/wp-content\/uploads\/2021\/04\/vetrina-artigianato-locale-firenze.jpg 1000w, https:\/\/www.geertjehansen.it\/wp-content\/uploads\/2021\/04\/vetrina-artigianato-locale-firenze-300x225.jpg 300w, https:\/\/www.geertjehansen.it\/wp-content\/uploads\/2021\/04\/vetrina-artigianato-locale-firenze-768x576.jpg 768w, https:\/\/www.geertjehansen.it\/wp-content\/uploads\/2021\/04\/vetrina-artigianato-locale-firenze-150x113.jpg 150w\" sizes=\"auto, (max-width: 1000px) 100vw, 1000px\" \/><\/div><\/div><\/a><\/figure><\/div><\/li><li class=\"kadence-blocks-gallery-item\"><div class=\"kadence-blocks-gallery-item-inner\"><figure class=\"kb-gallery-figure kb-gallery-item-has-link kadence-blocks-gallery-item-hide-caption kb-has-image-ratio-land32\"><a href=\"http:\/\/www.geertjehansen.it\/wp-content\/uploads\/2021\/04\/i-raddi-trattoria.jpg\" class=\"kb-gallery-item-link\"><div class=\"kb-gal-image-radius\"><div class=\"kb-gallery-image-contain kadence-blocks-gallery-intrinsic kb-gallery-image-ratio-land32\"><img loading=\"lazy\" decoding=\"async\" src=\"https:\/\/www.geertjehansen.it\/wp-content\/themes\/webag_3\/templates-default\/img\/t.png\" data-src=\"http:\/\/www.geertjehansen.it\/wp-content\/uploads\/2021\/04\/i-raddi-trattoria-768x1024.jpg\" width=\"768\" height=\"1024\" alt=\"ingresso del ristorante trattoria I'Raddi di Firenze\" data-full-image=\"http:\/\/www.geertjehansen.it\/wp-content\/uploads\/2021\/04\/i-raddi-trattoria.jpg\" data-light-image=\"http:\/\/www.geertjehansen.it\/wp-content\/uploads\/2021\/04\/i-raddi-trattoria.jpg\" data-id=\"1265\" data-link=\"http:\/\/www.geertjehansen.it\/de\/home\/die-touren\/kueche-und-handwerk\/i-raddi-trattoria-2\/\" class=\"lazy wp-image-1265undefined\" data-srcset=\"https:\/\/www.geertjehansen.it\/wp-content\/uploads\/2021\/04\/i-raddi-trattoria-768x1024.jpg 768w, https:\/\/www.geertjehansen.it\/wp-content\/uploads\/2021\/04\/i-raddi-trattoria-225x300.jpg 225w, https:\/\/www.geertjehansen.it\/wp-content\/uploads\/2021\/04\/i-raddi-trattoria-113x150.jpg 113w, https:\/\/www.geertjehansen.it\/wp-content\/uploads\/2021\/04\/i-raddi-trattoria.jpg 1000w\" sizes=\"auto, (max-width: 768px) 100vw, 768px\" \/><\/div><\/div><\/a><\/figure><\/div><\/li><li class=\"kadence-blocks-gallery-item\"><div class=\"kadence-blocks-gallery-item-inner\"><figure class=\"kb-gallery-figure kb-gallery-item-has-link kadence-blocks-gallery-item-hide-caption kb-has-image-ratio-land32\"><a href=\"http:\/\/www.geertjehansen.it\/wp-content\/uploads\/2021\/04\/artigianato-firenze.jpg\" class=\"kb-gallery-item-link\"><div class=\"kb-gal-image-radius\"><div class=\"kb-gallery-image-contain kadence-blocks-gallery-intrinsic kb-gallery-image-ratio-land32\"><img loading=\"lazy\" decoding=\"async\" src=\"https:\/\/www.geertjehansen.it\/wp-content\/themes\/webag_3\/templates-default\/img\/t.png\" data-src=\"http:\/\/www.geertjehansen.it\/wp-content\/uploads\/2021\/04\/artigianato-firenze-768x1024.jpg\" width=\"768\" height=\"1024\" alt=\"Artigianato Firenze, vetrata \" data-full-image=\"http:\/\/www.geertjehansen.it\/wp-content\/uploads\/2021\/04\/artigianato-firenze.jpg\" data-light-image=\"http:\/\/www.geertjehansen.it\/wp-content\/uploads\/2021\/04\/artigianato-firenze.jpg\" data-id=\"1260\" data-link=\"http:\/\/www.geertjehansen.it\/de\/home\/die-touren\/kueche-und-handwerk\/artigianato-firenze-2\/\" class=\"lazy wp-image-1260undefined\" data-srcset=\"https:\/\/www.geertjehansen.it\/wp-content\/uploads\/2021\/04\/artigianato-firenze-768x1024.jpg 768w, https:\/\/www.geertjehansen.it\/wp-content\/uploads\/2021\/04\/artigianato-firenze-225x300.jpg 225w, https:\/\/www.geertjehansen.it\/wp-content\/uploads\/2021\/04\/artigianato-firenze-113x150.jpg 113w, https:\/\/www.geertjehansen.it\/wp-content\/uploads\/2021\/04\/artigianato-firenze.jpg 1000w\" sizes=\"auto, (max-width: 768px) 100vw, 768px\" \/><\/div><\/div><\/a><\/figure><\/div><\/li><\/ul><\/div>\n","protected":false},"excerpt":{"rendered":"<p>Wie w\u00e4re es, eine Stadt-Besichtigung mit einem Besuch auf dem Wochen-Markt zu verbinden, um sich anhand der angebotenen Waren einen Einblick in die Cucina Italiana (Italienische K\u00fcche)zu verschaffen. K\u00f6nnte Sie ein Aperitif, bestehend aus typischem K\u00e4se, \u00f6rtlichem Schinken und einem Glas guten toskanischen Weins, reizen? Oder haben Sie vielleicht eher Sehnsucht nach einem echten, weltweit [&hellip;]<\/p>\n","protected":false},"author":1,"featured_media":1281,"parent":218,"menu_order":81,"comment_status":"closed","ping_status":"closed","template":"","meta":{"_acf_changed":false,"footnotes":""},"class_list":["post-250","page","type-page","status-publish","has-post-thumbnail","hentry"],"acf":[],"yoast_head":"<!-- This site is optimized with the Yoast SEO plugin v24.9 - https:\/\/yoast.com\/wordpress\/plugins\/seo\/ -->\n<title>K\u00fcche und Rundgang | Geertje Hansen | Stadtf\u00fchrerin Florenz<\/title>\n<meta name=\"description\" content=\"Bei einem Rundgang k\u00f6nnen Sie die Stadt und ihre kulinarischen Traditionen kennenlernen. Eine Entdeckungsreise rund durch typische Produkte der italienischen K\u00fcche.\" \/>\n<meta name=\"robots\" content=\"index, follow, max-snippet:-1, max-image-preview:large, max-video-preview:-1\" \/>\n<link rel=\"canonical\" href=\"https:\/\/www.geertjehansen.it\/de\/home\/die-touren\/kueche-und-handwerk\/\" \/>\n<meta property=\"og:locale\" content=\"de_DE\" \/>\n<meta property=\"og:type\" content=\"article\" \/>\n<meta property=\"og:title\" content=\"K\u00fcche und Rundgang | Geertje Hansen | Stadtf\u00fchrerin Florenz\" \/>\n<meta property=\"og:description\" content=\"Bei einem Rundgang k\u00f6nnen Sie die Stadt und ihre kulinarischen Traditionen kennenlernen. Eine Entdeckungsreise rund durch typische Produkte der italienischen K\u00fcche.\" \/>\n<meta property=\"og:url\" content=\"https:\/\/www.geertjehansen.it\/de\/home\/die-touren\/kueche-und-handwerk\/\" \/>\n<meta property=\"og:site_name\" content=\"Geertje Hansen\" \/>\n<meta property=\"article:modified_time\" content=\"2021-05-17T11:43:42+00:00\" \/>\n<meta property=\"og:image\" content=\"https:\/\/www.geertjehansen.it\/wp-content\/uploads\/2021\/04\/street-art-sottopasso-cure.jpg\" \/>\n\t<meta property=\"og:image:width\" content=\"1000\" \/>\n\t<meta property=\"og:image:height\" content=\"750\" \/>\n\t<meta property=\"og:image:type\" content=\"image\/jpeg\" \/>\n<meta name=\"twitter:card\" content=\"summary_large_image\" \/>\n<meta name=\"twitter:label1\" content=\"Gesch\u00e4tzte Lesezeit\" \/>\n\t<meta name=\"twitter:data1\" content=\"3\u00a0Minuten\" \/>\n<script type=\"application\/ld+json\" class=\"yoast-schema-graph\">{\"@context\":\"https:\/\/schema.org\",\"@graph\":[{\"@type\":\"WebPage\",\"@id\":\"https:\/\/www.geertjehansen.it\/de\/home\/die-touren\/kueche-und-handwerk\/\",\"url\":\"https:\/\/www.geertjehansen.it\/de\/home\/die-touren\/kueche-und-handwerk\/\",\"name\":\"K\u00fcche und Rundgang | Geertje Hansen | Stadtf\u00fchrerin Florenz\",\"isPartOf\":{\"@id\":\"https:\/\/www.geertjehansen.it\/de\/#website\"},\"primaryImageOfPage\":{\"@id\":\"https:\/\/www.geertjehansen.it\/de\/home\/die-touren\/kueche-und-handwerk\/#primaryimage\"},\"image\":{\"@id\":\"https:\/\/www.geertjehansen.it\/de\/home\/die-touren\/kueche-und-handwerk\/#primaryimage\"},\"thumbnailUrl\":\"https:\/\/www.geertjehansen.it\/wp-content\/uploads\/2021\/04\/street-art-sottopasso-cure.jpg\",\"datePublished\":\"2021-03-29T13:19:10+00:00\",\"dateModified\":\"2021-05-17T11:43:42+00:00\",\"description\":\"Bei einem Rundgang k\u00f6nnen Sie die Stadt und ihre kulinarischen Traditionen kennenlernen. Eine Entdeckungsreise rund durch typische Produkte der italienischen K\u00fcche.\",\"breadcrumb\":{\"@id\":\"https:\/\/www.geertjehansen.it\/de\/home\/die-touren\/kueche-und-handwerk\/#breadcrumb\"},\"inLanguage\":\"de\",\"potentialAction\":[{\"@type\":\"ReadAction\",\"target\":[\"https:\/\/www.geertjehansen.it\/de\/home\/die-touren\/kueche-und-handwerk\/\"]}]},{\"@type\":\"ImageObject\",\"inLanguage\":\"de\",\"@id\":\"https:\/\/www.geertjehansen.it\/de\/home\/die-touren\/kueche-und-handwerk\/#primaryimage\",\"url\":\"https:\/\/www.geertjehansen.it\/wp-content\/uploads\/2021\/04\/street-art-sottopasso-cure.jpg\",\"contentUrl\":\"https:\/\/www.geertjehansen.it\/wp-content\/uploads\/2021\/04\/street-art-sottopasso-cure.jpg\",\"width\":1000,\"height\":750,\"caption\":\"Street Art, Sottopasso di Piazza delle Cure, Firenze\"},{\"@type\":\"BreadcrumbList\",\"@id\":\"https:\/\/www.geertjehansen.it\/de\/home\/die-touren\/kueche-und-handwerk\/#breadcrumb\",\"itemListElement\":[{\"@type\":\"ListItem\",\"position\":1,\"name\":\"Home\",\"item\":\"https:\/\/www.geertjehansen.it\/de\/\"},{\"@type\":\"ListItem\",\"position\":2,\"name\":\"Home\",\"item\":\"https:\/\/www.geertjehansen.it\/de\/\"},{\"@type\":\"ListItem\",\"position\":3,\"name\":\"F\u00fchrungen &#038; Ausfl\u00fcge\",\"item\":\"https:\/\/www.geertjehansen.it\/de\/home\/die-touren\/\"},{\"@type\":\"ListItem\",\"position\":4,\"name\":\"K\u00fcche und Handwerk\"}]},{\"@type\":\"WebSite\",\"@id\":\"https:\/\/www.geertjehansen.it\/de\/#website\",\"url\":\"https:\/\/www.geertjehansen.it\/de\/\",\"name\":\"Geertje Hansen\",\"description\":\"Florence Tour Guide\",\"publisher\":{\"@id\":\"https:\/\/www.geertjehansen.it\/de\/#organization\"},\"potentialAction\":[{\"@type\":\"SearchAction\",\"target\":{\"@type\":\"EntryPoint\",\"urlTemplate\":\"https:\/\/www.geertjehansen.it\/de\/?s={search_term_string}\"},\"query-input\":{\"@type\":\"PropertyValueSpecification\",\"valueRequired\":true,\"valueName\":\"search_term_string\"}}],\"inLanguage\":\"de\"},{\"@type\":\"Organization\",\"@id\":\"https:\/\/www.geertjehansen.it\/de\/#organization\",\"name\":\"Geertje Hansen\",\"url\":\"https:\/\/www.geertjehansen.it\/de\/\",\"logo\":{\"@type\":\"ImageObject\",\"inLanguage\":\"de\",\"@id\":\"https:\/\/www.geertjehansen.it\/de\/#\/schema\/logo\/image\/\",\"url\":\"https:\/\/www.geertjehansen.it\/wp-content\/uploads\/2021\/04\/geertje-hansen-logo.png\",\"contentUrl\":\"https:\/\/www.geertjehansen.it\/wp-content\/uploads\/2021\/04\/geertje-hansen-logo.png\",\"width\":465,\"height\":136,\"caption\":\"Geertje Hansen\"},\"image\":{\"@id\":\"https:\/\/www.geertjehansen.it\/de\/#\/schema\/logo\/image\/\"}}]}<\/script>\n<!-- \/ Yoast SEO plugin. -->","yoast_head_json":{"title":"K\u00fcche und Rundgang | Geertje Hansen | Stadtf\u00fchrerin Florenz","description":"Bei einem Rundgang k\u00f6nnen Sie die Stadt und ihre kulinarischen Traditionen kennenlernen. Eine Entdeckungsreise rund durch typische Produkte der italienischen K\u00fcche.","robots":{"index":"index","follow":"follow","max-snippet":"max-snippet:-1","max-image-preview":"max-image-preview:large","max-video-preview":"max-video-preview:-1"},"canonical":"https:\/\/www.geertjehansen.it\/de\/home\/die-touren\/kueche-und-handwerk\/","og_locale":"de_DE","og_type":"article","og_title":"K\u00fcche und Rundgang | Geertje Hansen | Stadtf\u00fchrerin Florenz","og_description":"Bei einem Rundgang k\u00f6nnen Sie die Stadt und ihre kulinarischen Traditionen kennenlernen. Eine Entdeckungsreise rund durch typische Produkte der italienischen K\u00fcche.","og_url":"https:\/\/www.geertjehansen.it\/de\/home\/die-touren\/kueche-und-handwerk\/","og_site_name":"Geertje Hansen","article_modified_time":"2021-05-17T11:43:42+00:00","og_image":[{"width":1000,"height":750,"url":"https:\/\/www.geertjehansen.it\/wp-content\/uploads\/2021\/04\/street-art-sottopasso-cure.jpg","type":"image\/jpeg"}],"twitter_card":"summary_large_image","twitter_misc":{"Gesch\u00e4tzte Lesezeit":"3\u00a0Minuten"},"schema":{"@context":"https:\/\/schema.org","@graph":[{"@type":"WebPage","@id":"https:\/\/www.geertjehansen.it\/de\/home\/die-touren\/kueche-und-handwerk\/","url":"https:\/\/www.geertjehansen.it\/de\/home\/die-touren\/kueche-und-handwerk\/","name":"K\u00fcche und Rundgang | Geertje Hansen | Stadtf\u00fchrerin Florenz","isPartOf":{"@id":"https:\/\/www.geertjehansen.it\/de\/#website"},"primaryImageOfPage":{"@id":"https:\/\/www.geertjehansen.it\/de\/home\/die-touren\/kueche-und-handwerk\/#primaryimage"},"image":{"@id":"https:\/\/www.geertjehansen.it\/de\/home\/die-touren\/kueche-und-handwerk\/#primaryimage"},"thumbnailUrl":"https:\/\/www.geertjehansen.it\/wp-content\/uploads\/2021\/04\/street-art-sottopasso-cure.jpg","datePublished":"2021-03-29T13:19:10+00:00","dateModified":"2021-05-17T11:43:42+00:00","description":"Bei einem Rundgang k\u00f6nnen Sie die Stadt und ihre kulinarischen Traditionen kennenlernen. Eine Entdeckungsreise rund durch typische Produkte der italienischen K\u00fcche.","breadcrumb":{"@id":"https:\/\/www.geertjehansen.it\/de\/home\/die-touren\/kueche-und-handwerk\/#breadcrumb"},"inLanguage":"de","potentialAction":[{"@type":"ReadAction","target":["https:\/\/www.geertjehansen.it\/de\/home\/die-touren\/kueche-und-handwerk\/"]}]},{"@type":"ImageObject","inLanguage":"de","@id":"https:\/\/www.geertjehansen.it\/de\/home\/die-touren\/kueche-und-handwerk\/#primaryimage","url":"https:\/\/www.geertjehansen.it\/wp-content\/uploads\/2021\/04\/street-art-sottopasso-cure.jpg","contentUrl":"https:\/\/www.geertjehansen.it\/wp-content\/uploads\/2021\/04\/street-art-sottopasso-cure.jpg","width":1000,"height":750,"caption":"Street Art, Sottopasso di Piazza delle Cure, Firenze"},{"@type":"BreadcrumbList","@id":"https:\/\/www.geertjehansen.it\/de\/home\/die-touren\/kueche-und-handwerk\/#breadcrumb","itemListElement":[{"@type":"ListItem","position":1,"name":"Home","item":"https:\/\/www.geertjehansen.it\/de\/"},{"@type":"ListItem","position":2,"name":"Home","item":"https:\/\/www.geertjehansen.it\/de\/"},{"@type":"ListItem","position":3,"name":"F\u00fchrungen &#038; Ausfl\u00fcge","item":"https:\/\/www.geertjehansen.it\/de\/home\/die-touren\/"},{"@type":"ListItem","position":4,"name":"K\u00fcche und Handwerk"}]},{"@type":"WebSite","@id":"https:\/\/www.geertjehansen.it\/de\/#website","url":"https:\/\/www.geertjehansen.it\/de\/","name":"Geertje Hansen","description":"Florence Tour Guide","publisher":{"@id":"https:\/\/www.geertjehansen.it\/de\/#organization"},"potentialAction":[{"@type":"SearchAction","target":{"@type":"EntryPoint","urlTemplate":"https:\/\/www.geertjehansen.it\/de\/?s={search_term_string}"},"query-input":{"@type":"PropertyValueSpecification","valueRequired":true,"valueName":"search_term_string"}}],"inLanguage":"de"},{"@type":"Organization","@id":"https:\/\/www.geertjehansen.it\/de\/#organization","name":"Geertje Hansen","url":"https:\/\/www.geertjehansen.it\/de\/","logo":{"@type":"ImageObject","inLanguage":"de","@id":"https:\/\/www.geertjehansen.it\/de\/#\/schema\/logo\/image\/","url":"https:\/\/www.geertjehansen.it\/wp-content\/uploads\/2021\/04\/geertje-hansen-logo.png","contentUrl":"https:\/\/www.geertjehansen.it\/wp-content\/uploads\/2021\/04\/geertje-hansen-logo.png","width":465,"height":136,"caption":"Geertje Hansen"},"image":{"@id":"https:\/\/www.geertjehansen.it\/de\/#\/schema\/logo\/image\/"}}]}},"_links":{"self":[{"href":"https:\/\/www.geertjehansen.it\/de\/wp-json\/wp\/v2\/pages\/250","targetHints":{"allow":["GET"]}}],"collection":[{"href":"https:\/\/www.geertjehansen.it\/de\/wp-json\/wp\/v2\/pages"}],"about":[{"href":"https:\/\/www.geertjehansen.it\/de\/wp-json\/wp\/v2\/types\/page"}],"author":[{"embeddable":true,"href":"https:\/\/www.geertjehansen.it\/de\/wp-json\/wp\/v2\/users\/1"}],"replies":[{"embeddable":true,"href":"https:\/\/www.geertjehansen.it\/de\/wp-json\/wp\/v2\/comments?post=250"}],"version-history":[{"count":2,"href":"https:\/\/www.geertjehansen.it\/de\/wp-json\/wp\/v2\/pages\/250\/revisions"}],"predecessor-version":[{"id":1359,"href":"https:\/\/www.geertjehansen.it\/de\/wp-json\/wp\/v2\/pages\/250\/revisions\/1359"}],"up":[{"embeddable":true,"href":"https:\/\/www.geertjehansen.it\/de\/wp-json\/wp\/v2\/pages\/218"}],"wp:featuredmedia":[{"embeddable":true,"href":"https:\/\/www.geertjehansen.it\/de\/wp-json\/wp\/v2\/media\/1281"}],"wp:attachment":[{"href":"https:\/\/www.geertjehansen.it\/de\/wp-json\/wp\/v2\/media?parent=250"}],"curies":[{"name":"wp","href":"https:\/\/api.w.org\/{rel}","templated":true}]}}