{"id":248,"date":"2021-03-29T15:17:48","date_gmt":"2021-03-29T13:17:48","guid":{"rendered":"http:\/\/www.geertjehansen.it\/?page_id=248"},"modified":"2021-05-17T13:38:46","modified_gmt":"2021-05-17T11:38:46","slug":"die-synagoge-und-die-juedische-vergangenheit","status":"publish","type":"page","link":"https:\/\/www.geertjehansen.it\/de\/home\/die-touren\/die-synagoge-und-die-juedische-vergangenheit\/","title":{"rendered":"Die Synagoge und die j\u00fcdische Vergangenheit"},"content":{"rendered":"\n<p>Zu allen Zeiten mussten die j\u00fcdischen Gemeinden in Europa um ihre Existenz k\u00e4mpfen. Dennoch kennen nur wenige ihre zentrale Rolle in der Entwicklung der Renaissance-Kultur. Obwohl das <strong><em>j\u00fcdische Ghetto<\/em><\/strong> von Florenz im XIX Jhdt. zerst\u00f6rt wurde, gibt es noch gen\u00fcgend Zeugnisse, um \u00fcber das ehemalige Leben in diesem Stadtteil reden zu k\u00f6nnen. Die Tour beinhaltet eine Besichtigung der <strong><em>Synagoge<\/em><\/strong> aus dem XIX Jhdt. die durch ihre Gr\u00f6\u00dfe und den maurischen Stil in Europa auff\u00e4llt. Den Abschluss der Tour bildet ein Besuch auf dem <strong><em>Sant\u2019Ambrogio-Markt<\/em><\/strong>, um dort einen Einblick in die italienische Ess-Kultur zu gewinnen und sie vielleicht in einem der vielen kleinen Lokale um den Markt herum zu probieren. Da der Markt Nachmittags und Sonntags geschlossen ist, empfehle ich w\u00e4rmstens, diese Tour am Morgen einzuplanen, und selbstverst\u00e4ndlich gibt es in der Synagoge am Shabbat und j\u00fcdischen Festtagen keine Besuchs-Erlaubnis.<br><br>Dauer: 3 Stunden<\/p>\n\n\n<style>.wp-block-kadence-advancedgallery .kb-gallery-type-grid.kb-gallery-id-_f0395e-ea{margin:-5px;}.kb-gallery-type-grid.kb-gallery-id-_f0395e-ea .kadence-blocks-gallery-item{padding:5px;}.kb-gallery-id-_f0395e-ea .kadence-blocks-gallery-item .kb-gal-image-radius{border-radius:0px 0px 0px 0px;}<\/style>\n<div class=\"wp-block-kadence-advancedgallery kb-gallery-wrap-id-_f0395e-ea\"><ul class=\"kb-gallery-ul kb-gallery-type-grid kb-gallery-id-_f0395e-ea kb-gallery-caption-style-bottom-hover kb-gallery-filter-none kb-gallery-magnific-init\" data-item-selector=\".kadence-blocks-gallery-item\" data-image-filter=\"none\" data-lightbox-caption=\"true\" data-columns-xxl=\"2\" data-columns-xl=\"2\" data-columns-lg=\"2\" data-columns-md=\"2\" data-columns-sm=\"1\" data-columns-xs=\"1\"><li class=\"kadence-blocks-gallery-item\"><div class=\"kadence-blocks-gallery-item-inner\"><figure class=\"kb-gallery-figure kb-gallery-item-has-link kadence-blocks-gallery-item-hide-caption kb-has-image-ratio-land32\"><a href=\"http:\/\/www.geertjehansen.it\/wp-content\/uploads\/2021\/04\/sinagoga-firenze.jpg\" class=\"kb-gallery-item-link\"><div class=\"kb-gal-image-radius\"><div class=\"kb-gallery-image-contain kadence-blocks-gallery-intrinsic kb-gallery-image-ratio-land32\"><img loading=\"lazy\" decoding=\"async\" src=\"https:\/\/www.geertjehansen.it\/wp-content\/themes\/webag_3\/templates-default\/img\/t.png\" data-src=\"http:\/\/www.geertjehansen.it\/wp-content\/uploads\/2021\/04\/sinagoga-firenze-768x1024.jpg\" width=\"768\" height=\"1024\" alt=\"Sinagoga, Firenze\" data-full-image=\"http:\/\/www.geertjehansen.it\/wp-content\/uploads\/2021\/04\/sinagoga-firenze.jpg\" data-light-image=\"http:\/\/www.geertjehansen.it\/wp-content\/uploads\/2021\/04\/sinagoga-firenze.jpg\" data-id=\"1164\" data-link=\"http:\/\/www.geertjehansen.it\/de\/home\/die-touren\/die-synagoge-und-die-juedische-vergangenheit\/sinagoga-firenze-2\/\" class=\"lazy wp-image-1164undefined\" data-srcset=\"https:\/\/www.geertjehansen.it\/wp-content\/uploads\/2021\/04\/sinagoga-firenze-768x1024.jpg 768w, https:\/\/www.geertjehansen.it\/wp-content\/uploads\/2021\/04\/sinagoga-firenze-225x300.jpg 225w, https:\/\/www.geertjehansen.it\/wp-content\/uploads\/2021\/04\/sinagoga-firenze-113x150.jpg 113w, https:\/\/www.geertjehansen.it\/wp-content\/uploads\/2021\/04\/sinagoga-firenze.jpg 1000w\" sizes=\"auto, (max-width: 768px) 100vw, 768px\" \/><\/div><\/div><\/a><\/figure><\/div><\/li><li class=\"kadence-blocks-gallery-item\"><div class=\"kadence-blocks-gallery-item-inner\"><figure class=\"kb-gallery-figure kb-gallery-item-has-link kadence-blocks-gallery-item-hide-caption kb-has-image-ratio-land32\"><a href=\"http:\/\/www.geertjehansen.it\/wp-content\/uploads\/2021\/04\/sinagoga-interno-firenze.jpg\" class=\"kb-gallery-item-link\"><div class=\"kb-gal-image-radius\"><div class=\"kb-gallery-image-contain kadence-blocks-gallery-intrinsic kb-gallery-image-ratio-land32\"><img loading=\"lazy\" decoding=\"async\" src=\"https:\/\/www.geertjehansen.it\/wp-content\/themes\/webag_3\/templates-default\/img\/t.png\" data-src=\"http:\/\/www.geertjehansen.it\/wp-content\/uploads\/2021\/04\/sinagoga-interno-firenze-768x1024.jpg\" width=\"768\" height=\"1024\" alt=\"Interno Sinagoga firenze\" data-full-image=\"http:\/\/www.geertjehansen.it\/wp-content\/uploads\/2021\/04\/sinagoga-interno-firenze.jpg\" data-light-image=\"http:\/\/www.geertjehansen.it\/wp-content\/uploads\/2021\/04\/sinagoga-interno-firenze.jpg\" data-id=\"1170\" data-link=\"http:\/\/www.geertjehansen.it\/de\/home\/die-touren\/die-synagoge-und-die-juedische-vergangenheit\/sinagoga-interno-firenze-2\/\" class=\"lazy wp-image-1170undefined\" data-srcset=\"https:\/\/www.geertjehansen.it\/wp-content\/uploads\/2021\/04\/sinagoga-interno-firenze-768x1024.jpg 768w, https:\/\/www.geertjehansen.it\/wp-content\/uploads\/2021\/04\/sinagoga-interno-firenze-225x300.jpg 225w, https:\/\/www.geertjehansen.it\/wp-content\/uploads\/2021\/04\/sinagoga-interno-firenze-113x150.jpg 113w, https:\/\/www.geertjehansen.it\/wp-content\/uploads\/2021\/04\/sinagoga-interno-firenze.jpg 1000w\" sizes=\"auto, (max-width: 768px) 100vw, 768px\" \/><\/div><\/div><\/a><\/figure><\/div><\/li><\/ul><\/div>\n","protected":false},"excerpt":{"rendered":"<p>Zu allen Zeiten mussten die j\u00fcdischen Gemeinden in Europa um ihre Existenz k\u00e4mpfen. Dennoch kennen nur wenige ihre zentrale Rolle in der Entwicklung der Renaissance-Kultur. Obwohl das j\u00fcdische Ghetto von Florenz im XIX Jhdt. zerst\u00f6rt wurde, gibt es noch gen\u00fcgend Zeugnisse, um \u00fcber das ehemalige Leben in diesem Stadtteil reden zu k\u00f6nnen. Die Tour beinhaltet [&hellip;]<\/p>\n","protected":false},"author":1,"featured_media":344,"parent":218,"menu_order":68,"comment_status":"closed","ping_status":"closed","template":"","meta":{"_acf_changed":false,"footnotes":""},"class_list":["post-248","page","type-page","status-publish","has-post-thumbnail","hentry"],"acf":[],"yoast_head":"<!-- This site is optimized with the Yoast SEO plugin v24.9 - https:\/\/yoast.com\/wordpress\/plugins\/seo\/ -->\n<title>Synagoge und j\u00fcdische Vergangenheit | Geertje Hansen<\/title>\n<meta name=\"description\" content=\"Der Spaziergang sieht eine Besichtigung des j\u00fcdischen Tempels von Florenz vor, ein interessantes Beispiel maurischen Stils in Europa.\" \/>\n<meta name=\"robots\" content=\"index, follow, max-snippet:-1, max-image-preview:large, max-video-preview:-1\" \/>\n<link rel=\"canonical\" href=\"https:\/\/www.geertjehansen.it\/de\/home\/die-touren\/die-synagoge-und-die-juedische-vergangenheit\/\" \/>\n<meta property=\"og:locale\" content=\"de_DE\" \/>\n<meta property=\"og:type\" content=\"article\" \/>\n<meta property=\"og:title\" content=\"Synagoge und j\u00fcdische Vergangenheit | Geertje Hansen\" \/>\n<meta property=\"og:description\" content=\"Der Spaziergang sieht eine Besichtigung des j\u00fcdischen Tempels von Florenz vor, ein interessantes Beispiel maurischen Stils in Europa.\" \/>\n<meta property=\"og:url\" content=\"https:\/\/www.geertjehansen.it\/de\/home\/die-touren\/die-synagoge-und-die-juedische-vergangenheit\/\" \/>\n<meta property=\"og:site_name\" content=\"Geertje Hansen\" \/>\n<meta property=\"article:modified_time\" content=\"2021-05-17T11:38:46+00:00\" \/>\n<meta property=\"og:image\" content=\"https:\/\/www.geertjehansen.it\/wp-content\/uploads\/2021\/03\/synagogue-jewish-history-tours-geertjehansen.jpg\" \/>\n\t<meta property=\"og:image:width\" content=\"1000\" \/>\n\t<meta property=\"og:image:height\" content=\"667\" \/>\n\t<meta property=\"og:image:type\" content=\"image\/jpeg\" \/>\n<meta name=\"twitter:card\" content=\"summary_large_image\" \/>\n<meta name=\"twitter:label1\" content=\"Gesch\u00e4tzte Lesezeit\" \/>\n\t<meta name=\"twitter:data1\" content=\"2\u00a0Minuten\" \/>\n<script type=\"application\/ld+json\" class=\"yoast-schema-graph\">{\"@context\":\"https:\/\/schema.org\",\"@graph\":[{\"@type\":\"WebPage\",\"@id\":\"https:\/\/www.geertjehansen.it\/de\/home\/die-touren\/die-synagoge-und-die-juedische-vergangenheit\/\",\"url\":\"https:\/\/www.geertjehansen.it\/de\/home\/die-touren\/die-synagoge-und-die-juedische-vergangenheit\/\",\"name\":\"Synagoge und j\u00fcdische Vergangenheit | Geertje Hansen\",\"isPartOf\":{\"@id\":\"https:\/\/www.geertjehansen.it\/de\/#website\"},\"primaryImageOfPage\":{\"@id\":\"https:\/\/www.geertjehansen.it\/de\/home\/die-touren\/die-synagoge-und-die-juedische-vergangenheit\/#primaryimage\"},\"image\":{\"@id\":\"https:\/\/www.geertjehansen.it\/de\/home\/die-touren\/die-synagoge-und-die-juedische-vergangenheit\/#primaryimage\"},\"thumbnailUrl\":\"https:\/\/www.geertjehansen.it\/wp-content\/uploads\/2021\/03\/synagogue-jewish-history-tours-geertjehansen.jpg\",\"datePublished\":\"2021-03-29T13:17:48+00:00\",\"dateModified\":\"2021-05-17T11:38:46+00:00\",\"description\":\"Der Spaziergang sieht eine Besichtigung des j\u00fcdischen Tempels von Florenz vor, ein interessantes Beispiel maurischen Stils in Europa.\",\"breadcrumb\":{\"@id\":\"https:\/\/www.geertjehansen.it\/de\/home\/die-touren\/die-synagoge-und-die-juedische-vergangenheit\/#breadcrumb\"},\"inLanguage\":\"de\",\"potentialAction\":[{\"@type\":\"ReadAction\",\"target\":[\"https:\/\/www.geertjehansen.it\/de\/home\/die-touren\/die-synagoge-und-die-juedische-vergangenheit\/\"]}]},{\"@type\":\"ImageObject\",\"inLanguage\":\"de\",\"@id\":\"https:\/\/www.geertjehansen.it\/de\/home\/die-touren\/die-synagoge-und-die-juedische-vergangenheit\/#primaryimage\",\"url\":\"https:\/\/www.geertjehansen.it\/wp-content\/uploads\/2021\/03\/synagogue-jewish-history-tours-geertjehansen.jpg\",\"contentUrl\":\"https:\/\/www.geertjehansen.it\/wp-content\/uploads\/2021\/03\/synagogue-jewish-history-tours-geertjehansen.jpg\",\"width\":1000,\"height\":667,\"caption\":\"Synagogue & Jewish history\"},{\"@type\":\"BreadcrumbList\",\"@id\":\"https:\/\/www.geertjehansen.it\/de\/home\/die-touren\/die-synagoge-und-die-juedische-vergangenheit\/#breadcrumb\",\"itemListElement\":[{\"@type\":\"ListItem\",\"position\":1,\"name\":\"Home\",\"item\":\"https:\/\/www.geertjehansen.it\/de\/\"},{\"@type\":\"ListItem\",\"position\":2,\"name\":\"Home\",\"item\":\"https:\/\/www.geertjehansen.it\/de\/\"},{\"@type\":\"ListItem\",\"position\":3,\"name\":\"F\u00fchrungen &#038; Ausfl\u00fcge\",\"item\":\"https:\/\/www.geertjehansen.it\/de\/home\/die-touren\/\"},{\"@type\":\"ListItem\",\"position\":4,\"name\":\"Die Synagoge und die j\u00fcdische Vergangenheit\"}]},{\"@type\":\"WebSite\",\"@id\":\"https:\/\/www.geertjehansen.it\/de\/#website\",\"url\":\"https:\/\/www.geertjehansen.it\/de\/\",\"name\":\"Geertje Hansen\",\"description\":\"Florence Tour Guide\",\"publisher\":{\"@id\":\"https:\/\/www.geertjehansen.it\/de\/#organization\"},\"potentialAction\":[{\"@type\":\"SearchAction\",\"target\":{\"@type\":\"EntryPoint\",\"urlTemplate\":\"https:\/\/www.geertjehansen.it\/de\/?s={search_term_string}\"},\"query-input\":{\"@type\":\"PropertyValueSpecification\",\"valueRequired\":true,\"valueName\":\"search_term_string\"}}],\"inLanguage\":\"de\"},{\"@type\":\"Organization\",\"@id\":\"https:\/\/www.geertjehansen.it\/de\/#organization\",\"name\":\"Geertje Hansen\",\"url\":\"https:\/\/www.geertjehansen.it\/de\/\",\"logo\":{\"@type\":\"ImageObject\",\"inLanguage\":\"de\",\"@id\":\"https:\/\/www.geertjehansen.it\/de\/#\/schema\/logo\/image\/\",\"url\":\"https:\/\/www.geertjehansen.it\/wp-content\/uploads\/2021\/04\/geertje-hansen-logo.png\",\"contentUrl\":\"https:\/\/www.geertjehansen.it\/wp-content\/uploads\/2021\/04\/geertje-hansen-logo.png\",\"width\":465,\"height\":136,\"caption\":\"Geertje Hansen\"},\"image\":{\"@id\":\"https:\/\/www.geertjehansen.it\/de\/#\/schema\/logo\/image\/\"}}]}<\/script>\n<!-- \/ Yoast SEO plugin. -->","yoast_head_json":{"title":"Synagoge und j\u00fcdische Vergangenheit | Geertje Hansen","description":"Der Spaziergang sieht eine Besichtigung des j\u00fcdischen Tempels von Florenz vor, ein interessantes Beispiel maurischen Stils in Europa.","robots":{"index":"index","follow":"follow","max-snippet":"max-snippet:-1","max-image-preview":"max-image-preview:large","max-video-preview":"max-video-preview:-1"},"canonical":"https:\/\/www.geertjehansen.it\/de\/home\/die-touren\/die-synagoge-und-die-juedische-vergangenheit\/","og_locale":"de_DE","og_type":"article","og_title":"Synagoge und j\u00fcdische Vergangenheit | Geertje Hansen","og_description":"Der Spaziergang sieht eine Besichtigung des j\u00fcdischen Tempels von Florenz vor, ein interessantes Beispiel maurischen Stils in Europa.","og_url":"https:\/\/www.geertjehansen.it\/de\/home\/die-touren\/die-synagoge-und-die-juedische-vergangenheit\/","og_site_name":"Geertje Hansen","article_modified_time":"2021-05-17T11:38:46+00:00","og_image":[{"width":1000,"height":667,"url":"https:\/\/www.geertjehansen.it\/wp-content\/uploads\/2021\/03\/synagogue-jewish-history-tours-geertjehansen.jpg","type":"image\/jpeg"}],"twitter_card":"summary_large_image","twitter_misc":{"Gesch\u00e4tzte Lesezeit":"2\u00a0Minuten"},"schema":{"@context":"https:\/\/schema.org","@graph":[{"@type":"WebPage","@id":"https:\/\/www.geertjehansen.it\/de\/home\/die-touren\/die-synagoge-und-die-juedische-vergangenheit\/","url":"https:\/\/www.geertjehansen.it\/de\/home\/die-touren\/die-synagoge-und-die-juedische-vergangenheit\/","name":"Synagoge und j\u00fcdische Vergangenheit | Geertje Hansen","isPartOf":{"@id":"https:\/\/www.geertjehansen.it\/de\/#website"},"primaryImageOfPage":{"@id":"https:\/\/www.geertjehansen.it\/de\/home\/die-touren\/die-synagoge-und-die-juedische-vergangenheit\/#primaryimage"},"image":{"@id":"https:\/\/www.geertjehansen.it\/de\/home\/die-touren\/die-synagoge-und-die-juedische-vergangenheit\/#primaryimage"},"thumbnailUrl":"https:\/\/www.geertjehansen.it\/wp-content\/uploads\/2021\/03\/synagogue-jewish-history-tours-geertjehansen.jpg","datePublished":"2021-03-29T13:17:48+00:00","dateModified":"2021-05-17T11:38:46+00:00","description":"Der Spaziergang sieht eine Besichtigung des j\u00fcdischen Tempels von Florenz vor, ein interessantes Beispiel maurischen Stils in Europa.","breadcrumb":{"@id":"https:\/\/www.geertjehansen.it\/de\/home\/die-touren\/die-synagoge-und-die-juedische-vergangenheit\/#breadcrumb"},"inLanguage":"de","potentialAction":[{"@type":"ReadAction","target":["https:\/\/www.geertjehansen.it\/de\/home\/die-touren\/die-synagoge-und-die-juedische-vergangenheit\/"]}]},{"@type":"ImageObject","inLanguage":"de","@id":"https:\/\/www.geertjehansen.it\/de\/home\/die-touren\/die-synagoge-und-die-juedische-vergangenheit\/#primaryimage","url":"https:\/\/www.geertjehansen.it\/wp-content\/uploads\/2021\/03\/synagogue-jewish-history-tours-geertjehansen.jpg","contentUrl":"https:\/\/www.geertjehansen.it\/wp-content\/uploads\/2021\/03\/synagogue-jewish-history-tours-geertjehansen.jpg","width":1000,"height":667,"caption":"Synagogue & Jewish history"},{"@type":"BreadcrumbList","@id":"https:\/\/www.geertjehansen.it\/de\/home\/die-touren\/die-synagoge-und-die-juedische-vergangenheit\/#breadcrumb","itemListElement":[{"@type":"ListItem","position":1,"name":"Home","item":"https:\/\/www.geertjehansen.it\/de\/"},{"@type":"ListItem","position":2,"name":"Home","item":"https:\/\/www.geertjehansen.it\/de\/"},{"@type":"ListItem","position":3,"name":"F\u00fchrungen &#038; Ausfl\u00fcge","item":"https:\/\/www.geertjehansen.it\/de\/home\/die-touren\/"},{"@type":"ListItem","position":4,"name":"Die Synagoge und die j\u00fcdische Vergangenheit"}]},{"@type":"WebSite","@id":"https:\/\/www.geertjehansen.it\/de\/#website","url":"https:\/\/www.geertjehansen.it\/de\/","name":"Geertje Hansen","description":"Florence Tour Guide","publisher":{"@id":"https:\/\/www.geertjehansen.it\/de\/#organization"},"potentialAction":[{"@type":"SearchAction","target":{"@type":"EntryPoint","urlTemplate":"https:\/\/www.geertjehansen.it\/de\/?s={search_term_string}"},"query-input":{"@type":"PropertyValueSpecification","valueRequired":true,"valueName":"search_term_string"}}],"inLanguage":"de"},{"@type":"Organization","@id":"https:\/\/www.geertjehansen.it\/de\/#organization","name":"Geertje Hansen","url":"https:\/\/www.geertjehansen.it\/de\/","logo":{"@type":"ImageObject","inLanguage":"de","@id":"https:\/\/www.geertjehansen.it\/de\/#\/schema\/logo\/image\/","url":"https:\/\/www.geertjehansen.it\/wp-content\/uploads\/2021\/04\/geertje-hansen-logo.png","contentUrl":"https:\/\/www.geertjehansen.it\/wp-content\/uploads\/2021\/04\/geertje-hansen-logo.png","width":465,"height":136,"caption":"Geertje Hansen"},"image":{"@id":"https:\/\/www.geertjehansen.it\/de\/#\/schema\/logo\/image\/"}}]}},"_links":{"self":[{"href":"https:\/\/www.geertjehansen.it\/de\/wp-json\/wp\/v2\/pages\/248","targetHints":{"allow":["GET"]}}],"collection":[{"href":"https:\/\/www.geertjehansen.it\/de\/wp-json\/wp\/v2\/pages"}],"about":[{"href":"https:\/\/www.geertjehansen.it\/de\/wp-json\/wp\/v2\/types\/page"}],"author":[{"embeddable":true,"href":"https:\/\/www.geertjehansen.it\/de\/wp-json\/wp\/v2\/users\/1"}],"replies":[{"embeddable":true,"href":"https:\/\/www.geertjehansen.it\/de\/wp-json\/wp\/v2\/comments?post=248"}],"version-history":[{"count":2,"href":"https:\/\/www.geertjehansen.it\/de\/wp-json\/wp\/v2\/pages\/248\/revisions"}],"predecessor-version":[{"id":1349,"href":"https:\/\/www.geertjehansen.it\/de\/wp-json\/wp\/v2\/pages\/248\/revisions\/1349"}],"up":[{"embeddable":true,"href":"https:\/\/www.geertjehansen.it\/de\/wp-json\/wp\/v2\/pages\/218"}],"wp:featuredmedia":[{"embeddable":true,"href":"https:\/\/www.geertjehansen.it\/de\/wp-json\/wp\/v2\/media\/344"}],"wp:attachment":[{"href":"https:\/\/www.geertjehansen.it\/de\/wp-json\/wp\/v2\/media?parent=248"}],"curies":[{"name":"wp","href":"https:\/\/api.w.org\/{rel}","templated":true}]}}