{"id":224,"date":"2021-03-29T14:51:04","date_gmt":"2021-03-29T12:51:04","guid":{"rendered":"http:\/\/www.geertjehansen.it\/?page_id=224"},"modified":"2021-05-17T12:42:16","modified_gmt":"2021-05-17T10:42:16","slug":"michelangelo-und-die-renaissance","status":"publish","type":"page","link":"https:\/\/www.geertjehansen.it\/de\/home\/die-touren\/michelangelo-und-die-renaissance\/","title":{"rendered":"Michelangelo und die Renaissance"},"content":{"rendered":"\n<p>Michelangelo, einer der begnadetsten K\u00fcnstler seiner Zeit, ist, obwohl er einen guten Teil seines Lebens in Rom verbrachte, in seinem Herzen immer ein stolzer Florentiner geblieben. So kann man hier auch seine fr\u00fchen, in den ersten 50 Jahren entstandenen Werke bewundern. Florenz ist nicht nur Schrein eines der gefeiertsten Meisterwerke der Welt, des ber\u00fchmten <strong><em>David<\/em><\/strong>, sondern besitzt noch viele andere Zeugnisse der k\u00fcnstlerischen T\u00e4tigkeit des gro\u00dfartigen Meisters der Sixtinischen Kapelle.<br>Diese Tour ist inklusiv Eintrittskarten f\u00fcr den Besuch im <strong><em>Museo dell\u2019Accademia<\/em><\/strong>, der <strong><em>San Lorenzo-Kirche<\/em><\/strong> und der <strong><em>Medici-Kapellen<\/em><\/strong> und nat\u00fcrlich der <strong><em>Kirche Santa Croce<\/em><\/strong>, wo das Grab von Michelangelo Buonarroti zu sehen ist.<br><br>Dauer: 4 Stunden<br><br>Thematisch ausgerichtete Touren k\u00f6nnten noch viele andere K\u00fcnstler und Pers\u00f6nlichkeiten ansprechen (z.B. <strong><em>Leonardo da Vinci<\/em><\/strong> oder <strong><em>Savonarola<\/em><\/strong>) aber auch Religionsgemeinschaften oder historische Aspekte. Sie brauchen mir nur Ihr besonderes Interesse mitzuteilen, und ich werde Ihnen daraufhin f\u00fcr meine F\u00fchrung eine pers\u00f6nlich ausgearbeitete Route entwerfen.<\/p>\n\n\n<style>.wp-block-kadence-advancedgallery .kb-gallery-type-grid.kb-gallery-id-_387983-a9{margin:-5px;}.kb-gallery-type-grid.kb-gallery-id-_387983-a9 .kadence-blocks-gallery-item{padding:5px;}.kb-gallery-id-_387983-a9 .kadence-blocks-gallery-item .kb-gal-image-radius{border-radius:0px 0px 0px 0px;}<\/style>\n<div class=\"wp-block-kadence-advancedgallery kb-gallery-wrap-id-_387983-a9\"><ul class=\"kb-gallery-ul kb-gallery-type-grid kb-gallery-id-_387983-a9 kb-gallery-caption-style-bottom-hover kb-gallery-filter-none kb-gallery-magnific-init\" data-item-selector=\".kadence-blocks-gallery-item\" data-image-filter=\"none\" data-lightbox-caption=\"true\" data-columns-xxl=\"3\" data-columns-xl=\"3\" data-columns-lg=\"3\" data-columns-md=\"2\" data-columns-sm=\"1\" data-columns-xs=\"1\"><li class=\"kadence-blocks-gallery-item\"><div class=\"kadence-blocks-gallery-item-inner\"><figure class=\"kb-gallery-figure kb-gallery-item-has-link kadence-blocks-gallery-item-hide-caption kb-has-image-ratio-land32\"><a href=\"http:\/\/www.geertjehansen.it\/wp-content\/uploads\/2021\/04\/david-michelangelo-firenze.jpg\" class=\"kb-gallery-item-link\"><div class=\"kb-gal-image-radius\"><div class=\"kb-gallery-image-contain kadence-blocks-gallery-intrinsic kb-gallery-image-ratio-land32\"><img loading=\"lazy\" decoding=\"async\" width=\"1000\" height=\"750\" src=\"https:\/\/www.geertjehansen.it\/wp-content\/themes\/webag_3\/templates-default\/img\/t.png\" data-src=\"http:\/\/www.geertjehansen.it\/wp-content\/uploads\/2021\/04\/david-michelangelo-firenze.jpg\" alt=\"David di Michelangelo\" data-full-image=\"http:\/\/www.geertjehansen.it\/wp-content\/uploads\/2021\/04\/david-michelangelo-firenze.jpg\" data-light-image=\"http:\/\/www.geertjehansen.it\/wp-content\/uploads\/2021\/04\/david-michelangelo-firenze.jpg\" data-id=\"957\" data-link=\"http:\/\/www.geertjehansen.it\/de\/david-michelangelo-firenze-2\/\" class=\"lazy wp-image-957undefined\" data-srcset=\"https:\/\/www.geertjehansen.it\/wp-content\/uploads\/2021\/04\/david-michelangelo-firenze.jpg 1000w, https:\/\/www.geertjehansen.it\/wp-content\/uploads\/2021\/04\/david-michelangelo-firenze-300x225.jpg 300w, https:\/\/www.geertjehansen.it\/wp-content\/uploads\/2021\/04\/david-michelangelo-firenze-768x576.jpg 768w, https:\/\/www.geertjehansen.it\/wp-content\/uploads\/2021\/04\/david-michelangelo-firenze-150x113.jpg 150w\" sizes=\"auto, (max-width: 1000px) 100vw, 1000px\" \/><\/div><\/div><\/a><\/figure><\/div><\/li><li class=\"kadence-blocks-gallery-item\"><div class=\"kadence-blocks-gallery-item-inner\"><figure class=\"kb-gallery-figure kb-gallery-item-has-link kadence-blocks-gallery-item-hide-caption kb-has-image-ratio-land32\"><a href=\"http:\/\/www.geertjehansen.it\/wp-content\/uploads\/2021\/04\/san-lorenzo-piazza.jpg\" class=\"kb-gallery-item-link\"><div class=\"kb-gal-image-radius\"><div class=\"kb-gallery-image-contain kadence-blocks-gallery-intrinsic kb-gallery-image-ratio-land32\"><img loading=\"lazy\" decoding=\"async\" src=\"https:\/\/www.geertjehansen.it\/wp-content\/themes\/webag_3\/templates-default\/img\/t.png\" data-src=\"http:\/\/www.geertjehansen.it\/wp-content\/uploads\/2021\/04\/san-lorenzo-piazza-768x1024.jpg\" width=\"768\" height=\"1024\" alt=\"Piazza di San Lorenzo\" data-full-image=\"http:\/\/www.geertjehansen.it\/wp-content\/uploads\/2021\/04\/san-lorenzo-piazza.jpg\" data-light-image=\"http:\/\/www.geertjehansen.it\/wp-content\/uploads\/2021\/04\/san-lorenzo-piazza.jpg\" data-id=\"952\" data-link=\"http:\/\/www.geertjehansen.it\/de\/san-lorenzo-piazza-2\/\" class=\"lazy wp-image-952undefined\" data-srcset=\"https:\/\/www.geertjehansen.it\/wp-content\/uploads\/2021\/04\/san-lorenzo-piazza-768x1024.jpg 768w, https:\/\/www.geertjehansen.it\/wp-content\/uploads\/2021\/04\/san-lorenzo-piazza-225x300.jpg 225w, https:\/\/www.geertjehansen.it\/wp-content\/uploads\/2021\/04\/san-lorenzo-piazza-113x150.jpg 113w, https:\/\/www.geertjehansen.it\/wp-content\/uploads\/2021\/04\/san-lorenzo-piazza.jpg 1000w\" sizes=\"auto, (max-width: 768px) 100vw, 768px\" \/><\/div><\/div><\/a><\/figure><\/div><\/li><li class=\"kadence-blocks-gallery-item\"><div class=\"kadence-blocks-gallery-item-inner\"><figure class=\"kb-gallery-figure kb-gallery-item-has-link kadence-blocks-gallery-item-hide-caption kb-has-image-ratio-land32\"><a href=\"http:\/\/www.geertjehansen.it\/wp-content\/uploads\/2021\/04\/pieta-michelangelo.jpg\" class=\"kb-gallery-item-link\"><div class=\"kb-gal-image-radius\"><div class=\"kb-gallery-image-contain kadence-blocks-gallery-intrinsic kb-gallery-image-ratio-land32\"><img loading=\"lazy\" decoding=\"async\" src=\"https:\/\/www.geertjehansen.it\/wp-content\/themes\/webag_3\/templates-default\/img\/t.png\" data-src=\"http:\/\/www.geertjehansen.it\/wp-content\/uploads\/2021\/04\/pieta-michelangelo-768x1024.jpg\" width=\"768\" height=\"1024\" alt=\"Piet\u00e0 di Michelangelo\" data-full-image=\"http:\/\/www.geertjehansen.it\/wp-content\/uploads\/2021\/04\/pieta-michelangelo.jpg\" data-light-image=\"http:\/\/www.geertjehansen.it\/wp-content\/uploads\/2021\/04\/pieta-michelangelo.jpg\" data-id=\"947\" data-link=\"http:\/\/www.geertjehansen.it\/de\/pieta-michelangelo-2\/\" class=\"lazy wp-image-947undefined\" data-srcset=\"https:\/\/www.geertjehansen.it\/wp-content\/uploads\/2021\/04\/pieta-michelangelo-768x1024.jpg 768w, https:\/\/www.geertjehansen.it\/wp-content\/uploads\/2021\/04\/pieta-michelangelo-225x300.jpg 225w, https:\/\/www.geertjehansen.it\/wp-content\/uploads\/2021\/04\/pieta-michelangelo-113x150.jpg 113w, https:\/\/www.geertjehansen.it\/wp-content\/uploads\/2021\/04\/pieta-michelangelo.jpg 1000w\" sizes=\"auto, (max-width: 768px) 100vw, 768px\" \/><\/div><\/div><\/a><\/figure><\/div><\/li><li class=\"kadence-blocks-gallery-item\"><div class=\"kadence-blocks-gallery-item-inner\"><figure class=\"kb-gallery-figure kb-gallery-item-has-link kadence-blocks-gallery-item-hide-caption kb-has-image-ratio-land32\"><a href=\"http:\/\/www.geertjehansen.it\/wp-content\/uploads\/2021\/04\/galleria-accademia-firenze-david-rotated.jpg\" class=\"kb-gallery-item-link\"><div class=\"kb-gal-image-radius\"><div class=\"kb-gallery-image-contain kadence-blocks-gallery-intrinsic kb-gallery-image-ratio-land32\"><img loading=\"lazy\" decoding=\"async\" width=\"317\" height=\"563\" src=\"https:\/\/www.geertjehansen.it\/wp-content\/themes\/webag_3\/templates-default\/img\/t.png\" data-src=\"http:\/\/www.geertjehansen.it\/wp-content\/uploads\/2021\/04\/galleria-accademia-firenze-david-rotated.jpg\" alt=\"Galleria dell'Accademia, Firenze\" data-full-image=\"http:\/\/www.geertjehansen.it\/wp-content\/uploads\/2021\/04\/galleria-accademia-firenze-david-rotated.jpg\" data-light-image=\"http:\/\/www.geertjehansen.it\/wp-content\/uploads\/2021\/04\/galleria-accademia-firenze-david-rotated.jpg\" data-id=\"658\" data-link=\"http:\/\/www.geertjehansen.it\/de\/home\/die-touren\/museen-und-kirchen\/die-galleria-dellaccademia\/galleria-accademia-firenze-david-2\/\" class=\"lazy wp-image-658undefined\" data-srcset=\"https:\/\/www.geertjehansen.it\/wp-content\/uploads\/2021\/04\/galleria-accademia-firenze-david-rotated.jpg 317w, https:\/\/www.geertjehansen.it\/wp-content\/uploads\/2021\/04\/galleria-accademia-firenze-david-169x300.jpg 169w, https:\/\/www.geertjehansen.it\/wp-content\/uploads\/2021\/04\/galleria-accademia-firenze-david-84x150.jpg 84w\" sizes=\"auto, (max-width: 317px) 100vw, 317px\" \/><\/div><\/div><\/a><\/figure><\/div><\/li><li class=\"kadence-blocks-gallery-item\"><div class=\"kadence-blocks-gallery-item-inner\"><figure class=\"kb-gallery-figure kb-gallery-item-has-link kadence-blocks-gallery-item-hide-caption kb-has-image-ratio-land32\"><a href=\"http:\/\/www.geertjehansen.it\/wp-content\/uploads\/2021\/04\/cappella-medici.jpeg\" class=\"kb-gallery-item-link\"><div class=\"kb-gal-image-radius\"><div class=\"kb-gallery-image-contain kadence-blocks-gallery-intrinsic kb-gallery-image-ratio-land32\"><img loading=\"lazy\" decoding=\"async\" width=\"1000\" height=\"666\" src=\"https:\/\/www.geertjehansen.it\/wp-content\/themes\/webag_3\/templates-default\/img\/t.png\" data-src=\"http:\/\/www.geertjehansen.it\/wp-content\/uploads\/2021\/04\/cappella-medici.jpeg\" alt=\"Cappela de' Medici\" data-full-image=\"http:\/\/www.geertjehansen.it\/wp-content\/uploads\/2021\/04\/cappella-medici.jpeg\" data-light-image=\"http:\/\/www.geertjehansen.it\/wp-content\/uploads\/2021\/04\/cappella-medici.jpeg\" data-id=\"934\" data-link=\"http:\/\/www.geertjehansen.it\/de\/home\/die-touren\/die-familie-medici\/cappella-medici-2\/\" class=\"lazy wp-image-934undefined\" data-srcset=\"https:\/\/www.geertjehansen.it\/wp-content\/uploads\/2021\/04\/cappella-medici.jpeg 1000w, https:\/\/www.geertjehansen.it\/wp-content\/uploads\/2021\/04\/cappella-medici-300x200.jpeg 300w, https:\/\/www.geertjehansen.it\/wp-content\/uploads\/2021\/04\/cappella-medici-768x511.jpeg 768w, https:\/\/www.geertjehansen.it\/wp-content\/uploads\/2021\/04\/cappella-medici-150x100.jpeg 150w\" sizes=\"auto, (max-width: 1000px) 100vw, 1000px\" \/><\/div><\/div><\/a><\/figure><\/div><\/li><li class=\"kadence-blocks-gallery-item\"><div class=\"kadence-blocks-gallery-item-inner\"><figure class=\"kb-gallery-figure kb-gallery-item-has-link kadence-blocks-gallery-item-hide-caption kb-has-image-ratio-land32\"><a href=\"http:\/\/www.geertjehansen.it\/wp-content\/uploads\/2021\/04\/museo-bargello-firenze.jpg\" class=\"kb-gallery-item-link\"><div class=\"kb-gal-image-radius\"><div class=\"kb-gallery-image-contain kadence-blocks-gallery-intrinsic kb-gallery-image-ratio-land32\"><img loading=\"lazy\" decoding=\"async\" width=\"1000\" height=\"750\" src=\"https:\/\/www.geertjehansen.it\/wp-content\/themes\/webag_3\/templates-default\/img\/t.png\" data-src=\"http:\/\/www.geertjehansen.it\/wp-content\/uploads\/2021\/04\/museo-bargello-firenze.jpg\" alt=\"Museo del Bargello\" data-full-image=\"http:\/\/www.geertjehansen.it\/wp-content\/uploads\/2021\/04\/museo-bargello-firenze.jpg\" data-light-image=\"http:\/\/www.geertjehansen.it\/wp-content\/uploads\/2021\/04\/museo-bargello-firenze.jpg\" data-id=\"1020\" data-link=\"http:\/\/www.geertjehansen.it\/de\/museo-bargello-firenze-2\/\" class=\"lazy wp-image-1020undefined\" data-srcset=\"https:\/\/www.geertjehansen.it\/wp-content\/uploads\/2021\/04\/museo-bargello-firenze.jpg 1000w, https:\/\/www.geertjehansen.it\/wp-content\/uploads\/2021\/04\/museo-bargello-firenze-300x225.jpg 300w, https:\/\/www.geertjehansen.it\/wp-content\/uploads\/2021\/04\/museo-bargello-firenze-768x576.jpg 768w, https:\/\/www.geertjehansen.it\/wp-content\/uploads\/2021\/04\/museo-bargello-firenze-150x113.jpg 150w\" sizes=\"auto, (max-width: 1000px) 100vw, 1000px\" \/><\/div><\/div><\/a><\/figure><\/div><\/li><\/ul><\/div>\n","protected":false},"excerpt":{"rendered":"<p>Michelangelo, einer der begnadetsten K\u00fcnstler seiner Zeit, ist, obwohl er einen guten Teil seines Lebens in Rom verbrachte, in seinem Herzen immer ein stolzer Florentiner geblieben. So kann man hier auch seine fr\u00fchen, in den ersten 50 Jahren entstandenen Werke bewundern. Florenz ist nicht nur Schrein eines der gefeiertsten Meisterwerke der Welt, des ber\u00fchmten David, [&hellip;]<\/p>\n","protected":false},"author":1,"featured_media":349,"parent":218,"menu_order":20,"comment_status":"closed","ping_status":"closed","template":"","meta":{"_acf_changed":false,"footnotes":""},"class_list":["post-224","page","type-page","status-publish","has-post-thumbnail","hentry"],"acf":[],"yoast_head":"<!-- This site is optimized with the Yoast SEO plugin v24.9 - https:\/\/yoast.com\/wordpress\/plugins\/seo\/ -->\n<title>Michelangelo und die Renaissance | Geertje Hansen | Stadtf\u00fchrerin Florenz<\/title>\n<meta name=\"description\" content=\"Wir werden das Museum Galleria dell\u2019Accademia, die Medici-Kappellen und die Kirchen von San Lorenzo und Santa Croce besichtigen\" \/>\n<meta name=\"robots\" content=\"index, follow, max-snippet:-1, max-image-preview:large, max-video-preview:-1\" \/>\n<link rel=\"canonical\" href=\"https:\/\/www.geertjehansen.it\/de\/home\/die-touren\/michelangelo-und-die-renaissance\/\" \/>\n<meta property=\"og:locale\" content=\"de_DE\" \/>\n<meta property=\"og:type\" content=\"article\" \/>\n<meta property=\"og:title\" content=\"Michelangelo und die Renaissance | Geertje Hansen | Stadtf\u00fchrerin Florenz\" \/>\n<meta property=\"og:description\" content=\"Wir werden das Museum Galleria dell\u2019Accademia, die Medici-Kappellen und die Kirchen von San Lorenzo und Santa Croce besichtigen\" \/>\n<meta property=\"og:url\" content=\"https:\/\/www.geertjehansen.it\/de\/home\/die-touren\/michelangelo-und-die-renaissance\/\" \/>\n<meta property=\"og:site_name\" content=\"Geertje Hansen\" \/>\n<meta property=\"article:modified_time\" content=\"2021-05-17T10:42:16+00:00\" \/>\n<meta property=\"og:image\" content=\"https:\/\/www.geertjehansen.it\/wp-content\/uploads\/2021\/03\/michelangelo-and-renaissance-tours-geertjehansen.jpg\" \/>\n\t<meta property=\"og:image:width\" content=\"1000\" \/>\n\t<meta property=\"og:image:height\" content=\"667\" \/>\n\t<meta property=\"og:image:type\" content=\"image\/jpeg\" \/>\n<meta name=\"twitter:card\" content=\"summary_large_image\" \/>\n<meta name=\"twitter:label1\" content=\"Gesch\u00e4tzte Lesezeit\" \/>\n\t<meta name=\"twitter:data1\" content=\"2\u00a0Minuten\" \/>\n<script type=\"application\/ld+json\" class=\"yoast-schema-graph\">{\"@context\":\"https:\/\/schema.org\",\"@graph\":[{\"@type\":\"WebPage\",\"@id\":\"https:\/\/www.geertjehansen.it\/de\/home\/die-touren\/michelangelo-und-die-renaissance\/\",\"url\":\"https:\/\/www.geertjehansen.it\/de\/home\/die-touren\/michelangelo-und-die-renaissance\/\",\"name\":\"Michelangelo und die Renaissance | Geertje Hansen | Stadtf\u00fchrerin Florenz\",\"isPartOf\":{\"@id\":\"https:\/\/www.geertjehansen.it\/de\/#website\"},\"primaryImageOfPage\":{\"@id\":\"https:\/\/www.geertjehansen.it\/de\/home\/die-touren\/michelangelo-und-die-renaissance\/#primaryimage\"},\"image\":{\"@id\":\"https:\/\/www.geertjehansen.it\/de\/home\/die-touren\/michelangelo-und-die-renaissance\/#primaryimage\"},\"thumbnailUrl\":\"https:\/\/www.geertjehansen.it\/wp-content\/uploads\/2021\/03\/michelangelo-and-renaissance-tours-geertjehansen.jpg\",\"datePublished\":\"2021-03-29T12:51:04+00:00\",\"dateModified\":\"2021-05-17T10:42:16+00:00\",\"description\":\"Wir werden das Museum Galleria dell\u2019Accademia, die Medici-Kappellen und die Kirchen von San Lorenzo und Santa Croce besichtigen\",\"breadcrumb\":{\"@id\":\"https:\/\/www.geertjehansen.it\/de\/home\/die-touren\/michelangelo-und-die-renaissance\/#breadcrumb\"},\"inLanguage\":\"de\",\"potentialAction\":[{\"@type\":\"ReadAction\",\"target\":[\"https:\/\/www.geertjehansen.it\/de\/home\/die-touren\/michelangelo-und-die-renaissance\/\"]}]},{\"@type\":\"ImageObject\",\"inLanguage\":\"de\",\"@id\":\"https:\/\/www.geertjehansen.it\/de\/home\/die-touren\/michelangelo-und-die-renaissance\/#primaryimage\",\"url\":\"https:\/\/www.geertjehansen.it\/wp-content\/uploads\/2021\/03\/michelangelo-and-renaissance-tours-geertjehansen.jpg\",\"contentUrl\":\"https:\/\/www.geertjehansen.it\/wp-content\/uploads\/2021\/03\/michelangelo-and-renaissance-tours-geertjehansen.jpg\",\"width\":1000,\"height\":667,\"caption\":\"Michelangelo and the Renaissance\"},{\"@type\":\"BreadcrumbList\",\"@id\":\"https:\/\/www.geertjehansen.it\/de\/home\/die-touren\/michelangelo-und-die-renaissance\/#breadcrumb\",\"itemListElement\":[{\"@type\":\"ListItem\",\"position\":1,\"name\":\"Home\",\"item\":\"https:\/\/www.geertjehansen.it\/de\/\"},{\"@type\":\"ListItem\",\"position\":2,\"name\":\"Home\",\"item\":\"https:\/\/www.geertjehansen.it\/de\/\"},{\"@type\":\"ListItem\",\"position\":3,\"name\":\"F\u00fchrungen &#038; Ausfl\u00fcge\",\"item\":\"https:\/\/www.geertjehansen.it\/de\/home\/die-touren\/\"},{\"@type\":\"ListItem\",\"position\":4,\"name\":\"Michelangelo und die Renaissance\"}]},{\"@type\":\"WebSite\",\"@id\":\"https:\/\/www.geertjehansen.it\/de\/#website\",\"url\":\"https:\/\/www.geertjehansen.it\/de\/\",\"name\":\"Geertje Hansen\",\"description\":\"Florence Tour Guide\",\"publisher\":{\"@id\":\"https:\/\/www.geertjehansen.it\/de\/#organization\"},\"potentialAction\":[{\"@type\":\"SearchAction\",\"target\":{\"@type\":\"EntryPoint\",\"urlTemplate\":\"https:\/\/www.geertjehansen.it\/de\/?s={search_term_string}\"},\"query-input\":{\"@type\":\"PropertyValueSpecification\",\"valueRequired\":true,\"valueName\":\"search_term_string\"}}],\"inLanguage\":\"de\"},{\"@type\":\"Organization\",\"@id\":\"https:\/\/www.geertjehansen.it\/de\/#organization\",\"name\":\"Geertje Hansen\",\"url\":\"https:\/\/www.geertjehansen.it\/de\/\",\"logo\":{\"@type\":\"ImageObject\",\"inLanguage\":\"de\",\"@id\":\"https:\/\/www.geertjehansen.it\/de\/#\/schema\/logo\/image\/\",\"url\":\"https:\/\/www.geertjehansen.it\/wp-content\/uploads\/2021\/04\/geertje-hansen-logo.png\",\"contentUrl\":\"https:\/\/www.geertjehansen.it\/wp-content\/uploads\/2021\/04\/geertje-hansen-logo.png\",\"width\":465,\"height\":136,\"caption\":\"Geertje Hansen\"},\"image\":{\"@id\":\"https:\/\/www.geertjehansen.it\/de\/#\/schema\/logo\/image\/\"}}]}<\/script>\n<!-- \/ Yoast SEO plugin. -->","yoast_head_json":{"title":"Michelangelo und die Renaissance | Geertje Hansen | Stadtf\u00fchrerin Florenz","description":"Wir werden das Museum Galleria dell\u2019Accademia, die Medici-Kappellen und die Kirchen von San Lorenzo und Santa Croce besichtigen","robots":{"index":"index","follow":"follow","max-snippet":"max-snippet:-1","max-image-preview":"max-image-preview:large","max-video-preview":"max-video-preview:-1"},"canonical":"https:\/\/www.geertjehansen.it\/de\/home\/die-touren\/michelangelo-und-die-renaissance\/","og_locale":"de_DE","og_type":"article","og_title":"Michelangelo und die Renaissance | Geertje Hansen | Stadtf\u00fchrerin Florenz","og_description":"Wir werden das Museum Galleria dell\u2019Accademia, die Medici-Kappellen und die Kirchen von San Lorenzo und Santa Croce besichtigen","og_url":"https:\/\/www.geertjehansen.it\/de\/home\/die-touren\/michelangelo-und-die-renaissance\/","og_site_name":"Geertje Hansen","article_modified_time":"2021-05-17T10:42:16+00:00","og_image":[{"width":1000,"height":667,"url":"https:\/\/www.geertjehansen.it\/wp-content\/uploads\/2021\/03\/michelangelo-and-renaissance-tours-geertjehansen.jpg","type":"image\/jpeg"}],"twitter_card":"summary_large_image","twitter_misc":{"Gesch\u00e4tzte Lesezeit":"2\u00a0Minuten"},"schema":{"@context":"https:\/\/schema.org","@graph":[{"@type":"WebPage","@id":"https:\/\/www.geertjehansen.it\/de\/home\/die-touren\/michelangelo-und-die-renaissance\/","url":"https:\/\/www.geertjehansen.it\/de\/home\/die-touren\/michelangelo-und-die-renaissance\/","name":"Michelangelo und die Renaissance | Geertje Hansen | Stadtf\u00fchrerin Florenz","isPartOf":{"@id":"https:\/\/www.geertjehansen.it\/de\/#website"},"primaryImageOfPage":{"@id":"https:\/\/www.geertjehansen.it\/de\/home\/die-touren\/michelangelo-und-die-renaissance\/#primaryimage"},"image":{"@id":"https:\/\/www.geertjehansen.it\/de\/home\/die-touren\/michelangelo-und-die-renaissance\/#primaryimage"},"thumbnailUrl":"https:\/\/www.geertjehansen.it\/wp-content\/uploads\/2021\/03\/michelangelo-and-renaissance-tours-geertjehansen.jpg","datePublished":"2021-03-29T12:51:04+00:00","dateModified":"2021-05-17T10:42:16+00:00","description":"Wir werden das Museum Galleria dell\u2019Accademia, die Medici-Kappellen und die Kirchen von San Lorenzo und Santa Croce besichtigen","breadcrumb":{"@id":"https:\/\/www.geertjehansen.it\/de\/home\/die-touren\/michelangelo-und-die-renaissance\/#breadcrumb"},"inLanguage":"de","potentialAction":[{"@type":"ReadAction","target":["https:\/\/www.geertjehansen.it\/de\/home\/die-touren\/michelangelo-und-die-renaissance\/"]}]},{"@type":"ImageObject","inLanguage":"de","@id":"https:\/\/www.geertjehansen.it\/de\/home\/die-touren\/michelangelo-und-die-renaissance\/#primaryimage","url":"https:\/\/www.geertjehansen.it\/wp-content\/uploads\/2021\/03\/michelangelo-and-renaissance-tours-geertjehansen.jpg","contentUrl":"https:\/\/www.geertjehansen.it\/wp-content\/uploads\/2021\/03\/michelangelo-and-renaissance-tours-geertjehansen.jpg","width":1000,"height":667,"caption":"Michelangelo and the Renaissance"},{"@type":"BreadcrumbList","@id":"https:\/\/www.geertjehansen.it\/de\/home\/die-touren\/michelangelo-und-die-renaissance\/#breadcrumb","itemListElement":[{"@type":"ListItem","position":1,"name":"Home","item":"https:\/\/www.geertjehansen.it\/de\/"},{"@type":"ListItem","position":2,"name":"Home","item":"https:\/\/www.geertjehansen.it\/de\/"},{"@type":"ListItem","position":3,"name":"F\u00fchrungen &#038; Ausfl\u00fcge","item":"https:\/\/www.geertjehansen.it\/de\/home\/die-touren\/"},{"@type":"ListItem","position":4,"name":"Michelangelo und die Renaissance"}]},{"@type":"WebSite","@id":"https:\/\/www.geertjehansen.it\/de\/#website","url":"https:\/\/www.geertjehansen.it\/de\/","name":"Geertje Hansen","description":"Florence Tour Guide","publisher":{"@id":"https:\/\/www.geertjehansen.it\/de\/#organization"},"potentialAction":[{"@type":"SearchAction","target":{"@type":"EntryPoint","urlTemplate":"https:\/\/www.geertjehansen.it\/de\/?s={search_term_string}"},"query-input":{"@type":"PropertyValueSpecification","valueRequired":true,"valueName":"search_term_string"}}],"inLanguage":"de"},{"@type":"Organization","@id":"https:\/\/www.geertjehansen.it\/de\/#organization","name":"Geertje Hansen","url":"https:\/\/www.geertjehansen.it\/de\/","logo":{"@type":"ImageObject","inLanguage":"de","@id":"https:\/\/www.geertjehansen.it\/de\/#\/schema\/logo\/image\/","url":"https:\/\/www.geertjehansen.it\/wp-content\/uploads\/2021\/04\/geertje-hansen-logo.png","contentUrl":"https:\/\/www.geertjehansen.it\/wp-content\/uploads\/2021\/04\/geertje-hansen-logo.png","width":465,"height":136,"caption":"Geertje Hansen"},"image":{"@id":"https:\/\/www.geertjehansen.it\/de\/#\/schema\/logo\/image\/"}}]}},"_links":{"self":[{"href":"https:\/\/www.geertjehansen.it\/de\/wp-json\/wp\/v2\/pages\/224","targetHints":{"allow":["GET"]}}],"collection":[{"href":"https:\/\/www.geertjehansen.it\/de\/wp-json\/wp\/v2\/pages"}],"about":[{"href":"https:\/\/www.geertjehansen.it\/de\/wp-json\/wp\/v2\/types\/page"}],"author":[{"embeddable":true,"href":"https:\/\/www.geertjehansen.it\/de\/wp-json\/wp\/v2\/users\/1"}],"replies":[{"embeddable":true,"href":"https:\/\/www.geertjehansen.it\/de\/wp-json\/wp\/v2\/comments?post=224"}],"version-history":[{"count":2,"href":"https:\/\/www.geertjehansen.it\/de\/wp-json\/wp\/v2\/pages\/224\/revisions"}],"predecessor-version":[{"id":1330,"href":"https:\/\/www.geertjehansen.it\/de\/wp-json\/wp\/v2\/pages\/224\/revisions\/1330"}],"up":[{"embeddable":true,"href":"https:\/\/www.geertjehansen.it\/de\/wp-json\/wp\/v2\/pages\/218"}],"wp:featuredmedia":[{"embeddable":true,"href":"https:\/\/www.geertjehansen.it\/de\/wp-json\/wp\/v2\/media\/349"}],"wp:attachment":[{"href":"https:\/\/www.geertjehansen.it\/de\/wp-json\/wp\/v2\/media?parent=224"}],"curies":[{"name":"wp","href":"https:\/\/api.w.org\/{rel}","templated":true}]}}