{"id":222,"date":"2021-03-29T14:48:46","date_gmt":"2021-03-29T12:48:46","guid":{"rendered":"http:\/\/www.geertjehansen.it\/?page_id=222"},"modified":"2021-05-17T12:40:03","modified_gmt":"2021-05-17T10:40:03","slug":"der-klassische-stadt-rundgang","status":"publish","type":"page","link":"https:\/\/www.geertjehansen.it\/de\/home\/die-touren\/der-klassische-stadt-rundgang\/","title":{"rendered":"Der klassische Stadt-Rundgang"},"content":{"rendered":"\n<p>Diese Tour bietet Ihnen Einblick in die Geschichte von Florenz und die ganze Pracht seiner Vergangenheit wie z.B. <strong><em>Piazza Signoria<\/em><\/strong> mit dem Rathaus aus dem 13. Jhdt., eingerahmt von einigen der wichtigsten Statuen der Kunstgeschichte. Wir werden nat\u00fcrlich auch nicht den ber\u00fchmten <em><strong>Ponte Vecchio<\/strong><\/em> mit seinen Juwelier-Gesch\u00e4ften auslassen, und nachdem wir die Nase unseres Gl\u00fcck verhei\u00dfenden, bronzenen <strong><em>Wildschweins<\/em><\/strong> get\u00e4tschelt haben, steuern wir \u00fcber mittelalterliche Gassen und Pl\u00e4tze den <em><strong>Dom<\/strong><\/em> mit der ber\u00fchmten <em><strong>Kuppel <\/strong><\/em>des Architekten Brunelleschi an und bewundern sein einmaliges Meisterwerk. W\u00e4hrend dieses Spaziergangs gibt es reichlich Gelegenheit, uns \u00fcber Geschichte, Leben und Traditionen von Florenz seit seiner Gr\u00fcndung im Jahr 59 v.Chr. zu unterhalten.<br><br>Dauer: 3 Stdn.<br><br>Da diese Tour keinerlei Innenbesichtigungen einschlie\u00dft, ist sie zeitlich nicht gebunden und kann<strong><em> zu jeder Tageszeit <\/em><\/strong>stattfinden. Besonders im Sommer ist es sehr angenehm, der Hitze des Tages zu entkommen und die Tour auf den sp\u00e4ten Nachmittag zu verlegen und sie z.B. in einem der Restaurants an den vielen Pl\u00e4tzen zu beenden.<\/p>\n\n\n<style>.wp-block-kadence-advancedgallery .kb-gallery-type-grid.kb-gallery-id-_aa2043-f0{margin:-5px;}.kb-gallery-type-grid.kb-gallery-id-_aa2043-f0 .kadence-blocks-gallery-item{padding:5px;}.kb-gallery-id-_aa2043-f0 .kadence-blocks-gallery-item .kb-gal-image-radius{border-radius:0px 0px 0px 0px;}<\/style>\n<div class=\"wp-block-kadence-advancedgallery kb-gallery-wrap-id-_aa2043-f0\"><ul class=\"kb-gallery-ul kb-gallery-type-grid kb-gallery-id-_aa2043-f0 kb-gallery-caption-style-bottom-hover kb-gallery-filter-none kb-gallery-magnific-init\" data-item-selector=\".kadence-blocks-gallery-item\" data-image-filter=\"none\" data-lightbox-caption=\"true\" data-columns-xxl=\"3\" data-columns-xl=\"3\" data-columns-lg=\"3\" data-columns-md=\"2\" data-columns-sm=\"1\" data-columns-xs=\"1\"><li class=\"kadence-blocks-gallery-item\"><div class=\"kadence-blocks-gallery-item-inner\"><figure class=\"kb-gallery-figure kb-gallery-item-has-link kadence-blocks-gallery-item-hide-caption kb-has-image-ratio-land32\"><a href=\"http:\/\/www.geertjehansen.it\/wp-content\/uploads\/2021\/04\/palazzo-vecchio-firenze.jpg\" class=\"kb-gallery-item-link\"><div class=\"kb-gal-image-radius\"><div class=\"kb-gallery-image-contain kadence-blocks-gallery-intrinsic kb-gallery-image-ratio-land32\"><img loading=\"lazy\" decoding=\"async\" width=\"1000\" height=\"750\" src=\"https:\/\/www.geertjehansen.it\/wp-content\/themes\/webag_3\/templates-default\/img\/t.png\" data-src=\"http:\/\/www.geertjehansen.it\/wp-content\/uploads\/2021\/04\/palazzo-vecchio-firenze.jpg\" alt=\"Palazzo Vecchio\" data-full-image=\"http:\/\/www.geertjehansen.it\/wp-content\/uploads\/2021\/04\/palazzo-vecchio-firenze.jpg\" data-light-image=\"http:\/\/www.geertjehansen.it\/wp-content\/uploads\/2021\/04\/palazzo-vecchio-firenze.jpg\" data-id=\"883\" data-link=\"http:\/\/www.geertjehansen.it\/de\/home\/die-touren\/der-klassische-stadt-rundgang\/palazzo-vecchio-firenze-2\/\" class=\"lazy wp-image-883undefined\" data-srcset=\"https:\/\/www.geertjehansen.it\/wp-content\/uploads\/2021\/04\/palazzo-vecchio-firenze.jpg 1000w, https:\/\/www.geertjehansen.it\/wp-content\/uploads\/2021\/04\/palazzo-vecchio-firenze-300x225.jpg 300w, https:\/\/www.geertjehansen.it\/wp-content\/uploads\/2021\/04\/palazzo-vecchio-firenze-768x576.jpg 768w, https:\/\/www.geertjehansen.it\/wp-content\/uploads\/2021\/04\/palazzo-vecchio-firenze-150x113.jpg 150w\" sizes=\"auto, (max-width: 1000px) 100vw, 1000px\" \/><\/div><\/div><\/a><\/figure><\/div><\/li><li class=\"kadence-blocks-gallery-item\"><div class=\"kadence-blocks-gallery-item-inner\"><figure class=\"kb-gallery-figure kb-gallery-item-has-link kadence-blocks-gallery-item-hide-caption kb-has-image-ratio-land32\"><a href=\"http:\/\/www.geertjehansen.it\/wp-content\/uploads\/2021\/04\/piazza-signoria-firenze.jpg\" class=\"kb-gallery-item-link\"><div class=\"kb-gal-image-radius\"><div class=\"kb-gallery-image-contain kadence-blocks-gallery-intrinsic kb-gallery-image-ratio-land32\"><img loading=\"lazy\" decoding=\"async\" width=\"1000\" height=\"750\" src=\"https:\/\/www.geertjehansen.it\/wp-content\/themes\/webag_3\/templates-default\/img\/t.png\" data-src=\"http:\/\/www.geertjehansen.it\/wp-content\/uploads\/2021\/04\/piazza-signoria-firenze.jpg\" alt=\"Piazza Signoria\" data-full-image=\"http:\/\/www.geertjehansen.it\/wp-content\/uploads\/2021\/04\/piazza-signoria-firenze.jpg\" data-light-image=\"http:\/\/www.geertjehansen.it\/wp-content\/uploads\/2021\/04\/piazza-signoria-firenze.jpg\" data-id=\"873\" data-link=\"http:\/\/www.geertjehansen.it\/de\/home\/die-touren\/der-klassische-stadt-rundgang\/piazza-signoria-firenze-2\/\" class=\"lazy wp-image-873undefined\" data-srcset=\"https:\/\/www.geertjehansen.it\/wp-content\/uploads\/2021\/04\/piazza-signoria-firenze.jpg 1000w, https:\/\/www.geertjehansen.it\/wp-content\/uploads\/2021\/04\/piazza-signoria-firenze-300x225.jpg 300w, https:\/\/www.geertjehansen.it\/wp-content\/uploads\/2021\/04\/piazza-signoria-firenze-768x576.jpg 768w, https:\/\/www.geertjehansen.it\/wp-content\/uploads\/2021\/04\/piazza-signoria-firenze-150x113.jpg 150w\" sizes=\"auto, (max-width: 1000px) 100vw, 1000px\" \/><\/div><\/div><\/a><\/figure><\/div><\/li><li class=\"kadence-blocks-gallery-item\"><div class=\"kadence-blocks-gallery-item-inner\"><figure class=\"kb-gallery-figure kb-gallery-item-has-link kadence-blocks-gallery-item-hide-caption kb-has-image-ratio-land32\"><a href=\"http:\/\/www.geertjehansen.it\/wp-content\/uploads\/2021\/04\/bancarella-libri-firenze.jpg\" class=\"kb-gallery-item-link\"><div class=\"kb-gal-image-radius\"><div class=\"kb-gallery-image-contain kadence-blocks-gallery-intrinsic kb-gallery-image-ratio-land32\"><img loading=\"lazy\" decoding=\"async\" width=\"1000\" height=\"750\" src=\"https:\/\/www.geertjehansen.it\/wp-content\/themes\/webag_3\/templates-default\/img\/t.png\" data-src=\"http:\/\/www.geertjehansen.it\/wp-content\/uploads\/2021\/04\/bancarella-libri-firenze.jpg\" alt=\"Bancarella di libri, Firenze\" data-full-image=\"http:\/\/www.geertjehansen.it\/wp-content\/uploads\/2021\/04\/bancarella-libri-firenze.jpg\" data-light-image=\"http:\/\/www.geertjehansen.it\/wp-content\/uploads\/2021\/04\/bancarella-libri-firenze.jpg\" data-id=\"863\" data-link=\"http:\/\/www.geertjehansen.it\/de\/home\/die-touren\/der-klassische-stadt-rundgang\/bancarella-libri-firenze-2\/\" class=\"lazy wp-image-863undefined\" data-srcset=\"https:\/\/www.geertjehansen.it\/wp-content\/uploads\/2021\/04\/bancarella-libri-firenze.jpg 1000w, https:\/\/www.geertjehansen.it\/wp-content\/uploads\/2021\/04\/bancarella-libri-firenze-300x225.jpg 300w, https:\/\/www.geertjehansen.it\/wp-content\/uploads\/2021\/04\/bancarella-libri-firenze-768x576.jpg 768w, https:\/\/www.geertjehansen.it\/wp-content\/uploads\/2021\/04\/bancarella-libri-firenze-150x113.jpg 150w\" sizes=\"auto, (max-width: 1000px) 100vw, 1000px\" \/><\/div><\/div><\/a><\/figure><\/div><\/li><li class=\"kadence-blocks-gallery-item\"><div class=\"kadence-blocks-gallery-item-inner\"><figure class=\"kb-gallery-figure kb-gallery-item-has-link kadence-blocks-gallery-item-hide-caption kb-has-image-ratio-land32\"><a href=\"http:\/\/www.geertjehansen.it\/wp-content\/uploads\/2021\/04\/ponte-vecchio-tramonto.jpg\" class=\"kb-gallery-item-link\"><div class=\"kb-gal-image-radius\"><div class=\"kb-gallery-image-contain kadence-blocks-gallery-intrinsic kb-gallery-image-ratio-land32\"><img loading=\"lazy\" decoding=\"async\" width=\"1000\" height=\"750\" src=\"https:\/\/www.geertjehansen.it\/wp-content\/themes\/webag_3\/templates-default\/img\/t.png\" data-src=\"http:\/\/www.geertjehansen.it\/wp-content\/uploads\/2021\/04\/ponte-vecchio-tramonto.jpg\" alt=\"Tramonto su Ponte vecchio\" data-full-image=\"http:\/\/www.geertjehansen.it\/wp-content\/uploads\/2021\/04\/ponte-vecchio-tramonto.jpg\" data-light-image=\"http:\/\/www.geertjehansen.it\/wp-content\/uploads\/2021\/04\/ponte-vecchio-tramonto.jpg\" data-id=\"858\" data-link=\"http:\/\/www.geertjehansen.it\/de\/home\/die-touren\/der-klassische-stadt-rundgang\/ponte-vecchio-tramonto-2\/\" class=\"lazy wp-image-858undefined\" data-srcset=\"https:\/\/www.geertjehansen.it\/wp-content\/uploads\/2021\/04\/ponte-vecchio-tramonto.jpg 1000w, https:\/\/www.geertjehansen.it\/wp-content\/uploads\/2021\/04\/ponte-vecchio-tramonto-300x225.jpg 300w, https:\/\/www.geertjehansen.it\/wp-content\/uploads\/2021\/04\/ponte-vecchio-tramonto-768x576.jpg 768w, https:\/\/www.geertjehansen.it\/wp-content\/uploads\/2021\/04\/ponte-vecchio-tramonto-150x113.jpg 150w\" sizes=\"auto, (max-width: 1000px) 100vw, 1000px\" \/><\/div><\/div><\/a><\/figure><\/div><\/li><li class=\"kadence-blocks-gallery-item\"><div class=\"kadence-blocks-gallery-item-inner\"><figure class=\"kb-gallery-figure kb-gallery-item-has-link kadence-blocks-gallery-item-hide-caption kb-has-image-ratio-land32\"><a href=\"http:\/\/www.geertjehansen.it\/wp-content\/uploads\/2021\/04\/ponte-vecchio.jpg\" class=\"kb-gallery-item-link\"><div class=\"kb-gal-image-radius\"><div class=\"kb-gallery-image-contain kadence-blocks-gallery-intrinsic kb-gallery-image-ratio-land32\"><img loading=\"lazy\" decoding=\"async\" width=\"1000\" height=\"750\" src=\"https:\/\/www.geertjehansen.it\/wp-content\/themes\/webag_3\/templates-default\/img\/t.png\" data-src=\"http:\/\/www.geertjehansen.it\/wp-content\/uploads\/2021\/04\/ponte-vecchio.jpg\" alt=\"Ponte Vecchio. Firenze\" data-full-image=\"http:\/\/www.geertjehansen.it\/wp-content\/uploads\/2021\/04\/ponte-vecchio.jpg\" data-light-image=\"http:\/\/www.geertjehansen.it\/wp-content\/uploads\/2021\/04\/ponte-vecchio.jpg\" data-id=\"878\" data-link=\"http:\/\/www.geertjehansen.it\/de\/home\/die-touren\/der-klassische-stadt-rundgang\/ponte-vecchio-2\/\" class=\"lazy wp-image-878undefined\" data-srcset=\"https:\/\/www.geertjehansen.it\/wp-content\/uploads\/2021\/04\/ponte-vecchio.jpg 1000w, https:\/\/www.geertjehansen.it\/wp-content\/uploads\/2021\/04\/ponte-vecchio-300x225.jpg 300w, https:\/\/www.geertjehansen.it\/wp-content\/uploads\/2021\/04\/ponte-vecchio-768x576.jpg 768w, https:\/\/www.geertjehansen.it\/wp-content\/uploads\/2021\/04\/ponte-vecchio-150x113.jpg 150w\" sizes=\"auto, (max-width: 1000px) 100vw, 1000px\" \/><\/div><\/div><\/a><\/figure><\/div><\/li><li class=\"kadence-blocks-gallery-item\"><div class=\"kadence-blocks-gallery-item-inner\"><figure class=\"kb-gallery-figure kb-gallery-item-has-link kadence-blocks-gallery-item-hide-caption kb-has-image-ratio-land32\"><a href=\"http:\/\/www.geertjehansen.it\/wp-content\/uploads\/2021\/04\/mappa-tattile-firenze.jpg\" class=\"kb-gallery-item-link\"><div class=\"kb-gal-image-radius\"><div class=\"kb-gallery-image-contain kadence-blocks-gallery-intrinsic kb-gallery-image-ratio-land32\"><img loading=\"lazy\" decoding=\"async\" width=\"1000\" height=\"750\" src=\"https:\/\/www.geertjehansen.it\/wp-content\/themes\/webag_3\/templates-default\/img\/t.png\" data-src=\"http:\/\/www.geertjehansen.it\/wp-content\/uploads\/2021\/04\/mappa-tattile-firenze.jpg\" alt=\"Mappa tattile di Firenze, Piazza della Repubblica\" data-full-image=\"http:\/\/www.geertjehansen.it\/wp-content\/uploads\/2021\/04\/mappa-tattile-firenze.jpg\" data-light-image=\"http:\/\/www.geertjehansen.it\/wp-content\/uploads\/2021\/04\/mappa-tattile-firenze.jpg\" data-id=\"868\" data-link=\"http:\/\/www.geertjehansen.it\/de\/home\/die-touren\/der-klassische-stadt-rundgang\/mappa-tattile-firenze-2\/\" class=\"lazy wp-image-868undefined\" data-srcset=\"https:\/\/www.geertjehansen.it\/wp-content\/uploads\/2021\/04\/mappa-tattile-firenze.jpg 1000w, https:\/\/www.geertjehansen.it\/wp-content\/uploads\/2021\/04\/mappa-tattile-firenze-300x225.jpg 300w, https:\/\/www.geertjehansen.it\/wp-content\/uploads\/2021\/04\/mappa-tattile-firenze-768x576.jpg 768w, https:\/\/www.geertjehansen.it\/wp-content\/uploads\/2021\/04\/mappa-tattile-firenze-150x113.jpg 150w\" sizes=\"auto, (max-width: 1000px) 100vw, 1000px\" \/><\/div><\/div><\/a><\/figure><\/div><\/li><li class=\"kadence-blocks-gallery-item\"><div class=\"kadence-blocks-gallery-item-inner\"><figure class=\"kb-gallery-figure kb-gallery-item-has-link kadence-blocks-gallery-item-hide-caption kb-has-image-ratio-land32\"><a href=\"http:\/\/www.geertjehansen.it\/wp-content\/uploads\/2021\/04\/porta-paradiso-battistero-firenze.jpg\" class=\"kb-gallery-item-link\"><div class=\"kb-gal-image-radius\"><div class=\"kb-gallery-image-contain kadence-blocks-gallery-intrinsic kb-gallery-image-ratio-land32\"><img loading=\"lazy\" decoding=\"async\" width=\"1000\" height=\"750\" src=\"https:\/\/www.geertjehansen.it\/wp-content\/themes\/webag_3\/templates-default\/img\/t.png\" data-src=\"http:\/\/www.geertjehansen.it\/wp-content\/uploads\/2021\/04\/porta-paradiso-battistero-firenze.jpg\" alt=\"Porta del paradiso, Battistero, Piazza del Duomo\" data-full-image=\"http:\/\/www.geertjehansen.it\/wp-content\/uploads\/2021\/04\/porta-paradiso-battistero-firenze.jpg\" data-light-image=\"http:\/\/www.geertjehansen.it\/wp-content\/uploads\/2021\/04\/porta-paradiso-battistero-firenze.jpg\" data-id=\"806\" data-link=\"http:\/\/www.geertjehansen.it\/de\/porta-paradiso-battistero-firenze-2\/\" class=\"lazy wp-image-806undefined\" data-srcset=\"https:\/\/www.geertjehansen.it\/wp-content\/uploads\/2021\/04\/porta-paradiso-battistero-firenze.jpg 1000w, https:\/\/www.geertjehansen.it\/wp-content\/uploads\/2021\/04\/porta-paradiso-battistero-firenze-300x225.jpg 300w, https:\/\/www.geertjehansen.it\/wp-content\/uploads\/2021\/04\/porta-paradiso-battistero-firenze-768x576.jpg 768w, https:\/\/www.geertjehansen.it\/wp-content\/uploads\/2021\/04\/porta-paradiso-battistero-firenze-150x113.jpg 150w\" sizes=\"auto, (max-width: 1000px) 100vw, 1000px\" \/><\/div><\/div><\/a><\/figure><\/div><\/li><li class=\"kadence-blocks-gallery-item\"><div class=\"kadence-blocks-gallery-item-inner\"><figure class=\"kb-gallery-figure kb-gallery-item-has-link kadence-blocks-gallery-item-hide-caption kb-has-image-ratio-land32\"><a href=\"http:\/\/www.geertjehansen.it\/wp-content\/uploads\/2021\/04\/via-dei-cerchi-firenze.jpg\" class=\"kb-gallery-item-link\"><div class=\"kb-gal-image-radius\"><div class=\"kb-gallery-image-contain kadence-blocks-gallery-intrinsic kb-gallery-image-ratio-land32\"><img loading=\"lazy\" decoding=\"async\" width=\"1000\" height=\"750\" src=\"https:\/\/www.geertjehansen.it\/wp-content\/themes\/webag_3\/templates-default\/img\/t.png\" data-src=\"http:\/\/www.geertjehansen.it\/wp-content\/uploads\/2021\/04\/via-dei-cerchi-firenze.jpg\" alt=\"Bancarella frutta e verdura Firenze\" data-full-image=\"http:\/\/www.geertjehansen.it\/wp-content\/uploads\/2021\/04\/via-dei-cerchi-firenze.jpg\" data-light-image=\"http:\/\/www.geertjehansen.it\/wp-content\/uploads\/2021\/04\/via-dei-cerchi-firenze.jpg\" data-id=\"888\" data-link=\"http:\/\/www.geertjehansen.it\/de\/home\/die-touren\/der-klassische-stadt-rundgang\/via-dei-cerchi-firenze-2\/\" class=\"lazy wp-image-888undefined\" data-srcset=\"https:\/\/www.geertjehansen.it\/wp-content\/uploads\/2021\/04\/via-dei-cerchi-firenze.jpg 1000w, https:\/\/www.geertjehansen.it\/wp-content\/uploads\/2021\/04\/via-dei-cerchi-firenze-300x225.jpg 300w, https:\/\/www.geertjehansen.it\/wp-content\/uploads\/2021\/04\/via-dei-cerchi-firenze-768x576.jpg 768w, https:\/\/www.geertjehansen.it\/wp-content\/uploads\/2021\/04\/via-dei-cerchi-firenze-150x113.jpg 150w\" sizes=\"auto, (max-width: 1000px) 100vw, 1000px\" \/><\/div><\/div><\/a><\/figure><\/div><\/li><li class=\"kadence-blocks-gallery-item\"><div class=\"kadence-blocks-gallery-item-inner\"><figure class=\"kb-gallery-figure kb-gallery-item-has-link kadence-blocks-gallery-item-hide-caption kb-has-image-ratio-land32\"><a href=\"http:\/\/www.geertjehansen.it\/wp-content\/uploads\/2021\/04\/street-art-firenze.jpg\" class=\"kb-gallery-item-link\"><div class=\"kb-gal-image-radius\"><div class=\"kb-gallery-image-contain kadence-blocks-gallery-intrinsic kb-gallery-image-ratio-land32\"><img loading=\"lazy\" decoding=\"async\" width=\"1000\" height=\"750\" src=\"https:\/\/www.geertjehansen.it\/wp-content\/themes\/webag_3\/templates-default\/img\/t.png\" data-src=\"http:\/\/www.geertjehansen.it\/wp-content\/uploads\/2021\/04\/street-art-firenze.jpg\" alt=\"Street Art, Firenze\" data-full-image=\"http:\/\/www.geertjehansen.it\/wp-content\/uploads\/2021\/04\/street-art-firenze.jpg\" data-light-image=\"http:\/\/www.geertjehansen.it\/wp-content\/uploads\/2021\/04\/street-art-firenze.jpg\" data-id=\"893\" data-link=\"http:\/\/www.geertjehansen.it\/de\/home\/die-touren\/der-klassische-stadt-rundgang\/street-art-firenze-2\/\" class=\"lazy wp-image-893undefined\" data-srcset=\"https:\/\/www.geertjehansen.it\/wp-content\/uploads\/2021\/04\/street-art-firenze.jpg 1000w, https:\/\/www.geertjehansen.it\/wp-content\/uploads\/2021\/04\/street-art-firenze-300x225.jpg 300w, https:\/\/www.geertjehansen.it\/wp-content\/uploads\/2021\/04\/street-art-firenze-768x576.jpg 768w, https:\/\/www.geertjehansen.it\/wp-content\/uploads\/2021\/04\/street-art-firenze-150x113.jpg 150w\" sizes=\"auto, (max-width: 1000px) 100vw, 1000px\" \/><\/div><\/div><\/a><\/figure><\/div><\/li><li class=\"kadence-blocks-gallery-item\"><div class=\"kadence-blocks-gallery-item-inner\"><figure class=\"kb-gallery-figure kb-gallery-item-has-link kadence-blocks-gallery-item-hide-caption kb-has-image-ratio-land32\"><a href=\"http:\/\/www.geertjehansen.it\/wp-content\/uploads\/2021\/04\/giardini-firenze.jpg\" class=\"kb-gallery-item-link\"><div class=\"kb-gal-image-radius\"><div class=\"kb-gallery-image-contain kadence-blocks-gallery-intrinsic kb-gallery-image-ratio-land32\"><img loading=\"lazy\" decoding=\"async\" width=\"1000\" height=\"750\" src=\"https:\/\/www.geertjehansen.it\/wp-content\/themes\/webag_3\/templates-default\/img\/t.png\" data-src=\"http:\/\/www.geertjehansen.it\/wp-content\/uploads\/2021\/04\/giardini-firenze.jpg\" alt=\"giardino di Boboli\" data-full-image=\"http:\/\/www.geertjehansen.it\/wp-content\/uploads\/2021\/04\/giardini-firenze.jpg\" data-light-image=\"http:\/\/www.geertjehansen.it\/wp-content\/uploads\/2021\/04\/giardini-firenze.jpg\" data-id=\"725\" data-link=\"http:\/\/www.geertjehansen.it\/de\/home\/die-touren\/der-klassische-stadt-rundgang\/giardini-firenze-2\/\" class=\"lazy wp-image-725undefined\" data-srcset=\"https:\/\/www.geertjehansen.it\/wp-content\/uploads\/2021\/04\/giardini-firenze.jpg 1000w, https:\/\/www.geertjehansen.it\/wp-content\/uploads\/2021\/04\/giardini-firenze-300x225.jpg 300w, https:\/\/www.geertjehansen.it\/wp-content\/uploads\/2021\/04\/giardini-firenze-768x576.jpg 768w, https:\/\/www.geertjehansen.it\/wp-content\/uploads\/2021\/04\/giardini-firenze-150x113.jpg 150w\" sizes=\"auto, (max-width: 1000px) 100vw, 1000px\" \/><\/div><\/div><\/a><\/figure><\/div><\/li><\/ul><\/div>\n","protected":false},"excerpt":{"rendered":"<p>Diese Tour bietet Ihnen Einblick in die Geschichte von Florenz und die ganze Pracht seiner Vergangenheit wie z.B. Piazza Signoria mit dem Rathaus aus dem 13. Jhdt., eingerahmt von einigen der wichtigsten Statuen der Kunstgeschichte. Wir werden nat\u00fcrlich auch nicht den ber\u00fchmten Ponte Vecchio mit seinen Juwelier-Gesch\u00e4ften auslassen, und nachdem wir die Nase unseres Gl\u00fcck [&hellip;]<\/p>\n","protected":false},"author":1,"featured_media":359,"parent":218,"menu_order":15,"comment_status":"closed","ping_status":"closed","template":"","meta":{"_acf_changed":false,"footnotes":""},"class_list":["post-222","page","type-page","status-publish","has-post-thumbnail","hentry"],"acf":[],"yoast_head":"<!-- This site is optimized with the Yoast SEO plugin v24.9 - https:\/\/yoast.com\/wordpress\/plugins\/seo\/ -->\n<title>Stadtrundgang | Geertje Hansen | Stadtf\u00fchrerin Florenz<\/title>\n<meta name=\"description\" content=\"Diese Tour bietet Ihnen Einblick in die Geschichte von Florenz und die ganze Pracht seiner Vergangenheit. Wir werden uns \u00fcber Geschichte, Leben und Traditionen von Florenz unterhalten.\" \/>\n<meta name=\"robots\" content=\"index, follow, max-snippet:-1, max-image-preview:large, max-video-preview:-1\" \/>\n<link rel=\"canonical\" href=\"https:\/\/www.geertjehansen.it\/de\/home\/die-touren\/der-klassische-stadt-rundgang\/\" \/>\n<meta property=\"og:locale\" content=\"de_DE\" \/>\n<meta property=\"og:type\" content=\"article\" \/>\n<meta property=\"og:title\" content=\"Stadtrundgang | Geertje Hansen | Stadtf\u00fchrerin Florenz\" \/>\n<meta property=\"og:description\" content=\"Diese Tour bietet Ihnen Einblick in die Geschichte von Florenz und die ganze Pracht seiner Vergangenheit. Wir werden uns \u00fcber Geschichte, Leben und Traditionen von Florenz unterhalten.\" \/>\n<meta property=\"og:url\" content=\"https:\/\/www.geertjehansen.it\/de\/home\/die-touren\/der-klassische-stadt-rundgang\/\" \/>\n<meta property=\"og:site_name\" content=\"Geertje Hansen\" \/>\n<meta property=\"article:modified_time\" content=\"2021-05-17T10:40:03+00:00\" \/>\n<meta property=\"og:image\" content=\"https:\/\/www.geertjehansen.it\/wp-content\/uploads\/2021\/03\/florence-highlights-tours-geertjehansen.jpg\" \/>\n\t<meta property=\"og:image:width\" content=\"1000\" \/>\n\t<meta property=\"og:image:height\" content=\"667\" \/>\n\t<meta property=\"og:image:type\" content=\"image\/jpeg\" \/>\n<meta name=\"twitter:card\" content=\"summary_large_image\" \/>\n<meta name=\"twitter:label1\" content=\"Gesch\u00e4tzte Lesezeit\" \/>\n\t<meta name=\"twitter:data1\" content=\"3\u00a0Minuten\" \/>\n<script type=\"application\/ld+json\" class=\"yoast-schema-graph\">{\"@context\":\"https:\/\/schema.org\",\"@graph\":[{\"@type\":\"WebPage\",\"@id\":\"https:\/\/www.geertjehansen.it\/de\/home\/die-touren\/der-klassische-stadt-rundgang\/\",\"url\":\"https:\/\/www.geertjehansen.it\/de\/home\/die-touren\/der-klassische-stadt-rundgang\/\",\"name\":\"Stadtrundgang | Geertje Hansen | Stadtf\u00fchrerin Florenz\",\"isPartOf\":{\"@id\":\"https:\/\/www.geertjehansen.it\/de\/#website\"},\"primaryImageOfPage\":{\"@id\":\"https:\/\/www.geertjehansen.it\/de\/home\/die-touren\/der-klassische-stadt-rundgang\/#primaryimage\"},\"image\":{\"@id\":\"https:\/\/www.geertjehansen.it\/de\/home\/die-touren\/der-klassische-stadt-rundgang\/#primaryimage\"},\"thumbnailUrl\":\"https:\/\/www.geertjehansen.it\/wp-content\/uploads\/2021\/03\/florence-highlights-tours-geertjehansen.jpg\",\"datePublished\":\"2021-03-29T12:48:46+00:00\",\"dateModified\":\"2021-05-17T10:40:03+00:00\",\"description\":\"Diese Tour bietet Ihnen Einblick in die Geschichte von Florenz und die ganze Pracht seiner Vergangenheit. Wir werden uns \u00fcber Geschichte, Leben und Traditionen von Florenz unterhalten.\",\"breadcrumb\":{\"@id\":\"https:\/\/www.geertjehansen.it\/de\/home\/die-touren\/der-klassische-stadt-rundgang\/#breadcrumb\"},\"inLanguage\":\"de\",\"potentialAction\":[{\"@type\":\"ReadAction\",\"target\":[\"https:\/\/www.geertjehansen.it\/de\/home\/die-touren\/der-klassische-stadt-rundgang\/\"]}]},{\"@type\":\"ImageObject\",\"inLanguage\":\"de\",\"@id\":\"https:\/\/www.geertjehansen.it\/de\/home\/die-touren\/der-klassische-stadt-rundgang\/#primaryimage\",\"url\":\"https:\/\/www.geertjehansen.it\/wp-content\/uploads\/2021\/03\/florence-highlights-tours-geertjehansen.jpg\",\"contentUrl\":\"https:\/\/www.geertjehansen.it\/wp-content\/uploads\/2021\/03\/florence-highlights-tours-geertjehansen.jpg\",\"width\":1000,\"height\":667,\"caption\":\"Florence Highlights Geertje Hansen\"},{\"@type\":\"BreadcrumbList\",\"@id\":\"https:\/\/www.geertjehansen.it\/de\/home\/die-touren\/der-klassische-stadt-rundgang\/#breadcrumb\",\"itemListElement\":[{\"@type\":\"ListItem\",\"position\":1,\"name\":\"Home\",\"item\":\"https:\/\/www.geertjehansen.it\/de\/\"},{\"@type\":\"ListItem\",\"position\":2,\"name\":\"Home\",\"item\":\"https:\/\/www.geertjehansen.it\/de\/\"},{\"@type\":\"ListItem\",\"position\":3,\"name\":\"F\u00fchrungen &#038; Ausfl\u00fcge\",\"item\":\"https:\/\/www.geertjehansen.it\/de\/home\/die-touren\/\"},{\"@type\":\"ListItem\",\"position\":4,\"name\":\"Der klassische Stadt-Rundgang\"}]},{\"@type\":\"WebSite\",\"@id\":\"https:\/\/www.geertjehansen.it\/de\/#website\",\"url\":\"https:\/\/www.geertjehansen.it\/de\/\",\"name\":\"Geertje Hansen\",\"description\":\"Florence Tour Guide\",\"publisher\":{\"@id\":\"https:\/\/www.geertjehansen.it\/de\/#organization\"},\"potentialAction\":[{\"@type\":\"SearchAction\",\"target\":{\"@type\":\"EntryPoint\",\"urlTemplate\":\"https:\/\/www.geertjehansen.it\/de\/?s={search_term_string}\"},\"query-input\":{\"@type\":\"PropertyValueSpecification\",\"valueRequired\":true,\"valueName\":\"search_term_string\"}}],\"inLanguage\":\"de\"},{\"@type\":\"Organization\",\"@id\":\"https:\/\/www.geertjehansen.it\/de\/#organization\",\"name\":\"Geertje Hansen\",\"url\":\"https:\/\/www.geertjehansen.it\/de\/\",\"logo\":{\"@type\":\"ImageObject\",\"inLanguage\":\"de\",\"@id\":\"https:\/\/www.geertjehansen.it\/de\/#\/schema\/logo\/image\/\",\"url\":\"https:\/\/www.geertjehansen.it\/wp-content\/uploads\/2021\/04\/geertje-hansen-logo.png\",\"contentUrl\":\"https:\/\/www.geertjehansen.it\/wp-content\/uploads\/2021\/04\/geertje-hansen-logo.png\",\"width\":465,\"height\":136,\"caption\":\"Geertje Hansen\"},\"image\":{\"@id\":\"https:\/\/www.geertjehansen.it\/de\/#\/schema\/logo\/image\/\"}}]}<\/script>\n<!-- \/ Yoast SEO plugin. -->","yoast_head_json":{"title":"Stadtrundgang | Geertje Hansen | Stadtf\u00fchrerin Florenz","description":"Diese Tour bietet Ihnen Einblick in die Geschichte von Florenz und die ganze Pracht seiner Vergangenheit. Wir werden uns \u00fcber Geschichte, Leben und Traditionen von Florenz unterhalten.","robots":{"index":"index","follow":"follow","max-snippet":"max-snippet:-1","max-image-preview":"max-image-preview:large","max-video-preview":"max-video-preview:-1"},"canonical":"https:\/\/www.geertjehansen.it\/de\/home\/die-touren\/der-klassische-stadt-rundgang\/","og_locale":"de_DE","og_type":"article","og_title":"Stadtrundgang | Geertje Hansen | Stadtf\u00fchrerin Florenz","og_description":"Diese Tour bietet Ihnen Einblick in die Geschichte von Florenz und die ganze Pracht seiner Vergangenheit. Wir werden uns \u00fcber Geschichte, Leben und Traditionen von Florenz unterhalten.","og_url":"https:\/\/www.geertjehansen.it\/de\/home\/die-touren\/der-klassische-stadt-rundgang\/","og_site_name":"Geertje Hansen","article_modified_time":"2021-05-17T10:40:03+00:00","og_image":[{"width":1000,"height":667,"url":"https:\/\/www.geertjehansen.it\/wp-content\/uploads\/2021\/03\/florence-highlights-tours-geertjehansen.jpg","type":"image\/jpeg"}],"twitter_card":"summary_large_image","twitter_misc":{"Gesch\u00e4tzte Lesezeit":"3\u00a0Minuten"},"schema":{"@context":"https:\/\/schema.org","@graph":[{"@type":"WebPage","@id":"https:\/\/www.geertjehansen.it\/de\/home\/die-touren\/der-klassische-stadt-rundgang\/","url":"https:\/\/www.geertjehansen.it\/de\/home\/die-touren\/der-klassische-stadt-rundgang\/","name":"Stadtrundgang | Geertje Hansen | Stadtf\u00fchrerin Florenz","isPartOf":{"@id":"https:\/\/www.geertjehansen.it\/de\/#website"},"primaryImageOfPage":{"@id":"https:\/\/www.geertjehansen.it\/de\/home\/die-touren\/der-klassische-stadt-rundgang\/#primaryimage"},"image":{"@id":"https:\/\/www.geertjehansen.it\/de\/home\/die-touren\/der-klassische-stadt-rundgang\/#primaryimage"},"thumbnailUrl":"https:\/\/www.geertjehansen.it\/wp-content\/uploads\/2021\/03\/florence-highlights-tours-geertjehansen.jpg","datePublished":"2021-03-29T12:48:46+00:00","dateModified":"2021-05-17T10:40:03+00:00","description":"Diese Tour bietet Ihnen Einblick in die Geschichte von Florenz und die ganze Pracht seiner Vergangenheit. Wir werden uns \u00fcber Geschichte, Leben und Traditionen von Florenz unterhalten.","breadcrumb":{"@id":"https:\/\/www.geertjehansen.it\/de\/home\/die-touren\/der-klassische-stadt-rundgang\/#breadcrumb"},"inLanguage":"de","potentialAction":[{"@type":"ReadAction","target":["https:\/\/www.geertjehansen.it\/de\/home\/die-touren\/der-klassische-stadt-rundgang\/"]}]},{"@type":"ImageObject","inLanguage":"de","@id":"https:\/\/www.geertjehansen.it\/de\/home\/die-touren\/der-klassische-stadt-rundgang\/#primaryimage","url":"https:\/\/www.geertjehansen.it\/wp-content\/uploads\/2021\/03\/florence-highlights-tours-geertjehansen.jpg","contentUrl":"https:\/\/www.geertjehansen.it\/wp-content\/uploads\/2021\/03\/florence-highlights-tours-geertjehansen.jpg","width":1000,"height":667,"caption":"Florence Highlights Geertje Hansen"},{"@type":"BreadcrumbList","@id":"https:\/\/www.geertjehansen.it\/de\/home\/die-touren\/der-klassische-stadt-rundgang\/#breadcrumb","itemListElement":[{"@type":"ListItem","position":1,"name":"Home","item":"https:\/\/www.geertjehansen.it\/de\/"},{"@type":"ListItem","position":2,"name":"Home","item":"https:\/\/www.geertjehansen.it\/de\/"},{"@type":"ListItem","position":3,"name":"F\u00fchrungen &#038; Ausfl\u00fcge","item":"https:\/\/www.geertjehansen.it\/de\/home\/die-touren\/"},{"@type":"ListItem","position":4,"name":"Der klassische Stadt-Rundgang"}]},{"@type":"WebSite","@id":"https:\/\/www.geertjehansen.it\/de\/#website","url":"https:\/\/www.geertjehansen.it\/de\/","name":"Geertje Hansen","description":"Florence Tour Guide","publisher":{"@id":"https:\/\/www.geertjehansen.it\/de\/#organization"},"potentialAction":[{"@type":"SearchAction","target":{"@type":"EntryPoint","urlTemplate":"https:\/\/www.geertjehansen.it\/de\/?s={search_term_string}"},"query-input":{"@type":"PropertyValueSpecification","valueRequired":true,"valueName":"search_term_string"}}],"inLanguage":"de"},{"@type":"Organization","@id":"https:\/\/www.geertjehansen.it\/de\/#organization","name":"Geertje Hansen","url":"https:\/\/www.geertjehansen.it\/de\/","logo":{"@type":"ImageObject","inLanguage":"de","@id":"https:\/\/www.geertjehansen.it\/de\/#\/schema\/logo\/image\/","url":"https:\/\/www.geertjehansen.it\/wp-content\/uploads\/2021\/04\/geertje-hansen-logo.png","contentUrl":"https:\/\/www.geertjehansen.it\/wp-content\/uploads\/2021\/04\/geertje-hansen-logo.png","width":465,"height":136,"caption":"Geertje Hansen"},"image":{"@id":"https:\/\/www.geertjehansen.it\/de\/#\/schema\/logo\/image\/"}}]}},"_links":{"self":[{"href":"https:\/\/www.geertjehansen.it\/de\/wp-json\/wp\/v2\/pages\/222","targetHints":{"allow":["GET"]}}],"collection":[{"href":"https:\/\/www.geertjehansen.it\/de\/wp-json\/wp\/v2\/pages"}],"about":[{"href":"https:\/\/www.geertjehansen.it\/de\/wp-json\/wp\/v2\/types\/page"}],"author":[{"embeddable":true,"href":"https:\/\/www.geertjehansen.it\/de\/wp-json\/wp\/v2\/users\/1"}],"replies":[{"embeddable":true,"href":"https:\/\/www.geertjehansen.it\/de\/wp-json\/wp\/v2\/comments?post=222"}],"version-history":[{"count":4,"href":"https:\/\/www.geertjehansen.it\/de\/wp-json\/wp\/v2\/pages\/222\/revisions"}],"predecessor-version":[{"id":1324,"href":"https:\/\/www.geertjehansen.it\/de\/wp-json\/wp\/v2\/pages\/222\/revisions\/1324"}],"up":[{"embeddable":true,"href":"https:\/\/www.geertjehansen.it\/de\/wp-json\/wp\/v2\/pages\/218"}],"wp:featuredmedia":[{"embeddable":true,"href":"https:\/\/www.geertjehansen.it\/de\/wp-json\/wp\/v2\/media\/359"}],"wp:attachment":[{"href":"https:\/\/www.geertjehansen.it\/de\/wp-json\/wp\/v2\/media?parent=222"}],"curies":[{"name":"wp","href":"https:\/\/api.w.org\/{rel}","templated":true}]}}